{"id":73,"date":"2014-09-18T14:01:51","date_gmt":"2014-09-18T13:01:51","guid":{"rendered":"http:\/\/agora.xtec.cat\/ceipponent-granollers\/?page_id=73"},"modified":"2025-01-14T17:35:29","modified_gmt":"2025-01-14T16:35:29","slug":"menjador-escolar","status":"publish","type":"page","link":"https:\/\/agora.xtec.cat\/ceipponent-granollers\/ampa\/que-fem\/menjador-escolar\/","title":{"rendered":"Menjador escolar"},"content":{"rendered":"<div class=\"flex max-w-full flex-col flex-grow\">\n<div class=\"min-h-8 text-message flex w-full flex-col items-end gap-2 whitespace-normal break-words text-start [.text-message+&amp;]:mt-5\" dir=\"auto\" data-message-author-role=\"assistant\" data-message-id=\"c289c430-c149-48b2-9323-0c4b6dff157d\" data-message-model-slug=\"gpt-4o\">\n<div class=\"flex w-full flex-col gap-1 empty:hidden first:pt-[3px]\">\n<div class=\"markdown prose w-full break-words dark:prose-invert light\">\n<p>El menjador de l\u2019Escola Ponent \u00e9s un espai educatiu que garanteix una alimentaci\u00f3 equilibrada i saludable per als infants, promovent h\u00e0bits alimentaris adequats i el respecte entre iguals. Aquest servei \u00e9s gestionat per <strong>l\u2019AMPA de l\u2019escola<\/strong> i per la <strong>Comissi\u00f3 de Menjador del Consell Escolar<\/strong>, amb la col\u00b7laboraci\u00f3 de l\u2019empresa especialitzada en restauraci\u00f3 escolar <strong>Ausolan<\/strong>.<\/p>\n<h4>Objectius del servei de menjador<\/h4>\n<ul>\n<li style=\"list-style-type: none;\">\n<ul>\n<li>Oferir una alimentaci\u00f3 variada, saludable i adaptada a les necessitats dels infants.<\/li>\n<li>Fomentar h\u00e0bits d\u2019autonomia, higiene i conviv\u00e8ncia durant l\u2019\u00e0pat.<\/li>\n<li>Promoure actituds de respecte i de cura de l\u2019espai com\u00fa.<\/li>\n<\/ul>\n<\/li>\n<\/ul>\n<h4>Organitzaci\u00f3 i normativa<\/h4>\n<p>Per garantir un bon funcionament del servei, us demanem que llegiu atentament la normativa del menjador: <a href=\"https:\/\/drive.google.com\/file\/d\/1xAj1kUChmwsUsWkyqmBuwDxXNHyHIdz8\/view?usp=sharing\">Cliqueu aqu\u00ed<\/a><\/p>\n<h4>Men\u00fas trimestrals<\/h4>\n<p>Els men\u00fas estan dissenyats per <strong>dietistes professionals<\/strong> d\u2019Ausolan, amb l\u2019objectiu d\u2019oferir plats equilibrats i atractius per als infants. Podeu consultar els men\u00fas a continuaci\u00f3:<\/p>\n<p><img loading=\"lazy\" decoding=\"async\" class=\"size-large wp-image-13291 aligncenter\" src=\"https:\/\/agora.xtec.cat\/ceipponent-granollers\/wp-content\/uploads\/usu1522\/2025\/01\/Gener-1024x725.jpg\" alt=\"\" width=\"1024\" height=\"725\" srcset=\"https:\/\/agora.xtec.cat\/ceipponent-granollers\/wp-content\/uploads\/usu1522\/2025\/01\/Gener-1024x725.jpg 1024w, https:\/\/agora.xtec.cat\/ceipponent-granollers\/wp-content\/uploads\/usu1522\/2025\/01\/Gener-300x212.jpg 300w, https:\/\/agora.xtec.cat\/ceipponent-granollers\/wp-content\/uploads\/usu1522\/2025\/01\/Gener-768x543.jpg 768w, https:\/\/agora.xtec.cat\/ceipponent-granollers\/wp-content\/uploads\/usu1522\/2025\/01\/Gener-1536x1087.jpg 1536w, https:\/\/agora.xtec.cat\/ceipponent-granollers\/wp-content\/uploads\/usu1522\/2025\/01\/Gener.jpg 1754w\" sizes=\"auto, (max-width: 1024px) 100vw, 1024px\" \/><\/p>\n<p><img loading=\"lazy\" decoding=\"async\" class=\"size-large wp-image-13292 aligncenter\" src=\"https:\/\/agora.xtec.cat\/ceipponent-granollers\/wp-content\/uploads\/usu1522\/2025\/01\/Febrer-1024x725.jpg\" alt=\"\" width=\"1024\" height=\"725\" srcset=\"https:\/\/agora.xtec.cat\/ceipponent-granollers\/wp-content\/uploads\/usu1522\/2025\/01\/Febrer-1024x725.jpg 1024w, https:\/\/agora.xtec.cat\/ceipponent-granollers\/wp-content\/uploads\/usu1522\/2025\/01\/Febrer-300x212.jpg 300w, https:\/\/agora.xtec.cat\/ceipponent-granollers\/wp-content\/uploads\/usu1522\/2025\/01\/Febrer-768x543.jpg 768w, https:\/\/agora.xtec.cat\/ceipponent-granollers\/wp-content\/uploads\/usu1522\/2025\/01\/Febrer-1536x1087.jpg 1536w, https:\/\/agora.xtec.cat\/ceipponent-granollers\/wp-content\/uploads\/usu1522\/2025\/01\/Febrer.jpg 1754w\" sizes=\"auto, (max-width: 1024px) 100vw, 1024px\" \/><\/p>\n<p><img loading=\"lazy\" decoding=\"async\" class=\"size-large wp-image-13293 aligncenter\" src=\"https:\/\/agora.xtec.cat\/ceipponent-granollers\/wp-content\/uploads\/usu1522\/2025\/01\/Marc-1024x725.jpg\" alt=\"\" width=\"1024\" height=\"725\" srcset=\"https:\/\/agora.xtec.cat\/ceipponent-granollers\/wp-content\/uploads\/usu1522\/2025\/01\/Marc-1024x725.jpg 1024w, https:\/\/agora.xtec.cat\/ceipponent-granollers\/wp-content\/uploads\/usu1522\/2025\/01\/Marc-300x212.jpg 300w, https:\/\/agora.xtec.cat\/ceipponent-granollers\/wp-content\/uploads\/usu1522\/2025\/01\/Marc-768x543.jpg 768w, https:\/\/agora.xtec.cat\/ceipponent-granollers\/wp-content\/uploads\/usu1522\/2025\/01\/Marc-1536x1087.jpg 1536w, https:\/\/agora.xtec.cat\/ceipponent-granollers\/wp-content\/uploads\/usu1522\/2025\/01\/Marc.jpg 1754w\" sizes=\"auto, (max-width: 1024px) 100vw, 1024px\" \/><\/p>\n<p><img loading=\"lazy\" decoding=\"async\" class=\"size-large wp-image-13294 aligncenter\" src=\"https:\/\/agora.xtec.cat\/ceipponent-granollers\/wp-content\/uploads\/usu1522\/2025\/01\/Abril-1024x725.jpg\" alt=\"\" width=\"1024\" height=\"725\" srcset=\"https:\/\/agora.xtec.cat\/ceipponent-granollers\/wp-content\/uploads\/usu1522\/2025\/01\/Abril-1024x725.jpg 1024w, https:\/\/agora.xtec.cat\/ceipponent-granollers\/wp-content\/uploads\/usu1522\/2025\/01\/Abril-300x212.jpg 300w, https:\/\/agora.xtec.cat\/ceipponent-granollers\/wp-content\/uploads\/usu1522\/2025\/01\/Abril-768x543.jpg 768w, https:\/\/agora.xtec.cat\/ceipponent-granollers\/wp-content\/uploads\/usu1522\/2025\/01\/Abril-1536x1087.jpg 1536w, https:\/\/agora.xtec.cat\/ceipponent-granollers\/wp-content\/uploads\/usu1522\/2025\/01\/Abril.jpg 1754w\" sizes=\"auto, (max-width: 1024px) 100vw, 1024px\" \/><\/p>\n<p>&nbsp;<\/p>\n<p>A continuaci\u00f3 us presentem els men\u00fas especials que poden fer el menjador de l&#8217;Escola dient-lo abans a les persones que porten el menjador a l&#8217;escola.<\/p>\n<ul>\n<li style=\"list-style-type: none;\">\n<ul>\n<li style=\"list-style-type: none;\">\n<ul>\n<li style=\"list-style-type: none;\">\n<ul>\n<li style=\"list-style-type: none;\">\n<ul>\n<li style=\"list-style-type: none;\">\n<ul>\n<li>Men\u00fas per cel\u00edacs.<\/li>\n<li>Men\u00fas per intoler\u00e0ncies als fruits secs.<\/li>\n<li>Men\u00fas per intoler\u00e0ncies als ous.<\/li>\n<li>Men\u00fas per intoler\u00e0ncies a la lactosa,<\/li>\n<li>Men\u00fas per intoler\u00e0ncia a les llegums.<\/li>\n<li>Men\u00fas Halal.<\/li>\n<li>Men\u00fas ov\u00edlactovegetarians.<\/li>\n<\/ul>\n<\/li>\n<\/ul>\n<\/li>\n<\/ul>\n<\/li>\n<\/ul>\n<\/li>\n<\/ul>\n<\/li>\n<\/ul>\n<p>&nbsp;<\/p>\n<h4>Contacte i informaci\u00f3<\/h4>\n<ul>\n<li>Per a qualsevol consulta o gesti\u00f3 relacionada amb el menjador, podeu contactar amb <b>el tel\u00e8fon del menjador: 674812668 (Laura) \/ Correu electr\u00f2nic: menjadorponentgranollers@gmail.com\u00a0<\/b><\/li>\n<li>Per incid\u00e8ncies espec\u00edfiques durant el servei, us podeu adre\u00e7ar directament a la coordinadora del menjador d\u2019Ausolan.<\/li>\n<\/ul>\n<p>Gr\u00e0cies per la vostra col\u00b7laboraci\u00f3 per fer del menjador un espai educatiu i de conviv\u00e8ncia per a tots els infants!<\/p>\n<\/div>\n<\/div>\n<\/div>\n<\/div>\n<p>&nbsp;<\/p>\n<p><a href=\"https:\/\/agora.xtec.cat\/ceipponent-granollers\/ampa\/que-fem\/menjador-escolar\/preus-i-pagament\/\"><img loading=\"lazy\" decoding=\"async\" class=\"wp-image-5397 size-full alignleft\" src=\"https:\/\/agora.xtec.cat\/ceipponent-granollers\/wp-content\/uploads\/usu1522\/2020\/09\/OIP-2.jpg\" alt=\"\" width=\"250\" height=\"168\" \/><\/a><\/p>\n<p>&nbsp;<\/p>\n<h3><strong><a href=\"https:\/\/agora.xtec.cat\/ceipponent-granollers\/ampa\/que-fem\/menjador-escolar\/preus-i-pagament\/\">ATENCI\u00d3: NOVETATS en la FORMA DE PAGAMENT<\/a><\/strong><\/h3>\n<p>&nbsp;<\/p>\n<p>&nbsp;<\/p>\n","protected":false},"excerpt":{"rendered":"<p>El menjador de l\u2019Escola Ponent \u00e9s un espai educatiu que garanteix una alimentaci\u00f3 equilibrada i saludable per als infants, promovent h\u00e0bits alimentaris adequats i el respecte entre iguals. Aquest servei \u00e9s gestionat per l\u2019AMPA de l\u2019escola i per la Comissi\u00f3 de Menjador del Consell Escolar,&hellip;  <a href=\"https:\/\/agora.xtec.cat\/ceipponent-granollers\/ampa\/que-fem\/menjador-escolar\/\" title=\"Read Menjador escolar\">Llegeix m\u00e9s\u00bb<\/a><\/p>\n","protected":false},"author":1,"featured_media":0,"parent":1470,"menu_order":1,"comment_status":"closed","ping_status":"closed","template":"page-templates\/side-menu.php","meta":{"_bbp_topic_count":0,"_bbp_reply_count":0,"_bbp_total_topic_count":0,"_bbp_total_reply_count":0,"_bbp_voice_count":0,"_bbp_anonymous_reply_count":0,"_bbp_topic_count_hidden":0,"_bbp_reply_count_hidden":0,"_bbp_forum_subforum_count":0,"footnotes":""},"class_list":["post-73","page","type-page","status-publish","hentry"],"post_mailing_queue_ids":[],"_links":{"self":[{"href":"https:\/\/agora.xtec.cat\/ceipponent-granollers\/wp-json\/wp\/v2\/pages\/73","targetHints":{"allow":["GET"]}}],"collection":[{"href":"https:\/\/agora.xtec.cat\/ceipponent-granollers\/wp-json\/wp\/v2\/pages"}],"about":[{"href":"https:\/\/agora.xtec.cat\/ceipponent-granollers\/wp-json\/wp\/v2\/types\/page"}],"author":[{"embeddable":true,"href":"https:\/\/agora.xtec.cat\/ceipponent-granollers\/wp-json\/wp\/v2\/users\/1"}],"replies":[{"embeddable":true,"href":"https:\/\/agora.xtec.cat\/ceipponent-granollers\/wp-json\/wp\/v2\/comments?post=73"}],"version-history":[{"count":7,"href":"https:\/\/agora.xtec.cat\/ceipponent-granollers\/wp-json\/wp\/v2\/pages\/73\/revisions"}],"predecessor-version":[{"id":13297,"href":"https:\/\/agora.xtec.cat\/ceipponent-granollers\/wp-json\/wp\/v2\/pages\/73\/revisions\/13297"}],"up":[{"embeddable":true,"href":"https:\/\/agora.xtec.cat\/ceipponent-granollers\/wp-json\/wp\/v2\/pages\/1470"}],"wp:attachment":[{"href":"https:\/\/agora.xtec.cat\/ceipponent-granollers\/wp-json\/wp\/v2\/media?parent=73"}],"curies":[{"name":"wp","href":"https:\/\/api.w.org\/{rel}","templated":true}]}}