{"id":13216,"date":"2025-01-12T19:04:00","date_gmt":"2025-01-12T18:04:00","guid":{"rendered":"https:\/\/agora.xtec.cat\/ceipponent-granollers\/?page_id=13216"},"modified":"2025-01-12T19:04:00","modified_gmt":"2025-01-12T18:04:00","slug":"araart-i-meraki-innovacio-i-art-a-lescola-ponent","status":"publish","type":"page","link":"https:\/\/agora.xtec.cat\/ceipponent-granollers\/araart-i-meraki-innovacio-i-art-a-lescola-ponent\/","title":{"rendered":"araArt i Meraki: Innovaci\u00f3 i Art a l&#8217;Escola Ponent"},"content":{"rendered":"<div class=\"flex max-w-full flex-col flex-grow\">\n<div class=\"min-h-8 text-message flex w-full flex-col items-end gap-2 whitespace-normal break-words text-start [.text-message+&amp;]:mt-5\" dir=\"auto\" data-message-author-role=\"assistant\" data-message-id=\"d41c508f-95b1-4858-93c5-0818baec0331\" data-message-model-slug=\"gpt-4o\">\n<div class=\"flex w-full flex-col gap-1 empty:hidden first:pt-[3px]\">\n<div class=\"markdown prose w-full break-words dark:prose-invert dark\">\n<p><img loading=\"lazy\" decoding=\"async\" class=\" wp-image-13217 alignleft\" src=\"https:\/\/agora.xtec.cat\/ceipponent-granollers\/wp-content\/uploads\/usu1522\/2025\/01\/araArt.jpg\" alt=\"\" width=\"235\" height=\"235\" srcset=\"https:\/\/agora.xtec.cat\/ceipponent-granollers\/wp-content\/uploads\/usu1522\/2025\/01\/araArt.jpg 538w, https:\/\/agora.xtec.cat\/ceipponent-granollers\/wp-content\/uploads\/usu1522\/2025\/01\/araArt-300x300.jpg 300w, https:\/\/agora.xtec.cat\/ceipponent-granollers\/wp-content\/uploads\/usu1522\/2025\/01\/araArt-150x150.jpg 150w\" sizes=\"auto, (max-width: 235px) 100vw, 235px\" \/>A l\u2019Escola Ponent de Granollers, el comprom\u00eds amb l\u2019educaci\u00f3 integral i l\u2019aprenentatge creatiu es reflecteix en dos projectes innovadors que caminen de la m\u00e0: <strong>araArt<\/strong>, un projecte d\u2019innovaci\u00f3 acad\u00e8mica, i <strong>Meraki<\/strong>, una aposta per integrar les arts esc\u00e8niques en el desenvolupament personal i acad\u00e8mic de l\u2019alumnat. Junts, formen un t\u00e0ndem \u00fanic que transforma les aules en espais d\u2019expressi\u00f3, reflexi\u00f3 i creaci\u00f3.<\/p>\n<h5>L\u2019ess\u00e8ncia compartida: art i passi\u00f3 com a eix central<\/h5>\n<p><strong>araArt<\/strong> \u00e9s una iniciativa que promou l\u2019aprenentatge a trav\u00e9s de les arts visuals, musicals i esc\u00e8niques, considerant-les un llenguatge universal capa\u00e7 d\u2019estimular la creativitat i la comunicaci\u00f3. Aquest enfocament encaixa perfectament amb la filosofia del projecte <strong>Meraki<\/strong>, que utilitza les arts esc\u00e8niques com a eina pedag\u00f2gica per explorar i expressar emocions, viv\u00e8ncies i coneixements.<\/p>\n<p>Inspirat en el concepte grec de &#8220;fer amb \u00e0nima i passi\u00f3&#8221;, <strong>Meraki<\/strong> integra tallers de teatre, dansa i m\u00fasica en el curr\u00edculum escolar, oferint als infants una experi\u00e8ncia vivencial que complementa i enriqueix el projecte <strong>araArt<\/strong>. Aix\u00ed, les dues iniciatives convergeixen en l\u2019objectiu de situar l\u2019art com un motor de desenvolupament integral, fomentant habilitats com la creativitat, la comunicaci\u00f3 i la cooperaci\u00f3.<\/p>\n<h5>Aprenentatges que connecten amb la vida<\/h5>\n<p>A trav\u00e9s de <strong>Meraki<\/strong>, els infants no nom\u00e9s participen en activitats art\u00edstiques, sin\u00f3 que viuen una metodologia que connecta directament amb les situacions d\u2019aprenentatge definides pel <strong>Curr\u00edculum 175\/2022 d\u2019educaci\u00f3 b\u00e0sica de Catalunya<\/strong>. D\u2019aquesta manera, els projectes creatius que es desenvolupen sota el paraigua d\u2019<strong>araArt<\/strong> troben un suport perfecte en les arts esc\u00e8niques de <strong>Meraki<\/strong>, convertint-se en un mitj\u00e0 per aprendre conceptes curriculars d\u2019una manera diferent i impactant.<\/p>\n<p>Hist\u00f2ries, emocions i conceptes es transformen en obres d\u2019art que els infants representen davant d\u2019un p\u00fablic. Aquesta experi\u00e8ncia no nom\u00e9s enriqueix el seu bagatge art\u00edstic, sin\u00f3 que tamb\u00e9 potencia valors com l\u2019empatia, el respecte i el treball en equip.<\/p>\n<h5>Innovaci\u00f3, inclusi\u00f3 i diversitat<\/h5>\n<p>Tant <strong>araArt<\/strong> com <strong>Meraki<\/strong> comparteixen una visi\u00f3 inclusiva i transformadora. A l\u2019Escola Ponent, creiem que l\u2019art ha de ser accessible per a tothom, independentment de les habilitats o el bagatge cultural de cada infant. Els dos projectes ofereixen oportunitats perqu\u00e8 cada alumne pugui brillar, trobar la seva veu i contribuir al grup de manera \u00fanica.<\/p>\n<p>A m\u00e9s, aquests projectes impulsen la creativitat a trav\u00e9s d\u2019enfocaments pedag\u00f2gics que promouen l\u2019autonomia, la reflexi\u00f3 cr\u00edtica i la resoluci\u00f3 de problemes, elements essencials per preparar els infants per als reptes del futur.<\/p>\n<h5>Una escola que batega amb art<\/h5>\n<p>Amb <strong>araArt<\/strong> i <strong>Meraki<\/strong>, l\u2019Escola Ponent es consolida com un referent d\u2019innovaci\u00f3 educativa a Granollers, demostrant que l\u2019art \u00e9s molt m\u00e9s que una activitat complement\u00e0ria: \u00e9s una eina transformadora que permet als infants descobrir el m\u00f3n i a si mateixos. Junts, aquests projectes s\u00f3n una mostra del nostre comprom\u00eds amb una educaci\u00f3 viva, integral i connectada amb la realitat de cada infant.<\/p>\n<p>A Ponent, art i aprenentatge s\u00f3n sin\u00f2nims de creixement, i amb <strong>araArt<\/strong> i <strong>Meraki<\/strong> seguim construint un futur ple de possibilitats per als nostres infants.<\/p>\n<\/div>\n<\/div>\n<\/div>\n<\/div>\n<div class=\"mb-2 flex gap-3 empty:hidden -ml-2\">\n<div class=\"items-center justify-start rounded-xl p-1 flex\">\n<div class=\"flex items-center\"><\/div>\n<\/div>\n<\/div>\n","protected":false},"excerpt":{"rendered":"<p>A l\u2019Escola Ponent de Granollers, el comprom\u00eds amb l\u2019educaci\u00f3 integral i l\u2019aprenentatge creatiu es reflecteix en dos projectes innovadors que caminen de la m\u00e0: araArt, un projecte d\u2019innovaci\u00f3 acad\u00e8mica, i Meraki, una aposta per integrar les arts esc\u00e8niques en el desenvolupament personal i acad\u00e8mic de&hellip;  <a href=\"https:\/\/agora.xtec.cat\/ceipponent-granollers\/araart-i-meraki-innovacio-i-art-a-lescola-ponent\/\" title=\"Read araArt i Meraki: Innovaci\u00f3 i Art a l&#8217;Escola Ponent\">Llegeix m\u00e9s\u00bb<\/a><\/p>\n","protected":false},"author":24,"featured_media":0,"parent":0,"menu_order":0,"comment_status":"closed","ping_status":"closed","template":"","meta":{"_bbp_topic_count":0,"_bbp_reply_count":0,"_bbp_total_topic_count":0,"_bbp_total_reply_count":0,"_bbp_voice_count":0,"_bbp_anonymous_reply_count":0,"_bbp_topic_count_hidden":0,"_bbp_reply_count_hidden":0,"_bbp_forum_subforum_count":0,"footnotes":""},"class_list":["post-13216","page","type-page","status-publish","hentry"],"post_mailing_queue_ids":[],"_links":{"self":[{"href":"https:\/\/agora.xtec.cat\/ceipponent-granollers\/wp-json\/wp\/v2\/pages\/13216","targetHints":{"allow":["GET"]}}],"collection":[{"href":"https:\/\/agora.xtec.cat\/ceipponent-granollers\/wp-json\/wp\/v2\/pages"}],"about":[{"href":"https:\/\/agora.xtec.cat\/ceipponent-granollers\/wp-json\/wp\/v2\/types\/page"}],"author":[{"embeddable":true,"href":"https:\/\/agora.xtec.cat\/ceipponent-granollers\/wp-json\/wp\/v2\/users\/24"}],"replies":[{"embeddable":true,"href":"https:\/\/agora.xtec.cat\/ceipponent-granollers\/wp-json\/wp\/v2\/comments?post=13216"}],"version-history":[{"count":1,"href":"https:\/\/agora.xtec.cat\/ceipponent-granollers\/wp-json\/wp\/v2\/pages\/13216\/revisions"}],"predecessor-version":[{"id":13218,"href":"https:\/\/agora.xtec.cat\/ceipponent-granollers\/wp-json\/wp\/v2\/pages\/13216\/revisions\/13218"}],"wp:attachment":[{"href":"https:\/\/agora.xtec.cat\/ceipponent-granollers\/wp-json\/wp\/v2\/media?parent=13216"}],"curies":[{"name":"wp","href":"https:\/\/api.w.org\/{rel}","templated":true}]}}