{"id":80,"date":"2014-09-18T14:09:48","date_gmt":"2014-09-18T12:09:48","guid":{"rendered":"http:\/\/agora.xtec.cat\/ceippladedalt\/?page_id=80"},"modified":"2025-07-11T22:44:59","modified_gmt":"2025-07-11T20:44:59","slug":"transport-escolar","status":"publish","type":"page","link":"https:\/\/agora.xtec.cat\/ceippladedalt\/serveis\/transport-escolar\/","title":{"rendered":"TRANSPORT"},"content":{"rendered":"<ul>\n<li>El servei de transport recull alumnes en dos recorreguts:\n<ul>\n<li style=\"list-style-type: none;\">\n<ul>\n<li style=\"list-style-type: none;\">\n<ul>\n<li>Recorregut TEISA (Nat\u00e0lia).<\/li>\n<li>Recorregut TPO (Monitors del Consell Comarcal)<img loading=\"lazy\" decoding=\"async\" class=\" wp-image-23230 alignright\" src=\"https:\/\/agora.xtec.cat\/ceippladedalt\/wp-content\/uploads\/usu2126\/2025\/07\/47CF0787-A947-445C-9354-8EBA75D150E3-e1752262746600.jpeg\" alt=\"\" width=\"261\" height=\"261\" \/><\/li>\n<\/ul>\n<\/li>\n<\/ul>\n<\/li>\n<\/ul>\n<\/li>\n<\/ul>\n<ul>\n<li>Aquest servei es regeix per la normativa dictada pel <strong><a href=\"https:\/\/www.garrotxa.cat\/arees\/educacio-i-joventut\/transport-escolar\/\">Consell Comarcal<\/a><\/strong> i <strong>pel Pla de Funcionament del Transport<\/strong> de l&#8217;escola aprovat anualment pel Consell Escolar.<\/li>\n<li>\n<div style=\"text-align: justify;\" align=\"left\"><strong>Cal que a la parada sempre hi hagi una persona autoritzada per recollir l&#8217;infant<\/strong>. <span style=\"text-decoration: underline;\">Excepte en el cas dels nens\/es de Cicle Mitj\u00e0 i Superior que hagin sol\u00b7licitat l&#8217;autoritzaci\u00f3 expressa per poder quedar-se sols<\/span>. En el cas que un nen\/a no tingui la persona autoritzada per recollir-lo i tampoc tingui l&#8217;autoritzaci\u00f3 per quedar-se sol, es posar\u00e0 a disposici\u00f3 de la policia local o dels mossos d&#8217;esquadra.<\/div>\n<\/li>\n<\/ul>\n","protected":false},"excerpt":{"rendered":"<ul>\n<li>El servei de transport recull alumnes en dos recorreguts:\n<ul>\n<li style=\"list-style-type: none;\">\n<ul>\n<li style=\"list-style-type: none;\">\n<ul>\n<li>Recorregut TEISA (Nat\u00e0lia).<\/li>\n<li>Recorregut TPO (Monitors del Consell Comarcal)<\/li>\n<\/ul>\n<\/li>\n<\/ul>\n<\/li>\n<\/ul>\n<\/li>\n<\/ul>\n<ul>\n<li>Aquest servei es regeix per la normativa dictada pel <a href=\"https:\/\/www.garrotxa.cat\/arees\/educacio-i-joventut\/transport-escolar\/\">Consell Comarcal<\/a> i pel Pla de Funcionament del Transport de l&#8217;escola aprovat anualment pel Consell Escolar.<\/li>\n<li>\nCal&hellip;  <a href=\"https:\/\/agora.xtec.cat\/ceippladedalt\/serveis\/transport-escolar\/\" title=\"Read TRANSPORT\">Llegeix m\u00e9s\u00bb<\/a><\/p>\n","protected":false},"author":1,"featured_media":0,"parent":66,"menu_order":40,"comment_status":"closed","ping_status":"closed","template":"page-templates\/side-menu.php","meta":{"_bbp_topic_count":0,"_bbp_reply_count":0,"_bbp_total_topic_count":0,"_bbp_total_reply_count":0,"_bbp_voice_count":0,"_bbp_anonymous_reply_count":0,"_bbp_topic_count_hidden":0,"_bbp_reply_count_hidden":0,"_bbp_forum_subforum_count":0,"footnotes":""},"class_list":["post-80","page","type-page","status-publish","hentry"],"post_mailing_queue_ids":[],"_links":{"self":[{"href":"https:\/\/agora.xtec.cat\/ceippladedalt\/wp-json\/wp\/v2\/pages\/80","targetHints":{"allow":["GET"]}}],"collection":[{"href":"https:\/\/agora.xtec.cat\/ceippladedalt\/wp-json\/wp\/v2\/pages"}],"about":[{"href":"https:\/\/agora.xtec.cat\/ceippladedalt\/wp-json\/wp\/v2\/types\/page"}],"author":[{"embeddable":true,"href":"https:\/\/agora.xtec.cat\/ceippladedalt\/wp-json\/wp\/v2\/users\/1"}],"replies":[{"embeddable":true,"href":"https:\/\/agora.xtec.cat\/ceippladedalt\/wp-json\/wp\/v2\/comments?post=80"}],"version-history":[{"count":6,"href":"https:\/\/agora.xtec.cat\/ceippladedalt\/wp-json\/wp\/v2\/pages\/80\/revisions"}],"predecessor-version":[{"id":23254,"href":"https:\/\/agora.xtec.cat\/ceippladedalt\/wp-json\/wp\/v2\/pages\/80\/revisions\/23254"}],"up":[{"embeddable":true,"href":"https:\/\/agora.xtec.cat\/ceippladedalt\/wp-json\/wp\/v2\/pages\/66"}],"wp:attachment":[{"href":"https:\/\/agora.xtec.cat\/ceippladedalt\/wp-json\/wp\/v2\/media?parent=80"}],"curies":[{"name":"wp","href":"https:\/\/api.w.org\/{rel}","templated":true}]}}