{"id":77,"date":"2014-09-18T14:05:08","date_gmt":"2014-09-18T12:05:08","guid":{"rendered":"http:\/\/agora.xtec.cat\/ceippladedalt\/?page_id=77"},"modified":"2025-09-15T17:18:33","modified_gmt":"2025-09-15T15:18:33","slug":"acollida","status":"publish","type":"page","link":"https:\/\/agora.xtec.cat\/ceippladedalt\/serveis\/acollida\/","title":{"rendered":"ACOLLIDA"},"content":{"rendered":"<h2><strong>SERVEI D&#8217;ACOLLIDA MATI I TARDA<\/strong><\/h2>\n<p>El servei d\u2019acollida de l\u2019escola el gestiona l\u2019AFA es fa a trav\u00e9s de l\u2019empresa NEXXE. <img loading=\"lazy\" decoding=\"async\" class=\"alignright\" src=\"https:\/\/redols.caib.es\/c07000868\/wp-content\/uploads\/sites\/59\/2019\/10\/escola-matinera-1.jpg\" alt=\"Escola matinera | CEIP Pere Casasnovas\" width=\"280\" height=\"199\" \/><\/p>\n<p>L&#8217;espai d&#8217;acollida es fa al menjador de l&#8217;escola. Durant el servei d&#8217;acollida, els infants tenen al seu abast material d&#8217;arts pl\u00e0stiques, mandales, dibuixos, jocs de taula, cartes, jocs de construccions, entre altres materials de joc.<\/p>\n<p>Les monitores que acompanyaran als vostres infants a les acollides s\u00f3n la Mari, la Carme, la Isabel i la Laura als matins (7:45 a 9:00) i la Laura les tardes (16:30 a 18:00) de dilluns a divendres.<\/p>\n<p>Les inscripcions es realitzaran a trav\u00e9s de la p\u00e0gina web\u00a0<a href=\"http:\/\/www.nexxe.cat\/\">www.nexxe.cat<\/a>\u00a0i el codi d\u2019invitaci\u00f3\u00a0<strong>PLA122,\u00a0<\/strong>romandran obertes tots el curs. Tant les fam\u00edlies que volen fer-ne \u00fas fix com eventual han de fer la inscripci\u00f3.<\/p>\n<p>Trobareu m\u00e9s informaci\u00f3 a la web de l&#8217;AFA.<\/p>\n<p style=\"text-align: center;\"><a href=\"https:\/\/afapladedalt.wordpress.com\/acollida\/\" target=\"_blank\" rel=\"noopener noreferrer\"><img loading=\"lazy\" decoding=\"async\" class=\"wp-image-549 size-full aligncenter\" src=\"https:\/\/agora.xtec.cat\/ceippladedalt\/wp-content\/uploads\/usu2126\/2020\/07\/images.png\" alt=\"\" width=\"108\" height=\"97\" \/><\/a><\/p>\n","protected":false},"excerpt":{"rendered":"<p>SERVEI D&#8217;ACOLLIDA MATI I TARDA<br \/>\nEl servei d\u2019acollida de l\u2019escola el gestiona l\u2019AFA es fa a trav\u00e9s de l\u2019empresa NEXXE.<br \/>\nL&#8217;espai d&#8217;acollida es fa al menjador de l&#8217;escola. Durant el servei d&#8217;acollida, els infants tenen al seu abast material d&#8217;arts pl\u00e0stiques, mandales, dibuixos, jocs de taula,&hellip;  <a href=\"https:\/\/agora.xtec.cat\/ceippladedalt\/serveis\/acollida\/\" title=\"Read ACOLLIDA\">Llegeix m\u00e9s\u00bb<\/a><\/p>\n","protected":false},"author":1,"featured_media":0,"parent":66,"menu_order":10,"comment_status":"closed","ping_status":"closed","template":"page-templates\/side-menu.php","meta":{"_bbp_topic_count":0,"_bbp_reply_count":0,"_bbp_total_topic_count":0,"_bbp_total_reply_count":0,"_bbp_voice_count":0,"_bbp_anonymous_reply_count":0,"_bbp_topic_count_hidden":0,"_bbp_reply_count_hidden":0,"_bbp_forum_subforum_count":0,"footnotes":""},"class_list":["post-77","page","type-page","status-publish","hentry"],"post_mailing_queue_ids":[],"_links":{"self":[{"href":"https:\/\/agora.xtec.cat\/ceippladedalt\/wp-json\/wp\/v2\/pages\/77","targetHints":{"allow":["GET"]}}],"collection":[{"href":"https:\/\/agora.xtec.cat\/ceippladedalt\/wp-json\/wp\/v2\/pages"}],"about":[{"href":"https:\/\/agora.xtec.cat\/ceippladedalt\/wp-json\/wp\/v2\/types\/page"}],"author":[{"embeddable":true,"href":"https:\/\/agora.xtec.cat\/ceippladedalt\/wp-json\/wp\/v2\/users\/1"}],"replies":[{"embeddable":true,"href":"https:\/\/agora.xtec.cat\/ceippladedalt\/wp-json\/wp\/v2\/comments?post=77"}],"version-history":[{"count":6,"href":"https:\/\/agora.xtec.cat\/ceippladedalt\/wp-json\/wp\/v2\/pages\/77\/revisions"}],"predecessor-version":[{"id":23289,"href":"https:\/\/agora.xtec.cat\/ceippladedalt\/wp-json\/wp\/v2\/pages\/77\/revisions\/23289"}],"up":[{"embeddable":true,"href":"https:\/\/agora.xtec.cat\/ceippladedalt\/wp-json\/wp\/v2\/pages\/66"}],"wp:attachment":[{"href":"https:\/\/agora.xtec.cat\/ceippladedalt\/wp-json\/wp\/v2\/media?parent=77"}],"curies":[{"name":"wp","href":"https:\/\/api.w.org\/{rel}","templated":true}]}}