{"id":73,"date":"2014-09-18T14:01:51","date_gmt":"2014-09-18T12:01:51","guid":{"rendered":"http:\/\/agora.xtec.cat\/ceippladedalt\/?page_id=73"},"modified":"2026-01-09T12:41:23","modified_gmt":"2026-01-09T11:41:23","slug":"menjador-escolar","status":"publish","type":"page","link":"https:\/\/agora.xtec.cat\/ceippladedalt\/serveis\/menjador-escolar\/","title":{"rendered":"MENJADOR"},"content":{"rendered":"<h2 style=\"text-align: left;\"><strong><span style=\"color: #000000;\">MENJADOR ESCOLAR<\/span><\/strong><\/h2>\n<p style=\"text-align: left;\"><span style=\"color: #000000;\">L\u2019escola ofereix un\u00a0<strong>servei de menjador<\/strong>\u00a0que pot ser utilitzat pels alumnes\u00a0de\u00a0<strong>forma fixa o espor\u00e0dica. <\/strong>El menjador de l&#8217;escola disposa de cuina pr\u00f2pia i el servei \u00e9s gestionat per l&#8217;AFA a trav\u00e9s d&#8217;una empresa externa, l\u2019<span style=\"text-decoration: underline;\">empresa BOiSA<\/span>. El seu horari \u00e9s de 12:30 a 15:00 h i s&#8217;organitza en dos torns de dinar, inclou el <a href=\"https:\/\/drive.google.com\/file\/d\/1NG6OFcDbvygrpW918Pi3djc4p479QPQa\/view?usp=sharing\">servei de monitoratge<\/a> en el temps lliure fins l&#8217;inici de les classes a la tarda. <\/span><\/p>\n<p style=\"text-align: left;\"><span style=\"color: #000000;\">El preu del men\u00fa per dia \u00e9s de <strong>6,64\u20ac<\/strong>.<a href=\"https:\/\/www.apatsboisa.cat\/ca\/\"><img decoding=\"async\" class=\"alignright\" src=\"https:\/\/www.apatsboisa.cat\/wp-content\/uploads\/2025\/01\/boisaHome.png\" alt=\"BOiSA\" \/><\/a><\/span><\/p>\n<p class=\"gmail_default\" style=\"text-align: left;\"><span style=\"color: #000000;\">Abans del <span style=\"text-decoration: underline; color: #ff0000;\">dijous 12 de setembre de 2025<\/span> cal inscriure&#8217;s al servei de menjador, a l&#8217;aplicatiu web de BOISA, sigueu alumnes fixes, espor\u00e0dics i\/o becats. Sin\u00f3 no es podr\u00e0 fer \u00fas del servei.<\/span><\/p>\n<p class=\"gmail_default\" style=\"text-align: left;\"><strong><span style=\"color: #000000;\"><span style=\"color: #ff0000;\">Per fer la inscripci\u00f3 (a partir de l&#8217;1 d&#8217;agost)<\/span>:<\/span><\/strong><\/p>\n<ul>\n<li class=\"gmail_default\" style=\"text-align: left;\"><span style=\"color: #000000;\">Cal entrar a<a style=\"color: #000000;\" href=\"http:\/\/www.boisa.cat\/\" target=\"_blank\" rel=\"noopener\" data-saferedirecturl=\"https:\/\/www.google.com\/url?q=http:\/\/www.boisa.cat&amp;source=gmail&amp;ust=1720869801571000&amp;usg=AOvVaw3DELOIl3SzxoCy1NOuiow0\">\u00a0www.boisa.cat<\/a>, <\/span><span style=\"color: #000000;\">apartat d&#8217;INSCRIPCIONS DE MENJADOR<\/span><\/li>\n<li class=\"gmail_default\" style=\"text-align: left;\"><span style=\"color: #000000;\">DONAR-SE D&#8217;ALTA\u00a0com a mare\/pare\/tutor<\/span><\/li>\n<li class=\"gmail_default\" style=\"text-align: left;\"><span style=\"color: #000000;\">El <strong>Codi de centre: PLA116<\/strong><\/span><\/li>\n<li class=\"gmail_default\" style=\"text-align: left;\"><span style=\"color: #000000;\">Escriure el vostre correu electr\u00f2nic i contrasenya.<\/span><\/li>\n<li class=\"gmail_default\" style=\"text-align: left;\"><span style=\"color: #000000;\">Rebreu un correu electr\u00f2nic de confirmaci\u00f3 a partir de l&#8217;enlla\u00e7, podreu registrar el vostre fill\/a.<\/span><\/li>\n<\/ul>\n<p class=\"gmail_default\" style=\"text-align: left;\"><span style=\"color: #000000;\">No es vendran tiquets i tot es girar\u00e0 per rebut bancari.<\/span><\/p>\n<p class=\"gmail_default\" style=\"text-align: left;\"><span style=\"color: #000000;\">Tel\u00e8fon de consulta de BOiSA \u00e9s el 972 439 115.<\/span><\/p>\n<p class=\"gmail_default\" style=\"text-align: left;\"><span style=\"color: #000000;\">Us adjuntem uns documents amb la comunicaci\u00f3 de BOISA i una guia per fer la inscripci\u00f3:<\/span><\/p>\n<p style=\"text-align: center;\"><span style=\"color: #ff0000;\"><strong><a style=\"color: #ff0000;\" href=\"https:\/\/agora.xtec.cat\/ceippladedalt\/wp-content\/uploads\/usu2126\/2024\/07\/Nota-comunicacio-amb-families-incripcio-web-Pla-de-dalt-curs-24-25.pdf\">Nota comunicaci\u00f3 amb fam\u00edlies inscripci\u00f3 web Pla de dalt curs 25-26<\/a><\/strong><\/span><\/p>\n<p style=\"text-align: center;\"><span style=\"color: #ff0000;\"><strong><a style=\"color: #ff0000;\" href=\"https:\/\/agora.xtec.cat\/ceippladedalt\/wp-content\/uploads\/usu2126\/2024\/07\/Passos-per-fer-la-inscripcio.pdf\">Guia per fer la inscripci\u00f3<\/a><\/strong><\/span><\/p>\n<h3 style=\"text-align: center;\"><strong>ENLLA\u00c7 A LA WEB DE L&#8217;AFA.<\/strong><\/h3>\n<p style=\"text-align: center;\">(CLICA A L&#8217;ANAGRAMA DE L&#8217;AFA)<a href=\"https:\/\/afapladedalt.wordpress.com\/menjador\/\" target=\"_blank\" rel=\"noopener noreferrer\"><img loading=\"lazy\" decoding=\"async\" class=\"aligncenter wp-image-549 size-full\" src=\"https:\/\/agora.xtec.cat\/ceippladedalt\/wp-content\/uploads\/usu2126\/2020\/07\/images.png\" alt=\"\" width=\"108\" height=\"97\" \/><\/a><\/p>\n<p style=\"text-align: center;\">\u00a0<\/p>\n\n\n<h1 class=\"wp-block-heading\">Consells pr\u00e0ctics per acompanyar l\u2019\u00e0pat dels infants<\/h1>\n\n\n\n<p>El proc\u00e9s d\u2019aprenentatge d\u2019h\u00e0bits alimentaris saludables i sostenibles \u00e9s especialment important durant els primers anys de vida ja que, a m\u00e9s de facilitar un bon estat nutricional i un creixement \u00f2ptim, pot ajudar a establir una bona relaci\u00f3 amb el menjar i a&nbsp;consolidar uns h\u00e0bits promotors de salut, tant durant la&nbsp;<strong>inf\u00e0ncia&nbsp;<\/strong>i l\u2019adolesc\u00e8ncia, com en l\u2019edat adulta.<\/p>\n\n\n\n<p>L\u2019Ag\u00e8ncia de salut p\u00fablica de Catalunya ens fa arribar el document i la infografia d\u2019Acompanyament els \u00e0pats dels infants- Consells per a les fam\u00edlies i per als menjadors escolars, per tal que en feu la difusi\u00f3 que considereu oportuna a les fam\u00edlies del centre:&nbsp;<a href=\"https:\/\/agora.xtec.cat\/ceipgermanscorbella\/wp-content\/uploads\/usu1362\/2025\/02\/acompanyar-apats-infants-consells-families-menjadors-escolars-2024.pdf\">Acompanyar-apats-infants-consells-families-menjadors-escolars-2024<\/a><\/p>\n\n\n\n<figure class=\"wp-block-image size-large\"><a href=\"https:\/\/agora.xtec.cat\/ceippladedalt\/wp-content\/uploads\/usu2126\/2025\/11\/consells-acompanyar-apat-infants.jpg\"><img loading=\"lazy\" decoding=\"async\" width=\"1024\" height=\"656\" src=\"https:\/\/agora.xtec.cat\/ceippladedalt\/wp-content\/uploads\/usu2126\/2025\/11\/consells-acompanyar-apat-infants-1024x656.jpg\" alt=\"\" class=\"wp-image-23480\" srcset=\"https:\/\/agora.xtec.cat\/ceippladedalt\/wp-content\/uploads\/usu2126\/2025\/11\/consells-acompanyar-apat-infants-1024x656.jpg 1024w, https:\/\/agora.xtec.cat\/ceippladedalt\/wp-content\/uploads\/usu2126\/2025\/11\/consells-acompanyar-apat-infants-300x192.jpg 300w, https:\/\/agora.xtec.cat\/ceippladedalt\/wp-content\/uploads\/usu2126\/2025\/11\/consells-acompanyar-apat-infants-768x492.jpg 768w, https:\/\/agora.xtec.cat\/ceippladedalt\/wp-content\/uploads\/usu2126\/2025\/11\/consells-acompanyar-apat-infants.jpg 1175w\" sizes=\"auto, (max-width: 1024px) 100vw, 1024px\" \/><\/a><\/figure>\n","protected":false},"excerpt":{"rendered":"<p>MENJADOR ESCOLAR<br \/>\nL\u2019escola ofereix un\u00a0servei de menjador\u00a0que pot ser utilitzat pels alumnes\u00a0de\u00a0forma fixa o espor\u00e0dica. El menjador de l&#8217;escola disposa de cuina pr\u00f2pia i el servei \u00e9s gestionat per l&#8217;AFA a trav\u00e9s d&#8217;una empresa externa, l\u2019empresa BOiSA. El seu horari \u00e9s de 12:30 a 15:00 h&hellip;  <a href=\"https:\/\/agora.xtec.cat\/ceippladedalt\/serveis\/menjador-escolar\/\" title=\"Read MENJADOR\">Llegeix m\u00e9s\u00bb<\/a><\/p>\n","protected":false},"author":1,"featured_media":0,"parent":66,"menu_order":30,"comment_status":"closed","ping_status":"closed","template":"page-templates\/side-menu.php","meta":{"_bbp_topic_count":0,"_bbp_reply_count":0,"_bbp_total_topic_count":0,"_bbp_total_reply_count":0,"_bbp_voice_count":0,"_bbp_anonymous_reply_count":0,"_bbp_topic_count_hidden":0,"_bbp_reply_count_hidden":0,"_bbp_forum_subforum_count":0,"footnotes":""},"class_list":["post-73","page","type-page","status-publish","hentry"],"post_mailing_queue_ids":[],"_links":{"self":[{"href":"https:\/\/agora.xtec.cat\/ceippladedalt\/wp-json\/wp\/v2\/pages\/73","targetHints":{"allow":["GET"]}}],"collection":[{"href":"https:\/\/agora.xtec.cat\/ceippladedalt\/wp-json\/wp\/v2\/pages"}],"about":[{"href":"https:\/\/agora.xtec.cat\/ceippladedalt\/wp-json\/wp\/v2\/types\/page"}],"author":[{"embeddable":true,"href":"https:\/\/agora.xtec.cat\/ceippladedalt\/wp-json\/wp\/v2\/users\/1"}],"replies":[{"embeddable":true,"href":"https:\/\/agora.xtec.cat\/ceippladedalt\/wp-json\/wp\/v2\/comments?post=73"}],"version-history":[{"count":6,"href":"https:\/\/agora.xtec.cat\/ceippladedalt\/wp-json\/wp\/v2\/pages\/73\/revisions"}],"predecessor-version":[{"id":23568,"href":"https:\/\/agora.xtec.cat\/ceippladedalt\/wp-json\/wp\/v2\/pages\/73\/revisions\/23568"}],"up":[{"embeddable":true,"href":"https:\/\/agora.xtec.cat\/ceippladedalt\/wp-json\/wp\/v2\/pages\/66"}],"wp:attachment":[{"href":"https:\/\/agora.xtec.cat\/ceippladedalt\/wp-json\/wp\/v2\/media?parent=73"}],"curies":[{"name":"wp","href":"https:\/\/api.w.org\/{rel}","templated":true}]}}