{"id":22,"date":"2014-09-18T12:19:57","date_gmt":"2014-09-18T10:19:57","guid":{"rendered":"http:\/\/agora.xtec.cat\/ceippladedalt\/?page_id=22"},"modified":"2026-02-19T17:53:33","modified_gmt":"2026-02-19T16:53:33","slug":"lescola","status":"publish","type":"page","link":"https:\/\/agora.xtec.cat\/ceippladedalt\/lescola\/","title":{"rendered":"L&#8217;ESCOLA"},"content":{"rendered":"<h1 style=\"text-align: center;\"><strong>QUI SOM<\/strong><\/h1>\n<p><img loading=\"lazy\" decoding=\"async\" class=\"aligncenter size-full wp-image-23666\" src=\"https:\/\/agora.xtec.cat\/ceippladedalt\/wp-content\/uploads\/usu2126\/2026\/02\/1.png\" alt=\"\" width=\"2000\" height=\"1414\" srcset=\"https:\/\/agora.xtec.cat\/ceippladedalt\/wp-content\/uploads\/usu2126\/2026\/02\/1.png 2000w, https:\/\/agora.xtec.cat\/ceippladedalt\/wp-content\/uploads\/usu2126\/2026\/02\/1-300x212.png 300w, https:\/\/agora.xtec.cat\/ceippladedalt\/wp-content\/uploads\/usu2126\/2026\/02\/1-1024x724.png 1024w, https:\/\/agora.xtec.cat\/ceippladedalt\/wp-content\/uploads\/usu2126\/2026\/02\/1-768x543.png 768w, https:\/\/agora.xtec.cat\/ceippladedalt\/wp-content\/uploads\/usu2126\/2026\/02\/1-1536x1086.png 1536w\" sizes=\"auto, (max-width: 2000px) 100vw, 2000px\" \/><img loading=\"lazy\" decoding=\"async\" class=\"aligncenter size-full wp-image-23667\" src=\"https:\/\/agora.xtec.cat\/ceippladedalt\/wp-content\/uploads\/usu2126\/2026\/02\/2.png\" alt=\"\" width=\"2000\" height=\"1414\" srcset=\"https:\/\/agora.xtec.cat\/ceippladedalt\/wp-content\/uploads\/usu2126\/2026\/02\/2.png 2000w, https:\/\/agora.xtec.cat\/ceippladedalt\/wp-content\/uploads\/usu2126\/2026\/02\/2-300x212.png 300w, https:\/\/agora.xtec.cat\/ceippladedalt\/wp-content\/uploads\/usu2126\/2026\/02\/2-1024x724.png 1024w, https:\/\/agora.xtec.cat\/ceippladedalt\/wp-content\/uploads\/usu2126\/2026\/02\/2-768x543.png 768w, https:\/\/agora.xtec.cat\/ceippladedalt\/wp-content\/uploads\/usu2126\/2026\/02\/2-1536x1086.png 1536w\" sizes=\"auto, (max-width: 2000px) 100vw, 2000px\" \/><\/p>\n<p style=\"text-align: center;\"><strong>Volem donar-vos la benvinguda i volem anar definint un projecte que ens encoratgi a tots, nens i nenes, fam\u00edlies, mestres i entorn, per a fer de la tasca educativa una il\u00b7lusi\u00f3 compartida. <\/strong><\/p>\n<p style=\"text-align: center;\"><strong>Volem fer de l\u2019escola un lloc de trobada, d&#8217;aprenentatges, d\u2019intercanvi i de reflexi\u00f3.<\/strong><\/p>\n<h3><\/h3>\n<h1 style=\"text-align: center;\"><strong>HORARIS D&#8217;ESCOLA<\/strong><\/h1>\n<p><strong>L&#8217;horari escolar ser\u00e0 cada dia de 9h a 12:30h i de 15h a 16:30h<\/strong>.<\/p>\n<p>Les portes d&#8217;entrada s&#8217;obriran a les 8:55h i a les 14:55h i es tancaran un cop s&#8217;hagi entrat a les 9h i a les 15h.<\/p>\n<p>La puntualitat \u00e9s un valor de respecte vers els altres membres de la comunitat i cap a un mateix.<\/p>\n<p>Si s&#8217;arrib\u00e9s fora d&#8217;horari l&#8217;acc\u00e9s ser\u00e0 la porta principal tocant el timbre. Per no trencar el ritme de treball de l&#8217;aula, \u00e9s important la puntualitat a les entrades.<\/p>\n<h1 style=\"text-align: center;\"><strong>HORARIS D&#8217;ATENCI\u00d3<\/strong><\/h1>\n<p><span style=\"text-decoration: underline;\"><strong>ADMINISTRATIVA<\/strong><\/span><\/p>\n<p>La <strong>Montse Aspar\u00f3<\/strong> \u00e9s la responsable d&#8217;aquest servei:<\/p>\n<ul>\n<li data-canvas-width=\"193.001349380434\">Matins de 9:00h a 13:30h<\/li>\n<li data-canvas-width=\"247.40145622553894\">Tardes de 15:00h a 16:30h. (excepte dijous)<\/li>\n<\/ul>\n<div data-canvas-width=\"84.27672027699137\"><\/div>\n<div data-canvas-width=\"134.6766475813099\">\n<p><span style=\"text-decoration: underline;\"><strong>CONSERGERIA<\/strong><\/span><\/p>\n<p>En <strong>Pere Puigdom\u00e8nech<\/strong> \u00e9s el responsable d&#8217;aquest servei:<\/p>\n<\/div>\n<div style=\"text-align: justify;\" data-canvas-width=\"21.599995911015117\"><em>En cas que el vostre\u00a0fill\/a no entri o\u00a0surti de l\u2019escola dins l\u2019horari regular li heu de comunicar, ell\u00a0s\u2019encarregar\u00e0 d\u2019avisar al tutor\/a.\u00a0<\/em><\/div>\n<div data-canvas-width=\"21.599995911015117\"><\/div>\n<div style=\"text-align: justify;\" data-canvas-width=\"21.599995911015117\"><em>El conserge \u00e9s l\u2019enlla\u00e7 amb les aules dins l\u2019horari lectiu.<\/em><\/div>\n<ul>\n<li data-canvas-width=\"74.47670217307288\">Matins de 8:45 a 13h.<\/li>\n<li data-canvas-width=\"74.47670217307288\">Tardes de 14:45 a 17:00h.<\/li>\n<\/ul>\n<p><span style=\"text-decoration: underline;\"><strong>MESTRES<\/strong><\/span><\/p>\n<p>Cal que aneu a la pestanya de CURSOS I ESPECIALITATS on hi trobareu les tutories i els correus de cada classe.<\/p>\n","protected":false},"excerpt":{"rendered":"<p>QUI SOM<\/p>\n<p>Volem donar-vos la benvinguda i volem anar definint un projecte que ens encoratgi a tots, nens i nenes, fam\u00edlies, mestres i entorn, per a fer de la tasca educativa una il\u00b7lusi\u00f3 compartida.<br \/>\nVolem fer de l\u2019escola un lloc de trobada, d&#8217;aprenentatges, d\u2019intercanvi i de&hellip;  <a href=\"https:\/\/agora.xtec.cat\/ceippladedalt\/lescola\/\" title=\"Read L&#8217;ESCOLA\">Llegeix m\u00e9s\u00bb<\/a><\/p>\n","protected":false},"author":1,"featured_media":0,"parent":0,"menu_order":0,"comment_status":"closed","ping_status":"closed","template":"page-templates\/side-menu.php","meta":{"_bbp_topic_count":0,"_bbp_reply_count":0,"_bbp_total_topic_count":0,"_bbp_total_reply_count":0,"_bbp_voice_count":0,"_bbp_anonymous_reply_count":0,"_bbp_topic_count_hidden":0,"_bbp_reply_count_hidden":0,"_bbp_forum_subforum_count":0,"footnotes":""},"class_list":["post-22","page","type-page","status-publish","hentry"],"post_mailing_queue_ids":[],"_links":{"self":[{"href":"https:\/\/agora.xtec.cat\/ceippladedalt\/wp-json\/wp\/v2\/pages\/22","targetHints":{"allow":["GET"]}}],"collection":[{"href":"https:\/\/agora.xtec.cat\/ceippladedalt\/wp-json\/wp\/v2\/pages"}],"about":[{"href":"https:\/\/agora.xtec.cat\/ceippladedalt\/wp-json\/wp\/v2\/types\/page"}],"author":[{"embeddable":true,"href":"https:\/\/agora.xtec.cat\/ceippladedalt\/wp-json\/wp\/v2\/users\/1"}],"replies":[{"embeddable":true,"href":"https:\/\/agora.xtec.cat\/ceippladedalt\/wp-json\/wp\/v2\/comments?post=22"}],"version-history":[{"count":6,"href":"https:\/\/agora.xtec.cat\/ceippladedalt\/wp-json\/wp\/v2\/pages\/22\/revisions"}],"predecessor-version":[{"id":23669,"href":"https:\/\/agora.xtec.cat\/ceippladedalt\/wp-json\/wp\/v2\/pages\/22\/revisions\/23669"}],"wp:attachment":[{"href":"https:\/\/agora.xtec.cat\/ceippladedalt\/wp-json\/wp\/v2\/media?parent=22"}],"curies":[{"name":"wp","href":"https:\/\/api.w.org\/{rel}","templated":true}]}}