{"id":178,"date":"2015-08-11T13:19:45","date_gmt":"2015-08-11T12:19:45","guid":{"rendered":"http:\/\/agora.xtec.cat\/ceippaucasals\/?page_id=178"},"modified":"2026-04-29T10:29:41","modified_gmt":"2026-04-29T08:29:41","slug":"1r","status":"publish","type":"page","link":"https:\/\/agora.xtec.cat\/ceippaucasals\/","title":{"rendered":"CURS 25-26"},"content":{"rendered":"\n<h5 class=\"wp-block-heading has-text-align-center\">CONTACTE COORDINADORA DE MENJADOR: 653 34 79 96 (Elena)<\/h5>\n\n\n\n<div>\n<h3 style=\"text-align: center;\">&nbsp;<\/h3>\n<\/div>\n\n\n\n<h2 style=\"text-align: center;\"><span style=\"color: #99ccff;\"><strong>PREINSCRIPCI\u00d3 26-27<\/strong><\/span><\/h2>\n\n\n\n<p style=\"text-align: center;\"><a href=\"https:\/\/www.canva.com\/design\/DAHBHCfBGvE\/yv7iHWWwjTXqBUxTHS5UHw\/view?utm_content=DAHBHCfBGvE&amp;utm_campaign=designshare&amp;utm_medium=link2&amp;utm_source=uniquelinks&amp;utlId=ha8f31be5cf\"><strong>Enlla\u00e7 a la presentaci\u00f3 de la jornada de portes obertes 2026\u00a0<\/strong><\/a><\/p>\n<p style=\"text-align: center;\"><a href=\"https:\/\/agora.xtec.cat\/ceippaucasals\/wp-content\/uploads\/usu990\/2026\/02\/Captura-de-pantalla-2026-02-19-160255.jpg\"><img loading=\"lazy\" decoding=\"async\" class=\"size-full wp-image-14739 aligncenter\" src=\"https:\/\/agora.xtec.cat\/ceippaucasals\/wp-content\/uploads\/usu990\/2026\/02\/Captura-de-pantalla-2026-02-19-160255.jpg\" alt=\"\" width=\"735\" height=\"253\" srcset=\"https:\/\/agora.xtec.cat\/ceippaucasals\/wp-content\/uploads\/usu990\/2026\/02\/Captura-de-pantalla-2026-02-19-160255.jpg 735w, https:\/\/agora.xtec.cat\/ceippaucasals\/wp-content\/uploads\/usu990\/2026\/02\/Captura-de-pantalla-2026-02-19-160255-300x103.jpg 300w\" sizes=\"auto, (max-width: 735px) 100vw, 735px\" \/><\/a><\/p>\n<p style=\"text-align: center;\">Coneix les dates clau i passos a seguir per a realitzar la preinscripci\u00f3 i matr\u00edcula clicant <strong><a href=\"https:\/\/preinscripcio.gencat.cat\/ca\/inici\/index.html\">aqu\u00ed<\/a><\/strong><\/p>\n<p style=\"text-align: center;\"><span style=\"background-color: #ffffff;\"><strong>03\/03:<\/strong> <\/span>Publicada la oferta inicial de places. Podeu consultar-la <strong><a href=\"https:\/\/agora.xtec.cat\/ceippaucasals\/wp-content\/uploads\/usu990\/2026\/03\/INFORME_OFERTA_OME_INFORME_OFERTA-1.pdf\">aqu\u00ed<\/a><\/strong>.\u00a0<\/p>\n<p style=\"text-align: center;\"><span style=\"background-color: #ffffff;\"><strong>15\/04:<\/strong> <\/span>Publicat el llistat de sol\u00b7licituds amb la puntuaci\u00f3 provisional.\u00a0 Podeu consultar-lo <strong><a href=\"https:\/\/agora.xtec.cat\/ceippaucasals\/wp-content\/uploads\/usu990\/2026\/04\/INFORME_BAREM_PROVISIONAL_BAREM.pdf\">aqu\u00ed<\/a>.<\/strong><\/p>\n<p style=\"text-align: center;\"><span style=\"background-color: #ffff99;\"><strong>NOVETAT 29\/04:<\/strong><\/span> Publicat el llistat de sol\u00b7licituds ordenades per puntuaci\u00f3. Podeu consultar-lo <strong><a href=\"https:\/\/agora.xtec.cat\/ceippaucasals\/wp-content\/uploads\/usu990\/2026\/04\/INFORME_BAREM_DEFINITIU_BAREM.pdf\">aqu\u00ed<\/a><\/strong>.\u00a0<\/p>\n<hr \/>\n\n\n\n<div style=\"text-align: center;\"><hr>\n<h2 style=\"text-align: center;\"><span style=\"color: #993366;\"><strong>Presentacions reunions inici de curs 2025-2026:<\/strong><\/span><\/h2>\n<p style=\"text-align: center;\"><em>(Feu click sobre el grup corresponent)<\/em><\/p>\n<h6 style=\"text-align: center;\"><strong><span style=\"color: #000000;\">Equip directiu:<\/span><\/strong> <a href=\"https:\/\/www.canva.com\/design\/DAGtO0EJZPs\/_RaxdZ7OR0HAVxCABrQKdw\/edit?utm_content=DAGtO0EJZPs&amp;utm_campaign=designshare&amp;utm_medium=link2&amp;utm_source=sharebutton\">Benvinguda al nou curs<\/a><\/h6>\n<h6 style=\"text-align: center;\"><strong><span style=\"color: #000000;\">Educaci\u00f3 Infantil: <\/span><\/strong><span style=\"color: #008000;\"><span style=\"color: #333333;\"><a href=\"https:\/\/prezi.com\/view\/zH12l8IjQY098dkNDvUi\/\">i3<\/a> &nbsp;&#8211; &nbsp;<a href=\"https:\/\/prezi.com\/view\/92d2YYvBB6WC2GZUeECS\/\">i4<\/a> &nbsp;&#8211; &nbsp;<a href=\"https:\/\/prezi.com\/view\/EvBYxOJMuWIY7vkKRhhg\/\">i5<\/a><\/span><\/span><\/h6>\n<h6 style=\"text-align: center;\"><span style=\"color: #000000;\"><strong>Cicle Inicial:<\/strong><\/span> <a href=\"https:\/\/prezi.com\/view\/ibpjSoQN5rDxhU7kGVl7\/\">1r<\/a> &nbsp;&#8211; &nbsp;<a href=\"https:\/\/prezi.com\/view\/yrx3w29NXqruYAsYemst\/\">2n<\/a><\/h6>\n<h6 style=\"text-align: center;\"><span style=\"color: #000000;\"><strong>Cicle Mitj\u00e0: <\/strong><\/span><a href=\"https:\/\/agora.xtec.cat\/ceippaucasals\/wp-content\/uploads\/usu990\/2025\/09\/Reunio-de-families-3r.pdf\">3r<\/a> &nbsp;&#8211; <a href=\"https:\/\/agora.xtec.cat\/ceippaucasals\/wp-content\/uploads\/usu990\/2025\/09\/Reunio-de-families-4rt.pdf\">4t<\/a><\/h6>\n<h6 style=\"text-align: center;\"><strong><span style=\"color: #000000;\">Cicle Superior: <a href=\"https:\/\/agora.xtec.cat\/ceippaucasals\/wp-content\/uploads\/usu990\/2025\/10\/presentacio-5e_compressed.pdf\">5\u00e8<\/a><\/span><\/strong>&nbsp; &#8211; <a href=\"https:\/\/agora.xtec.cat\/ceippaucasals\/wp-content\/uploads\/usu990\/2025\/10\/PRESENTACIO-6e.pdf\">6\u00e8<\/a><\/h6>\n<hr>\n<figure><a href=\"https:\/\/agora.xtec.cat\/ceippaucasals\/wp-content\/uploads\/usu990\/2024\/06\/Carta-a-les-families-aportacions-24-25.pdf\"><img loading=\"lazy\" decoding=\"async\" class=\"aligncenter\" src=\"https:\/\/www.valescolar.cat\/front\/img\/working-faq.webp\" alt=\"fotografia de material escolar\" width=\"341\" height=\"231\"><\/a><\/figure>\n<h2 style=\"text-align: center;\"><span style=\"color: #993366;\"><strong><a style=\"color: #993366;\" href=\"https:\/\/drive.google.com\/file\/d\/11hwo8fJt7pY1eawZT1vsrf84ksxKNBrs\/view?usp=sharing\">Material i val escolar curs 25-26<\/a><\/strong><\/span><\/h2>\n<hr>\n<figure><a href=\"https:\/\/www.canva.com\/design\/DAGPO4NHor4\/xg2GWYTH73rtHkCScmJOrw\/edit?utm_content=DAGPO4NHor4&amp;utm_campaign=designshare&amp;utm_medium=link2&amp;utm_source=sharebutton\"><img loading=\"lazy\" decoding=\"async\" class=\" wp-image-14366 aligncenter\" src=\"https:\/\/agora.xtec.cat\/ceippaucasals\/wp-content\/uploads\/usu990\/2025\/07\/Informacions.jpg\" alt=\"\" width=\"655\" height=\"142\" srcset=\"https:\/\/agora.xtec.cat\/ceippaucasals\/wp-content\/uploads\/usu990\/2025\/07\/Informacions.jpg 637w, https:\/\/agora.xtec.cat\/ceippaucasals\/wp-content\/uploads\/usu990\/2025\/07\/Informacions-300x65.jpg 300w\" sizes=\"auto, (max-width: 655px) 100vw, 655px\" \/><\/a><\/figure>\n<p>&nbsp;<\/p>\n<figure><a href=\"https:\/\/agora.xtec.cat\/ceippaucasals\/wp-content\/uploads\/usu990\/2023\/06\/click.png\"><img loading=\"lazy\" decoding=\"async\" class=\"wp-image-13568 aligncenter\" src=\"https:\/\/agora.xtec.cat\/ceippaucasals\/wp-content\/uploads\/usu990\/2023\/06\/click.png\" alt=\"\" width=\"79\" height=\"68\" srcset=\"https:\/\/agora.xtec.cat\/ceippaucasals\/wp-content\/uploads\/usu990\/2023\/06\/click.png 348w, https:\/\/agora.xtec.cat\/ceippaucasals\/wp-content\/uploads\/usu990\/2023\/06\/click-300x259.png 300w\" sizes=\"auto, (max-width: 79px) 100vw, 79px\" \/><\/a><\/figure>\n<p>&nbsp;<\/p>\n<\/div>\n\n\n\n<!--more-->\n\n\n\n<div style=\"width: 100%;\">\n<figure><img loading=\"lazy\" decoding=\"async\" class=\"size-full wp-image-14487 aligncenter\" src=\"https:\/\/agora.xtec.cat\/ceippaucasals\/wp-content\/uploads\/usu990\/2025\/10\/Captura-de-pantalla-2025-10-29-125703.jpg\" alt=\"\" width=\"634\" height=\"892\" srcset=\"https:\/\/agora.xtec.cat\/ceippaucasals\/wp-content\/uploads\/usu990\/2025\/10\/Captura-de-pantalla-2025-10-29-125703.jpg 634w, https:\/\/agora.xtec.cat\/ceippaucasals\/wp-content\/uploads\/usu990\/2025\/10\/Captura-de-pantalla-2025-10-29-125703-213x300.jpg 213w\" sizes=\"auto, (max-width: 634px) 100vw, 634px\" \/><\/figure>\n<div style=\"text-align: center;\"><a href=\"https:\/\/agora.xtec.cat\/ceippaucasals\/wp-content\/uploads\/usu990\/2025\/10\/Captura-de-pantalla-2025-10-29-125703.jpg\"><em>Clica AQU\u00cd per obrir el document.<\/em><\/a><\/div>\n<\/div>\n\n\n\n<h3>\u00a0<\/h3>\n<h2 style=\"text-align: center;\"><strong><span style=\"color: #99ccff;\">Com us podeu posar en contacte amb nosaltres?<\/span><\/strong><\/h2>\n\n\n\n<figure class=\"wp-block-image aligncenter size-full\"><a href=\"https:\/\/agora.xtec.cat\/ceippaucasals\/wp-content\/uploads\/usu990\/2026\/02\/Captura-de-pantalla-2026-02-19-162157.jpg\"><img loading=\"lazy\" decoding=\"async\" width=\"495\" height=\"703\" src=\"https:\/\/agora.xtec.cat\/ceippaucasals\/wp-content\/uploads\/usu990\/2026\/02\/Captura-de-pantalla-2026-02-19-162157.jpg\" alt=\"\" class=\"wp-image-14744\" srcset=\"https:\/\/agora.xtec.cat\/ceippaucasals\/wp-content\/uploads\/usu990\/2026\/02\/Captura-de-pantalla-2026-02-19-162157.jpg 495w, https:\/\/agora.xtec.cat\/ceippaucasals\/wp-content\/uploads\/usu990\/2026\/02\/Captura-de-pantalla-2026-02-19-162157-211x300.jpg 211w\" sizes=\"auto, (max-width: 495px) 100vw, 495px\" \/><\/a><\/figure>\n\n\n\n<p><\/p>\n","protected":false},"excerpt":{"rendered":"<p>CONTACTE COORDINADORA DE MENJADOR: 653 34 79 96 (Elena) &nbsp; PREINSCRIPCI\u00d3 26-27 Enlla\u00e7 a la presentaci\u00f3 de la jornada de portes obertes 2026\u00a0 Coneix les dates clau i passos a seguir per a realitzar la preinscripci\u00f3 i matr\u00edcula clicant aqu\u00ed 03\/03: Publicada la oferta inicial de places. Podeu consultar-la aqu\u00ed.\u00a0 15\/04: Publicat el llistat de [&hellip;]<\/p>\n","protected":false},"author":1,"featured_media":2044,"parent":7,"menu_order":5,"comment_status":"closed","ping_status":"closed","template":"","meta":{"_bbp_topic_count":0,"_bbp_reply_count":0,"_bbp_total_topic_count":0,"_bbp_total_reply_count":0,"_bbp_voice_count":0,"_bbp_anonymous_reply_count":0,"_bbp_topic_count_hidden":0,"_bbp_reply_count_hidden":0,"_bbp_forum_subforum_count":0,"site-sidebar-layout":"default","site-content-layout":"","ast-site-content-layout":"default","site-content-style":"default","site-sidebar-style":"default","ast-global-header-display":"","ast-banner-title-visibility":"","ast-main-header-display":"","ast-hfb-above-header-display":"","ast-hfb-below-header-display":"","ast-hfb-mobile-header-display":"","site-post-title":"disabled","ast-breadcrumbs-content":"","ast-featured-img":"","footer-sml-layout":"","theme-transparent-header-meta":"default","adv-header-id-meta":"","stick-header-meta":"","header-above-stick-meta":"","header-main-stick-meta":"","header-below-stick-meta":"","astra-migrate-meta-layouts":"set","ast-page-background-enabled":"default","ast-page-background-meta":{"desktop":{"background-color":"var(--ast-global-color-4)","background-image":"","background-repeat":"repeat","background-position":"center center","background-size":"auto","background-attachment":"scroll","background-type":"","background-media":"","overlay-type":"","overlay-color":"","overlay-opacity":"","overlay-gradient":""},"tablet":{"background-color":"","background-image":"","background-repeat":"repeat","background-position":"center center","background-size":"auto","background-attachment":"scroll","background-type":"","background-media":"","overlay-type":"","overlay-color":"","overlay-opacity":"","overlay-gradient":""},"mobile":{"background-color":"","background-image":"","background-repeat":"repeat","background-position":"center center","background-size":"auto","background-attachment":"scroll","background-type":"","background-media":"","overlay-type":"","overlay-color":"","overlay-opacity":"","overlay-gradient":""}},"ast-content-background-meta":{"desktop":{"background-color":"var(--ast-global-color-5)","background-image":"","background-repeat":"repeat","background-position":"center center","background-size":"auto","background-attachment":"scroll","background-type":"","background-media":"","overlay-type":"","overlay-color":"","overlay-opacity":"","overlay-gradient":""},"tablet":{"background-color":"var(--ast-global-color-5)","background-image":"","background-repeat":"repeat","background-position":"center center","background-size":"auto","background-attachment":"scroll","background-type":"","background-media":"","overlay-type":"","overlay-color":"","overlay-opacity":"","overlay-gradient":""},"mobile":{"background-color":"var(--ast-global-color-5)","background-image":"","background-repeat":"repeat","background-position":"center center","background-size":"auto","background-attachment":"scroll","background-type":"","background-media":"","overlay-type":"","overlay-color":"","overlay-opacity":"","overlay-gradient":""}},"footnotes":""},"class_list":["post-178","page","type-page","status-publish","has-post-thumbnail","hentry"],"post_mailing_queue_ids":[],"_links":{"self":[{"href":"https:\/\/agora.xtec.cat\/ceippaucasals\/wp-json\/wp\/v2\/pages\/178","targetHints":{"allow":["GET"]}}],"collection":[{"href":"https:\/\/agora.xtec.cat\/ceippaucasals\/wp-json\/wp\/v2\/pages"}],"about":[{"href":"https:\/\/agora.xtec.cat\/ceippaucasals\/wp-json\/wp\/v2\/types\/page"}],"author":[{"embeddable":true,"href":"https:\/\/agora.xtec.cat\/ceippaucasals\/wp-json\/wp\/v2\/users\/1"}],"replies":[{"embeddable":true,"href":"https:\/\/agora.xtec.cat\/ceippaucasals\/wp-json\/wp\/v2\/comments?post=178"}],"version-history":[{"count":6,"href":"https:\/\/agora.xtec.cat\/ceippaucasals\/wp-json\/wp\/v2\/pages\/178\/revisions"}],"predecessor-version":[{"id":14849,"href":"https:\/\/agora.xtec.cat\/ceippaucasals\/wp-json\/wp\/v2\/pages\/178\/revisions\/14849"}],"up":[{"embeddable":true,"href":"https:\/\/agora.xtec.cat\/ceippaucasals\/wp-json\/wp\/v2\/pages\/7"}],"wp:featuredmedia":[{"embeddable":true,"href":"https:\/\/agora.xtec.cat\/ceippaucasals\/wp-json\/wp\/v2\/media\/2044"}],"wp:attachment":[{"href":"https:\/\/agora.xtec.cat\/ceippaucasals\/wp-json\/wp\/v2\/media?parent=178"}],"curies":[{"name":"wp","href":"https:\/\/api.w.org\/{rel}","templated":true}]}}