{"id":11665,"date":"2020-02-14T09:24:49","date_gmt":"2020-02-14T08:24:49","guid":{"rendered":"http:\/\/agora.xtec.cat\/ceippaucasals\/?page_id=11665"},"modified":"2026-04-13T15:55:55","modified_gmt":"2026-04-13T13:55:55","slug":"consell-escolar","status":"publish","type":"page","link":"https:\/\/agora.xtec.cat\/ceippaucasals\/lescola\/documents-de-centre\/consell-escolar\/","title":{"rendered":"Consell Escolar"},"content":{"rendered":"<h2>Membres del Consell Escolar:<\/h2>\n<p><b><i>SECTOR FAM\u00cdLIA:<\/i><\/b><i><span style=\"font-weight: 400;\"> Sr. Aram Carreras Josa, sra. \u00c1gata Mart\u00ednez Tejedor, Sra. Idoia Codina Torrella, <\/span><\/i><i><span style=\"font-weight: 400;\">Sra S\u00f2nia Moreno L\u00f3pez, sra N\u00faria Pag\u00e8s i Roca.<\/span><\/i><\/p>\n<p><b><i>SECTOR DOCENTS:<\/i><\/b><i><span style=\"font-weight: 400;\"> S<\/span><\/i><em><span style=\"font-weight: 400;\"><i>ra. Meritxell Ainsua Enrich, Sra. Judit Clavel S\u00e1nchez,<\/i><\/span><\/em><i><span style=\"font-weight: 400;\"> Sra. Esther Exp\u00f3sito Ruiz,<\/span><\/i><i><span style=\"font-weight: 400;\"> Sra. Maria Jos\u00e9 Ramos Pulido, Sra Sandra Adalid Navarro, Sra S\u00f2nia Ruiz Ord\u00f3\u00f1ez.<\/span><\/i><\/p>\n<p><b><i>MEMBRE PAS:<\/i><\/b><i><span style=\"font-weight: 400;\"> Sra. Isabel Ariza Maraver.<\/span><\/i><\/p>\n<p><b><i>DIRECTORA I CAP D\u2019ESTUDIS: <\/i><\/b><i><span style=\"font-weight: 400;\">Sra. Rosa Chac\u00f3n Bello i Sra. N\u00faria Par\u00e9s S\u00e1nchez.<\/span><\/i><\/p>\n<p><b><i>REPRESENTANT DE L\u2019AJUNTAMENT:\u00a0 <\/i><\/b><i><span style=\"font-weight: 400;\">Sra. Paola Moral Ram\u00edrez.<\/span><\/i><\/p>\n<p><b><i>REPRESENTANT AFA: <\/i><\/b><em>Sra. Roser Hern\u00e1ndez Coll.<\/em><\/p>\n<p><b><i>SECRET\u00c0RIA: <\/i><\/b><i><span style=\"font-weight: 400;\">Sra. Laia Gibert S\u00e1nchez.<\/span><\/i><\/p>\n<h2><span style=\"color: #000000;\">Acords presos al Consell Escolar de l&#8217;Escola Pau Casals<\/span><\/h2>\n<div>\n<h6>25-03-2026:<\/h6>\n<ul>\n<li>Entra al Consell Escolar la Sra. <span style=\"font-weight: 400;\">\u00c1gata Mart\u00ednez Tejedor en substituci\u00f3 de la Sra. Gemma Domingo Vela, que renuncia a les seves funcions, aix\u00ed com la Sra. Roser Hern\u00e1ndez Coll en substituci\u00f3 de la Sra. Meritxell Gui\u00f1\u00f3n Fuentes, degut a la formaci\u00f3 d&#8217;una nova junta de l&#8217;AFA.<\/span><\/li>\n<li>S&#8217;aproven per unanimitat les noves aportacions econ\u00f2miques de les fam\u00edlies pel curs 26-27. S&#8217;acorda mantenir les aportacions d&#8217;infantil i modificar les de Prim\u00e0ria degut a la incorporaci\u00f3 de llibres de text de catal\u00e0, castell\u00e0 i angl\u00e8s: 60\u20ac de material fungible i 110\u20ac de material editorial.<\/li>\n<\/ul>\n<h6>27-01-2026:<\/h6>\n<ul>\n<li>S&#8217;aproven la liquidaci\u00f3 del pressupost del 2025 i l&#8217;elaboraci\u00f3 del pressupost del 2026 per unanimitat.<\/li>\n<\/ul>\n<h6>02-12-2025:<\/h6>\n<ul>\n<li>Es constitueix el nou Consell Escolar despr\u00e9s de les eleccions. Els nous membres de les Comissions s\u00f3n:\n<ul>\n<li>Comissi\u00f3 econ\u00f2mica: Sra Sandra Adalid, Sra S\u00f2nia Moreno, Sra Laia Gibert i Sra Rosa Chac\u00f3n.<\/li>\n<li>Comissi\u00f3 de conviv\u00e8ncia: la Sra Gemma Domingo substituir\u00e0 el Sr Sergi Juzgado.<\/li>\n<li>Comissi\u00f3 de garanties: la Sra Idoia Codina substituir\u00e0 el Sr Joan Garcia.<\/li>\n<li>Comissi\u00f3 permanent: Sra Idoia Codina, Sra Judit Clavel i Sra Rosa Chac\u00f3n.<\/li>\n<li>Referent de coeducaci\u00f3 del centre: Sra S\u00f2nia Ruiz.<\/li>\n<\/ul>\n<\/li>\n<li>S&#8217;acorden i s&#8217;aprova el document de normes i pr\u00e0ctiques pel bon funcionament del Consell.<\/li>\n<\/ul>\n<h6>18-11-2025:<\/h6>\n<ul>\n<li>S&#8217;aprova la Programaci\u00f3 General Anual (PGA) del curs 25-26 per unanimitat.<\/li>\n<li>S&#8217;aproven dues sortides que havien quedat pendents.<\/li>\n<\/ul>\n<h6>21-10-2025:<\/h6>\n<ul>\n<li>No hi ha acords.<\/li>\n<\/ul>\n<h6>09-09-2025:<\/h6>\n<ul>\n<li>S&#8217;aproven les sortides i estades pedag\u00f2giques previstes pel curs 25-26.<\/li>\n<\/ul>\n<h6>25-06-2025:<\/h6>\n<ul>\n<li>S&#8217;aproven el calendari escolar i les extraescolars pel curs 25-26.<\/li>\n<li>Entra al Consell la Sra. Gemma Domingo en substituci\u00f3 de la sra. M\u00f2nica Clavel, que renuncia a les seves funcions.<\/li>\n<\/ul>\n<h6>20-05-2025:<\/h6>\n<ul>\n<li>Acordem compartir una fitxa de les sortides que s&#8217;hagin d&#8217;aprovar en Comissi\u00f3 Permanent amb els seus membres.<\/li>\n<li>S&#8217;aproven les aportacions econ\u00f2miques pel curs 25-26.<\/li>\n<\/ul>\n<h6>28-01-2024:<\/h6>\n<ul>\n<li><span style=\"font-weight: 400;\">S\u2019aprova la liquidaci\u00f3 econ\u00f2mica 2024 per unanimitat.<\/span><\/li>\n<li><span style=\"font-weight: 400;\">S\u2019aprova el pressupost 2025 per unanimitat.<\/span><\/li>\n<\/ul>\n<h6>30-10-2024:<\/h6>\n<ul>\n<li>S&#8217;aprova la Programaci\u00f3 General Anual pel curs 24-25.<\/li>\n<\/ul>\n<h6>24-09-2024:<\/h6>\n<ul>\n<li>Es reorganitzen les seg\u00fcents comissions del Consell:\n<ul>\n<li>Comissi\u00f3 de garanties: S&#8217;hi incorpora el sr. Joan Garcia Molina.<\/li>\n<li>Comissi\u00f3 econ\u00f2mica: S&#8217;hi incorporen el sr. Sergi Juzgado Cano (sector fam\u00edlies) i la sra. Montserrat Bar\u00f3n Embuena (sector docents).<\/li>\n<li>Referent de coeducaci\u00f3: Ser\u00e0 la sra. Esther Exp\u00f3sito Ruiz.<\/li>\n<\/ul>\n<\/li>\n<li>S&#8217;aprova la carta de comprom\u00eds educatiu, que es far\u00e0 arribar a les fam\u00edlies per aquest curs 24-25.<\/li>\n<li>S&#8217;aprova la modificaci\u00f3 de pressupost per incorporar la partida referent als vals escolars i els codis finalistes associats a ingressos i despeses associats a fam\u00edlies.<\/li>\n<li>S&#8217;aproven diverses sortides escolars.<\/li>\n<\/ul>\n<h6>25-06-2024:<\/h6>\n<ul>\n<li><span style=\"font-weight: 400;\">S\u2019aprova la proposta d&#8217;activitats extraescolars del curs 24-25.<\/span><\/li>\n<\/ul>\n<h6>21-05-2024:<\/h6>\n<ul>\n<li><span style=\"font-weight: 400;\">S\u2019aprova el calendari escolar del curs 24-25, incloent els dies de jornada intensiva i els dies d&#8217;adaptaci\u00f3 a i3.<\/span><\/li>\n<li>S&#8217;acorden les preguntes que inclour\u00e0 l&#8217;enquesta de satisfacci\u00f3 que s&#8217;enviar\u00e0 a les fam\u00edlies.<\/li>\n<li>La representant de l&#8217;ajuntament de Vacarisses donar\u00e0 resposta sobre el &#8220;cam\u00ed escolar segur&#8221; a trav\u00e9s d&#8217;un correu electr\u00f2nic adre\u00e7at a l&#8217;equip directiu i aquest, al seu torn, es traspassar\u00e0 al resta de membres del consell escolar.<\/li>\n<\/ul>\n<h6>08-05-2024:<\/h6>\n<ul>\n<li><span style=\"font-weight: 400;\">No hi ha acords.<\/span><\/li>\n<\/ul>\n<h6>05-03-2024:<\/h6>\n<ul>\n<li><span style=\"font-weight: 400;\">S\u2019acorda convocar una reuni\u00f3 on hi assisteixin l\u2019ajuntament, la policia local, l\u2019equip directiu de l\u2019escola i la presidenta de l\u2019AFA per abordar els problemes de vandalisme durant els caps de setmana.<\/span><\/li>\n<li><span style=\"font-weight: 400;\">S\u2019acorda que es mantenen les dues aportacions econ\u00f2miques pel curs 24-25 de la mateixa manera que es va fer el curs 23-24.\u00a0<\/span><\/li>\n<li><span style=\"font-weight: 400;\">S\u2019acorda que es far\u00e0 una modificaci\u00f3 del pressupost per incloure els ingressos i despeses previstos en concepte d\u2019aportacions de les fam\u00edlies i pagament de factures de llibres de text. <\/span><\/li>\n<li><span style=\"font-weight: 400;\">S\u2019acorda elaborar un escrit conjunt entre els membres del consell escolar explicant que les aportacions econ\u00f2miques de les fam\u00edlies s\u00f3n imprescindibles per poder desenvolupar les activitats de l\u2019escola.\u00a0<\/span><\/li>\n<\/ul>\n<h6>13-02-2024:<\/h6>\n<ul>\n<li><span style=\"font-weight: 400;\">S\u2019aprova la liquidaci\u00f3 econ\u00f2mica 2023 per unanimitat.<\/span><\/li>\n<li><span style=\"font-weight: 400;\">S\u2019aprova el pressupost 2024 per unanimitat.<\/span><\/li>\n<li><span style=\"font-weight: 400;\">\u00a0Es valorar\u00e0 el tema del val escolar i les aportacions de les fam\u00edlies en una reuni\u00f3 posterior.<\/span><\/li>\n<\/ul>\n<h6>12-12-2023:<\/h6>\n<ul>\n<li>Es constitueix el nou Consell Escolar i s&#8217; acorden els membres de les diferents comissions:\n<p class=\"western\" align=\"justify\">\u2013\u00a0<u>Comissi\u00f3 permanent<\/u>: Sr. Joan Albert Basiana, Sra. Idoia Codina i Sra. Judit Clavel.<\/p>\n<p class=\"western\" align=\"justify\">\u2013\u00a0<u>Comissi\u00f3 econ\u00f2mica<\/u>: Sr. Joan Albert Basiana, Sra. Edith Garc\u00eda, Sr. Joan Ustrell i Sr. Sergi Garc\u00eda.<\/p>\n<p>\u2013\u00a0<u>Comissi\u00f3 conviv\u00e8ncia<\/u>: la sra. M\u00f2nica Clavel subsituir\u00e0 al sr. Sergi Juzgado. La sra. Rosa Chac\u00f3n continuar\u00e0 formant-ne part.<\/li>\n<li><span style=\"text-decoration: underline;\">Referent de coeducaci\u00f3<\/span> del Consell Escolar: sra. Cristina Farrerons.<\/li>\n<li>S\u2019acorda que les reunions del consell escolar es convocaran els dimarts a les 16:45h. Durant la jornada intensiva es convocaran a les 15:30h.<\/li>\n<\/ul>\n<h6>14-11-2023:<\/h6>\n<ul>\n<li><span style=\"font-size: 1em;\">S&#8217;aprova la Programaci\u00f3 General Anual del curs 2023-2024.<\/span><\/li>\n<li>S&#8217;aproven les extraescolars del curs 23-24.<\/li>\n<li>S&#8217;aproven diverses sortides i estades pedag\u00f2giques programades per al curs 23-24.<\/li>\n<\/ul>\n<h6>11-10-2023:<\/h6>\n<ul>\n<li>Sense acords.<\/li>\n<\/ul>\n<h6>03-10-2023:<\/h6>\n<ul>\n<li>Sense acords.<\/li>\n<\/ul>\n<h6>27-06-2023:<\/h6>\n<ul>\n<li><span style=\"font-size: 1em;\">S&#8217;aprova la modificaci\u00f3 del pressupost per aportacions GEP.<\/span><\/li>\n<li>S&#8217;aprova el calendari del curs 23-24.<\/li>\n<\/ul>\n<\/div>\n<h6>30-05-2023:<\/h6>\n<ul>\n<li><span style=\"font-size: 1em;\">S&#8217;aprova la modificaci\u00f3 dels Normes d&#8217;Organitzaci\u00f3 i Funcionament de Centre.<\/span><\/li>\n<li>S&#8217;aprova el Projecte de Biblioteca Escolar.<\/li>\n<\/ul>\n<h6>25\/04\/2023 (extraordinari):<\/h6>\n<ul>\n<li><span style=\"font-size: 1em;\">S&#8217;aprova la modificaci\u00f3 del pressupost 2023 per la validaci\u00f3 del tancament del pressupost 2022 i trasp\u00e0s del romanent disponible.<\/span><\/li>\n<\/ul>\n<h6>07\/02\/2023:<\/h6>\n<ul>\n<li><span style=\"font-size: 1em;\">S&#8217;aprova la liquidaci\u00f3 econ\u00f2mica de l&#8217;exercici 2022.<\/span><\/li>\n<li>S&#8217;aprova el pressupost de l&#8217;exercici 2023.<\/li>\n<li>A la Comissi\u00f3 de Conviv\u00e8ncia, el sr. Sergi Juzgado ser\u00e0 el representant de les fam\u00edlies del Consell Escolar.<\/li>\n<\/ul>\n<h6>29\/11\/2022:<\/h6>\n<ul>\n<li><span style=\"font-size: 1em;\">S&#8217;aprova el document &#8220;Pla Anual del curs 2022-2023&#8221;.<\/span><\/li>\n<li>La Comissi\u00f3 Econ\u00f2mica informa de l&#8217;aprovaci\u00f3 de la modificaci\u00f3 del pressupost.<\/li>\n<li>La Comissi\u00f3 Permanent informa de les darreres sortides aprovades.<\/li>\n<li>S&#8217;aproven les propostes dels Pressupostos Participatius que s\u2019han presentat a l\u2019ajuntament de Vacarisses per a la millora dels camins escolars, projecte ombres i espai Cingle.<\/li>\n<li>S\u2019acorda que les reunions del Consell Escolar es convocaran preferentment en dimarts. En cas que no es pogu\u00e9s convocar en dimarts, es convocaria en dilluns.<\/li>\n<\/ul>\n<h6>20\/09\/2022:<\/h6>\n<ul>\n<li>S&#8217;aproven diverses sortides programades per al curs 22-23.<\/li>\n<\/ul>\n<h6>05\/07\/2022:<\/h6>\n<ul>\n<li><span style=\"font-weight: 400;\">El sector fam\u00edlies redactar\u00e0 un manual de bones pr\u00e0ctiques durant les jornades de vaga i el compartir\u00e0 amb la resta de membres del Consell Escolar per poder afegir les seves aportacions.<\/span><\/li>\n<li><span style=\"font-weight: 400;\">S\u2019acorda que la primera reuni\u00f3 del Consell Escolar del curs 2022-2023 ser\u00e0 el 13 de setembre de 2022 a les 17:30h de manera telem\u00e0tica.<\/span><\/li>\n<\/ul>\n<h6>28\/06\/2022:<\/h6>\n<ul>\n<li><span style=\"font-size: 1em;\">S&#8217;aprova el calendari escolar del curs 22-23.<\/span><\/li>\n<li>S&#8217;aprova el Projecte de Conviv\u00e8ncia <span style=\"font-weight: 400;\">com a document base, prenent en consideraci\u00f3 que \u00e9s un document viu que haur\u00e0 d\u2019incloure modificacions. <\/span><\/li>\n<\/ul>\n<h6>10\/05\/2022:<\/h6>\n<ul>\n<li><span style=\"font-size: 1em;\">S&#8217;aprova el projecte Ara ART (Sons del Vent)<\/span><\/li>\n<li>S&#8217;aproven les modificacions en els imports de les aportacions econ\u00f2miques de les fam\u00edlies per al curs 22-23.<\/li>\n<li><span style=\"font-weight: 400;\">S\u2019acorda que es far\u00e0 una reuni\u00f3 al segon trimestre del curs 22-23, per parlar de les inversions.\u00a0<\/span><\/li>\n<\/ul>\n<h6>15\/02\/2022:<\/h6>\n<ul>\n<li><span style=\"font-size: 1em;\">S&#8217;aprova la liquidaci\u00f3 econ\u00f2mica de l&#8217;any 2021.<\/span><\/li>\n<li>S&#8217;aprova el pressupost 2022.<\/li>\n<\/ul>\n<h6>20\/12\/2021:<\/h6>\n<ul>\n<li><span style=\"font-size: 1em;\"><span style=\"font-size: 1em;\">Es constitueix el nou Consell Escolar i les Comissions permanent i econ\u00f2mica.:<\/span><\/span>\n<p class=\"western\" align=\"justify\"><span style=\"color: #000000;\"><span style=\"font-family: Roboto, Times New Roman;\">&#8211; <\/span><\/span><span style=\"color: #000000;\"><span style=\"font-family: Roboto, Times New Roman;\"><u>Comissi\u00f3 permanent<\/u><\/span><\/span><span style=\"color: #000000;\"><span style=\"font-family: Roboto, Times New Roman;\">: Sr. Joan Albert Basiana, Sra. Helena Cano i Sra. Montse Bar\u00f3n.<\/span><\/span><\/p>\n<p class=\"western\" align=\"justify\"><span style=\"color: #000000;\"><span style=\"font-family: Roboto, Times New Roman;\">&#8211; <\/span><\/span><span style=\"color: #000000;\"><span style=\"font-family: Roboto, Times New Roman;\"><u>Comissi\u00f3 econ\u00f2mica<\/u><\/span><\/span><span style=\"color: #000000;\"><span style=\"font-family: Roboto, Times New Roman;\">: Sr. Joan Albert Basiana, Sra. Edith Garc\u00eda, Sr. Joan Ustrell i Sr. Sergi Garc\u00eda.<\/span><\/span><\/p>\n<\/li>\n<li>S\u2019aprova per consens, de manera anual prorrogable, l\u2019horari de les reunions del Consell Escolar. L&#8217;hora d&#8217;inici de les reunions presencials ser\u00e0 a les 16:45h i les telem\u00e0tiques a les 17:30h. El convocaran priorit\u00e0riament en dimarts i si no \u00e9s possible, es convocaran en dilluns o dimecres. Durant els dies de jornada intensiva es convocaran sempre de manera telem\u00e0tica a les 17:30h.<\/li>\n<li>S\u2019aprova la proposta ACDE de l\u2019escola Pau Casals de Vacarisses per un per\u00edode de 4 cursos.<\/li>\n<\/ul>\n<h6>12\/11\/2021:<\/h6>\n<ul>\n<li><span style=\"font-size: 1em;\">S&#8217;aprova el document &#8220;Pla Anual del curs 2021-2022&#8221;.<\/span><\/li>\n<li>S&#8217;aproven les sortides programades i les estades pedag\u00f2giques a P4, 1r, 3r i 5\u00e8 per als propers 4 cursos.<\/li>\n<li>S&#8217;acorda que en la constituci\u00f3 del nou Consell Escolar s&#8217;acordar\u00e0 l&#8217;horari m\u00e9s adient per programar les reunions del Consell Escolar.<\/li>\n<\/ul>\n<h6>17\/09\/2021:<\/h6>\n<ul>\n<li><span style=\"font-size: 1em;\">S&#8217;aprova el document &#8220;Organitzaci\u00f3 de patis del curs 2021-2022&#8221;.<\/span><\/li>\n<li>Es constitueix la Comissi\u00f3 Permanent del Consell Escolar.<\/li>\n<\/ul>\n<h6>02\/09\/2021:<\/h6>\n<ul>\n<li><span style=\"font-size: 1em;\">S&#8217;aprova el document &#8220;Pla d&#8217;Obertura del centre del curs 2021-2022&#8221;.<\/span><\/li>\n<li>S&#8217;aprova la proposta de participaci\u00f3 en el projecte &#8220;SexAfin&#8221;.<\/li>\n<\/ul>\n<h6>22\/06\/2021:<\/h6>\n<ul>\n<li><span style=\"font-size: 1em;\">S&#8217;aprova el calendari del curs 2021-2022.<\/span><\/li>\n<\/ul>\n<h6>21\/05\/2021:<\/h6>\n<ul>\n<li><span style=\"font-size: 1em;\">Queden elegides les persones membres de la Comissi\u00f3 d&#8217;Avaluaci\u00f3 del mandat del Director 2017-2021.<\/span><\/li>\n<\/ul>\n<h6>11\/05\/2021:<\/h6>\n<ul>\n<li>S&#8217;aprova la modificaci\u00f3 dels imports per a les aportacions econ\u00f2miques de les fam\u00edlies corresponents al curs 2021-2022.<\/li>\n<li>S&#8217;aprova la proposta de participaci\u00f3 del centre al Projecte Generaci\u00f3 Pluriling\u00fce (GEP) del Departament d&#8217;Educaci\u00f3.<\/li>\n<\/ul>\n<h6>19\/02\/2021:<\/h6>\n<ul>\n<li>S&#8217;aprova la liquidaci\u00f3 econ\u00f2mica de l&#8217;exercici 2020.<\/li>\n<\/ul>\n<h6>11\/12\/2020:<\/h6>\n<ul>\n<li>S&#8217;aprova el Pla anual del curs 2020-2021.<\/li>\n<\/ul>\n<h6>23\/10\/2020:<\/h6>\n<ul>\n<li>Presentaci\u00f3 de la mem\u00f2ria del curs 2019-2020.<\/li>\n<li>Canvi en l\u2019horari d\u2019entrada i sortida del grup de CI D.<\/li>\n<\/ul>\n<h6>10\/09\/2020:<\/h6>\n<ul>\n<li>S&#8217;aprova el Pla d&#8217;Organitzaci\u00f3 i Actuaci\u00f3 en situaci\u00f3 de Pand\u00e8mia i Confinament (setembre 2020).<\/li>\n<\/ul>\n<h6>23\/07\/2020:<\/h6>\n<ul>\n<li>S&#8217;aprova el calendari escolar del curs 2020-2021.<\/li>\n<\/ul>\n<h6>26\/05\/2020:<\/h6>\n<ul>\n<li>S&#8217;aprova posposar la barreja de grups a l&#8217;inici de cada cicle fins al curs 21-22.<\/li>\n<li>S&#8217;aprova deixar a compte pel curs 20-21 la part proporcional de les aportacions de material i sortides del per\u00edode d&#8217;estat d&#8217;alarma del curs 19-20.<\/li>\n<li>El calendari escolar s&#8217;aprovar\u00e0 de manera telem\u00e0tica un cop es publiqui la normativa del Departament d&#8217;Educaci\u00f3.<\/li>\n<\/ul>\n<h6>07\/02\/2020:<\/h6>\n<ul>\n<li>S&#8217;aprova la liquidaci\u00f3 del pressupost 2019.<\/li>\n<li>S&#8217;aprova la barreja de grups a l&#8217;inici de cada cicle.<\/li>\n<\/ul>\n<h6>03\/12\/2019:<\/h6>\n<p>S\u2019aproven els seg\u00fcents documents: sortides, organitzaci\u00f3 dels patis i Pla Anual del curs 2019-2020, aix\u00ed com el Pla Estrat\u00e8gic 2019-2021<\/p>\n","protected":false},"excerpt":{"rendered":"<p>Membres del Consell Escolar: SECTOR FAM\u00cdLIA: Sr. Aram Carreras Josa, sra. \u00c1gata Mart\u00ednez Tejedor, Sra. Idoia Codina Torrella, Sra S\u00f2nia Moreno L\u00f3pez, sra N\u00faria Pag\u00e8s i Roca. SECTOR DOCENTS: Sra. Meritxell Ainsua Enrich, Sra. Judit Clavel S\u00e1nchez, Sra. Esther Exp\u00f3sito Ruiz, Sra. Maria Jos\u00e9 Ramos Pulido, Sra Sandra Adalid Navarro, Sra S\u00f2nia Ruiz Ord\u00f3\u00f1ez. MEMBRE [&hellip;]<\/p>\n","protected":false},"author":1,"featured_media":0,"parent":221,"menu_order":0,"comment_status":"closed","ping_status":"closed","template":"","meta":{"_bbp_topic_count":0,"_bbp_reply_count":0,"_bbp_total_topic_count":0,"_bbp_total_reply_count":0,"_bbp_voice_count":0,"_bbp_anonymous_reply_count":0,"_bbp_topic_count_hidden":0,"_bbp_reply_count_hidden":0,"_bbp_forum_subforum_count":0,"site-sidebar-layout":"default","site-content-layout":"","ast-site-content-layout":"default","site-content-style":"default","site-sidebar-style":"default","ast-global-header-display":"","ast-banner-title-visibility":"","ast-main-header-display":"","ast-hfb-above-header-display":"","ast-hfb-below-header-display":"","ast-hfb-mobile-header-display":"","site-post-title":"","ast-breadcrumbs-content":"","ast-featured-img":"","footer-sml-layout":"","theme-transparent-header-meta":"","adv-header-id-meta":"","stick-header-meta":"","header-above-stick-meta":"","header-main-stick-meta":"","header-below-stick-meta":"","astra-migrate-meta-layouts":"set","ast-page-background-enabled":"default","ast-page-background-meta":{"desktop":{"background-color":"var(--ast-global-color-4)","background-image":"","background-repeat":"repeat","background-position":"center center","background-size":"auto","background-attachment":"scroll","background-type":"","background-media":"","overlay-type":"","overlay-color":"","overlay-opacity":"","overlay-gradient":""},"tablet":{"background-color":"","background-image":"","background-repeat":"repeat","background-position":"center center","background-size":"auto","background-attachment":"scroll","background-type":"","background-media":"","overlay-type":"","overlay-color":"","overlay-opacity":"","overlay-gradient":""},"mobile":{"background-color":"","background-image":"","background-repeat":"repeat","background-position":"center center","background-size":"auto","background-attachment":"scroll","background-type":"","background-media":"","overlay-type":"","overlay-color":"","overlay-opacity":"","overlay-gradient":""}},"ast-content-background-meta":{"desktop":{"background-color":"var(--ast-global-color-5)","background-image":"","background-repeat":"repeat","background-position":"center center","background-size":"auto","background-attachment":"scroll","background-type":"","background-media":"","overlay-type":"","overlay-color":"","overlay-opacity":"","overlay-gradient":""},"tablet":{"background-color":"var(--ast-global-color-5)","background-image":"","background-repeat":"repeat","background-position":"center center","background-size":"auto","background-attachment":"scroll","background-type":"","background-media":"","overlay-type":"","overlay-color":"","overlay-opacity":"","overlay-gradient":""},"mobile":{"background-color":"var(--ast-global-color-5)","background-image":"","background-repeat":"repeat","background-position":"center center","background-size":"auto","background-attachment":"scroll","background-type":"","background-media":"","overlay-type":"","overlay-color":"","overlay-opacity":"","overlay-gradient":""}},"footnotes":""},"class_list":["post-11665","page","type-page","status-publish","hentry"],"post_mailing_queue_ids":[],"_links":{"self":[{"href":"https:\/\/agora.xtec.cat\/ceippaucasals\/wp-json\/wp\/v2\/pages\/11665","targetHints":{"allow":["GET"]}}],"collection":[{"href":"https:\/\/agora.xtec.cat\/ceippaucasals\/wp-json\/wp\/v2\/pages"}],"about":[{"href":"https:\/\/agora.xtec.cat\/ceippaucasals\/wp-json\/wp\/v2\/types\/page"}],"author":[{"embeddable":true,"href":"https:\/\/agora.xtec.cat\/ceippaucasals\/wp-json\/wp\/v2\/users\/1"}],"replies":[{"embeddable":true,"href":"https:\/\/agora.xtec.cat\/ceippaucasals\/wp-json\/wp\/v2\/comments?post=11665"}],"version-history":[{"count":5,"href":"https:\/\/agora.xtec.cat\/ceippaucasals\/wp-json\/wp\/v2\/pages\/11665\/revisions"}],"predecessor-version":[{"id":14836,"href":"https:\/\/agora.xtec.cat\/ceippaucasals\/wp-json\/wp\/v2\/pages\/11665\/revisions\/14836"}],"up":[{"embeddable":true,"href":"https:\/\/agora.xtec.cat\/ceippaucasals\/wp-json\/wp\/v2\/pages\/221"}],"wp:attachment":[{"href":"https:\/\/agora.xtec.cat\/ceippaucasals\/wp-json\/wp\/v2\/media?parent=11665"}],"curies":[{"name":"wp","href":"https:\/\/api.w.org\/{rel}","templated":true}]}}