{"id":781,"date":"2019-05-11T11:20:03","date_gmt":"2019-05-11T09:20:03","guid":{"rendered":"https:\/\/agora.xtec.cat\/ceipparealgue\/?page_id=781"},"modified":"2019-05-11T11:20:03","modified_gmt":"2019-05-11T09:20:03","slug":"pla-catala-de-lesport-a-lescola","status":"publish","type":"page","link":"https:\/\/agora.xtec.cat\/ceipparealgue\/informacio\/pla-catala-de-lesport-a-lescola\/","title":{"rendered":"Pla Catal\u00e0 de l&#8217;Esport a l&#8217;Escola"},"content":{"rendered":"<p>Els Departaments d\u2019Educaci\u00f3 i de Vicepresid\u00e8ncia de la Generalitat de Catalunya, aquest \u00faltim mitjan\u00e7ant la Secretaria General de l\u2019Esport, van acordar a finals del 2004 impulsar el Pla Catal\u00e0 d\u2019Esport a l\u2019Escola, adre\u00e7at principalment a incrementar la participaci\u00f3 dels infants i joves en activitats f\u00edsiques i esportives en horari no lectiu en el propi centre educatiu i, alhora, emprar aquestes pr\u00e0ctiques per a la difusi\u00f3 i educaci\u00f3 en valors i per a l\u2019adquisici\u00f3 d\u2019h\u00e0bits saludables.<\/p>\n<p><strong>La necessitat del Pla<\/strong><\/p>\n<p>El Govern de la Generalitat de Catalunya va creure necess\u00e0ria la impulsi\u00f3 d\u2019aquest Pla en base a l\u2019an\u00e0lisi d\u2019una s\u00e8rie de circumst\u00e0ncies entre les quals podem destacar les seg\u00fcents:<\/p>\n<ul>\n<li>\u00cdndex molt redu\u00eft de participaci\u00f3 de l\u2019alumnat en l\u2019esport escolar<\/li>\n<li>Increment dels h\u00e0bits sedentaris i de l\u2019obesitat, amb una incid\u00e8ncia preocupant en la poblaci\u00f3 infantil i juvenil<\/li>\n<li>Demanda social creixent en mat\u00e8ria de salut i benestar<\/li>\n<\/ul>\n<p><strong>Els objectius del Pla<\/strong><\/p>\n<p>El Pla pret\u00e9n posar a l\u2019abast de tots els alumnes de prim\u00e0ria i secund\u00e0ria la pr\u00e0ctica d\u2019activitats f\u00edsiques i esportives, i aprofitar el gran potencial d\u2019aquestes activitats per contribuir a la formaci\u00f3 personal i c\u00edvica dels nostres infants i joves.<\/p>\n<p><strong>Els agents del Pla<\/strong><\/p>\n<p>El desenvolupament d\u2019aquest Pla en el territori fa que sigui necess\u00e0ria la intervenci\u00f3 coordinada de diversos agents, entre els quals podem destacar els seg\u00fcents:<\/p>\n<ul>\n<li>Generalitat de Catalunya, mitjan\u00e7ant els Departaments d\u2019Educaci\u00f3 i de Vicepresid\u00e8ncia (Secretaria General de l\u2019Esport)<\/li>\n<li>Centres educatius p\u00fablics i privats<\/li>\n<li>Consells Esportius<\/li>\n<li>Ajuntaments<\/li>\n<\/ul>\n<p><strong>Els punts claus del Pla<\/strong><\/p>\n<p>El Pla es basa en una s\u00e8rie d\u2019actuacions entre les quals podem destacar les seg\u00fcents:<\/p>\n<ul>\n<li>Creaci\u00f3 de les Associacions Esportives Escolars als centres educatius, amb la participaci\u00f3 activa dels alumnes de secund\u00e0ria i de la resta de la comunitat educativa (equip directiu i AMPA), aix\u00ed com d\u2019exalumnes o d\u2019altres persones o entitats del barri.<\/li>\n<li>Coordinaci\u00f3 de les activitats, per mitj\u00e0 d\u2019un professor\/a del centre educatiu, principalment d\u2019Educaci\u00f3 F\u00edsica (amb incentius com la reducci\u00f3 hor\u00e0ria i un complement econ\u00f2mic).<\/li>\n<li>Col\u00b7laboraci\u00f3 entre el centre educatiu, l\u2019ajuntament i el consell esportiu corresponent.<\/li>\n<li>Dinamitzaci\u00f3 per part dels l\u00edders del centre educatiu o del barri.<br \/>\nOferta d\u2019activitats f\u00edsiques i esportives que responguin als interessos i demandes canviants dels nois i de les noies.<\/li>\n<\/ul>\n<p><strong>Inici i Naixement del Pla<\/strong><\/p>\n<p>Durant el curs 2005-2006 es va portar a terme la fase pilot del Pla en un centenar de centres educatius, majorit\u00e0riament p\u00fablics i de secund\u00e0ria.<\/p>\n<p><strong>Evoluci\u00f3 del Pla<\/strong><\/p>\n<p>A partir del curs 2006-2007 s\u2019han anat incorporant centres al PCEE en base a uns criteris de prioritat (primer els IES, despr\u00e9s els CEIPS i ZER i despr\u00e9s els centres concertats) i en funci\u00f3 de les disponibilitats pressupost\u00e0ries dels departaments implicats.<\/p>\n<p><strong>Implicaci\u00f3 dels centres educatius<\/strong><br \/>\nLa implicaci\u00f3 dels centres educatius que volen participar en el Pla \u00e9s la seg\u00fcent :<\/p>\n<ul>\n<li>Manifestar la voluntat de participar en el Pla Catal\u00e0 d\u2019Esport a l\u2019Escola<\/li>\n<li>Nomenar un\/a professor\/a del centre com a coordinador\/a del programa al centre:\n<ul>\n<li>A secund\u00e0ria, preferentment, un\/a professor\/a d\u2019Educaci\u00f3 F\u00edsica<\/li>\n<li>A prim\u00e0ria preferentment el mestre especialista d\u2019 EF de l\u2019escola.<\/li>\n<\/ul>\n<\/li>\n<li>En el cas dels centres de secund\u00e0ria o concertats, comprometre\u2019s a crear l\u2019AEE com a entitat que far\u00e0 possible el desenvolupament del programa, d\u2019acord amb els objectius del projecte educatiu de centre.<\/li>\n<li>En el cas dels centres de prim\u00e0ria p\u00fablics, comprometre\u2019s a crear l\u2019AEE o la SEE (Secci\u00f3 Esportiva Escolar de l\u2019AMPA), com a entitat que far\u00e0 possible el desenvolupament del programa, d\u2019acord amb els objectius del projecte educactiu del centre.<\/li>\n<li>Facilitar la participaci\u00f3 del coordinador\/a i dels dinamitzadors\/es d\u2019esport a l\u2019escola en sessions de formaci\u00f3 destinades a millorar la qualitat d\u2019aplicaci\u00f3 del Pla.<\/li>\n<li>Establir una col\u00b7laboraci\u00f3 directa amb el consell esportiu de la comarca i amb l\u2019Ajuntament corresponent per portar a terme actuacions coordinades envers l\u2019Esport a l\u2019Escola.<\/li>\n<li>Fer un bon \u00fas del suport econ\u00f2mic del Consell Catal\u00e0 de l\u2019Esport o del Departament d\u2019Educaci\u00f3 per portar a terme les activitats que es programin.<\/li>\n<li>Comprometre\u2019s a lliurar tots els documents que es demanin des de la Comissi\u00f3 Permanent del Pla.<\/li>\n<\/ul>\n","protected":false},"excerpt":{"rendered":"<p>Els Departaments d\u2019Educaci\u00f3 i de Vicepresid\u00e8ncia de la Generalitat de Catalunya, aquest \u00faltim mitjan\u00e7ant la Secretaria General de l\u2019Esport, van acordar a finals del 2004 impulsar el Pla Catal\u00e0 d\u2019Esport a l\u2019Escola, adre\u00e7at principalment a incrementar la participaci\u00f3 dels infants i joves en activitats f\u00edsiques&hellip;  <a href=\"https:\/\/agora.xtec.cat\/ceipparealgue\/informacio\/pla-catala-de-lesport-a-lescola\/\" title=\"Read Pla Catal\u00e0 de l&#8217;Esport a l&#8217;Escola\">Llegeix m\u00e9s\u00bb<\/a><\/p>\n","protected":false},"author":1,"featured_media":0,"parent":510,"menu_order":3,"comment_status":"closed","ping_status":"closed","template":"page-templates\/side-menu.php","meta":{"_bbp_topic_count":0,"_bbp_reply_count":0,"_bbp_total_topic_count":0,"_bbp_total_reply_count":0,"_bbp_voice_count":0,"_bbp_anonymous_reply_count":0,"_bbp_topic_count_hidden":0,"_bbp_reply_count_hidden":0,"_bbp_forum_subforum_count":0,"footnotes":""},"class_list":["post-781","page","type-page","status-publish","hentry"],"post_mailing_queue_ids":[],"_links":{"self":[{"href":"https:\/\/agora.xtec.cat\/ceipparealgue\/wp-json\/wp\/v2\/pages\/781","targetHints":{"allow":["GET"]}}],"collection":[{"href":"https:\/\/agora.xtec.cat\/ceipparealgue\/wp-json\/wp\/v2\/pages"}],"about":[{"href":"https:\/\/agora.xtec.cat\/ceipparealgue\/wp-json\/wp\/v2\/types\/page"}],"author":[{"embeddable":true,"href":"https:\/\/agora.xtec.cat\/ceipparealgue\/wp-json\/wp\/v2\/users\/1"}],"replies":[{"embeddable":true,"href":"https:\/\/agora.xtec.cat\/ceipparealgue\/wp-json\/wp\/v2\/comments?post=781"}],"version-history":[{"count":1,"href":"https:\/\/agora.xtec.cat\/ceipparealgue\/wp-json\/wp\/v2\/pages\/781\/revisions"}],"predecessor-version":[{"id":782,"href":"https:\/\/agora.xtec.cat\/ceipparealgue\/wp-json\/wp\/v2\/pages\/781\/revisions\/782"}],"up":[{"embeddable":true,"href":"https:\/\/agora.xtec.cat\/ceipparealgue\/wp-json\/wp\/v2\/pages\/510"}],"wp:attachment":[{"href":"https:\/\/agora.xtec.cat\/ceipparealgue\/wp-json\/wp\/v2\/media?parent=781"}],"curies":[{"name":"wp","href":"https:\/\/api.w.org\/{rel}","templated":true}]}}