{"id":5952,"date":"2025-03-03T16:51:46","date_gmt":"2025-03-03T15:51:46","guid":{"rendered":"https:\/\/agora.xtec.cat\/ceipparealgue\/?page_id=5952"},"modified":"2025-05-08T12:43:38","modified_gmt":"2025-05-08T10:43:38","slug":"radio-pare-algue","status":"publish","type":"page","link":"https:\/\/agora.xtec.cat\/ceipparealgue\/informacio\/radio-pare-algue\/","title":{"rendered":"R\u00e0dio Pare Algu\u00e9"},"content":{"rendered":"<p>A R\u00e0dio Pare Algu\u00e9 fem emissions setmanals i programes especials per celebrar dies especials com Carnaval, Sant Jordi, etc.<\/p>\n<p>Els conductors dels programes s\u00f3n els nens i nens de 5\u00e8 i 6\u00e8 i la resta de cursos fan col\u00b7laboracions com la meteorologia, endevinalles, poemes, els aniversaris de l&#8217;escola, entre d&#8217;altres.<\/p>\n<p>A continuaci\u00f3 podeu escoltar els nostres programes d&#8217;aquest curs 24-25:<\/p>\n<p><a href=\"https:\/\/drive.google.com\/file\/d\/118ZAQNw3Nl0uiSA6xLt8jmFLgYlltlh-\/view?usp=sharing\">PROGRAMA 1<\/a><\/p>\n<p><a href=\"https:\/\/drive.google.com\/file\/d\/1JKtVakEcphWzvFxvJa7FfYj3-GmONz6A\/view?usp=sharing\">PROGRAMA 2<\/a><\/p>\n<p><a href=\"https:\/\/drive.google.com\/file\/d\/1HdX1IiioxfIwYD2SIPXDopU3eOMMULQb\/view?usp=sharing\">PROGRAMA 3<\/a><\/p>\n<p><a href=\"https:\/\/drive.google.com\/file\/d\/1E-WhNbsSrtt2XByigbpvlHITEzLqa2Zq\/view?usp=sharing\">ESPECIAL DE CARNAVAL<\/a><\/p>\n<p><a href=\"https:\/\/drive.google.com\/file\/d\/1_4dBfdjhKmA5AIEaLJkn1HdPz2tNGjSV\/view?usp=sharing\">PROGRAMA 4<\/a><\/p>\n<p><a href=\"https:\/\/drive.google.com\/file\/d\/1HkUezzYLd4C4461ZbQhGVkKtPykvrteq\/view?usp=sharing\">PROGRAMA 5<\/a><\/p>\n<p><a href=\"https:\/\/drive.google.com\/file\/d\/17Iu7KmM3IhpxecAymixWEmebLBjtDkeC\/view?usp=drive_link\">PROGRAMA 6<\/a><\/p>\n<p><a href=\"https:\/\/drive.google.com\/file\/d\/1NXrpK1i9BvZiZvVC3djWyMJa_afa6AOx\/view?usp=drive_link\">PROGRAMA 7<\/a><\/p>\n<p><a href=\"https:\/\/drive.google.com\/file\/d\/1j5RmdaeswPpTha7GShqTFB3lZ1Dsnais\/view?usp=drive_link\">PROGRAMA 8<\/a><\/p>\n<p><a href=\"https:\/\/drive.google.com\/file\/d\/1amW9l9ODT92IbEPwsfNO31Ixm3-iLURN\/view?usp=sharing\">PROGRAMA 9\u00a0<\/a><\/p>\n","protected":false},"excerpt":{"rendered":"<p>A R\u00e0dio Pare Algu\u00e9 fem emissions setmanals i programes especials per celebrar dies especials com Carnaval, Sant Jordi, etc.<br \/>\nEls conductors dels programes s\u00f3n els nens i nens de 5\u00e8 i 6\u00e8 i la resta de cursos fan col\u00b7laboracions com la meteorologia, endevinalles, poemes, els aniversaris&hellip;  <a href=\"https:\/\/agora.xtec.cat\/ceipparealgue\/informacio\/radio-pare-algue\/\" title=\"Read R\u00e0dio Pare Algu\u00e9\">Llegeix m\u00e9s\u00bb<\/a><\/p>\n","protected":false},"author":1,"featured_media":0,"parent":510,"menu_order":0,"comment_status":"closed","ping_status":"closed","template":"","meta":{"_bbp_topic_count":0,"_bbp_reply_count":0,"_bbp_total_topic_count":0,"_bbp_total_reply_count":0,"_bbp_voice_count":0,"_bbp_anonymous_reply_count":0,"_bbp_topic_count_hidden":0,"_bbp_reply_count_hidden":0,"_bbp_forum_subforum_count":0,"footnotes":""},"class_list":["post-5952","page","type-page","status-publish","hentry"],"post_mailing_queue_ids":[],"_links":{"self":[{"href":"https:\/\/agora.xtec.cat\/ceipparealgue\/wp-json\/wp\/v2\/pages\/5952","targetHints":{"allow":["GET"]}}],"collection":[{"href":"https:\/\/agora.xtec.cat\/ceipparealgue\/wp-json\/wp\/v2\/pages"}],"about":[{"href":"https:\/\/agora.xtec.cat\/ceipparealgue\/wp-json\/wp\/v2\/types\/page"}],"author":[{"embeddable":true,"href":"https:\/\/agora.xtec.cat\/ceipparealgue\/wp-json\/wp\/v2\/users\/1"}],"replies":[{"embeddable":true,"href":"https:\/\/agora.xtec.cat\/ceipparealgue\/wp-json\/wp\/v2\/comments?post=5952"}],"version-history":[{"count":6,"href":"https:\/\/agora.xtec.cat\/ceipparealgue\/wp-json\/wp\/v2\/pages\/5952\/revisions"}],"predecessor-version":[{"id":6247,"href":"https:\/\/agora.xtec.cat\/ceipparealgue\/wp-json\/wp\/v2\/pages\/5952\/revisions\/6247"}],"up":[{"embeddable":true,"href":"https:\/\/agora.xtec.cat\/ceipparealgue\/wp-json\/wp\/v2\/pages\/510"}],"wp:attachment":[{"href":"https:\/\/agora.xtec.cat\/ceipparealgue\/wp-json\/wp\/v2\/media?parent=5952"}],"curies":[{"name":"wp","href":"https:\/\/api.w.org\/{rel}","templated":true}]}}