{"id":26,"date":"2014-09-18T12:24:32","date_gmt":"2014-09-18T10:24:32","guid":{"rendered":"http:\/\/agora.xtec.cat\/ceipparealgue\/?page_id=26"},"modified":"2019-04-07T16:31:20","modified_gmt":"2019-04-07T14:31:20","slug":"historia","status":"publish","type":"page","link":"https:\/\/agora.xtec.cat\/ceipparealgue\/lescola\/historia\/","title":{"rendered":"Hist\u00f2ria"},"content":{"rendered":"<p><span style=\"font-family: inherit; font-size: 1em;\">La hist\u00f2ria de l&#8217;escola es remunta a l&#8217;any 1932. Fou ubicada a les depend\u00e8ncies d&#8217;una f\u00e0brica t\u00e8xtil del carrer Moss\u00e8n Jacint Verdaguer, cantonada amb Carretera Pont de Vilomara. L&#8217;activitat escolar es desenvolupava en dues edificacions, la nau industrial i la torre de l&#8217;amo. <\/span><\/p>\n<p><span style=\"font-family: inherit; font-size: 1em;\">Malgrat les condicions no eren les m\u00e9s id\u00f2nies, la tasca escolar es va portar a terme durant 58 anys. El seu nom era &#8220;Grupo Escolar Mixto Pare Algu\u00e9&#8221;.<\/span><\/p>\n<p><span style=\"font-family: inherit; font-size: 1em;\">L&#8217;activitat escolar havia estat molt important com ho demostra la creaci\u00f3 d&#8217;una tuna escolar mixta en els anys 1967-1968 i de l&#8217;associaci\u00f3 &#8220;<em>Amics del Pare Algu\u00e9<\/em>&#8221; de la qual en van formar part persones rellevants de la ciutat. <\/span><\/p>\n<p><span style=\"font-family: inherit; font-size: 1em;\">El nom de Pare Algu\u00e9 correspon al del manres\u00e0 il\u00b7lustre Josep Algu\u00e9 i Sanlleh\u00ed, religi\u00f3s jesu\u00efta que fou un il\u00b7lustre cient\u00edfic especialitzat en temes d&#8217;Astronomia, Sismologia i Meteorologia. Se li adjudiquen tamb\u00e9 la invenci\u00f3 d&#8217;aparells per l&#8217;estudi dels astres, els climes aix\u00ed com per la detecci\u00f3 de ciclons oce\u00e0nics. Fou director de l&#8217;observatori meteorol\u00f2gic de Filipines i molt conegut en les universitats d&#8217;Europa i Am\u00e8rica. El seu retrat es troba a la galeria de Manresans il\u00b7lustres del Sal\u00f3 de Plens de l&#8217;Ajuntament de Manresa.\u00a0<\/span><\/p>\n<p><span style=\"font-family: inherit; font-size: 1em;\">El 10 de novembre de l&#8217;any 1990, el President de la Generalitat, Sr. Jordi Pujol, coincidint amb el Milcentenari de Manresa, inaugura el nou edifici de l&#8217;escola Pare Algu\u00e9, ubicat al carrer Moss\u00e8n Jacint Verdaguer.<\/span><\/p>\n","protected":false},"excerpt":{"rendered":"<p>La hist\u00f2ria de l&#8217;escola es remunta a l&#8217;any 1932. Fou ubicada a les depend\u00e8ncies d&#8217;una f\u00e0brica t\u00e8xtil del carrer Moss\u00e8n Jacint Verdaguer, cantonada amb Carretera Pont de Vilomara. L&#8217;activitat escolar es desenvolupava en dues edificacions, la nau industrial i la torre de l&#8217;amo.<br \/>\nMalgrat les&hellip;  <a href=\"https:\/\/agora.xtec.cat\/ceipparealgue\/lescola\/historia\/\" title=\"Read Hist\u00f2ria\">Llegeix m\u00e9s\u00bb<\/a><\/p>\n","protected":false},"author":1,"featured_media":0,"parent":22,"menu_order":3,"comment_status":"closed","ping_status":"closed","template":"page-templates\/side-menu.php","meta":{"_bbp_topic_count":0,"_bbp_reply_count":0,"_bbp_total_topic_count":0,"_bbp_total_reply_count":0,"_bbp_voice_count":0,"_bbp_anonymous_reply_count":0,"_bbp_topic_count_hidden":0,"_bbp_reply_count_hidden":0,"_bbp_forum_subforum_count":0,"footnotes":""},"class_list":["post-26","page","type-page","status-publish","hentry"],"post_mailing_queue_ids":[],"_links":{"self":[{"href":"https:\/\/agora.xtec.cat\/ceipparealgue\/wp-json\/wp\/v2\/pages\/26","targetHints":{"allow":["GET"]}}],"collection":[{"href":"https:\/\/agora.xtec.cat\/ceipparealgue\/wp-json\/wp\/v2\/pages"}],"about":[{"href":"https:\/\/agora.xtec.cat\/ceipparealgue\/wp-json\/wp\/v2\/types\/page"}],"author":[{"embeddable":true,"href":"https:\/\/agora.xtec.cat\/ceipparealgue\/wp-json\/wp\/v2\/users\/1"}],"replies":[{"embeddable":true,"href":"https:\/\/agora.xtec.cat\/ceipparealgue\/wp-json\/wp\/v2\/comments?post=26"}],"version-history":[{"count":2,"href":"https:\/\/agora.xtec.cat\/ceipparealgue\/wp-json\/wp\/v2\/pages\/26\/revisions"}],"predecessor-version":[{"id":470,"href":"https:\/\/agora.xtec.cat\/ceipparealgue\/wp-json\/wp\/v2\/pages\/26\/revisions\/470"}],"up":[{"embeddable":true,"href":"https:\/\/agora.xtec.cat\/ceipparealgue\/wp-json\/wp\/v2\/pages\/22"}],"wp:attachment":[{"href":"https:\/\/agora.xtec.cat\/ceipparealgue\/wp-json\/wp\/v2\/media?parent=26"}],"curies":[{"name":"wp","href":"https:\/\/api.w.org\/{rel}","templated":true}]}}