{"id":774,"date":"2016-10-10T14:39:20","date_gmt":"2016-10-10T13:39:20","guid":{"rendered":"http:\/\/agora.xtec.cat\/ceippallach-figueres\/?page_id=774"},"modified":"2021-11-06T11:30:30","modified_gmt":"2021-11-06T10:30:30","slug":"laventura-de-la-vida","status":"publish","type":"page","link":"https:\/\/agora.xtec.cat\/ceippallach-figueres\/projecte-educatiu\/laventura-de-la-vida\/","title":{"rendered":"Sigues tu"},"content":{"rendered":"<p><a href=\"http:\/\/agora.xtec.cat\/ceippallach-figueres\/wp-content\/uploads\/usu654\/2016\/10\/fonslaventuradelavida.jpg\"><img loading=\"lazy\" decoding=\"async\" class=\"size-full wp-image-776 alignleft\" src=\"http:\/\/agora.xtec.cat\/ceippallach-figueres\/wp-content\/uploads\/usu654\/2016\/10\/fonslaventuradelavida.jpg\" alt=\"fonslaventuradelavida\" width=\"276\" height=\"158\" \/><\/a>L\u2019escola partricipa en el projecte SIGUES TU impulsat pel <a href=\"https:\/\/www.dipsalut.cat\/\">DipSalut<\/a> amb l\u2019objectiu de fer participar els diferents agents de la comunitat educativa en un \u00e0mbit tan important com els h\u00e0bits saludables. L&#8217;Aventura de la Vida \u00e9s una intervenci\u00f3 educativa que s&#8217;emmarca dins de l&#8217;educaci\u00f3 per a la salut, com a eix transversal del curr\u00edculum escolar, i s&#8217;inspira en un concepte de salut com a manera de viure aut\u00f2noma, joiosa i solid\u00e0ria. Ho treballem des de P3 fins a 6\u00e8.<\/p>\n<p>El mar\u00e7 de 2015 es va fer presentar el projecte a l&#8217;escola amb una xerrada.<\/p>\n<p><a href=\"http:\/\/www.xtec.cat\/ceippallach-figueres\/imatges\/laventuradelavida\/entrevistaaferransalmurri.pdf\">&#8211; Entrevista a Ferran Salmurri sobre educaci\u00f3 emocional <\/a><\/p>\n","protected":false},"excerpt":{"rendered":"<p>L\u2019escola partricipa en el projecte SIGUES TU impulsat pel DipSalut amb l\u2019objectiu de fer participar els diferents agents de la comunitat educativa en un \u00e0mbit tan important com els h\u00e0bits saludables. L&#8217;Aventura de la Vida \u00e9s una intervenci\u00f3 educativa que s&#8217;emmarca dins de l&#8217;educaci\u00f3 per a la salut, com a eix transversal del curr\u00edculum escolar, [&hellip;]<\/p>\n","protected":false},"author":1,"featured_media":0,"parent":64,"menu_order":0,"comment_status":"closed","ping_status":"closed","template":"","meta":{"_bbp_topic_count":0,"_bbp_reply_count":0,"_bbp_total_topic_count":0,"_bbp_total_reply_count":0,"_bbp_voice_count":0,"_bbp_anonymous_reply_count":0,"_bbp_topic_count_hidden":0,"_bbp_reply_count_hidden":0,"_bbp_forum_subforum_count":0,"site-sidebar-layout":"default","site-content-layout":"","ast-site-content-layout":"","site-content-style":"default","site-sidebar-style":"default","ast-global-header-display":"","ast-banner-title-visibility":"","ast-main-header-display":"","ast-hfb-above-header-display":"","ast-hfb-below-header-display":"","ast-hfb-mobile-header-display":"","site-post-title":"","ast-breadcrumbs-content":"","ast-featured-img":"","footer-sml-layout":"","theme-transparent-header-meta":"","adv-header-id-meta":"","stick-header-meta":"","header-above-stick-meta":"","header-main-stick-meta":"","header-below-stick-meta":"","astra-migrate-meta-layouts":"default","ast-page-background-enabled":"default","ast-page-background-meta":{"desktop":{"background-color":"var(--ast-global-color-4)","background-image":"","background-repeat":"repeat","background-position":"center center","background-size":"auto","background-attachment":"scroll","background-type":"","background-media":"","overlay-type":"","overlay-color":"","overlay-opacity":"","overlay-gradient":""},"tablet":{"background-color":"","background-image":"","background-repeat":"repeat","background-position":"center center","background-size":"auto","background-attachment":"scroll","background-type":"","background-media":"","overlay-type":"","overlay-color":"","overlay-opacity":"","overlay-gradient":""},"mobile":{"background-color":"","background-image":"","background-repeat":"repeat","background-position":"center center","background-size":"auto","background-attachment":"scroll","background-type":"","background-media":"","overlay-type":"","overlay-color":"","overlay-opacity":"","overlay-gradient":""}},"ast-content-background-meta":{"desktop":{"background-color":"var(--ast-global-color-5)","background-image":"","background-repeat":"repeat","background-position":"center center","background-size":"auto","background-attachment":"scroll","background-type":"","background-media":"","overlay-type":"","overlay-color":"","overlay-opacity":"","overlay-gradient":""},"tablet":{"background-color":"var(--ast-global-color-5)","background-image":"","background-repeat":"repeat","background-position":"center center","background-size":"auto","background-attachment":"scroll","background-type":"","background-media":"","overlay-type":"","overlay-color":"","overlay-opacity":"","overlay-gradient":""},"mobile":{"background-color":"var(--ast-global-color-5)","background-image":"","background-repeat":"repeat","background-position":"center center","background-size":"auto","background-attachment":"scroll","background-type":"","background-media":"","overlay-type":"","overlay-color":"","overlay-opacity":"","overlay-gradient":""}},"footnotes":""},"class_list":["post-774","page","type-page","status-publish","hentry"],"post_mailing_queue_ids":[],"_links":{"self":[{"href":"https:\/\/agora.xtec.cat\/ceippallach-figueres\/wp-json\/wp\/v2\/pages\/774","targetHints":{"allow":["GET"]}}],"collection":[{"href":"https:\/\/agora.xtec.cat\/ceippallach-figueres\/wp-json\/wp\/v2\/pages"}],"about":[{"href":"https:\/\/agora.xtec.cat\/ceippallach-figueres\/wp-json\/wp\/v2\/types\/page"}],"author":[{"embeddable":true,"href":"https:\/\/agora.xtec.cat\/ceippallach-figueres\/wp-json\/wp\/v2\/users\/1"}],"replies":[{"embeddable":true,"href":"https:\/\/agora.xtec.cat\/ceippallach-figueres\/wp-json\/wp\/v2\/comments?post=774"}],"version-history":[{"count":3,"href":"https:\/\/agora.xtec.cat\/ceippallach-figueres\/wp-json\/wp\/v2\/pages\/774\/revisions"}],"predecessor-version":[{"id":4656,"href":"https:\/\/agora.xtec.cat\/ceippallach-figueres\/wp-json\/wp\/v2\/pages\/774\/revisions\/4656"}],"up":[{"embeddable":true,"href":"https:\/\/agora.xtec.cat\/ceippallach-figueres\/wp-json\/wp\/v2\/pages\/64"}],"wp:attachment":[{"href":"https:\/\/agora.xtec.cat\/ceippallach-figueres\/wp-json\/wp\/v2\/media?parent=774"}],"curies":[{"name":"wp","href":"https:\/\/api.w.org\/{rel}","templated":true}]}}