{"id":684,"date":"2024-09-07T11:23:32","date_gmt":"2024-09-07T09:23:32","guid":{"rendered":"http:\/\/agora.xtec.cat\/ceippallach-figueres\/?page_id=684"},"modified":"2025-11-17T11:56:33","modified_gmt":"2025-11-17T10:56:33","slug":"personal-de-lescola","status":"publish","type":"page","link":"https:\/\/agora.xtec.cat\/ceippallach-figueres\/lescola\/personal-de-lescola\/","title":{"rendered":"Personal de l&#8217;escola 24-25"},"content":{"rendered":"\n<figure class=\"wp-block-table is-style-stripes\"><table class=\"has-white-background-color has-background has-fixed-layout\"><tbody><tr><td><h1><strong><mark style=\"background-color:rgba(0, 0, 0, 0)\" class=\"has-inline-color has-ast-global-color-0-color\">&nbsp;Claustre de mestres<\/mark><\/strong><\/h1><\/td><\/tr><tr><td><h3>&nbsp;Educaci\u00f3 Infantil<\/h3><\/td><\/tr><tr><td>TUTORA I3 A &#8211; Anna Surroca Gramaje<br>TUTORA I3 B &#8211; Ana Ma Rico \u00c1lvarez<br><span style=\"font-size: revert; font-family: inherit; font-weight: inherit;\">TUTORA I4 A &#8211; S\u00edlvia Planas Mart\u00ednez<\/span><br><span style=\"font-size: revert; font-family: inherit; font-weight: inherit;\">TUTORA I4 B &#8211; S\u00edlvia Vilavoy Pag\u00e8s<\/span><br><span style=\"font-size: revert; font-family: inherit; font-weight: inherit;\">TUTORA I5 A &#8211; M\u00f2nica Reynal Ru\u00edz<\/span><br><span style=\"font-size: revert; font-family: inherit; font-weight: inherit;\">TUTORA I5 B &#8211; Jana Pujol Gu\u00e0rdia<\/span><br><span style=\"font-size: revert; font-family: inherit; font-weight: inherit;\">Mestres de suport &#8211;&nbsp; Carme Ros Col\u00f3n i Dolor Vela Oliete<\/span><br><span style=\"font-size: revert; font-family: inherit; font-weight: inherit;\">Mestra de Suport Intensiu d&#8217;Audici\u00f3 i Llenguatge &#8211; Eva Barragan Blasi<\/span><br><span style=\"font-size: revert; font-family: inherit; font-weight: inherit;\">Mestre d&#8217;Educaci\u00f3 fisica &#8211; Joan Morcillo Vilar<\/span><\/td><\/tr><tr><td><h3>&nbsp;Cicle Inicial<\/h3><\/td><\/tr><tr><td>TUTORA 1r A &#8211; S\u00f2nia Escribano Robles <br><span style=\"font-size: revert; font-family: inherit; font-weight: inherit;\">TUTORA 1r B &#8211; <\/span>Rosa Madrenas Mir<br>TUTORA 1r <span style=\"font-family: inherit; font-size: inherit; font-weight: inherit;\">C &#8211; <\/span>\u00cdngrid Bassaga\u00f1as Puigdemont<br>TUTORA 2n A &#8211; Eva Vila Vinuesa<br>TUTORA 2n B &#8211; <span style=\"font-size: revert; font-family: inherit; font-weight: inherit;\">Ariadna Riu Sayols<\/span><br>Mestra d&#8217;Educaci\u00f3 Especial &#8211; Cristina Padrosa de Genover<br>Mestre de Pl\u00e0stica en Llengua Anglesa &#8211; Jes\u00fas Iranzo Rodr\u00edguez<br>Mestra de Llengua Anglesa &#8211; Eva Serra Vila<br>Mestres de suport &#8211; Laia Pineda Rivero i Marina Brugu\u00e9s Ruiz<br><span style=\"font-size: revert; font-family: inherit; font-weight: inherit;\">Mestra d&#8217;Audici\u00f3 i Llenguatge &#8211; M\u00aa Carme Punset Murillo<\/span><\/td><\/tr><tr><td><h3>&nbsp;Cicle Mitj\u00e0<\/h3><\/td><\/tr><tr><td>TUTORA 3r A <span style=\"font-family: inherit; font-size: 1em;\">&#8211; <\/span>Laia Vila Vinuesa<br>TUTORA 3r B &#8211; <span style=\"font-family: inherit; font-size: inherit; font-weight: inherit;\">Sara Pujol Calvet<\/span><br>TUTORA 4t A &#8211; M \u00c0ngels Gallego Gonz\u00e1lez<br><span style=\"background-color: rgba(0, 0, 0, 0.2); font-family: inherit; font-size: 1em; font-weight: inherit;\"><span style=\"font-size: 1em; font-family: inherit; font-weight: inherit; background-color: rgb(240, 240, 240);\">TUTORA 4t B &#8211;&nbsp;<\/span><span style=\"font-size: revert; font-family: inherit; font-weight: inherit; background-color: rgb(240, 240, 240);\">Merc\u00e8 Carreras Alsina<\/span><\/span><br>Mestre de suport a 3r &#8211; <span style=\"font-size: revert; font-family: inherit; font-weight: inherit;\">Pere Mongay Monteso<\/span><br><span style=\"font-size: revert; font-family: inherit; font-weight: inherit;\">Mestra d&#8217;Educaci\u00f3 F\u00edsica &#8211; Anna Cornet Arnalot<\/span><br><span style=\"font-size: revert; font-family: inherit; font-weight: inherit;\">Mestra de Religi\u00f3 cat\u00f2lica &#8211; Gladis Mont Puig<\/span><br><span style=\"font-size: revert; font-family: inherit; font-weight: inherit;\">Mestre d&#8217;Educaci\u00f3 Especial &#8211; Lluci\u00e0 Garcia Casta\u00f1o<\/span><br><span style=\"font-size: revert; font-family: inherit; font-weight: inherit;\">Mestre de suport &#8211; <\/span><span style=\"font-size: 1em; font-family: inherit; font-weight: inherit;\">Carles Bramon Ribas<\/span><br><span style=\"font-size: revert; font-family: inherit; font-weight: inherit;\">Mestra de Llengua Anglesa &#8211; Miren Merino Seoane<\/span><\/td><\/tr><tr><td><h3>&nbsp;Cicle Superior<\/h3><\/td><\/tr><tr><td>TUTORA 5\u00e8 A &#8211; Lurdes Casadell\u00e0 Parrot<br><span style=\"font-size: revert; font-family: inherit; font-weight: inherit;\">TUTORA 5\u00e8 B &#8211; <\/span><span style=\"font-size: inherit; font-family: inherit; font-weight: inherit;\">Maria Gallego Estrella<\/span><br><span style=\"font-size: inherit; font-family: inherit; font-weight: inherit;\">TUTOR 6\u00e8 A &#8211; Joan Font Ribera<\/span><br>TUTORA 6\u00e8 B &#8211; N\u00faria Arenas Pijoan<br>Mestre de M\u00fasica &#8211; David Mestre<br> Mestra d&#8217;Acollida &#8211; Patr\u00edcia Heredero Judas<br>Mestra de suport &#8211; Ghita Lekhdassi El Orf<\/td><\/tr><tr><td><br><h1><mark style=\"background-color:rgba(0, 0, 0, 0)\" class=\"has-inline-color has-ast-global-color-0-color\">&nbsp;Personal d&#8217;Administraci\u00f3 i Serveis<\/mark><\/h1><\/td><\/tr><tr><td>T\u00e8cniques d&#8217;Educaci\u00f3 Infantil &#8211; M\u00f2nica Alonso Moreno i Rosa Ropero Call<br>Auxiliars d&#8217;Educaci\u00f3 Especial &#8211; Pilar Quintana Pastoret i Araceli M\u00e1rmol Corpas<br>Administrativa &#8211; \u00c9rika Nogales Robles<br>Conserge &#8211; Joan Ceballos Espino<br>T\u00e8cnica d&#8217;Integraci\u00f3 Social &#8211; <br>Treballadora social &#8211;<br><\/td><\/tr><tr><td><br><h1><mark style=\"background-color:rgba(0, 0, 0, 0)\" class=\"has-inline-color has-ast-global-color-0-color\">&nbsp;EAP i CREDA<\/mark><\/h1><\/td><\/tr><tr><td>Psicopedagoga EAP &#8211; Sandra Grau Mart\u00ednez<br>CREDAG &#8211; Maria Perpiny\u00e0 Fortunet<\/td><\/tr><\/tbody><\/table><\/figure>\n\n\n\n<p>&nbsp;<\/p>\n","protected":false},"excerpt":{"rendered":"<p>&nbsp;Claustre de mestres &nbsp;Educaci\u00f3 Infantil TUTORA I3 A &#8211; Anna Surroca GramajeTUTORA I3 B &#8211; Ana Ma Rico \u00c1lvarezTUTORA I4 A &#8211; S\u00edlvia Planas Mart\u00ednezTUTORA I4 B &#8211; S\u00edlvia Vilavoy Pag\u00e8sTUTORA I5 A &#8211; M\u00f2nica Reynal Ru\u00edzTUTORA I5 B &#8211; Jana Pujol Gu\u00e0rdiaMestres de suport &#8211;&nbsp; Carme Ros Col\u00f3n i Dolor Vela OlieteMestra de Suport [&hellip;]<\/p>\n","protected":false},"author":1,"featured_media":0,"parent":22,"menu_order":0,"comment_status":"closed","ping_status":"closed","template":"","meta":{"_bbp_topic_count":0,"_bbp_reply_count":0,"_bbp_total_topic_count":0,"_bbp_total_reply_count":0,"_bbp_voice_count":0,"_bbp_anonymous_reply_count":0,"_bbp_topic_count_hidden":0,"_bbp_reply_count_hidden":0,"_bbp_forum_subforum_count":0,"site-sidebar-layout":"default","site-content-layout":"","ast-site-content-layout":"default","site-content-style":"default","site-sidebar-style":"default","ast-global-header-display":"","ast-banner-title-visibility":"","ast-main-header-display":"","ast-hfb-above-header-display":"","ast-hfb-below-header-display":"","ast-hfb-mobile-header-display":"","site-post-title":"","ast-breadcrumbs-content":"","ast-featured-img":"","footer-sml-layout":"","theme-transparent-header-meta":"default","adv-header-id-meta":"","stick-header-meta":"","header-above-stick-meta":"","header-main-stick-meta":"","header-below-stick-meta":"","astra-migrate-meta-layouts":"set","ast-page-background-enabled":"default","ast-page-background-meta":{"desktop":{"background-color":"var(--ast-global-color-4)","background-image":"","background-repeat":"repeat","background-position":"center center","background-size":"auto","background-attachment":"scroll","background-type":"","background-media":"","overlay-type":"","overlay-color":"","overlay-opacity":"","overlay-gradient":""},"tablet":{"background-color":"","background-image":"","background-repeat":"repeat","background-position":"center center","background-size":"auto","background-attachment":"scroll","background-type":"","background-media":"","overlay-type":"","overlay-color":"","overlay-opacity":"","overlay-gradient":""},"mobile":{"background-color":"","background-image":"","background-repeat":"repeat","background-position":"center center","background-size":"auto","background-attachment":"scroll","background-type":"","background-media":"","overlay-type":"","overlay-color":"","overlay-opacity":"","overlay-gradient":""}},"ast-content-background-meta":{"desktop":{"background-color":"var(--ast-global-color-5)","background-image":"","background-repeat":"repeat","background-position":"center center","background-size":"auto","background-attachment":"scroll","background-type":"","background-media":"","overlay-type":"","overlay-color":"","overlay-opacity":"","overlay-gradient":""},"tablet":{"background-color":"var(--ast-global-color-5)","background-image":"","background-repeat":"repeat","background-position":"center center","background-size":"auto","background-attachment":"scroll","background-type":"","background-media":"","overlay-type":"","overlay-color":"","overlay-opacity":"","overlay-gradient":""},"mobile":{"background-color":"var(--ast-global-color-5)","background-image":"","background-repeat":"repeat","background-position":"center center","background-size":"auto","background-attachment":"scroll","background-type":"","background-media":"","overlay-type":"","overlay-color":"","overlay-opacity":"","overlay-gradient":""}},"footnotes":""},"class_list":["post-684","page","type-page","status-publish","hentry"],"post_mailing_queue_ids":[],"_links":{"self":[{"href":"https:\/\/agora.xtec.cat\/ceippallach-figueres\/wp-json\/wp\/v2\/pages\/684","targetHints":{"allow":["GET"]}}],"collection":[{"href":"https:\/\/agora.xtec.cat\/ceippallach-figueres\/wp-json\/wp\/v2\/pages"}],"about":[{"href":"https:\/\/agora.xtec.cat\/ceippallach-figueres\/wp-json\/wp\/v2\/types\/page"}],"author":[{"embeddable":true,"href":"https:\/\/agora.xtec.cat\/ceippallach-figueres\/wp-json\/wp\/v2\/users\/1"}],"replies":[{"embeddable":true,"href":"https:\/\/agora.xtec.cat\/ceippallach-figueres\/wp-json\/wp\/v2\/comments?post=684"}],"version-history":[{"count":5,"href":"https:\/\/agora.xtec.cat\/ceippallach-figueres\/wp-json\/wp\/v2\/pages\/684\/revisions"}],"predecessor-version":[{"id":6146,"href":"https:\/\/agora.xtec.cat\/ceippallach-figueres\/wp-json\/wp\/v2\/pages\/684\/revisions\/6146"}],"up":[{"embeddable":true,"href":"https:\/\/agora.xtec.cat\/ceippallach-figueres\/wp-json\/wp\/v2\/pages\/22"}],"wp:attachment":[{"href":"https:\/\/agora.xtec.cat\/ceippallach-figueres\/wp-json\/wp\/v2\/media?parent=684"}],"curies":[{"name":"wp","href":"https:\/\/api.w.org\/{rel}","templated":true}]}}