{"id":820,"date":"2021-11-10T13:10:20","date_gmt":"2021-11-10T12:10:20","guid":{"rendered":"https:\/\/agora.xtec.cat\/ceipnarcismonturiol\/?page_id=820"},"modified":"2025-09-14T19:31:42","modified_gmt":"2025-09-14T17:31:42","slug":"lescola-qui-som","status":"publish","type":"page","link":"https:\/\/agora.xtec.cat\/ceipnarcismonturiol\/lescola-qui-som\/","title":{"rendered":"Qui som?"},"content":{"rendered":"<p>A l&#8217;escola, actualment hi ha 9 grups (3 d&#8217;Educaci\u00f3 Infantil i 6 de Prim\u00e0ria), som una escola d&#8217;una l\u00ednia.<\/p>\n<p><strong><span style=\"color: #ff6600;\">L&#8217;equip directiu est\u00e0 format per:\u00a0<\/span><\/strong><\/p>\n<p><strong>Director:<\/strong> Jordi Noguer<\/p>\n<p><strong>Cap d&#8217;estudis:<\/strong> Sara L\u00f3pez<\/p>\n<p><strong>Secret\u00e0ria:<\/strong> Anabel \u00c1vila<\/p>\n<p><strong><span style=\"color: #ff6600;\">Els mestres que conformen l&#8217;escola aquest curs 2025\/26 s\u00f3n:<\/span><\/strong><\/p>\n<p><strong>Infantil:\u00a0<\/strong><\/p>\n<table style=\"border-collapse: collapse; width: 31.5683%; height: 96px;\">\n<tbody>\n<tr style=\"height: 32px;\">\n<td style=\"width: 2.98847%; text-align: center; height: 32px;\"><strong>I3<\/strong><\/td>\n<td style=\"width: 21.2079%; height: 32px;\">Marta Pla<\/td>\n<\/tr>\n<tr style=\"height: 32px;\">\n<td style=\"width: 2.98847%; text-align: center; height: 32px;\"><strong>I4<\/strong><\/td>\n<td style=\"width: 21.2079%; height: 32px;\">Sandra Berbel<\/td>\n<\/tr>\n<tr style=\"height: 32px;\">\n<td style=\"width: 2.98847%; text-align: center; height: 32px;\"><strong>I5<\/strong><\/td>\n<td style=\"width: 21.2079%; height: 32px;\">S\u00f2nia Font<\/td>\n<\/tr>\n<\/tbody>\n<\/table>\n<p><strong>Suport Ed. Infantil: <\/strong>Neus Caritg<\/p>\n<p><strong>Prim\u00e0ria:\u00a0<\/strong><\/p>\n<table style=\"border-collapse: collapse; width: 27.2234%; height: 192px;\">\n<tbody>\n<tr style=\"height: 32px;\">\n<td style=\"width: 1.6835%; height: 32px; text-align: center;\"><strong style=\"font-size: 16px;\">1r<\/strong><\/td>\n<td style=\"width: 2.2831%; height: 32px;\">Laura Mart\u00ednez<\/td>\n<\/tr>\n<tr style=\"height: 32px;\">\n<td style=\"width: 1.6835%; height: 32px; text-align: center;\"><strong style=\"font-size: 16px; background-color: #ffffff;\">2n<\/strong><span style=\"font-size: 16px; background-color: #ffffff;\">\u00a0<\/span><\/td>\n<td style=\"width: 2.2831%; height: 32px;\">Carme Junc\u00e0<\/td>\n<\/tr>\n<tr style=\"height: 32px;\">\n<td style=\"width: 1.6835%; height: 32px; text-align: center;\"><strong style=\"font-size: 16px;\">3r<\/strong><span style=\"font-size: 16px;\">\u00a0<\/span><\/td>\n<td style=\"width: 2.2831%; height: 32px;\">Eli Jubete<\/td>\n<\/tr>\n<tr style=\"height: 32px;\">\n<td style=\"width: 1.6835%; height: 32px; text-align: center;\"><strong style=\"font-size: 16px; background-color: #ffffff;\">4t<\/strong><span style=\"font-size: 16px; background-color: #ffffff;\">\u00a0<\/span><\/td>\n<td style=\"width: 2.2831%; height: 32px;\">Amaya Bl\u00e0zquez<\/td>\n<\/tr>\n<tr style=\"height: 32px;\">\n<td style=\"width: 1.6835%; height: 32px; text-align: center;\"><strong style=\"font-size: 16px;\">5\u00e8<\/strong><span style=\"font-size: 16px;\">\u00a0<\/span><\/td>\n<td style=\"width: 2.2831%; height: 32px;\">N\u00faria Buhigas<\/td>\n<\/tr>\n<tr style=\"height: 32px;\">\n<td style=\"width: 1.6835%; height: 32px; text-align: center;\"><strong style=\"font-size: 16px; background-color: #ffffff;\">6\u00e8<\/strong><span style=\"font-size: 16px; background-color: #ffffff;\">\u00a0<\/span><\/td>\n<td style=\"width: 2.2831%; height: 32px;\">Gerard Font<\/td>\n<\/tr>\n<\/tbody>\n<\/table>\n<p><strong><span style=\"color: #ff6600;\">Especialistes:<\/span><\/strong><\/p>\n<table style=\"border-collapse: collapse; width: 77.0557%; height: 202px;\">\n<tbody>\n<tr style=\"height: 32px;\">\n<td style=\"width: 5.33008%; height: 32px;\"><strong>Educaci\u00f3 musical<\/strong><\/td>\n<td style=\"width: 14.8326%; height: 32px;\">N\u00faria Buhigas<\/td>\n<\/tr>\n<tr style=\"height: 32px;\">\n<td style=\"width: 5.33008%; height: 10px;\"><strong>Educaci\u00f3 f\u00edsica\u00a0<\/strong><\/td>\n<td style=\"width: 14.8326%; height: 10px;\">Carles Flores i Sara L\u00f3pez<\/td>\n<\/tr>\n<tr style=\"height: 32px;\">\n<td style=\"width: 5.33008%; height: 32px;\"><strong>1\u00aa Llengua estrangera (franc\u00e8s)<\/strong><\/td>\n<td style=\"width: 14.8326%; height: 32px;\">Cristina Vila (CM i 5\u00e8)\u00a0 \/ Anabel \u00c1vila\u00a0 (CI) \/ Zaka Chentou (6\u00e8)<\/td>\n<\/tr>\n<tr style=\"height: 32px;\">\n<td style=\"width: 5.33008%; height: 32px;\"><strong>2\u00aa Llengua estrangera (angl\u00e8s)<\/strong><\/td>\n<td style=\"width: 14.8326%; height: 32px;\">Amaya Bl\u00e0zquez<\/td>\n<\/tr>\n<tr style=\"height: 32px;\">\n<td style=\"width: 5.33008%; height: 32px;\"><strong>Educaci\u00f3 Especial<\/strong><\/td>\n<td style=\"width: 14.8326%; height: 32px;\">Mar Minomis<\/td>\n<\/tr>\n<tr style=\"height: 32px;\">\n<td style=\"width: 5.33008%; height: 32px;\"><strong>Religi\u00f3<\/strong><\/td>\n<td style=\"width: 14.8326%; height: 32px;\">Al\u00edcia Garc\u00eda<\/td>\n<\/tr>\n<tr style=\"height: 32px;\">\n<td style=\"width: 5.33008%; height: 32px;\"><strong>TIS (T\u00e8cnica d&#8217;Integraci\u00f3 Social)<\/strong><\/td>\n<td style=\"width: 14.8326%; height: 32px;\">Nabila<\/td>\n<\/tr>\n<\/tbody>\n<\/table>\n<p><strong>T\u00e8cnica Educaci\u00f3 Infantil:<\/strong> Susagna Pag\u00e8s<\/p>\n<p><strong>Vetlladora:<\/strong> Cus S\u00e1nchez<\/p>\n<p><strong>EAP:<\/strong> Eva Travesset<\/p>\n<p><strong>Assessora LIC:<\/strong> J\u00falia Dan\u00e9s<\/p>\n<p><strong>Mentora LIC:<\/strong> Maria Llu\u00efsa Mitja<\/p>\n<p><strong><span style=\"color: #ff6600;\">Tamb\u00e9 treballen a l&#8217;escola per ajudar-nos a que tot vagi b\u00e9:<\/span><\/strong><\/p>\n<p><strong>Conserge:<\/strong> Jordi Donat<\/p>\n<p><strong>Administrativa:<\/strong> D\u00fania El Habib<\/p>\n<p><strong>Cuinera:<\/strong> Flor Gonz\u00e1lez<\/p>\n<p><strong>Monitores de menjador:<\/strong> Marta Miralles, Marta Llobera, Carmen Useros (Carmela) i Cus S\u00e1nchez.<\/p>\n","protected":false},"excerpt":{"rendered":"<p>A l&#8217;escola, actualment hi ha 9 grups (3 d&#8217;Educaci\u00f3 Infantil i 6 de Prim\u00e0ria), som una escola d&#8217;una l\u00ednia.<br \/>\nL&#8217;equip directiu est\u00e0 format per:\u00a0<br \/>\nDirector: Jordi Noguer<br \/>\nCap d&#8217;estudis: Sara L\u00f3pez<br \/>\nSecret\u00e0ria: Anabel \u00c1vila<br \/>\nEls mestres que conformen l&#8217;escola aquest curs 2025\/26 s\u00f3n:<br \/>\nInfantil:\u00a0<\/p>\n<p>I3<br \/>\nMarta Pla<\/p>\n<p>I4<br \/>\nSandra Berbel<\/p>\n<p>I5<br \/>\nS\u00f2nia Font<\/p>\n<p>Suport Ed. Infantil: Neus Caritg<br \/>\nPrim\u00e0ria:\u00a0<\/p>\n<p>1r<br \/>\nLaura&hellip;  <a href=\"https:\/\/agora.xtec.cat\/ceipnarcismonturiol\/lescola-qui-som\/\" title=\"Read Qui som?\">Llegeix m\u00e9s\u00bb<\/a><\/p>\n","protected":false},"author":1,"featured_media":0,"parent":0,"menu_order":5,"comment_status":"closed","ping_status":"closed","template":"page-templates\/side-menu.php","meta":{"_bbp_topic_count":0,"_bbp_reply_count":0,"_bbp_total_topic_count":0,"_bbp_total_reply_count":0,"_bbp_voice_count":0,"_bbp_anonymous_reply_count":0,"_bbp_topic_count_hidden":0,"_bbp_reply_count_hidden":0,"_bbp_forum_subforum_count":0,"footnotes":""},"class_list":["post-820","page","type-page","status-publish","hentry"],"post_mailing_queue_ids":[],"_links":{"self":[{"href":"https:\/\/agora.xtec.cat\/ceipnarcismonturiol\/wp-json\/wp\/v2\/pages\/820","targetHints":{"allow":["GET"]}}],"collection":[{"href":"https:\/\/agora.xtec.cat\/ceipnarcismonturiol\/wp-json\/wp\/v2\/pages"}],"about":[{"href":"https:\/\/agora.xtec.cat\/ceipnarcismonturiol\/wp-json\/wp\/v2\/types\/page"}],"author":[{"embeddable":true,"href":"https:\/\/agora.xtec.cat\/ceipnarcismonturiol\/wp-json\/wp\/v2\/users\/1"}],"replies":[{"embeddable":true,"href":"https:\/\/agora.xtec.cat\/ceipnarcismonturiol\/wp-json\/wp\/v2\/comments?post=820"}],"version-history":[{"count":7,"href":"https:\/\/agora.xtec.cat\/ceipnarcismonturiol\/wp-json\/wp\/v2\/pages\/820\/revisions"}],"predecessor-version":[{"id":2792,"href":"https:\/\/agora.xtec.cat\/ceipnarcismonturiol\/wp-json\/wp\/v2\/pages\/820\/revisions\/2792"}],"wp:attachment":[{"href":"https:\/\/agora.xtec.cat\/ceipnarcismonturiol\/wp-json\/wp\/v2\/media?parent=820"}],"curies":[{"name":"wp","href":"https:\/\/api.w.org\/{rel}","templated":true}]}}