{"id":487,"date":"2019-10-23T10:37:44","date_gmt":"2019-10-23T08:37:44","guid":{"rendered":"https:\/\/agora.xtec.cat\/ceipmontserrat\/?page_id=487"},"modified":"2024-09-20T13:24:58","modified_gmt":"2024-09-20T11:24:58","slug":"tertulies-literaries-dialogiques","status":"publish","type":"page","link":"https:\/\/agora.xtec.cat\/ceipmontserrat\/projecte-educatiu\/tertulies-literaries-dialogiques\/","title":{"rendered":"Tert\u00falies liter\u00e0ries dial\u00f2giques"},"content":{"rendered":"<p>El funcionament de les tert\u00falies dial\u00f2giques es basa en els 7 principis de l&#8217;Aprenentatge dial\u00f2gic i es desenvolupen en base a les millors creacions de la humanitat en els diferents camps: des de la literatura, l&#8217;art, la m\u00fasica o la ci\u00e8ncia.<\/p>\n<p>A trav\u00e9s de les<strong> tert\u00falies dial\u00f2giques <\/strong>es potencia l&#8217;apropament directe de l&#8217;alumnat sense distinci\u00f3 d&#8217;edat, g\u00e8nere, cultura o capacitat a la literatura cl\u00e0ssica universal i al coneixement cient\u00edfic acumulat per la humanitat al llarg del temps<\/p>\n<p>A cada sessi\u00f3 l&#8217;alumnat exposa la seva interpretaci\u00f3 sobre el que s&#8217;est\u00e0 treballant a la tert\u00falia dial\u00f2gica (un text literari, una obra d&#8217;art, una pe\u00e7a musical, una aportaci\u00f3 matem\u00e0tica, etc). Aix\u00ed, expressa a la resta del grup all\u00f2 que li ha cridat l&#8217;atenci\u00f3\u00a0 per algun motiu, relacionant la seva reflexi\u00f3 amb els di\u00e0legs i aportacions de les tert\u00falies pr\u00e8vies, exposant la seva reflexi\u00f3 cr\u00edtica.. A partir de la participaci\u00f3 de totes i tots els estudiants generen un intercanvi de reflexions que permet aprofundir en el contingut de la tert\u00falia promovent a la vegada la construcci\u00f3 de coneixements.<\/p>\n<p>A l&#8217;escola vam comen\u00e7ar a realitzar les tert\u00falies liter\u00e0ries dial\u00f2giques el curs 2009-2010. L&#8217;\u00e8xit d&#8217;aquesta actuaci\u00f3 s&#8217;est\u00e0 concretant en una millora notable als resultats en lectura, comprensi\u00f3 lectora, capacitat de reflexi\u00f3 i d&#8217;argumentaci\u00f3 i expressi\u00f3 oral, entre altres. Actualment fem les tert\u00falies liter\u00e0ries des de P4\u00a0 fins a 6\u00e8.<\/p>\n<table class=\" aligncenter\" style=\"height: 2030px;\" width=\"422\">\n<tbody>\n<tr>\n<td style=\"width: 205px; text-align: center;\"><strong>CURS<\/strong><\/td>\n<td style=\"width: 209px; text-align: center;\"><strong>LLIBRE CL\u00c0SSIC<\/strong><\/td>\n<\/tr>\n<tr>\n<td style=\"width: 205px;\"><strong>I4 i I5<\/strong><\/td>\n<td style=\"width: 209px;\"><span style=\"text-decoration: underline;\">El Cavall de Troia<\/span><br \/>\n<img loading=\"lazy\" decoding=\"async\" class=\"alignleft\" src=\"https:\/\/www.agapea.com\/poltada-i6n1982378.jpg\" alt=\"Resultado de imagen de cavall de Troia llibre infantil\" width=\"77\" height=\"77\" \/><\/td>\n<\/tr>\n<tr>\n<td style=\"width: 205px;\"><strong>Primer de prim\u00e0ria<\/strong><\/td>\n<td style=\"width: 209px;\"><span style=\"text-decoration: underline;\">El llibre de la jungla<\/span><\/p>\n<p><img loading=\"lazy\" decoding=\"async\" class=\"\" src=\"https:\/\/imagessl7.casadellibro.com\/a\/l\/t5\/37\/9788424621537.jpg\" alt=\"Resultado de imagen de el llibre de la jungla\" width=\"83\" height=\"83\" \/><\/td>\n<\/tr>\n<tr>\n<td style=\"width: 205px;\"><strong>Segon de Prim\u00e0ria<\/strong><\/td>\n<td style=\"width: 209px;\"><span style=\"text-decoration: underline;\">El conte de Nadal<\/span><\/p>\n<p><img loading=\"lazy\" decoding=\"async\" class=\"\" src=\"https:\/\/imagessl8.casadellibro.com\/a\/l\/t5\/08\/9788424626808.jpg\" alt=\"Resultado de imagen de el conte de Nadal\" width=\"77\" height=\"77\" \/><\/p>\n<p><span style=\"text-decoration: underline;\">Robinson Crusoe<\/span><\/p>\n<p><img loading=\"lazy\" decoding=\"async\" class=\"\" src=\"https:\/\/pictures.abebooks.com\/isbn\/9788424629601-es-300.jpg\" alt=\"Resultado de imagen de Robinson crusoe la galera\" width=\"79\" height=\"79\" \/><\/p>\n<p><span style=\"text-decoration: underline;\">La\u00a0 volta al m\u00f3n en 80 dies<\/span><\/p>\n<p><img loading=\"lazy\" decoding=\"async\" class=\"\" src=\"https:\/\/imagessl6.casadellibro.com\/a\/l\/t5\/66\/9788424614966.jpg\" alt=\"Resultado de imagen de la volta al mon en 80 dies la galera\" width=\"72\" height=\"86\" \/><\/td>\n<\/tr>\n<tr>\n<td style=\"width: 205px;\"><strong>Tercer de Prim\u00e0ria<\/strong><\/td>\n<td style=\"width: 209px;\"><span style=\"text-decoration: underline;\">L&#8217;Odissea<\/span><\/p>\n<p><img loading=\"lazy\" decoding=\"async\" class=\"\" src=\"https:\/\/images-na.ssl-images-amazon.com\/images\/I\/51dzIy6yFGL._SX258_BO1,204,203,200_.jpg\" alt=\"Resultado de imagen de L'Odissea\" width=\"87\" height=\"111\" \/><\/td>\n<\/tr>\n<tr>\n<td style=\"width: 205px;\"><strong>Quart de Prim\u00e0ria<\/strong><\/td>\n<td style=\"width: 209px;\"><span style=\"text-decoration: underline;\">Don Quijote<\/span><\/p>\n<p><img loading=\"lazy\" decoding=\"async\" class=\"\" src=\"https:\/\/images-na.ssl-images-amazon.com\/images\/I\/51p0jSrvXcL._SX380_BO1,204,203,200_.jpg\" alt=\"Resultado de imagen de Don Quijote edeb\u00e9\" width=\"82\" height=\"108\" \/><\/p>\n<p><span style=\"text-decoration: underline;\">La Gitanilla<\/span><\/p>\n<p><img loading=\"lazy\" decoding=\"async\" class=\"alignleft\" src=\"http:\/\/censa.visiondocente.com\/wp-content\/uploads\/2018\/08\/image_1165_1_63837-1.jpg\" alt=\"Resultado de imagen de la gitanilla cervantes\" width=\"94\" height=\"94\" \/><\/td>\n<\/tr>\n<tr>\n<td style=\"width: 205px;\"><strong>Cinqu\u00e8 de Prim\u00e0ria<\/strong><\/td>\n<td style=\"width: 209px;\"><span style=\"text-decoration: underline;\">L&#8217;Eneida<\/span><\/p>\n<p><img loading=\"lazy\" decoding=\"async\" class=\"\" src=\"https:\/\/imagessl0.casadellibro.com\/a\/l\/t5\/50\/9788423694150.jpg\" alt=\"Resultado de imagen de L'Eneida\" width=\"99\" height=\"123\" \/><\/td>\n<\/tr>\n<tr>\n<td style=\"width: 205px;\"><strong>Sis\u00e8 de Prim\u00e0ria<\/strong><\/td>\n<td style=\"width: 209px;\"><span style=\"text-decoration: underline;\">Romeo i Julieta<\/span><\/p>\n<p><img loading=\"lazy\" decoding=\"async\" class=\"\" src=\"http:\/\/apliense.xtec.cat\/prestatgeria\/centres\/e3010335_808\/011e88f269ef.jpg\" alt=\"Resultado de imagen de Romeo i julieta llibfre\" width=\"84\" height=\"120\" \/><\/p>\n<p><span style=\"text-decoration: underline;\">La Il\u00edada<\/span><\/p>\n<p><img loading=\"lazy\" decoding=\"async\" class=\"\" src=\"https:\/\/sgfm.elcorteingles.es\/SGFM\/dctm\/MEDIA03\/201712\/07\/00106540256952____2__640x640.jpg\" alt=\"Resultado de imagen de La Il\u00edada\" width=\"98\" height=\"98\" \/><\/p>\n<p><span style=\"text-decoration: underline;\">El Lazarillo de Tormes<\/span><\/p>\n<p><img loading=\"lazy\" decoding=\"async\" class=\"\" src=\"http:\/\/edebe.com\/publicaciones-generales\/img_server.aspx?img=8986.jpg&amp;tipo=F\" alt=\"Resultado de imagen de lazarillo de tormes edeb\u00e9\" width=\"84\" height=\"103\" \/><\/td>\n<\/tr>\n<\/tbody>\n<\/table>\n<p><strong>Per qu\u00e8 llegeixen cl\u00e0ssics de la literatura Universal?<\/strong><\/p>\n<p>Les obres cl\u00e0ssiques de la literatura universal s\u00f3n aquelles que la humanitat ha arribat a un consens universal que reconeix la seva qualitat i la seva aportaci\u00f3 al patrimoni cultural. S\u00f3n obres que perduren al llarg del temps i que, per molt que passin els anys, no passen de moda. Aquestes obres plantegen i tracten amb molta profunditat els grans temes que ha preocupat i continuen preocupant a la humanitat, els grans temes universals, sigui quina sigui la cultura o l&#8217;\u00e8poca de les persones que la llegeixen.<\/p>\n<p><a href=\"https:\/\/agora.xtec.cat\/ceipmontserrat\/wp-content\/uploads\/usu1716\/2020\/06\/EG6iN0iW4AA5rEm.jpg\"><img loading=\"lazy\" decoding=\"async\" class=\"alignleft size-medium wp-image-826\" src=\"https:\/\/agora.xtec.cat\/ceipmontserrat\/wp-content\/uploads\/usu1716\/2020\/06\/EG6iN0iW4AA5rEm-300x225.jpg\" alt=\"\" width=\"300\" height=\"225\" srcset=\"https:\/\/agora.xtec.cat\/ceipmontserrat\/wp-content\/uploads\/usu1716\/2020\/06\/EG6iN0iW4AA5rEm-300x225.jpg 300w, https:\/\/agora.xtec.cat\/ceipmontserrat\/wp-content\/uploads\/usu1716\/2020\/06\/EG6iN0iW4AA5rEm-768x576.jpg 768w, https:\/\/agora.xtec.cat\/ceipmontserrat\/wp-content\/uploads\/usu1716\/2020\/06\/EG6iN0iW4AA5rEm-1024x768.jpg 1024w, https:\/\/agora.xtec.cat\/ceipmontserrat\/wp-content\/uploads\/usu1716\/2020\/06\/EG6iN0iW4AA5rEm-200x150.jpg 200w, https:\/\/agora.xtec.cat\/ceipmontserrat\/wp-content\/uploads\/usu1716\/2020\/06\/EG6iN0iW4AA5rEm.jpg 1600w\" sizes=\"auto, (max-width: 300px) 100vw, 300px\" \/><\/a> <a href=\"https:\/\/agora.xtec.cat\/ceipmontserrat\/wp-content\/uploads\/usu1716\/2020\/06\/EIrQzoOWsAAe5DB.jpg\"><img loading=\"lazy\" decoding=\"async\" class=\"alignright size-medium wp-image-827\" src=\"https:\/\/agora.xtec.cat\/ceipmontserrat\/wp-content\/uploads\/usu1716\/2020\/06\/EIrQzoOWsAAe5DB-300x225.jpg\" alt=\"\" width=\"300\" height=\"225\" srcset=\"https:\/\/agora.xtec.cat\/ceipmontserrat\/wp-content\/uploads\/usu1716\/2020\/06\/EIrQzoOWsAAe5DB-300x225.jpg 300w, https:\/\/agora.xtec.cat\/ceipmontserrat\/wp-content\/uploads\/usu1716\/2020\/06\/EIrQzoOWsAAe5DB-768x576.jpg 768w, https:\/\/agora.xtec.cat\/ceipmontserrat\/wp-content\/uploads\/usu1716\/2020\/06\/EIrQzoOWsAAe5DB-1024x768.jpg 1024w, https:\/\/agora.xtec.cat\/ceipmontserrat\/wp-content\/uploads\/usu1716\/2020\/06\/EIrQzoOWsAAe5DB-200x150.jpg 200w\" sizes=\"auto, (max-width: 300px) 100vw, 300px\" \/><\/a><a href=\"https:\/\/agora.xtec.cat\/ceipmontserrat\/wp-content\/uploads\/usu1716\/2020\/06\/Tertulia5e.jpg\"><img loading=\"lazy\" decoding=\"async\" class=\"aligncenter size-medium wp-image-829\" src=\"https:\/\/agora.xtec.cat\/ceipmontserrat\/wp-content\/uploads\/usu1716\/2020\/06\/Tertulia5e-300x225.jpg\" alt=\"\" width=\"300\" height=\"225\" srcset=\"https:\/\/agora.xtec.cat\/ceipmontserrat\/wp-content\/uploads\/usu1716\/2020\/06\/Tertulia5e-300x225.jpg 300w, https:\/\/agora.xtec.cat\/ceipmontserrat\/wp-content\/uploads\/usu1716\/2020\/06\/Tertulia5e-768x576.jpg 768w, https:\/\/agora.xtec.cat\/ceipmontserrat\/wp-content\/uploads\/usu1716\/2020\/06\/Tertulia5e-200x150.jpg 200w, https:\/\/agora.xtec.cat\/ceipmontserrat\/wp-content\/uploads\/usu1716\/2020\/06\/Tertulia5e.jpg 826w\" sizes=\"auto, (max-width: 300px) 100vw, 300px\" \/><\/a><\/p>\n","protected":false},"excerpt":{"rendered":"<p>El funcionament de les tert\u00falies dial\u00f2giques es basa en els 7 principis de l&#8217;Aprenentatge dial\u00f2gic i es desenvolupen en base a les millors creacions de la humanitat en els diferents camps: des de la literatura, l&#8217;art, la m\u00fasica o la ci\u00e8ncia.<br \/>\nA trav\u00e9s de les tert\u00falies&hellip;  <a href=\"https:\/\/agora.xtec.cat\/ceipmontserrat\/projecte-educatiu\/tertulies-literaries-dialogiques\/\" title=\"Read Tert\u00falies liter\u00e0ries dial\u00f2giques\">Llegeix m\u00e9s\u00bb<\/a><\/p>\n","protected":false},"author":1,"featured_media":0,"parent":64,"menu_order":0,"comment_status":"closed","ping_status":"closed","template":"","meta":{"_bbp_topic_count":0,"_bbp_reply_count":0,"_bbp_total_topic_count":0,"_bbp_total_reply_count":0,"_bbp_voice_count":0,"_bbp_anonymous_reply_count":0,"_bbp_topic_count_hidden":0,"_bbp_reply_count_hidden":0,"_bbp_forum_subforum_count":0,"footnotes":""},"class_list":["post-487","page","type-page","status-publish","hentry"],"post_mailing_queue_ids":[],"_links":{"self":[{"href":"https:\/\/agora.xtec.cat\/ceipmontserrat\/wp-json\/wp\/v2\/pages\/487","targetHints":{"allow":["GET"]}}],"collection":[{"href":"https:\/\/agora.xtec.cat\/ceipmontserrat\/wp-json\/wp\/v2\/pages"}],"about":[{"href":"https:\/\/agora.xtec.cat\/ceipmontserrat\/wp-json\/wp\/v2\/types\/page"}],"author":[{"embeddable":true,"href":"https:\/\/agora.xtec.cat\/ceipmontserrat\/wp-json\/wp\/v2\/users\/1"}],"replies":[{"embeddable":true,"href":"https:\/\/agora.xtec.cat\/ceipmontserrat\/wp-json\/wp\/v2\/comments?post=487"}],"version-history":[{"count":4,"href":"https:\/\/agora.xtec.cat\/ceipmontserrat\/wp-json\/wp\/v2\/pages\/487\/revisions"}],"predecessor-version":[{"id":489,"href":"https:\/\/agora.xtec.cat\/ceipmontserrat\/wp-json\/wp\/v2\/pages\/487\/revisions\/489"}],"up":[{"embeddable":true,"href":"https:\/\/agora.xtec.cat\/ceipmontserrat\/wp-json\/wp\/v2\/pages\/64"}],"wp:attachment":[{"href":"https:\/\/agora.xtec.cat\/ceipmontserrat\/wp-json\/wp\/v2\/media?parent=487"}],"curies":[{"name":"wp","href":"https:\/\/api.w.org\/{rel}","templated":true}]}}