{"id":30,"date":"2014-09-18T12:30:23","date_gmt":"2014-09-18T12:30:23","guid":{"rendered":"http:\/\/agora.xtec.cat\/ceipmontserrat-castellbisbal\/\/?page_id=30"},"modified":"2025-11-05T18:41:53","modified_gmt":"2025-11-05T17:41:53","slug":"instal%c2%b7lacions","status":"publish","type":"page","link":"https:\/\/agora.xtec.cat\/ceipmontserrat-castellbisbal\/lescola\/instal%c2%b7lacions\/","title":{"rendered":"\ud83d\udda5\ufe0f Instal\u00b7lacions i noves tecnologies"},"content":{"rendered":"<p data-start=\"332\" data-end=\"506\">L\u2019Escola Montserrat aposta decididament per la integraci\u00f3 de les noves tecnologies en tots els \u00e0mbits educatius com a eina d\u2019aprenentatge, comunicaci\u00f3 i innovaci\u00f3 pedag\u00f2gica.<\/p>\n<p data-start=\"508\" data-end=\"571\">Disposem de <strong data-start=\"520\" data-end=\"548\">dues aules d\u2019inform\u00e0tica<\/strong> plenament equipades:<\/p>\n<ul data-start=\"572\" data-end=\"768\">\n<li data-start=\"572\" data-end=\"615\">\n<p data-start=\"574\" data-end=\"615\">Una amb <strong data-start=\"582\" data-end=\"612\">17 port\u00e0tils i 10 tauletes<\/strong>,<\/p>\n<\/li>\n<li data-start=\"616\" data-end=\"768\">\n<p data-start=\"618\" data-end=\"768\">Una segona amb <strong data-start=\"634\" data-end=\"680\">12 ordinadors de sobretaula i 10 port\u00e0tils<\/strong>, totes connectades en xarxa i amb els programes educatius del Departament d\u2019Educaci\u00f3.<\/p>\n<\/li>\n<\/ul>\n<p data-start=\"770\" data-end=\"988\">A m\u00e9s, cada aula de prim\u00e0ria disposa d&#8217;1<strong data-start=\"810\" data-end=\"840\"> ordinador de sobretaula<\/strong>, i tots els espais estan connectats mitjan\u00e7ant <strong data-start=\"888\" data-end=\"923\">xarxa cablejada i wifi integral<\/strong>, que permet accedir a Internet des de qualsevol punt del centre.<\/p>\n<p data-start=\"990\" data-end=\"1071\">Actualment, el nostre centre compta amb una <strong data-start=\"1034\" data-end=\"1068\">dotaci\u00f3 total de 260 port\u00e0tils<\/strong>:<\/p>\n<ul data-start=\"1072\" data-end=\"1218\">\n<li data-start=\"1072\" data-end=\"1134\">\n<p data-start=\"1074\" data-end=\"1134\"><strong data-start=\"1074\" data-end=\"1129\">130 port\u00e0tils provinents del Departament d\u2019Educaci\u00f3<\/strong>, i<\/p>\n<\/li>\n<li data-start=\"1135\" data-end=\"1218\">\n<p data-start=\"1137\" data-end=\"1218\"><strong data-start=\"1137\" data-end=\"1178\">130 port\u00e0tils de propietat del centre<\/strong>, que complementen la dotaci\u00f3 oficial.<\/p>\n<\/li>\n<\/ul>\n<p data-start=\"1220\" data-end=\"1311\">Tamb\u00e9 disposem de <strong data-start=\"1238\" data-end=\"1253\">30 tauletes<\/strong> d\u2019\u00fas compartit per a activitats de cicle inicial i mitj\u00e0.<\/p>\n<p data-start=\"1313\" data-end=\"1669\">Recentment, el Departament d\u2019Educaci\u00f3 ens ha dotat amb <strong data-start=\"1368\" data-end=\"1412\">17 panells digitals interactius SYNETECH<\/strong>, instal\u00b7lats a les aules de prim\u00e0ria i infantil, que substitueixen les antigues pissarres digitals.<br data-start=\"1512\" data-end=\"1515\" \/>Aquests panells permeten una experi\u00e8ncia d\u2019aprenentatge molt m\u00e9s din\u00e0mica i participativa, amb eines interactives adaptades a totes les etapes educatives.<\/p>\n<p data-start=\"1671\" data-end=\"1700\">A m\u00e9s, l\u2019escola compta amb:<\/p>\n<ul data-start=\"1701\" data-end=\"1997\">\n<li data-start=\"1701\" data-end=\"1826\">\n<p data-start=\"1703\" data-end=\"1826\"><strong data-start=\"1703\" data-end=\"1726\">Aula d\u2019audiovisuals<\/strong> equipada amb videoprojector, sistema de so envoltant i sistema interactiu motriu digital (NINUS), i amb la <a href=\"https:\/\/projectes.xtec.cat\/digital\/equipaments-i-infraestructures\/maleta-audiovisual\/\">maleta audivisual que ens ha proporcionat el Departemant d&#8217;Ensenyament.<\/a><\/p>\n<\/li>\n<li data-start=\"1827\" data-end=\"1900\">\n<p data-start=\"1829\" data-end=\"1900\"><strong data-start=\"1829\" data-end=\"1846\">Biblioteca digitalitzada, amb servei de pr\u00e9stec informatitzat.Carros m\u00f2bils<\/strong> amb port\u00e0tils disponibles per als diferents cicles.<\/p>\n<\/li>\n<li data-start=\"1901\" data-end=\"1997\">\n<p data-start=\"1903\" data-end=\"1997\"><strong data-start=\"1903\" data-end=\"1928\">Aula de r\u00e0dio escolar<\/strong>\u00a0<\/p>\n<\/li>\n<\/ul>\n<p data-start=\"1999\" data-end=\"2219\">Aquesta infraestructura permet que la tecnologia sigui una eina habitual i transversal en totes les \u00e0rees d\u2019aprenentatge, afavorint la compet\u00e8ncia digital de l\u2019alumnat i potenciant metodologies actives i col\u00b7laboratives.<\/p>\n<p>Imatges del espais de l&#8217;escola (Feu clic sobre el nom per veure una imatge)<\/p>\n<ul>\n<li><strong> <a href=\"http:\/\/agora.xtec.cat\/ceipmontserrat-castellbisbal\/wp-content\/uploads\/usu270\/2015\/12\/ludoteca.jpg\">Ludoteca<\/a><\/strong><\/li>\n<li><strong> <a href=\"http:\/\/agora.xtec.cat\/ceipmontserrat-castellbisbal\/wp-content\/uploads\/usu270\/2016\/04\/IMG_6737.jpg\">Pista poliesportiva descoberta<\/a><\/strong><\/li>\n<li><strong> <a href=\"http:\/\/agora.xtec.cat\/ceipmontserrat-castellbisbal\/wp-content\/uploads\/usu270\/2015\/03\/IMG_0018.jpg\">Aula d\u2019idiomes<\/a><\/strong><\/li>\n<li><strong> <a href=\"http:\/\/agora.xtec.cat\/ceipmontserrat-castellbisbal\/wp-content\/uploads\/usu270\/2015\/03\/AUDIOVISUALS-21.jpg\">Aula d\u2019audiovisuals<\/a><\/strong><\/li>\n<li><strong> <a href=\"https:\/\/agora.xtec.cat\/ceipmontserrat-castellbisbal\/wp-content\/uploads\/usu270\/2025\/10\/aula-musica.png\">Aula de m\u00fasica<\/a><\/strong><\/li>\n<li><a href=\"https:\/\/agora.xtec.cat\/ceipmontserrat-castellbisbal\/wp-content\/uploads\/usu270\/2022\/09\/IMG_4119.jpg\">Aula multisensorial<\/a><\/li>\n<li><strong> <a href=\"https:\/\/agora.xtec.cat\/ceipmontserrat-castellbisbal\/wp-content\/uploads\/usu270\/2022\/09\/IMG_4169.jpg\">Aula de pl\u00e0stica<\/a><\/strong><\/li>\n<li><strong> <a href=\"http:\/\/agora.xtec.cat\/ceipmontserrat-castellbisbal\/wp-content\/uploads\/usu270\/2015\/03\/1.jpg\">Aula de ci\u00e8ncies<\/a><\/strong><\/li>\n<li><strong> <a href=\"http:\/\/agora.xtec.cat\/ceipmontserrat-castellbisbal\/wp-content\/uploads\/usu270\/2016\/04\/1.jpg\">Aula SIEI<\/a><\/strong><\/li>\n<li><strong> <a href=\"http:\/\/agora.xtec.cat\/ceipmontserrat-castellbisbal\/wp-content\/uploads\/usu270\/2016\/04\/2.jpg\">Aula per fer grups redu\u00efts<\/a><\/strong><\/li>\n<li><strong> <a href=\"http:\/\/agora.xtec.cat\/ceipmontserrat-castellbisbal\/wp-content\/uploads\/usu270\/2015\/03\/AULAPSICO.jpg\">Aula de psicomotricitat (educaci\u00f3 infantil)<\/a><\/strong><\/li>\n<li><strong> <a href=\"http:\/\/agora.xtec.cat\/ceipmontserrat-castellbisbal\/wp-content\/uploads\/usu270\/2015\/03\/histor16gran.jpg\">Pavell\u00f3 poliesportiu<\/a><\/strong><\/li>\n<li><strong> <a href=\"https:\/\/agora.xtec.cat\/ceipmontserrat-castellbisbal\/wp-content\/uploads\/usu270\/2022\/09\/e45e6877-9f71-4377-a313-d9c483542aa1.jpg\">Pati d&#8217;Educaci\u00f3 Infantil<\/a><\/strong><\/li>\n<li><strong> <a href=\"http:\/\/agora.xtec.cat\/ceipmontserrat-castellbisbal\/wp-content\/uploads\/usu270\/2015\/03\/imatge-cap%C3%A7elera2.jpg\">Pati d&#8217;Educaci\u00f3 Prim\u00e0ria<\/a><\/strong><\/li>\n<li><strong> <a href=\"http:\/\/agora.xtec.cat\/ceipmontserrat-castellbisbal\/wp-content\/uploads\/usu270\/2016\/04\/IMG_67341.jpg\">Pista poliesportiva coberta<\/a><\/strong><\/li>\n<li><strong> <a href=\"https:\/\/agora.xtec.cat\/ceipmontserrat-castellbisbal\/wp-content\/uploads\/usu270\/2022\/09\/IMG_4168.jpg\">Aula d&#8217;inform\u00e0tica gran<\/a><\/strong><\/li>\n<li><strong> <a href=\"http:\/\/agora.xtec.cat\/ceipmontserrat-castellbisbal\/wp-content\/uploads\/usu270\/2015\/03\/inform%C3%A0tica-2.jpg\">Aula d&#8217;Inform\u00e0tica petita<\/a><\/strong><\/li>\n<li><strong><a href=\"https:\/\/agora.xtec.cat\/ceipmontserrat-castellbisbal\/wp-content\/uploads\/usu270\/2019\/11\/IMG_3028.jpg\">Biblioteca<\/a><\/strong><\/li>\n<li><strong><a href=\"https:\/\/agora.xtec.cat\/ceipmontserrat-castellbisbal\/wp-content\/uploads\/usu270\/2025\/10\/radio.jpeg\">Aula de R\u00e0dio<\/a><\/strong><\/li>\n<\/ul>\n\n\n<p><\/p>\n","protected":false},"excerpt":{"rendered":"<p>L\u2019Escola Montserrat aposta decididament per la integraci\u00f3 de les noves tecnologies en tots els \u00e0mbits educatius com a eina d\u2019aprenentatge, comunicaci\u00f3 i innovaci\u00f3 pedag\u00f2gica. Disposem de dues aules d\u2019inform\u00e0tica plenament equipades: Una amb 17 port\u00e0tils i 10 tauletes, Una segona amb 12 ordinadors de sobretaula i 10 port\u00e0tils, totes connectades en xarxa i amb els [&hellip;]<\/p>\n","protected":false},"author":2,"featured_media":0,"parent":22,"menu_order":25,"comment_status":"closed","ping_status":"closed","template":"","meta":{"_bbp_topic_count":0,"_bbp_reply_count":0,"_bbp_total_topic_count":0,"_bbp_total_reply_count":0,"_bbp_voice_count":0,"_bbp_anonymous_reply_count":0,"_bbp_topic_count_hidden":0,"_bbp_reply_count_hidden":0,"_bbp_forum_subforum_count":0,"site-sidebar-layout":"default","site-content-layout":"","ast-site-content-layout":"default","site-content-style":"default","site-sidebar-style":"default","ast-global-header-display":"","ast-banner-title-visibility":"","ast-main-header-display":"","ast-hfb-above-header-display":"","ast-hfb-below-header-display":"","ast-hfb-mobile-header-display":"","site-post-title":"","ast-breadcrumbs-content":"","ast-featured-img":"","footer-sml-layout":"","theme-transparent-header-meta":"","adv-header-id-meta":"","stick-header-meta":"","header-above-stick-meta":"","header-main-stick-meta":"","header-below-stick-meta":"","astra-migrate-meta-layouts":"set","ast-page-background-enabled":"default","ast-page-background-meta":{"desktop":{"background-color":"var(--ast-global-color-4)","background-image":"","background-repeat":"repeat","background-position":"center center","background-size":"auto","background-attachment":"scroll","background-type":"","background-media":"","overlay-type":"","overlay-color":"","overlay-opacity":"","overlay-gradient":""},"tablet":{"background-color":"","background-image":"","background-repeat":"repeat","background-position":"center center","background-size":"auto","background-attachment":"scroll","background-type":"","background-media":"","overlay-type":"","overlay-color":"","overlay-opacity":"","overlay-gradient":""},"mobile":{"background-color":"","background-image":"","background-repeat":"repeat","background-position":"center center","background-size":"auto","background-attachment":"scroll","background-type":"","background-media":"","overlay-type":"","overlay-color":"","overlay-opacity":"","overlay-gradient":""}},"ast-content-background-meta":{"desktop":{"background-color":"var(--ast-global-color-5)","background-image":"","background-repeat":"repeat","background-position":"center center","background-size":"auto","background-attachment":"scroll","background-type":"","background-media":"","overlay-type":"","overlay-color":"","overlay-opacity":"","overlay-gradient":""},"tablet":{"background-color":"var(--ast-global-color-5)","background-image":"","background-repeat":"repeat","background-position":"center center","background-size":"auto","background-attachment":"scroll","background-type":"","background-media":"","overlay-type":"","overlay-color":"","overlay-opacity":"","overlay-gradient":""},"mobile":{"background-color":"var(--ast-global-color-5)","background-image":"","background-repeat":"repeat","background-position":"center center","background-size":"auto","background-attachment":"scroll","background-type":"","background-media":"","overlay-type":"","overlay-color":"","overlay-opacity":"","overlay-gradient":""}},"footnotes":""},"class_list":["post-30","page","type-page","status-publish","hentry"],"post_mailing_queue_ids":[],"_links":{"self":[{"href":"https:\/\/agora.xtec.cat\/ceipmontserrat-castellbisbal\/wp-json\/wp\/v2\/pages\/30","targetHints":{"allow":["GET"]}}],"collection":[{"href":"https:\/\/agora.xtec.cat\/ceipmontserrat-castellbisbal\/wp-json\/wp\/v2\/pages"}],"about":[{"href":"https:\/\/agora.xtec.cat\/ceipmontserrat-castellbisbal\/wp-json\/wp\/v2\/types\/page"}],"author":[{"embeddable":true,"href":"https:\/\/agora.xtec.cat\/ceipmontserrat-castellbisbal\/wp-json\/wp\/v2\/users\/2"}],"replies":[{"embeddable":true,"href":"https:\/\/agora.xtec.cat\/ceipmontserrat-castellbisbal\/wp-json\/wp\/v2\/comments?post=30"}],"version-history":[{"count":6,"href":"https:\/\/agora.xtec.cat\/ceipmontserrat-castellbisbal\/wp-json\/wp\/v2\/pages\/30\/revisions"}],"predecessor-version":[{"id":4714,"href":"https:\/\/agora.xtec.cat\/ceipmontserrat-castellbisbal\/wp-json\/wp\/v2\/pages\/30\/revisions\/4714"}],"up":[{"embeddable":true,"href":"https:\/\/agora.xtec.cat\/ceipmontserrat-castellbisbal\/wp-json\/wp\/v2\/pages\/22"}],"wp:attachment":[{"href":"https:\/\/agora.xtec.cat\/ceipmontserrat-castellbisbal\/wp-json\/wp\/v2\/media?parent=30"}],"curies":[{"name":"wp","href":"https:\/\/api.w.org\/{rel}","templated":true}]}}