{"id":28,"date":"2014-09-18T12:29:35","date_gmt":"2014-09-18T12:29:35","guid":{"rendered":"http:\/\/agora.xtec.cat\/ceipmontserrat-castellbisbal\/\/?page_id=28"},"modified":"2025-10-24T12:59:30","modified_gmt":"2025-10-24T10:59:30","slug":"consell-escolar","status":"publish","type":"page","link":"https:\/\/agora.xtec.cat\/ceipmontserrat-castellbisbal\/dia-a-dia-al-montserrat\/consell-escolar\/","title":{"rendered":"\ud83d\udc65Consell escolar"},"content":{"rendered":"<p><img loading=\"lazy\" decoding=\"async\" class=\" wp-image-4636 aligncenter\" src=\"https:\/\/agora.xtec.cat\/ceipmontserrat-castellbisbal\/wp-content\/uploads\/usu270\/2025\/10\/consell-escolar-1.png\" alt=\"\" width=\"678\" height=\"452\" srcset=\"https:\/\/agora.xtec.cat\/ceipmontserrat-castellbisbal\/wp-content\/uploads\/usu270\/2025\/10\/consell-escolar-1.png 1080w, https:\/\/agora.xtec.cat\/ceipmontserrat-castellbisbal\/wp-content\/uploads\/usu270\/2025\/10\/consell-escolar-1-300x200.png 300w, https:\/\/agora.xtec.cat\/ceipmontserrat-castellbisbal\/wp-content\/uploads\/usu270\/2025\/10\/consell-escolar-1-1024x683.png 1024w, https:\/\/agora.xtec.cat\/ceipmontserrat-castellbisbal\/wp-content\/uploads\/usu270\/2025\/10\/consell-escolar-1-768x512.png 768w\" sizes=\"auto, (max-width: 678px) 100vw, 678px\" \/><br \/>\nEl consell escolar \u00e9s l&#8217;\u00f2rgan de participaci\u00f3 dels diferents sectors de la comunitat educativa en el govern dels centres.<\/p>\n<p style=\"text-align: justify;\">El formen els representants de tota la comunitat educativa, \u00e9s a dir, direcci\u00f3, professors\/es, fam\u00edlies, personal d&#8217;administraci\u00f3 i serveis, representant de l&#8217;administraci\u00f3 local i altres persones que el mateix consell consideri necess\u00e0ries.<\/p>\n<p style=\"text-align: justify;\">La funci\u00f3 principal del consell escolar \u00e9s participar en la presa de decisions en relaci\u00f3 amb aquells temes importants per al funcionament i l&#8217;organitzaci\u00f3 del centre: el projecte educatiu, la programaci\u00f3 general, la gesti\u00f3 econ\u00f2mica, etc.<\/p>\n<table style=\"width: 84.6246%; height: 661px;\" width=\"0\">\n<tbody>\n<tr style=\"height: 33px;\">\n<td style=\"text-align: center; height: 33px; width: 143.929%;\" colspan=\"4\" width=\"751\"><strong>COMPOSICI\u00d3 DEL CONSELL ESCOLAR<\/strong><\/td>\n<\/tr>\n<tr style=\"height: 33px;\">\n<td style=\"height: 33px; width: 42.3639%;\" colspan=\"2\" width=\"324\"><\/td>\n<td style=\"height: 33px; width: 34.3211%;\" width=\"215\"><strong>Nom<\/strong><\/td>\n<td style=\"height: 33px; width: 67.2436%;\" width=\"213\"><strong>Sector Educatiu<\/strong><\/td>\n<\/tr>\n<tr style=\"height: 33px;\">\n<td style=\"height: 99px; width: 37.1846%;\" rowspan=\"3\" width=\"284\"><strong>Equip directiu<\/strong><\/td>\n<td style=\"height: 33px; width: 5.17928%;\" width=\"40\">1<\/td>\n<td style=\"height: 33px; width: 34.3211%;\" width=\"215\">Vicky Lara<\/td>\n<td style=\"height: 33px; width: 67.2436%;\" width=\"213\">Presidenta<\/td>\n<\/tr>\n<tr style=\"height: 33px;\">\n<td style=\"height: 33px; width: 5.17928%;\" width=\"40\">2<\/td>\n<td style=\"height: 33px; width: 34.3211%;\" width=\"215\">Carme P\u00e9rez<\/td>\n<td style=\"height: 33px; width: 67.2436%;\" width=\"213\">Cap d\u2019Estudis<\/td>\n<\/tr>\n<tr style=\"height: 33px;\">\n<td style=\"height: 33px; width: 5.17928%;\" width=\"40\">3<\/td>\n<td style=\"height: 33px; width: 34.3211%;\" width=\"215\">Mireia Mancera<\/td>\n<td style=\"height: 33px; width: 67.2436%;\" width=\"213\">Secret\u00e0ria<\/td>\n<\/tr>\n<tr style=\"height: 33px;\">\n<td style=\"height: 202px; width: 37.1846%;\" rowspan=\"6\" width=\"284\"><strong>Sector professors i professores<\/strong><\/td>\n<td style=\"height: 33px; width: 5.17928%;\" width=\"40\">4<\/td>\n<td style=\"height: 33px; width: 34.3211%;\" width=\"215\">B\u00e0rbara P\u00e9rez<\/td>\n<td style=\"height: 33px; width: 67.2436%;\" width=\"213\">Professorat<\/td>\n<\/tr>\n<tr style=\"height: 33px;\">\n<td style=\"height: 33px; width: 5.17928%;\" width=\"40\">5<\/td>\n<td style=\"height: 33px; width: 34.3211%;\" width=\"215\">Alba Salat<\/td>\n<td style=\"height: 33px; width: 67.2436%;\" width=\"213\">Professorat<\/td>\n<\/tr>\n<tr style=\"height: 33px;\">\n<td style=\"height: 33px; width: 5.17928%;\" width=\"40\">6<\/td>\n<td style=\"height: 33px; width: 34.3211%;\" width=\"215\">Vanessa Pardo<\/td>\n<td style=\"height: 33px; width: 67.2436%;\" width=\"213\">Professorat<\/td>\n<\/tr>\n<tr style=\"height: 33px;\">\n<td style=\"height: 33px; width: 5.17928%;\" width=\"40\">7<\/td>\n<td style=\"height: 33px; width: 34.3211%;\" width=\"215\">M\u00aaJos\u00e9 L\u00f3pez<\/td>\n<td style=\"height: 33px; width: 67.2436%;\" width=\"213\">Professorat<\/td>\n<\/tr>\n<tr style=\"height: 33px;\">\n<td style=\"height: 33px; width: 5.17928%;\" width=\"40\">8<\/td>\n<td style=\"height: 33px; width: 34.3211%;\" width=\"215\">Isabel Rodr\u00edguez<\/td>\n<td style=\"height: 33px; width: 67.2436%;\" width=\"213\">Professorat<\/td>\n<\/tr>\n<tr style=\"height: 33px;\">\n<td style=\"height: 37px; width: 5.17928%;\" width=\"40\">9<\/td>\n<td style=\"height: 37px; width: 34.3211%;\" width=\"215\">Elena Benzal<\/td>\n<td style=\"height: 37px; width: 67.2436%;\" width=\"213\">Professorat<\/td>\n<\/tr>\n<tr style=\"height: 23px;\">\n<td style=\"width: 37.1846%; height: 30px;\"><strong>\u00a0<\/strong><\/td>\n<td style=\"width: 5.17928%; height: 30px;\">10<\/td>\n<td style=\"width: 34.3211%; height: 30px;\">Alba Garc\u00eda<\/td>\n<td style=\"width: 67.2436%; height: 30px;\">Professorat<\/td>\n<\/tr>\n<tr style=\"height: 33px;\">\n<td style=\"height: 165px; width: 37.1846%;\" rowspan=\"5\" width=\"284\"><strong>Sector mares i pares<\/strong><\/td>\n<td style=\"height: 33px; width: 5.17928%;\" width=\"40\">11<\/td>\n<td style=\"height: 33px; width: 34.3211%;\" width=\"215\">Patricia Doncel<\/td>\n<td style=\"height: 33px; width: 67.2436%;\" width=\"213\">Mare<\/td>\n<\/tr>\n<tr style=\"height: 33px;\">\n<td style=\"height: 33px; width: 5.17928%;\" width=\"40\">12<\/td>\n<td style=\"height: 33px; width: 34.3211%;\" width=\"215\">Albert Castro<\/td>\n<td style=\"height: 33px; width: 67.2436%;\" width=\"213\">Pare<\/td>\n<\/tr>\n<tr style=\"height: 33px;\">\n<td style=\"height: 33px; width: 5.17928%;\" width=\"40\">13<\/td>\n<td style=\"height: 33px; width: 34.3211%;\" width=\"215\">Monica Torras<\/td>\n<td style=\"height: 33px; width: 67.2436%;\" width=\"213\">Mare<\/td>\n<\/tr>\n<tr style=\"height: 33px;\">\n<td style=\"height: 33px; width: 5.17928%;\" width=\"40\">14<\/td>\n<td style=\"height: 33px; width: 34.3211%;\" width=\"215\">N\u00faria Riera<\/td>\n<td style=\"height: 33px; width: 67.2436%;\" width=\"213\">Mare<\/td>\n<\/tr>\n<tr style=\"height: 33px;\">\n<td style=\"height: 33px; width: 5.17928%;\" width=\"40\">15<\/td>\n<td style=\"height: 33px; width: 34.3211%;\" width=\"215\">In\u00e9s Conde<\/td>\n<td style=\"height: 33px; width: 67.2436%;\" width=\"213\">Mare<\/td>\n<\/tr>\n<tr style=\"height: 33px;\">\n<td style=\"height: 33px; width: 37.1846%;\" width=\"284\"><strong>Representant SIEI<\/strong><\/td>\n<td style=\"height: 33px; width: 5.17928%;\" width=\"40\">15<\/td>\n<td style=\"height: 33px; width: 34.3211%;\" width=\"215\">Alba Garcia &#8211; Iolanda Monson\u00eds<\/td>\n<td style=\"height: 33px; width: 67.2436%;\" width=\"213\"><\/td>\n<\/tr>\n<tr style=\"height: 33px;\">\n<td style=\"height: 33px; width: 37.1846%;\" width=\"284\"><strong>Representant Ajuntament<\/strong><\/td>\n<td style=\"height: 33px; width: 5.17928%;\" width=\"40\">16<\/td>\n<td style=\"height: 33px; width: 34.3211%;\" width=\"215\">Silvia Fern\u00e1ndez<\/td>\n<td style=\"height: 33px; width: 67.2436%;\" width=\"213\"><\/td>\n<\/tr>\n<tr style=\"height: 33px;\">\n<td style=\"height: 33px; width: 37.1846%;\" width=\"284\"><strong>Representant PAS<\/strong><\/td>\n<td style=\"height: 33px; width: 5.17928%;\" width=\"40\">17<\/td>\n<td style=\"height: 33px; width: 34.3211%;\" width=\"215\">Paula Retuerta<\/td>\n<td style=\"height: 33px; width: 67.2436%;\" width=\"213\">Personal Adm. I Serveis<\/td>\n<\/tr>\n<\/tbody>\n<\/table>\n<p style=\"text-align: center;\">\n","protected":false},"excerpt":{"rendered":"<p>El consell escolar \u00e9s l&#8217;\u00f2rgan de participaci\u00f3 dels diferents sectors de la comunitat educativa en el govern dels centres. El formen els representants de tota la comunitat educativa, \u00e9s a dir, direcci\u00f3, professors\/es, fam\u00edlies, personal d&#8217;administraci\u00f3 i serveis, representant de l&#8217;administraci\u00f3 local i altres persones que el mateix consell consideri necess\u00e0ries. La funci\u00f3 principal del [&hellip;]<\/p>\n","protected":false},"author":2,"featured_media":0,"parent":2728,"menu_order":20,"comment_status":"closed","ping_status":"closed","template":"","meta":{"_bbp_topic_count":0,"_bbp_reply_count":0,"_bbp_total_topic_count":0,"_bbp_total_reply_count":0,"_bbp_voice_count":0,"_bbp_anonymous_reply_count":0,"_bbp_topic_count_hidden":0,"_bbp_reply_count_hidden":0,"_bbp_forum_subforum_count":0,"site-sidebar-layout":"default","site-content-layout":"","ast-site-content-layout":"default","site-content-style":"default","site-sidebar-style":"default","ast-global-header-display":"","ast-banner-title-visibility":"","ast-main-header-display":"","ast-hfb-above-header-display":"","ast-hfb-below-header-display":"","ast-hfb-mobile-header-display":"","site-post-title":"","ast-breadcrumbs-content":"","ast-featured-img":"","footer-sml-layout":"","theme-transparent-header-meta":"","adv-header-id-meta":"","stick-header-meta":"","header-above-stick-meta":"","header-main-stick-meta":"","header-below-stick-meta":"","astra-migrate-meta-layouts":"set","ast-page-background-enabled":"default","ast-page-background-meta":{"desktop":{"background-color":"var(--ast-global-color-4)","background-image":"","background-repeat":"repeat","background-position":"center center","background-size":"auto","background-attachment":"scroll","background-type":"","background-media":"","overlay-type":"","overlay-color":"","overlay-opacity":"","overlay-gradient":""},"tablet":{"background-color":"","background-image":"","background-repeat":"repeat","background-position":"center center","background-size":"auto","background-attachment":"scroll","background-type":"","background-media":"","overlay-type":"","overlay-color":"","overlay-opacity":"","overlay-gradient":""},"mobile":{"background-color":"","background-image":"","background-repeat":"repeat","background-position":"center center","background-size":"auto","background-attachment":"scroll","background-type":"","background-media":"","overlay-type":"","overlay-color":"","overlay-opacity":"","overlay-gradient":""}},"ast-content-background-meta":{"desktop":{"background-color":"var(--ast-global-color-5)","background-image":"","background-repeat":"repeat","background-position":"center center","background-size":"auto","background-attachment":"scroll","background-type":"","background-media":"","overlay-type":"","overlay-color":"","overlay-opacity":"","overlay-gradient":""},"tablet":{"background-color":"var(--ast-global-color-5)","background-image":"","background-repeat":"repeat","background-position":"center center","background-size":"auto","background-attachment":"scroll","background-type":"","background-media":"","overlay-type":"","overlay-color":"","overlay-opacity":"","overlay-gradient":""},"mobile":{"background-color":"var(--ast-global-color-5)","background-image":"","background-repeat":"repeat","background-position":"center center","background-size":"auto","background-attachment":"scroll","background-type":"","background-media":"","overlay-type":"","overlay-color":"","overlay-opacity":"","overlay-gradient":""}},"footnotes":""},"class_list":["post-28","page","type-page","status-publish","hentry"],"post_mailing_queue_ids":[],"_links":{"self":[{"href":"https:\/\/agora.xtec.cat\/ceipmontserrat-castellbisbal\/wp-json\/wp\/v2\/pages\/28","targetHints":{"allow":["GET"]}}],"collection":[{"href":"https:\/\/agora.xtec.cat\/ceipmontserrat-castellbisbal\/wp-json\/wp\/v2\/pages"}],"about":[{"href":"https:\/\/agora.xtec.cat\/ceipmontserrat-castellbisbal\/wp-json\/wp\/v2\/types\/page"}],"author":[{"embeddable":true,"href":"https:\/\/agora.xtec.cat\/ceipmontserrat-castellbisbal\/wp-json\/wp\/v2\/users\/2"}],"replies":[{"embeddable":true,"href":"https:\/\/agora.xtec.cat\/ceipmontserrat-castellbisbal\/wp-json\/wp\/v2\/comments?post=28"}],"version-history":[{"count":6,"href":"https:\/\/agora.xtec.cat\/ceipmontserrat-castellbisbal\/wp-json\/wp\/v2\/pages\/28\/revisions"}],"predecessor-version":[{"id":4661,"href":"https:\/\/agora.xtec.cat\/ceipmontserrat-castellbisbal\/wp-json\/wp\/v2\/pages\/28\/revisions\/4661"}],"up":[{"embeddable":true,"href":"https:\/\/agora.xtec.cat\/ceipmontserrat-castellbisbal\/wp-json\/wp\/v2\/pages\/2728"}],"wp:attachment":[{"href":"https:\/\/agora.xtec.cat\/ceipmontserrat-castellbisbal\/wp-json\/wp\/v2\/media?parent=28"}],"curies":[{"name":"wp","href":"https:\/\/api.w.org\/{rel}","templated":true}]}}