{"id":712,"date":"2020-02-07T12:48:39","date_gmt":"2020-02-07T11:48:39","guid":{"rendered":"https:\/\/agora.xtec.cat\/ceipmisericordia-reus\/?page_id=712"},"modified":"2024-09-09T10:21:16","modified_gmt":"2024-09-09T08:21:16","slug":"ampa-1","status":"publish","type":"page","link":"https:\/\/agora.xtec.cat\/ceipmisericordia-reus\/ampa-1\/","title":{"rendered":"AMPA"},"content":{"rendered":"<p><strong><u>L\u2019AMPA<\/u><\/strong><\/p>\n<p style=\"text-align: center;\"><strong><em>Des de fa m\u00e9s de 35 anys al servei de les fam\u00edlies!<\/em><\/strong><\/p>\n<p style=\"text-align: center;\"><a href=\"https:\/\/agora.xtec.cat\/ceipmisericordia-reus\/wp-content\/uploads\/usu2066\/2021\/02\/1-1.jpg\"><img loading=\"lazy\" decoding=\"async\" class=\"wp-image-6539 size-medium aligncenter\" src=\"https:\/\/agora.xtec.cat\/ceipmisericordia-reus\/wp-content\/uploads\/usu2066\/2021\/02\/1-1-300x300.jpg\" alt=\"\" width=\"300\" height=\"300\" srcset=\"https:\/\/agora.xtec.cat\/ceipmisericordia-reus\/wp-content\/uploads\/usu2066\/2021\/02\/1-1-300x300.jpg 300w, https:\/\/agora.xtec.cat\/ceipmisericordia-reus\/wp-content\/uploads\/usu2066\/2021\/02\/1-1-150x150.jpg 150w, https:\/\/agora.xtec.cat\/ceipmisericordia-reus\/wp-content\/uploads\/usu2066\/2021\/02\/1-1-768x770.jpg 768w, https:\/\/agora.xtec.cat\/ceipmisericordia-reus\/wp-content\/uploads\/usu2066\/2021\/02\/1-1-1021x1024.jpg 1021w, https:\/\/agora.xtec.cat\/ceipmisericordia-reus\/wp-content\/uploads\/usu2066\/2021\/02\/1-1.jpg 1078w\" sizes=\"auto, (max-width: 300px) 100vw, 300px\" \/><\/a><a href=\"mailto:ampaceipmiseric\u00f2rdia@gmail.com\">ampaceipmiseric\u00f2rdia@gmail.com<\/a><\/p>\n<p><strong><em>Salutaci\u00f3 de la junta:<\/em><\/strong><\/p>\n<p><em>Volem donar la benvinguda a aquesta nova etapa amb una AMPA renovada, plantant cara a nous projectes, nous reptes, en uns temps que semblen dif\u00edcils.<\/em><\/p>\n<p><em>Per\u00f2 amb molta energia positiva.<\/em><\/p>\n<p><em>Volem fer ressonar els cors de totes les fam\u00edlies de l&#8217;escola MISERIC\u00d2RDIA.<\/em><\/p>\n<p><em>Som l&#8217;exemple que donem als nostres fills i per aix\u00f2 si estem units en consci\u00e8ncia, ser\u00e0 aquest el reflex que ells, els nostres fills i filles absorbiran.<\/em><\/p>\n<p><em>Una abra\u00e7ada.<\/em><\/p>\n<p><em>La junta<\/em><\/p>\n<p><a href=\"https:\/\/agora.xtec.cat\/ceipmisericordia-reus\/wp-content\/uploads\/usu2066\/2021\/02\/2-2.jpg\"><img loading=\"lazy\" decoding=\"async\" class=\"alignnone wp-image-6540 size-thumbnail\" src=\"https:\/\/agora.xtec.cat\/ceipmisericordia-reus\/wp-content\/uploads\/usu2066\/2021\/02\/2-2-150x150.jpg\" alt=\"\" width=\"150\" height=\"150\" \/><\/a><\/p>\n<p><strong><em>Qu\u00e8 \u00e9s l\u2019AMPA?<\/em><\/strong><\/p>\n<p>\u00c9s una associaci\u00f3 sense \u00e0nim de lucre que agrupa les fam\u00edlies de l\u2019escola. El seu objectiu general \u00e9s promoure la participaci\u00f3 i col\u00b7laborar amb les activitats educatives del centre, beneficiant als nens i nenes de l\u2019escola.<\/p>\n<p><a href=\"https:\/\/agora.xtec.cat\/ceipmisericordia-reus\/wp-content\/uploads\/usu2066\/2021\/02\/3-2.jpg\"><img loading=\"lazy\" decoding=\"async\" class=\"wp-image-6541 size-medium aligncenter\" src=\"https:\/\/agora.xtec.cat\/ceipmisericordia-reus\/wp-content\/uploads\/usu2066\/2021\/02\/3-2-e1614071483135-300x291.jpg\" alt=\"\" width=\"300\" height=\"291\" srcset=\"https:\/\/agora.xtec.cat\/ceipmisericordia-reus\/wp-content\/uploads\/usu2066\/2021\/02\/3-2-e1614071483135-300x291.jpg 300w, https:\/\/agora.xtec.cat\/ceipmisericordia-reus\/wp-content\/uploads\/usu2066\/2021\/02\/3-2-e1614071483135-768x745.jpg 768w, https:\/\/agora.xtec.cat\/ceipmisericordia-reus\/wp-content\/uploads\/usu2066\/2021\/02\/3-2-e1614071483135.jpg 883w\" sizes=\"auto, (max-width: 300px) 100vw, 300px\" \/><\/a><\/p>\n<p><strong><em>Per qu\u00e8 ens beneficia participar de l\u2019AMPA?<\/em><\/strong><\/p>\n<ul>\n<li>Perqu\u00e8 quan les fam\u00edlies prenen part en les activitats del centre i de la comunitat educativa, els fills i filles van m\u00e9s a gust a l\u2019escola i estudien amb m\u00e9s ganes.<\/li>\n<li>Perqu\u00e8 \u00e9s positiu que tots vetllin per la qualitat de l\u2019educaci\u00f3 dels fills i filles.<\/li>\n<li>Perqu\u00e8 podreu con\u00e8ixer i compartir amb altres fam\u00edlies les vostres inquietuds i propostes i tamb\u00e9 ajudar-vos m\u00fatuament.<\/li>\n<li>Perqu\u00e8 podreu con\u00e8ixer i entendre com funciona l\u2019escola, el sistema educatiu i la comunitat educativa.<\/li>\n<\/ul>\n<p><strong><em>De quines maneres pots participar?<\/em><\/strong><\/p>\n<ul>\n<li>Formant part del grup de pares i mares que col\u00b7laboren volunt\u00e0riament en les tasques d\u2019administraci\u00f3 de l\u2019AMPA.<\/li>\n<li>Puntualment donant suport a alguna activitat per a la qual es necessitin voluntaris.<\/li>\n<li>De forma regular assistint a les reunions i assemblees que es convoquen per tal d\u2019informar les fam\u00edlies, organitzar activitats, col\u00b7laborar en la gesti\u00f3 de serveis o debatre temes d\u2019inter\u00e8s en l\u2019educaci\u00f3 dels nostres fills i filles.<\/li>\n<\/ul>\n<p><strong><em>Quins avantatges t\u00e9?<\/em><\/strong><\/p>\n<ul>\n<li>Subvenci\u00f3 d\u2019una excursi\u00f3 per cada nen o nena s\u00f2cia.<\/li>\n<li>Subvenci\u00f3 d\u2019activitats escolars durant l\u2019any.<\/li>\n<li>Descompte en el preu de les activitats extraescolars que organitzem.<\/li>\n<\/ul>\n<p>&nbsp;<\/p>\n<p><strong><em>NOVETATS:<\/em><\/strong><\/p>\n<p>Estem treballant en nous projectes, com ara tallers per a pares i mares.<\/p>\n<p>Us mantindrem informats.<\/p>\n<p>Si teniu algun dubte o esteu interessats\/des podeu contactar amb nosaltres.<\/p>\n<p>&nbsp;<\/p>\n<p><strong><em><u>Horari d\u2019oficina:<\/u><\/em><\/strong><\/p>\n<p><em>(Per a atenci\u00f3 presencial a l\u2019oficina de l\u2019AMPA, per les circumst\u00e0ncies actuals <strong>demaneu cita pr\u00e8via<\/strong>)<\/em><\/p>\n<p><strong>\u00a0\u00a0\u00a0\u00a0\u00a0\u00a0\u00a0\u00a0 Dimarts 8.30h a 9h<\/strong><\/p>\n<p><strong>\u00a0\u00a0\u00a0\u00a0\u00a0\u00a0\u00a0\u00a0 Dijous 15h a 15.30h<\/strong><\/p>\n<p><strong>\u00a0<\/strong><\/p>\n<p>&nbsp;<\/p>\n<p><strong><em><u>Contacte<\/u><\/em><\/strong><strong><em>:<\/em><\/strong><\/p>\n<p><a href=\"https:\/\/agora.xtec.cat\/ceipmisericordia-reus\/wp-content\/uploads\/usu2066\/2021\/02\/4.png\"><img loading=\"lazy\" decoding=\"async\" class=\"alignnone wp-image-6544\" src=\"https:\/\/agora.xtec.cat\/ceipmisericordia-reus\/wp-content\/uploads\/usu2066\/2021\/02\/4.png\" alt=\"\" width=\"35\" height=\"35\" \/><\/a>\u00a0<a href=\"mailto:ampaceipmisericordia@gmail.com\">ampaceipmisericordia@gmail.com\u00a0<\/a><\/p>\n<p><a href=\"https:\/\/agora.xtec.cat\/ceipmisericordia-reus\/wp-content\/uploads\/usu2066\/2021\/02\/5.png\"><img loading=\"lazy\" decoding=\"async\" class=\"alignnone wp-image-6543\" src=\"https:\/\/agora.xtec.cat\/ceipmisericordia-reus\/wp-content\/uploads\/usu2066\/2021\/02\/5.png\" alt=\"\" width=\"35\" height=\"35\" \/><\/a>\u00a0<a href=\"https:\/\/www.facebook.com\/ampa.escolamisericordia\">https:\/\/www.facebook.com\/ampa.escolamisericordia<\/a><\/p>\n<p><a href=\"https:\/\/agora.xtec.cat\/ceipmisericordia-reus\/wp-content\/uploads\/usu2066\/2021\/02\/4-1.png\"><img loading=\"lazy\" decoding=\"async\" class=\"alignnone wp-image-6545\" src=\"https:\/\/agora.xtec.cat\/ceipmisericordia-reus\/wp-content\/uploads\/usu2066\/2021\/02\/4-1.png\" alt=\"\" width=\"35\" height=\"35\" \/><\/a><a href=\"https:\/\/www.instagram.com\/tv\/CKueFm-KH9v\/?igshid=1t8fu184ykf71\">https:\/\/www.instagram.com\/tv\/CKueFm-KH9v\/?igshid=1t8fu184ykf71<\/a><\/p>\n<p>&nbsp;<\/p>\n","protected":false},"excerpt":{"rendered":"<p>L\u2019AMPA<br \/>\nDes de fa m\u00e9s de 35 anys al servei de les fam\u00edlies!<br \/>\n<a href=\"https:\/\/agora.xtec.cat\/ceipmisericordia-reus\/wp-content\/uploads\/usu2066\/2021\/02\/1-1.jpg\"><\/a><a href=\"mailto:ampaceipmiseric\u00f2rdia@gmail.com\">ampaceipmiseric\u00f2rdia@gmail.com<\/a><br \/>\nSalutaci\u00f3 de la junta:<br \/>\nVolem donar la benvinguda a aquesta nova etapa amb una AMPA renovada, plantant cara a nous projectes, nous reptes, en uns temps que semblen dif\u00edcils.<br \/>\nPer\u00f2 amb molta energia positiva.<br \/>\nVolem&hellip;  <a href=\"https:\/\/agora.xtec.cat\/ceipmisericordia-reus\/ampa-1\/\" title=\"Read AMPA\">Llegeix m\u00e9s\u00bb<\/a><\/p>\n","protected":false},"author":1,"featured_media":0,"parent":0,"menu_order":0,"comment_status":"closed","ping_status":"closed","template":"","meta":{"_bbp_topic_count":0,"_bbp_reply_count":0,"_bbp_total_topic_count":0,"_bbp_total_reply_count":0,"_bbp_voice_count":0,"_bbp_anonymous_reply_count":0,"_bbp_topic_count_hidden":0,"_bbp_reply_count_hidden":0,"_bbp_forum_subforum_count":0,"footnotes":""},"class_list":["post-712","page","type-page","status-publish","hentry"],"post_mailing_queue_ids":[],"_links":{"self":[{"href":"https:\/\/agora.xtec.cat\/ceipmisericordia-reus\/wp-json\/wp\/v2\/pages\/712","targetHints":{"allow":["GET"]}}],"collection":[{"href":"https:\/\/agora.xtec.cat\/ceipmisericordia-reus\/wp-json\/wp\/v2\/pages"}],"about":[{"href":"https:\/\/agora.xtec.cat\/ceipmisericordia-reus\/wp-json\/wp\/v2\/types\/page"}],"author":[{"embeddable":true,"href":"https:\/\/agora.xtec.cat\/ceipmisericordia-reus\/wp-json\/wp\/v2\/users\/1"}],"replies":[{"embeddable":true,"href":"https:\/\/agora.xtec.cat\/ceipmisericordia-reus\/wp-json\/wp\/v2\/comments?post=712"}],"version-history":[{"count":4,"href":"https:\/\/agora.xtec.cat\/ceipmisericordia-reus\/wp-json\/wp\/v2\/pages\/712\/revisions"}],"predecessor-version":[{"id":10584,"href":"https:\/\/agora.xtec.cat\/ceipmisericordia-reus\/wp-json\/wp\/v2\/pages\/712\/revisions\/10584"}],"wp:attachment":[{"href":"https:\/\/agora.xtec.cat\/ceipmisericordia-reus\/wp-json\/wp\/v2\/media?parent=712"}],"curies":[{"name":"wp","href":"https:\/\/api.w.org\/{rel}","templated":true}]}}