{"id":28,"date":"2014-09-18T12:29:35","date_gmt":"2014-09-18T11:29:35","guid":{"rendered":"http:\/\/agora.xtec.cat\/ceipmisericordia-reus\/?page_id=28"},"modified":"2026-02-04T09:35:33","modified_gmt":"2026-02-04T08:35:33","slug":"consell-escolar","status":"publish","type":"page","link":"https:\/\/agora.xtec.cat\/ceipmisericordia-reus\/lescola\/consell-escolar\/","title":{"rendered":"Consell escolar"},"content":{"rendered":"<h4 id=\"FW_bloc_951ef9be-5613-11e4-9770-000c29cdf219_2\" class=\"FW_ancora\">Qu\u00e8 \u00e9s el consell escolar?<\/h4>\n<div class=\"FW_sArticleFoto\">\n<div class=\"FW_sEditPro\">\n<p>El consell escolar \u00e9s l&#8217;\u00f2rgan de participaci\u00f3 dels diferents sectors de la comunitat educativa en el govern dels centres. La funci\u00f3 principal del consell escolar \u00e9s participar en la presa de decisions en relaci\u00f3 amb aquells temes importants per al funcionament i l&#8217;organitzaci\u00f3 del centre: el projecte educatiu, la programaci\u00f3 general, la gesti\u00f3 econ\u00f2mica, la resoluci\u00f3 dels conflictes, les activitats extraescolars, l&#8217;horari lectiu, etc.<\/p>\n<h4 id=\"FW_bloc_951ef9be-5613-11e4-9770-000c29cdf219_3\" class=\"FW_ancora\">Qui forma el consell escolar?<\/h4>\n<div class=\"FW_sArticleFoto\">\n<div class=\"FW_sEditPro\">\n<p>Actualment est\u00e0 constitu\u00eft de la seg\u00fcent manera:<\/p>\n<ul>\n<li><strong data-canvas-width=\"247.25644866650566\">Representants sector professorat:<\/strong>\n<ul>\n<li>M. Jos\u00e9 Catalina Vilaplana<\/li>\n<li>Laura Curto Forn\u00f3s<\/li>\n<li>Ana M. Dom\u00ednguez Garc\u00eda<\/li>\n<li>Laura Mir\u00f3 Cabr\u00e9<\/li>\n<li>Pilar Segu\u00ed Herrero<\/li>\n<li>Marta Serrano Gallardo<\/li>\n<\/ul>\n<\/li>\n<li><strong data-canvas-width=\"211.5998923740929\">Representants sector fam\u00edlies de l\u2019alumnat:<\/strong>\n<ul>\n<li>Thouriya Aouragh<\/li>\n<li>Catalina Campo Correa<\/li>\n<li>Naima Chahete Kamal<\/li>\n<li>Cristina Fern\u00e1ndez Delgado<\/li>\n<li>Cristina P\u00e9rez Villar<\/li>\n<\/ul>\n<\/li>\n<li><strong>Representant Ajuntament:<\/strong> Gisela Ferran Serrat<\/li>\n<li><strong>Representant de l&#8217;AMPA: <\/strong>Emilia Moreno Heredia<\/li>\n<li><strong>Representant sector PAS<\/strong>: Jes\u00fas Manzaneda Viana<\/li>\n<li><strong>Representant sector PAE: <\/strong>Meritxell Vernis Vila<\/li>\n<li><strong>Cap d\u2019Estudis<\/strong>: Carlos Herruz Pamies<\/li>\n<li><strong>Secret\u00e0ria<\/strong>: Marta Ortega de Dios<\/li>\n<li><strong>Directora i Presidenta del Consell Escolar: <\/strong>Carme Masip Perell\u00f3<\/li>\n<\/ul>\n<\/div>\n<\/div>\n<\/div>\n<\/div>\n<div class=\"FW_sArticleFoto\">\n<div class=\"FW_sEditPro\">\n<div class=\"FW_sArticleFoto\">\n<div class=\"FW_sEditPro\">\n<div class=\"FW_sArticleFoto\">\n<div class=\"FW_sEditPro\">\n<h4 id=\"FW_bloc_951ef9be-5613-11e4-9770-000c29cdf219_6\" class=\"FW_ancora\">Cada quan es convoquen eleccions?<\/h4>\n<div class=\"FW_sArticleFoto\">\n<div class=\"FW_sEditPro\">\n<p>Els representants del consell escolar s\u00f3n escollits per un per\u00edode de quatre anys, per\u00f2 cada dos anys es convoquen eleccions per renovar la meitat dels seus membres.<\/p>\n<p>Les eleccions per a la renovaci\u00f3 del consell escolar les convoca el director del centre p\u00fablic o la persona titular del centre privat concertat.<\/p>\n<p>Les vacants del consell escolar s&#8217;ocupen segons els resultats de les eleccions. Si un membre deixa el consell, passar\u00e0 a ocupar el seu lloc la seg\u00fcent candidatura m\u00e9s votada en les darreres eleccions. Si no hi ha m\u00e9s candidats per cobrir la pla\u00e7a, queda vacant fins a la propera renovaci\u00f3 del consell escolar.<\/p>\n<h4 id=\"FW_bloc_951ef9be-5613-11e4-9770-000c29cdf219_7\" class=\"FW_ancora\">Com podeu participar en les eleccions del consell escolar?<\/h4>\n<div class=\"FW_sArticleFoto\">\n<div class=\"FW_sEditPro\">\n<p>En les eleccions, les fam\u00edlies hi podeu participar de dues maneres diferents:<\/p>\n<ul>\n<li>Presentant-vos com a candidats per representar els pares i mares al consell escolar.<\/li>\n<li>Participant el dia que el centre convoqui les eleccions votant els candidats que considereu m\u00e9s representatius.<\/li>\n<\/ul>\n<h4 id=\"FW_bloc_951ef9be-5613-11e4-9770-000c29cdf219_8\" class=\"FW_ancora\">Per qu\u00e8 \u00e9s important que les fam\u00edlies participeu en el consell escolar?<\/h4>\n<div class=\"FW_sArticleFoto\">\n<div class=\"FW_sEditPro\">\n<ul>\n<li>Sou els responsables de la formaci\u00f3 dels vostres fills i \u00e9s important tenir uns bons representants al consell escolar que us informin i facin arribar la vostra veu.<\/li>\n<li>Les fam\u00edlies i els docents compartim un mateix objectiu. Per aix\u00f2 hem de ser capa\u00e7os de decidir, entre tots, a qu\u00e8 ens comprometem per aconseguir-ho.<\/li>\n<li>Les fam\u00edlies teniu el dret de participar de manera democr\u00e0tica en l\u2019organitzaci\u00f3 del centre. Aquesta \u00e9s una manera de valorar l&#8217;escola i tamb\u00e9 contribu\u00efu que el vostre fill la valori.<\/li>\n<li>L&#8217;\u00e8xit educatiu del vostre fill tamb\u00e9 dep\u00e8n del funcionament i el clima de centre. Implicar-vos en el seguiment i l&#8217;avaluaci\u00f3 d&#8217;aquest funcionament incideix en el desenvolupament i creixement personal dels vostres fills.<\/li>\n<li>\u00c9s la manera de fer arribar la vostra veu en temes que us poden preocupar, com activitats extraescolars o quina \u00e9s l&#8217;alimentaci\u00f3 que han de rebre en el menjador escolar.<\/li>\n<li>\u00c9s important tenir una escola oberta a l&#8217;entorn, que col\u00b7labori amb els altres centres i les diferents entitats i que entre tots pugueu fer del vostre municipi, barri o poble un entorn m\u00e9s educatiu i cohesionat. El consell escolar decideix quines han de ser aquestes relacions.<\/li>\n<\/ul>\n<\/div>\n<\/div>\n<\/div>\n<\/div>\n<\/div>\n<\/div>\n<\/div>\n<\/div>\n<\/div>\n<\/div>\n<\/div>\n<\/div>\n","protected":false},"excerpt":{"rendered":"<p>Qu\u00e8 \u00e9s el consell escolar?<\/p>\n<p>El consell escolar \u00e9s l&#8217;\u00f2rgan de participaci\u00f3 dels diferents sectors de la comunitat educativa en el govern dels centres. La funci\u00f3 principal del consell escolar \u00e9s participar en la presa de decisions en relaci\u00f3 amb aquells temes importants per al funcionament&hellip;  <a href=\"https:\/\/agora.xtec.cat\/ceipmisericordia-reus\/lescola\/consell-escolar\/\" title=\"Read Consell escolar\">Llegeix m\u00e9s\u00bb<\/a><\/p>\n","protected":false},"author":1,"featured_media":0,"parent":22,"menu_order":2,"comment_status":"closed","ping_status":"closed","template":"page-templates\/side-menu.php","meta":{"_bbp_topic_count":0,"_bbp_reply_count":0,"_bbp_total_topic_count":0,"_bbp_total_reply_count":0,"_bbp_voice_count":0,"_bbp_anonymous_reply_count":0,"_bbp_topic_count_hidden":0,"_bbp_reply_count_hidden":0,"_bbp_forum_subforum_count":0,"footnotes":""},"class_list":["post-28","page","type-page","status-publish","hentry"],"post_mailing_queue_ids":[],"_links":{"self":[{"href":"https:\/\/agora.xtec.cat\/ceipmisericordia-reus\/wp-json\/wp\/v2\/pages\/28","targetHints":{"allow":["GET"]}}],"collection":[{"href":"https:\/\/agora.xtec.cat\/ceipmisericordia-reus\/wp-json\/wp\/v2\/pages"}],"about":[{"href":"https:\/\/agora.xtec.cat\/ceipmisericordia-reus\/wp-json\/wp\/v2\/types\/page"}],"author":[{"embeddable":true,"href":"https:\/\/agora.xtec.cat\/ceipmisericordia-reus\/wp-json\/wp\/v2\/users\/1"}],"replies":[{"embeddable":true,"href":"https:\/\/agora.xtec.cat\/ceipmisericordia-reus\/wp-json\/wp\/v2\/comments?post=28"}],"version-history":[{"count":5,"href":"https:\/\/agora.xtec.cat\/ceipmisericordia-reus\/wp-json\/wp\/v2\/pages\/28\/revisions"}],"predecessor-version":[{"id":12037,"href":"https:\/\/agora.xtec.cat\/ceipmisericordia-reus\/wp-json\/wp\/v2\/pages\/28\/revisions\/12037"}],"up":[{"embeddable":true,"href":"https:\/\/agora.xtec.cat\/ceipmisericordia-reus\/wp-json\/wp\/v2\/pages\/22"}],"wp:attachment":[{"href":"https:\/\/agora.xtec.cat\/ceipmisericordia-reus\/wp-json\/wp\/v2\/media?parent=28"}],"curies":[{"name":"wp","href":"https:\/\/api.w.org\/{rel}","templated":true}]}}