{"id":5094,"date":"2025-04-25T15:53:57","date_gmt":"2025-04-25T13:53:57","guid":{"rendered":"https:\/\/agora.xtec.cat\/ceipmilagrosconsarnau\/?page_id=5094"},"modified":"2025-04-27T22:28:36","modified_gmt":"2025-04-27T20:28:36","slug":"5094-2","status":"publish","type":"page","link":"https:\/\/agora.xtec.cat\/ceipmilagrosconsarnau\/pagines-dinici\/5094-2\/","title":{"rendered":""},"content":{"rendered":"\n<p class=\"has-text-align-center has-large-font-size\">\ud83c\udfa8&nbsp;Un mural per explicar la nostra hist\u00f2ria!&nbsp;\ud83c\udf89<\/p>\n\n\n\n<p class=\"has-text-align-center has-background has-medium-font-size\" style=\"background:linear-gradient(135deg,rgb(255,245,203) 0%,rgb(182,227,212) 59%,rgb(51,167,181) 100%)\"><strong>Un viatge compartit ple de significat<\/strong><\/p>\n\n\n\n<p class=\"has-text-align-left has-background\" style=\"background-color:#f1f9f4\">Aquest projecte neix de les viv\u00e8ncies, els vincles i els valors que es viuen cada dia a la nostra escola i ha pres forma en un moment molt especial: la celebraci\u00f3 dels&nbsp;<strong>50 anys de l\u2019escola<\/strong>. Mig segle d\u2019hist\u00f2ria compartida, d\u2019aprenentatges i de persones que han deixat petjada. A trav\u00e9s d\u2019aquest acte col\u00b7lectiu hem volgut fer visible qui som, d\u2019on venim i com volem continuar construint el nostre cam\u00ed.<\/p>\n\n\n\n<p class=\"has-background\" style=\"background-color:#f6f3f0\">En el marc de la celebraci\u00f3 dels&nbsp;<strong>50 anys de l\u2019Escola Milagros Consarnau<\/strong>, hem volgut plasmar la nostra hist\u00f2ria d\u2019una manera especial i \u00fanica. L\u2019il\u00b7lustrador&nbsp;<strong>Valent\u00ed Gubianas<\/strong>, que ha col\u00b7laborat en diverses ocasions amb l\u2019escola, ha estat l\u2019encarregat de donar forma i color a aquest recorregut visual, que ara llueix a la fa\u00e7ana principal del centre.<\/p>\n\n\n\n<p class=\"has-background\" style=\"background-color:#f1f9f4\">El mural representa&nbsp;<strong>l\u2019evoluci\u00f3 de l\u2019escola i del barri<\/strong>, des del curs&nbsp;<strong>1974-75<\/strong>, quan l\u2019escola va obrir les portes, fins al&nbsp;<strong>2024-25<\/strong>, any del nostre 50\u00e8 aniversari. Cada escena recull moments i elements clau que han marcat aquesta traject\u00f2ria, connectant el passat, el present i el futur de la nostra comunitat educativa.<\/p>\n\n\n\n<p class=\"has-background\" style=\"background-color:#f6f3f0\">Com al viatge del Petit Pr\u00edncep, cada espai ens convida a mirar el m\u00f3n amb uns altres ulls i a recon\u00e8ixer all\u00f2 que \u00e9s realment essencial.<\/p>\n\n\n\n<p>\ud83d\udcf8 A continuaci\u00f3, us expliquem cada part d\u2019aquesta obra tan especial!<\/p>\n\n\n\n<figure class=\"wp-block-image alignfull size-large\"><a href=\"https:\/\/agora.xtec.cat\/ceipmilagrosconsarnau\/wp-content\/uploads\/usu532\/2025\/03\/Captura-de-pantalla-2025-03-30-a-les-15.46.57-1.png\"><img loading=\"lazy\" decoding=\"async\" width=\"1024\" height=\"709\" src=\"https:\/\/agora.xtec.cat\/ceipmilagrosconsarnau\/wp-content\/uploads\/usu532\/2025\/03\/Captura-de-pantalla-2025-03-30-a-les-15.46.57-1-1024x709.png\" alt=\"\" class=\"wp-image-5097\" srcset=\"https:\/\/agora.xtec.cat\/ceipmilagrosconsarnau\/wp-content\/uploads\/usu532\/2025\/03\/Captura-de-pantalla-2025-03-30-a-les-15.46.57-1-1024x709.png 1024w, https:\/\/agora.xtec.cat\/ceipmilagrosconsarnau\/wp-content\/uploads\/usu532\/2025\/03\/Captura-de-pantalla-2025-03-30-a-les-15.46.57-1-300x208.png 300w, https:\/\/agora.xtec.cat\/ceipmilagrosconsarnau\/wp-content\/uploads\/usu532\/2025\/03\/Captura-de-pantalla-2025-03-30-a-les-15.46.57-1-768x532.png 768w, https:\/\/agora.xtec.cat\/ceipmilagrosconsarnau\/wp-content\/uploads\/usu532\/2025\/03\/Captura-de-pantalla-2025-03-30-a-les-15.46.57-1-1536x1063.png 1536w, https:\/\/agora.xtec.cat\/ceipmilagrosconsarnau\/wp-content\/uploads\/usu532\/2025\/03\/Captura-de-pantalla-2025-03-30-a-les-15.46.57-1.png 1884w\" sizes=\"auto, (max-width: 1024px) 100vw, 1024px\" \/><\/a><\/figure>\n\n\n\n<p><\/p>\n\n\n\n<details class=\"wp-block-details is-layout-flow wp-block-details-is-layout-flow\" style=\"border-width:3px\"><summary>Aquesta primera part del mural captura l\u2019ess\u00e8ncia del barri quan l\u2019escola va obrir les seves portes el&nbsp;<strong>curs 1974-75<\/strong>.<\/summary>\n<p>Es poden veure els&nbsp;<strong>camps de conreu<\/strong>&nbsp;que antigament envoltaven l\u2019espai, aix\u00ed com la figura dels&nbsp;<strong>pagesos<\/strong>, que representen la vida i l\u2019activitat agr\u00edcola de l\u2019\u00e8poca.<br>Un element clau \u00e9s <strong>el&nbsp;Carrilet<\/strong>, un tren que passava just pel costat de l\u2019escola i va ser un s\u00edmbol de connexi\u00f3 i transformaci\u00f3 per al barri. L\u2019escena transmet moviment i canvi, amb una dona escampant llavors que, a mesura que avancen, es transformaran en noves realitats, simbolitzant el creixement i l\u2019evoluci\u00f3 de l\u2019escola i la comunitat.<\/p>\n<\/details>\n\n\n\n<p><\/p>\n\n\n\n<figure class=\"wp-block-image alignfull size-large\"><a href=\"https:\/\/agora.xtec.cat\/ceipmilagrosconsarnau\/wp-content\/uploads\/usu532\/2025\/04\/Captura-de-pantalla-2025-04-06-a-les-22.45.36.png\"><img loading=\"lazy\" decoding=\"async\" width=\"925\" height=\"1024\" src=\"https:\/\/agora.xtec.cat\/ceipmilagrosconsarnau\/wp-content\/uploads\/usu532\/2025\/04\/Captura-de-pantalla-2025-04-06-a-les-22.45.36-925x1024.png\" alt=\"\" class=\"wp-image-5119\" srcset=\"https:\/\/agora.xtec.cat\/ceipmilagrosconsarnau\/wp-content\/uploads\/usu532\/2025\/04\/Captura-de-pantalla-2025-04-06-a-les-22.45.36-925x1024.png 925w, https:\/\/agora.xtec.cat\/ceipmilagrosconsarnau\/wp-content\/uploads\/usu532\/2025\/04\/Captura-de-pantalla-2025-04-06-a-les-22.45.36-271x300.png 271w, https:\/\/agora.xtec.cat\/ceipmilagrosconsarnau\/wp-content\/uploads\/usu532\/2025\/04\/Captura-de-pantalla-2025-04-06-a-les-22.45.36-768x850.png 768w, https:\/\/agora.xtec.cat\/ceipmilagrosconsarnau\/wp-content\/uploads\/usu532\/2025\/04\/Captura-de-pantalla-2025-04-06-a-les-22.45.36.png 970w\" sizes=\"auto, (max-width: 925px) 100vw, 925px\" \/><\/a><\/figure>\n\n\n\n<details class=\"wp-block-details is-layout-flow wp-block-details-is-layout-flow\" style=\"border-width:3px\"><summary>\ud83c\udf0d&nbsp;<strong>El planeta del barri i les f\u00e0briques del passat<\/strong>&nbsp;\ud83c\udfed\u2708\ufe0f<\/summary>\n<p>En aquesta part del mural, l\u2019artista ens transporta a una altra etapa clau del nostre entorn: el temps en qu\u00e8&nbsp;<strong>les f\u00e0briques formaven part del paisatge habitual<\/strong>&nbsp;del barri.<\/p>\n\n\n\n<p>El&nbsp;<strong>planeta<\/strong>&nbsp;simbolitza&nbsp;<strong>la ciutat i el nostre barri<\/strong>, un petit m\u00f3n on tot coexistia: ind\u00fastria, vida quotidiana i transformaci\u00f3. Al seu cim, una&nbsp;<strong>f\u00e0brica amb una gran xemeneia<\/strong>&nbsp;que treu fum de colors, recorda aquella etapa de creixement industrial.<\/p>\n\n\n\n<p>L\u2019<strong>avi\u00f3 volant<\/strong>&nbsp;i els colors vius que l\u2019envolten representen el dinamisme d\u2019una \u00e8poca de canvis i moviment, una mirada al cel i a l\u2019horitz\u00f3, cap a un futur que comen\u00e7ava a prendre forma.<\/p>\n<\/details>\n\n\n\n<p><\/p>\n\n\n\n<figure class=\"wp-block-image alignfull size-large\"><a href=\"https:\/\/agora.xtec.cat\/ceipmilagrosconsarnau\/wp-content\/uploads\/usu532\/2025\/04\/Captura-de-pantalla-2025-04-06-a-les-22.36.21.png\"><img loading=\"lazy\" decoding=\"async\" width=\"1024\" height=\"768\" src=\"https:\/\/agora.xtec.cat\/ceipmilagrosconsarnau\/wp-content\/uploads\/usu532\/2025\/04\/Captura-de-pantalla-2025-04-06-a-les-22.36.21-1024x768.png\" alt=\"\" class=\"wp-image-5115\" srcset=\"https:\/\/agora.xtec.cat\/ceipmilagrosconsarnau\/wp-content\/uploads\/usu532\/2025\/04\/Captura-de-pantalla-2025-04-06-a-les-22.36.21-1024x768.png 1024w, https:\/\/agora.xtec.cat\/ceipmilagrosconsarnau\/wp-content\/uploads\/usu532\/2025\/04\/Captura-de-pantalla-2025-04-06-a-les-22.36.21-300x225.png 300w, https:\/\/agora.xtec.cat\/ceipmilagrosconsarnau\/wp-content\/uploads\/usu532\/2025\/04\/Captura-de-pantalla-2025-04-06-a-les-22.36.21-768x576.png 768w, https:\/\/agora.xtec.cat\/ceipmilagrosconsarnau\/wp-content\/uploads\/usu532\/2025\/04\/Captura-de-pantalla-2025-04-06-a-les-22.36.21.png 1450w\" sizes=\"auto, (max-width: 1024px) 100vw, 1024px\" \/><\/a><\/figure>\n\n\n\n<details class=\"wp-block-details is-layout-flow wp-block-details-is-layout-flow\" style=\"border-width:3px\"><summary>\ud83d\udcab&nbsp;<strong>L\u2019ess\u00e8ncia que ens defineix<\/strong>&nbsp;\ud83c\udf1f<\/summary>\n<p>Just a l\u2019<strong>entrada principal de l\u2019escola<\/strong>, ens rep una figura inspirada en&nbsp;<em>El Petit Pr\u00edncep<\/em>, s\u00edmbol de tendresa, sensibilitat i mirada profunda cap al que \u00e9s realment important. Al seu costat, la frase que ens acompanya com a escola i que ens representa:<br><strong>\u201cL\u2019essencial \u00e9s invisible als ulls.\u201d<\/strong><\/p>\n\n\n\n<p>Aquest missatge ens recorda que no tot es veu a primera vista. Que all\u00f2 que de veritat importa \u2014els valors, els sentiments, l\u2019esfor\u00e7, el respecte, l\u2019afecte\u2014&nbsp;<strong>no es veu, per\u00f2 es nota i es viu<\/strong>.<\/p>\n\n\n\n<p>Un espai que convida a entrar amb el cor obert i la mirada atenta a l\u2019ess\u00e8ncia de les coses.<\/p>\n\n\n\n<div style=\"height:18px\" aria-hidden=\"true\" class=\"wp-block-spacer\"><\/div>\n<\/details>\n\n\n\n<p><\/p>\n\n\n\n<figure class=\"wp-block-image alignfull size-full\"><a href=\"https:\/\/agora.xtec.cat\/ceipmilagrosconsarnau\/wp-content\/uploads\/usu532\/2025\/04\/Captura-de-pantalla-2025-04-06-a-les-22.43.23.png\"><img loading=\"lazy\" decoding=\"async\" width=\"974\" height=\"882\" src=\"https:\/\/agora.xtec.cat\/ceipmilagrosconsarnau\/wp-content\/uploads\/usu532\/2025\/04\/Captura-de-pantalla-2025-04-06-a-les-22.43.23.png\" alt=\"\" class=\"wp-image-5118\" srcset=\"https:\/\/agora.xtec.cat\/ceipmilagrosconsarnau\/wp-content\/uploads\/usu532\/2025\/04\/Captura-de-pantalla-2025-04-06-a-les-22.43.23.png 974w, https:\/\/agora.xtec.cat\/ceipmilagrosconsarnau\/wp-content\/uploads\/usu532\/2025\/04\/Captura-de-pantalla-2025-04-06-a-les-22.43.23-300x272.png 300w, https:\/\/agora.xtec.cat\/ceipmilagrosconsarnau\/wp-content\/uploads\/usu532\/2025\/04\/Captura-de-pantalla-2025-04-06-a-les-22.43.23-768x695.png 768w\" sizes=\"auto, (max-width: 974px) 100vw, 974px\" \/><\/a><\/figure>\n\n\n\n<details class=\"wp-block-details is-layout-flow wp-block-details-is-layout-flow\" style=\"border-width:3px\"><summary>\ud83c\udfc3\u200d\u2640\ufe0f&nbsp;<strong>Caminant junts cap al present<\/strong>&nbsp;\ud83c\udf3f<\/summary>\n<p>Aquesta escena ens transporta cap a&nbsp;<strong>l\u2019actualitat<\/strong>&nbsp;de l\u2019escola, on l\u2019energia, la vitalitat i el vincle amb les fam\u00edlies s\u00f3n protagonistes. La cursa representada al mural fa refer\u00e8ncia a una de les activitats que fem amb m\u00e9s il\u00b7lusi\u00f3:&nbsp;<strong>la cursa al parc de l\u2019Alhambra<\/strong>, una tradici\u00f3 que ens uneix cada any.<\/p>\n\n\n\n<p>Aquest moment simbolitza&nbsp;<strong>el cam\u00ed compartit<\/strong>&nbsp;entre escola i fam\u00edlies. Cadascun de nosaltres corre, camina, acompanya&#8230; per\u00f2 ho fem plegats,&nbsp;<strong>avan\u00e7ant en comunitat, amb esfor\u00e7 i entusiasme<\/strong>.<\/p>\n\n\n\n<p>Una mostra m\u00e9s de com&nbsp;<strong>cr\u00e9ixer junts<\/strong>&nbsp;fa m\u00e9s forta la nostra escola.<\/p>\n<\/details>\n\n\n\n<p><\/p>\n\n\n\n<figure class=\"wp-block-image alignfull size-large\"><a href=\"https:\/\/agora.xtec.cat\/ceipmilagrosconsarnau\/wp-content\/uploads\/usu532\/2025\/04\/IMG_2862-2-scaled.jpg\"><img loading=\"lazy\" decoding=\"async\" width=\"1024\" height=\"409\" src=\"https:\/\/agora.xtec.cat\/ceipmilagrosconsarnau\/wp-content\/uploads\/usu532\/2025\/04\/IMG_2862-2-1024x409.jpg\" alt=\"\" class=\"wp-image-5122\" srcset=\"https:\/\/agora.xtec.cat\/ceipmilagrosconsarnau\/wp-content\/uploads\/usu532\/2025\/04\/IMG_2862-2-1024x409.jpg 1024w, https:\/\/agora.xtec.cat\/ceipmilagrosconsarnau\/wp-content\/uploads\/usu532\/2025\/04\/IMG_2862-2-300x120.jpg 300w, https:\/\/agora.xtec.cat\/ceipmilagrosconsarnau\/wp-content\/uploads\/usu532\/2025\/04\/IMG_2862-2-768x307.jpg 768w, https:\/\/agora.xtec.cat\/ceipmilagrosconsarnau\/wp-content\/uploads\/usu532\/2025\/04\/IMG_2862-2-1536x614.jpg 1536w, https:\/\/agora.xtec.cat\/ceipmilagrosconsarnau\/wp-content\/uploads\/usu532\/2025\/04\/IMG_2862-2-2048x818.jpg 2048w\" sizes=\"auto, (max-width: 1024px) 100vw, 1024px\" \/><\/a><\/figure>\n\n\n\n<details class=\"wp-block-details is-layout-flow wp-block-details-is-layout-flow\" style=\"border-width:3px;font-style:normal;font-weight:400\"><summary>Dins la imaginaci\u00f3: La gimcana en fam\u00edlia.<\/summary>\n<p>Aquesta escena tan plena de vida i color representa un dels moments m\u00e9s m\u00e0gics del curs:&nbsp;<strong>la gimcana amb fam\u00edlies durant la Setmana Cultural<\/strong>. Una activitat que va molt m\u00e9s enll\u00e0 del joc \u2014\u00e9s un espai per&nbsp;<strong>connectar, compartir i crear vincles<\/strong>&nbsp;entre grans i petits, entre escola i comunitat.<\/p>\n\n\n\n<p>Tots aquests personatges alegres i somrients es troben&nbsp;<strong>dins d\u2019una gran boa<\/strong>, en un clar homenatge al Petit Pr\u00edncep, convidant-nos a&nbsp;<strong>mirar m\u00e9s enll\u00e0<\/strong>&nbsp;de les aparences. Com aquell fam\u00f3s dibuix que semblava un barret, per\u00f2 era una serp que s\u2019havia empassat un elefant,&nbsp;<strong>aqu\u00ed el mural ens recorda que cal deixar anar la imaginaci\u00f3 i veure amb el cor.<\/strong><\/p>\n\n\n\n<p>La gimcana \u00e9s el reflex d\u2019una escola&nbsp;<strong>oberta, creativa i propera<\/strong>, on l&#8217;ess\u00e8ncia es troba en les&nbsp;<strong>relacions que constru\u00efm i les experi\u00e8ncies que compartim<\/strong>.<\/p>\n\n\n\n<p><\/p>\n\n\n\n<p><\/p>\n\n\n\n<p><\/p>\n<\/details>\n\n\n\n<p><\/p>\n\n\n\n<figure class=\"wp-block-image alignfull size-large\"><a href=\"https:\/\/agora.xtec.cat\/ceipmilagrosconsarnau\/wp-content\/uploads\/usu532\/2025\/04\/Captura-de-pantalla-2025-04-08-a-les-21.57.04.png\"><img loading=\"lazy\" decoding=\"async\" width=\"1024\" height=\"952\" src=\"https:\/\/agora.xtec.cat\/ceipmilagrosconsarnau\/wp-content\/uploads\/usu532\/2025\/04\/Captura-de-pantalla-2025-04-08-a-les-21.57.04-1024x952.png\" alt=\"\" class=\"wp-image-5132\" srcset=\"https:\/\/agora.xtec.cat\/ceipmilagrosconsarnau\/wp-content\/uploads\/usu532\/2025\/04\/Captura-de-pantalla-2025-04-08-a-les-21.57.04-1024x952.png 1024w, https:\/\/agora.xtec.cat\/ceipmilagrosconsarnau\/wp-content\/uploads\/usu532\/2025\/04\/Captura-de-pantalla-2025-04-08-a-les-21.57.04-300x279.png 300w, https:\/\/agora.xtec.cat\/ceipmilagrosconsarnau\/wp-content\/uploads\/usu532\/2025\/04\/Captura-de-pantalla-2025-04-08-a-les-21.57.04-768x714.png 768w, https:\/\/agora.xtec.cat\/ceipmilagrosconsarnau\/wp-content\/uploads\/usu532\/2025\/04\/Captura-de-pantalla-2025-04-08-a-les-21.57.04.png 1426w\" sizes=\"auto, (max-width: 1024px) 100vw, 1024px\" \/><\/a><\/figure>\n\n\n\n<details class=\"wp-block-details is-layout-flow wp-block-details-is-layout-flow\" style=\"border-width:3px\"><summary>\ud83c\udfd9\ufe0f&nbsp;<strong>Entre canvis i vincles: barri i generacions<\/strong>&nbsp;\ud83d\udc75\ud83c\udffd\ud83e\uddd2\ud83c\udffd\u2696\ufe0f<\/summary>\n<p>Aquesta imatge ens parla de&nbsp;<strong>dos mons aparentment molt diferents per\u00f2 estretament connectats<\/strong>&nbsp;amb la vida de l\u2019escola. A l&#8217;esquerra, veiem la representaci\u00f3 de la&nbsp;<strong>Ciutat de la Just\u00edcia<\/strong>, un dels grans canvis urban\u00edstics que ha transformat l&#8217;entorn del nostre barri. Un s\u00edmbol de com la ciutat creix i es mou, i de com els infants creixen tamb\u00e9 dins d&#8217;aquest teixit urb\u00e0.<\/p>\n\n\n\n<p>A la dreta, un moment tendr\u00edssim: una nena dona la m\u00e0 a una dona gran. Aquesta escena representa les trobades que fem amb els avis i \u00e0vies de la&nbsp;<strong>resid\u00e8ncia Prytanis<\/strong>. Amb aquestes visites, creem un espai ple de valor emocional i hum\u00e0, on&nbsp;<strong>les mirades s\u2019encreuen, les hist\u00f2ries s\u2019intercanvien i els cors s\u2019acompanyen<\/strong>. \u00c9s una experi\u00e8ncia que deixa empremta tant en petits com en grans.<\/p>\n\n\n\n<p>Aquest vincle entre generacions \u00e9s essencial. Ens ajuda a&nbsp;<strong>fomentar l\u2019empatia, l\u2019escolta, el respecte<\/strong>&nbsp;i a entendre que tothom t\u00e9 un lloc i una veu en la nostra comunitat.<\/p>\n<\/details>\n\n\n\n<p><\/p>\n\n\n\n<figure class=\"wp-block-image alignfull size-large\"><a href=\"https:\/\/agora.xtec.cat\/ceipmilagrosconsarnau\/wp-content\/uploads\/usu532\/2025\/04\/Captura-de-pantalla-2025-04-22-a-les-19.07.11.png\"><img loading=\"lazy\" decoding=\"async\" width=\"1024\" height=\"380\" src=\"https:\/\/agora.xtec.cat\/ceipmilagrosconsarnau\/wp-content\/uploads\/usu532\/2025\/04\/Captura-de-pantalla-2025-04-22-a-les-19.07.11-1024x380.png\" alt=\"\" class=\"wp-image-5154\" srcset=\"https:\/\/agora.xtec.cat\/ceipmilagrosconsarnau\/wp-content\/uploads\/usu532\/2025\/04\/Captura-de-pantalla-2025-04-22-a-les-19.07.11-1024x380.png 1024w, https:\/\/agora.xtec.cat\/ceipmilagrosconsarnau\/wp-content\/uploads\/usu532\/2025\/04\/Captura-de-pantalla-2025-04-22-a-les-19.07.11-300x111.png 300w, https:\/\/agora.xtec.cat\/ceipmilagrosconsarnau\/wp-content\/uploads\/usu532\/2025\/04\/Captura-de-pantalla-2025-04-22-a-les-19.07.11-768x285.png 768w, https:\/\/agora.xtec.cat\/ceipmilagrosconsarnau\/wp-content\/uploads\/usu532\/2025\/04\/Captura-de-pantalla-2025-04-22-a-les-19.07.11-1536x571.png 1536w, https:\/\/agora.xtec.cat\/ceipmilagrosconsarnau\/wp-content\/uploads\/usu532\/2025\/04\/Captura-de-pantalla-2025-04-22-a-les-19.07.11.png 1906w\" sizes=\"auto, (max-width: 1024px) 100vw, 1024px\" \/><\/a><\/figure>\n\n\n\n<details class=\"wp-block-details is-layout-flow wp-block-details-is-layout-flow\" style=\"border-width:3px\"><summary>\ud83e\udd8a&nbsp;<strong>La guineu i el valor de cuidar els vincles<\/strong>&nbsp;\ud83e\udd1d\ud83c\udf1f<\/summary>\n<p>Aquesta escena ens connecta directament amb un dels passatges m\u00e9s emotius i profunds de&nbsp;<em>El Petit Pr\u00edncep<\/em>: la trobada amb la guineu. En el conte, la guineu li ensenya al petit pr\u00edncep el significat de la paraula&nbsp;<strong>\u201cdomesticar\u201d<\/strong>, que vol dir&nbsp;<strong>crear lligams, establir una relaci\u00f3 que ens fa \u00fanics els uns pels altres<\/strong>.<\/p>\n\n\n\n<p>En aquest mural, la guineu porta a l\u2019esquena dues figures, una m\u00e9s gran i una m\u00e9s petita. \u00c9s una imatge tendra i poderosa que representa la&nbsp;<strong>confian\u00e7a, l&#8217;acompanyament i la responsabilitat de cuidar-nos m\u00fatuament<\/strong>. Igual que la guineu del conte, que diu \u201c<em>ets responsable del que has domesticat<\/em>\u201d, aquest dibuix ens recorda que les persones que tenim al nostre costat s\u00f3n importants, i que cal tenir-ne cura amb amor i respecte.<\/p>\n\n\n\n<p>\u00c9s una invitaci\u00f3 a&nbsp;<strong>valorar les relacions quotidianes<\/strong>, a ser presents, i a entendre que quan connectem de veritat amb alg\u00fa, tot canvia: \u201c<em>el temps que has perdut per la teva rosa \u00e9s el que la fa tan important<\/em>\u201d.<\/p>\n<\/details>\n\n\n\n<p><\/p>\n\n\n\n<figure class=\"wp-block-image alignfull size-large\"><a href=\"https:\/\/agora.xtec.cat\/ceipmilagrosconsarnau\/wp-content\/uploads\/usu532\/2025\/04\/Captura-de-pantalla-2025-04-22-a-les-20.15.48.png\"><img loading=\"lazy\" decoding=\"async\" width=\"1024\" height=\"752\" src=\"https:\/\/agora.xtec.cat\/ceipmilagrosconsarnau\/wp-content\/uploads\/usu532\/2025\/04\/Captura-de-pantalla-2025-04-22-a-les-20.15.48-1024x752.png\" alt=\"\" class=\"wp-image-5156\" srcset=\"https:\/\/agora.xtec.cat\/ceipmilagrosconsarnau\/wp-content\/uploads\/usu532\/2025\/04\/Captura-de-pantalla-2025-04-22-a-les-20.15.48-1024x752.png 1024w, https:\/\/agora.xtec.cat\/ceipmilagrosconsarnau\/wp-content\/uploads\/usu532\/2025\/04\/Captura-de-pantalla-2025-04-22-a-les-20.15.48-300x220.png 300w, https:\/\/agora.xtec.cat\/ceipmilagrosconsarnau\/wp-content\/uploads\/usu532\/2025\/04\/Captura-de-pantalla-2025-04-22-a-les-20.15.48-768x564.png 768w, https:\/\/agora.xtec.cat\/ceipmilagrosconsarnau\/wp-content\/uploads\/usu532\/2025\/04\/Captura-de-pantalla-2025-04-22-a-les-20.15.48-1536x1127.png 1536w, https:\/\/agora.xtec.cat\/ceipmilagrosconsarnau\/wp-content\/uploads\/usu532\/2025\/04\/Captura-de-pantalla-2025-04-22-a-les-20.15.48.png 1940w\" sizes=\"auto, (max-width: 1024px) 100vw, 1024px\" \/><\/a><\/figure>\n\n\n\n<details class=\"wp-block-details is-layout-flow wp-block-details-is-layout-flow\" style=\"border-width:3px\"><summary>\ud83c\udf0d&nbsp;<strong>Els ocells, les roses i el viatge de cr\u00e9ixer<\/strong>&nbsp;\ud83d\udd4a\ufe0f\ud83c\udf39<\/summary>\n<p>En aquesta escena veiem uns ocells que ajuden el Petit Pr\u00edncep a viatjar d\u2019un planeta a un altre. Com ells,&nbsp;<strong>les persones que acompanyen l\u2019educaci\u00f3 \u2014equip docent, educadores, monitors, fam\u00edlies\u2014 s\u00f3n qui fan possible aquest vol cap al descobriment.<\/strong><\/p>\n\n\n\n<p> Aquests ocells representen&nbsp;<strong>la confian\u00e7a i el suport<\/strong>&nbsp;que reben els infants al llarg del seu proc\u00e9s d\u2019aprenentatge: s\u00f3n impuls, s\u00f3n pres\u00e8ncia, s\u00f3n aquella m\u00e0 invisible que dona seguretat per volar sols quan arribi el moment.<\/p>\n\n\n\n<p>Acompanyar infants vol dir ajudar-los a cr\u00e9ixer&nbsp;<strong>sense perdre la seva ess\u00e8ncia<\/strong>, i a convertir-se en persones&nbsp;<strong>cr\u00edtiques, lliures, capaces de pensar per si mateixes<\/strong>, i de cuidar all\u00f2 que estimen.<\/p>\n\n\n\n<p><\/p>\n<\/details>\n\n\n\n<p><\/p>\n\n\n\n<figure class=\"wp-block-image alignfull size-large\"><a href=\"https:\/\/agora.xtec.cat\/ceipmilagrosconsarnau\/wp-content\/uploads\/usu532\/2025\/04\/Captura-de-pantalla-2025-04-22-a-les-20.23.28-1.png\"><img loading=\"lazy\" decoding=\"async\" width=\"1024\" height=\"508\" src=\"https:\/\/agora.xtec.cat\/ceipmilagrosconsarnau\/wp-content\/uploads\/usu532\/2025\/04\/Captura-de-pantalla-2025-04-22-a-les-20.23.28-1-1024x508.png\" alt=\"\" class=\"wp-image-5161\" srcset=\"https:\/\/agora.xtec.cat\/ceipmilagrosconsarnau\/wp-content\/uploads\/usu532\/2025\/04\/Captura-de-pantalla-2025-04-22-a-les-20.23.28-1-1024x508.png 1024w, https:\/\/agora.xtec.cat\/ceipmilagrosconsarnau\/wp-content\/uploads\/usu532\/2025\/04\/Captura-de-pantalla-2025-04-22-a-les-20.23.28-1-300x149.png 300w, https:\/\/agora.xtec.cat\/ceipmilagrosconsarnau\/wp-content\/uploads\/usu532\/2025\/04\/Captura-de-pantalla-2025-04-22-a-les-20.23.28-1-768x381.png 768w, https:\/\/agora.xtec.cat\/ceipmilagrosconsarnau\/wp-content\/uploads\/usu532\/2025\/04\/Captura-de-pantalla-2025-04-22-a-les-20.23.28-1-1536x762.png 1536w, https:\/\/agora.xtec.cat\/ceipmilagrosconsarnau\/wp-content\/uploads\/usu532\/2025\/04\/Captura-de-pantalla-2025-04-22-a-les-20.23.28-1-2048x1017.png 2048w\" sizes=\"auto, (max-width: 1024px) 100vw, 1024px\" \/><\/a><\/figure>\n\n\n\n<details class=\"wp-block-details is-layout-flow wp-block-details-is-layout-flow\" style=\"border-width:3px\"><summary>La lectura com a motor d&#8217;imaginaci\u00f3 <\/summary>\n<p>A la nostra escola, llegir \u00e9s molt m\u00e9s que una activitat di\u00e0ria: \u00e9s un moment esperat, compartit i estimat. La lectura ens permet volar, viatjar, imaginar i sentir. Ens acompanya a descobrir mons nous, a entendre\u2019ns millor i a cr\u00e9ixer com a persones.<\/p>\n\n\n\n<p>Aquest mural representa tot all\u00f2 que ens aporta: la llibertat de somiar, el gaudi de submergir-nos en hist\u00f2ries i la m\u00e0gia de compartir-les. Cada llibre \u00e9s un univers, i cada vegada que llegim, comencem una nova aventura.<\/p>\n<\/details>\n\n\n\n<p><\/p>\n\n\n\n<p class=\"has-background\" style=\"background-color:#f1f9f4\">Aquest mural col\u00b7lectiu \u00e9s molt m\u00e9s que pintura sobre paret: \u00e9s una expressi\u00f3 viva de la nostra manera de fer i d\u2019educar. Representa la complicitat, l\u2019afecte i la mirada atenta que acompanya cada infant en el seu cam\u00ed.<\/p>\n\n\n\n<p class=\"has-background\" style=\"background-color:#f6f3f0;padding-top:0;padding-bottom:0\">Llegim, pensem, observem, escoltem i cuidem. Ho fem juntes, compartint el dia a dia i aprenent constantment les unes de les altres. Per aix\u00f2, aquest projecte tamb\u00e9 \u00e9s un homenatge al valor de formar part d\u2019una comunitat que creix amb sentit, amb arrels i amb ales.<\/p>\n\n\n\n<p class=\"has-background\" style=\"background-color:#f1f9f4\">Amb motiu del&nbsp;<strong>cinquant\u00e8 aniversari<\/strong>, hem volgut deixar una empremta visible, una obra que parli de nosaltres, dels nostres valors i de la for\u00e7a que t\u00e9 fer escola juntes. Un regal col\u00b7lectiu per continuar escrivint, amb il\u00b7lusi\u00f3 i comprom\u00eds, la nostra pr\u00f2pia hist\u00f2ria.<\/p>\n\n\n\n<div class=\"wp-block-group alignfull has-contrast-color has-text-color is-vertical is-content-justification-center is-layout-flex wp-container-core-group-is-layout-1 wp-block-group-is-layout-flex\" style=\"min-height:40vh;margin-top:0;margin-bottom:0;padding-top:var(--wp--preset--spacing--60);padding-right:var(--wp--preset--spacing--50);padding-bottom:var(--wp--preset--spacing--60);padding-left:var(--wp--preset--spacing--50)\">\n\n\n<p class=\"has-text-align-center has-medium-font-size\">Escola Milagros Consarnau_curs 2024-25<\/p>\n\n\n\n<ul class=\"wp-block-social-links has-normal-icon-size is-style-logos-only is-nowrap is-layout-flex wp-container-core-social-links-is-layout-1 wp-block-social-links-is-layout-flex\"><li class=\"wp-social-link wp-social-link-facebook  wp-block-social-link\"><a href=\"https:\/\/#\" class=\"wp-block-social-link-anchor\"><svg width=\"24\" height=\"24\" viewBox=\"0 0 24 24\" version=\"1.1\" xmlns=\"http:\/\/www.w3.org\/2000\/svg\" aria-hidden=\"true\" focusable=\"false\"><path d=\"M12 2C6.5 2 2 6.5 2 12c0 5 3.7 9.1 8.4 9.9v-7H7.9V12h2.5V9.8c0-2.5 1.5-3.9 3.8-3.9 1.1 0 2.2.2 2.2.2v2.5h-1.3c-1.2 0-1.6.8-1.6 1.6V12h2.8l-.4 2.9h-2.3v7C18.3 21.1 22 17 22 12c0-5.5-4.5-10-10-10z\"><\/path><\/svg><span class=\"wp-block-social-link-label screen-reader-text\">Facebook<\/span><\/a><\/li>\n\n<li class=\"wp-social-link wp-social-link-twitter  wp-block-social-link\"><a href=\"https:\/\/#\" class=\"wp-block-social-link-anchor\"><svg width=\"24\" height=\"24\" viewBox=\"0 0 24 24\" version=\"1.1\" xmlns=\"http:\/\/www.w3.org\/2000\/svg\" aria-hidden=\"true\" focusable=\"false\"><path d=\"M22.23,5.924c-0.736,0.326-1.527,0.547-2.357,0.646c0.847-0.508,1.498-1.312,1.804-2.27 c-0.793,0.47-1.671,0.812-2.606,0.996C18.324,4.498,17.257,4,16.077,4c-2.266,0-4.103,1.837-4.103,4.103 c0,0.322,0.036,0.635,0.106,0.935C8.67,8.867,5.647,7.234,3.623,4.751C3.27,5.357,3.067,6.062,3.067,6.814 c0,1.424,0.724,2.679,1.825,3.415c-0.673-0.021-1.305-0.206-1.859-0.513c0,0.017,0,0.034,0,0.052c0,1.988,1.414,3.647,3.292,4.023 c-0.344,0.094-0.707,0.144-1.081,0.144c-0.264,0-0.521-0.026-0.772-0.074c0.522,1.63,2.038,2.816,3.833,2.85 c-1.404,1.1-3.174,1.756-5.096,1.756c-0.331,0-0.658-0.019-0.979-0.057c1.816,1.164,3.973,1.843,6.29,1.843 c7.547,0,11.675-6.252,11.675-11.675c0-0.178-0.004-0.355-0.012-0.531C20.985,7.47,21.68,6.747,22.23,5.924z\"><\/path><\/svg><span class=\"wp-block-social-link-label screen-reader-text\">Twitter<\/span><\/a><\/li>\n\n<li class=\"wp-social-link wp-social-link-wordpress  wp-block-social-link\"><a href=\"https:\/\/#\" class=\"wp-block-social-link-anchor\"><svg width=\"24\" height=\"24\" viewBox=\"0 0 24 24\" version=\"1.1\" xmlns=\"http:\/\/www.w3.org\/2000\/svg\" aria-hidden=\"true\" focusable=\"false\"><path d=\"M12.158,12.786L9.46,20.625c0.806,0.237,1.657,0.366,2.54,0.366c1.047,0,2.051-0.181,2.986-0.51 c-0.024-0.038-0.046-0.079-0.065-0.124L12.158,12.786z M3.009,12c0,3.559,2.068,6.634,5.067,8.092L3.788,8.341 C3.289,9.459,3.009,10.696,3.009,12z M18.069,11.546c0-1.112-0.399-1.881-0.741-2.48c-0.456-0.741-0.883-1.368-0.883-2.109 c0-0.826,0.627-1.596,1.51-1.596c0.04,0,0.078,0.005,0.116,0.007C16.472,3.904,14.34,3.009,12,3.009 c-3.141,0-5.904,1.612-7.512,4.052c0.211,0.007,0.41,0.011,0.579,0.011c0.94,0,2.396-0.114,2.396-0.114 C7.947,6.93,8.004,7.642,7.52,7.699c0,0-0.487,0.057-1.029,0.085l3.274,9.739l1.968-5.901l-1.401-3.838 C9.848,7.756,9.389,7.699,9.389,7.699C8.904,7.67,8.961,6.93,9.446,6.958c0,0,1.484,0.114,2.368,0.114 c0.94,0,2.397-0.114,2.397-0.114c0.485-0.028,0.542,0.684,0.057,0.741c0,0-0.488,0.057-1.029,0.085l3.249,9.665l0.897-2.996 C17.841,13.284,18.069,12.316,18.069,11.546z M19.889,7.686c0.039,0.286,0.06,0.593,0.06,0.924c0,0.912-0.171,1.938-0.684,3.22 l-2.746,7.94c2.673-1.558,4.47-4.454,4.47-7.771C20.991,10.436,20.591,8.967,19.889,7.686z M12,22C6.486,22,2,17.514,2,12 C2,6.486,6.486,2,12,2c5.514,0,10,4.486,10,10C22,17.514,17.514,22,12,22z\"><\/path><\/svg><span class=\"wp-block-social-link-label screen-reader-text\">WordPress<\/span><\/a><\/li><\/ul>\n<\/div>\n\n\n\n<p><\/p>\n","protected":false},"excerpt":{"rendered":"<p>\ud83c\udfa8&nbsp;Un mural per explicar la nostra hist\u00f2ria!&nbsp;\ud83c\udf89 Un viatge compartit ple de significat Aquest projecte neix de les viv\u00e8ncies, els [&hellip;]<\/p>\n","protected":false},"author":1,"featured_media":0,"parent":7,"menu_order":0,"comment_status":"open","ping_status":"close","template":"","meta":{"_bbp_topic_count":0,"_bbp_reply_count":0,"_bbp_total_topic_count":0,"_bbp_total_reply_count":0,"_bbp_voice_count":0,"_bbp_anonymous_reply_count":0,"_bbp_topic_count_hidden":0,"_bbp_reply_count_hidden":0,"_bbp_forum_subforum_count":0,"site-sidebar-layout":"default","site-content-layout":"","ast-site-content-layout":"default","site-content-style":"default","site-sidebar-style":"default","ast-global-header-display":"","ast-banner-title-visibility":"","ast-main-header-display":"","ast-hfb-above-header-display":"","ast-hfb-below-header-display":"","ast-hfb-mobile-header-display":"","site-post-title":"","ast-breadcrumbs-content":"","ast-featured-img":"","footer-sml-layout":"","theme-transparent-header-meta":"","adv-header-id-meta":"","stick-header-meta":"","header-above-stick-meta":"","header-main-stick-meta":"","header-below-stick-meta":"","astra-migrate-meta-layouts":"set","ast-page-background-enabled":"default","ast-page-background-meta":{"desktop":{"background-color":"var(--ast-global-color-4)","background-image":"","background-repeat":"repeat","background-position":"center center","background-size":"auto","background-attachment":"scroll","background-type":"","background-media":"","overlay-type":"","overlay-color":"","overlay-opacity":"","overlay-gradient":""},"tablet":{"background-color":"","background-image":"","background-repeat":"repeat","background-position":"center center","background-size":"auto","background-attachment":"scroll","background-type":"","background-media":"","overlay-type":"","overlay-color":"","overlay-opacity":"","overlay-gradient":""},"mobile":{"background-color":"","background-image":"","background-repeat":"repeat","background-position":"center center","background-size":"auto","background-attachment":"scroll","background-type":"","background-media":"","overlay-type":"","overlay-color":"","overlay-opacity":"","overlay-gradient":""}},"ast-content-background-meta":{"desktop":{"background-color":"var(--ast-global-color-5)","background-image":"","background-repeat":"repeat","background-position":"center center","background-size":"auto","background-attachment":"scroll","background-type":"","background-media":"","overlay-type":"","overlay-color":"","overlay-opacity":"","overlay-gradient":""},"tablet":{"background-color":"var(--ast-global-color-5)","background-image":"","background-repeat":"repeat","background-position":"center center","background-size":"auto","background-attachment":"scroll","background-type":"","background-media":"","overlay-type":"","overlay-color":"","overlay-opacity":"","overlay-gradient":""},"mobile":{"background-color":"var(--ast-global-color-5)","background-image":"","background-repeat":"repeat","background-position":"center center","background-size":"auto","background-attachment":"scroll","background-type":"","background-media":"","overlay-type":"","overlay-color":"","overlay-opacity":"","overlay-gradient":""}},"footnotes":""},"class_list":["post-5094","page","type-page","status-publish","hentry"],"post_mailing_queue_ids":[],"_links":{"self":[{"href":"https:\/\/agora.xtec.cat\/ceipmilagrosconsarnau\/wp-json\/wp\/v2\/pages\/5094","targetHints":{"allow":["GET"]}}],"collection":[{"href":"https:\/\/agora.xtec.cat\/ceipmilagrosconsarnau\/wp-json\/wp\/v2\/pages"}],"about":[{"href":"https:\/\/agora.xtec.cat\/ceipmilagrosconsarnau\/wp-json\/wp\/v2\/types\/page"}],"author":[{"embeddable":true,"href":"https:\/\/agora.xtec.cat\/ceipmilagrosconsarnau\/wp-json\/wp\/v2\/users\/1"}],"replies":[{"embeddable":true,"href":"https:\/\/agora.xtec.cat\/ceipmilagrosconsarnau\/wp-json\/wp\/v2\/comments?post=5094"}],"version-history":[{"count":6,"href":"https:\/\/agora.xtec.cat\/ceipmilagrosconsarnau\/wp-json\/wp\/v2\/pages\/5094\/revisions"}],"predecessor-version":[{"id":5221,"href":"https:\/\/agora.xtec.cat\/ceipmilagrosconsarnau\/wp-json\/wp\/v2\/pages\/5094\/revisions\/5221"}],"up":[{"embeddable":true,"href":"https:\/\/agora.xtec.cat\/ceipmilagrosconsarnau\/wp-json\/wp\/v2\/pages\/7"}],"wp:attachment":[{"href":"https:\/\/agora.xtec.cat\/ceipmilagrosconsarnau\/wp-json\/wp\/v2\/media?parent=5094"}],"curies":[{"name":"wp","href":"https:\/\/api.w.org\/{rel}","templated":true}]}}