{"id":1291,"date":"2019-02-23T18:41:33","date_gmt":"2019-02-23T17:41:33","guid":{"rendered":"http:\/\/agora.xtec.cat\/ceipmilagrosconsarnau\/?page_id=1291"},"modified":"2026-03-06T18:06:13","modified_gmt":"2026-03-06T17:06:13","slug":"projecte-descola","status":"publish","type":"page","link":"https:\/\/agora.xtec.cat\/ceipmilagrosconsarnau\/projecte-descola\/","title":{"rendered":"PROJECTE D&#8217;ESCOLA I DOCUMENTS DE CENTRE"},"content":{"rendered":"<table style=\"height: 646px; width: 85.7952%; border-collapse: collapse; border-style: none;\">\n<tbody>\n<tr style=\"height: 646px;\">\n<td style=\"width: 100%; border-style: none; height: 646px;\">\n<h5 style=\"text-align: justify;\"><span style=\"color: #333399;\">Som una escola p\u00fablica d&#8217;infantil i \u00a0prim\u00e0ria de doble l\u00ednia, ubicada al barri de Santa Eul\u00e0lia, consolidada i integrada en les xarxes de la ciutat.<\/span><\/h5>\n<h5 style=\"text-align: justify;\"><span style=\"color: #333399;\">El nostre objectiu principal \u00e9s \u00a0col\u00b7laborar en la formaci\u00f3 dels nostres infants, aportant els recursos i les eines adequades perqu\u00e8 siguin feli\u00e7os,\u00a0 desenvolupant les aptituds necess\u00e0ries per adaptar-se als canvis socials i alhora ser capa\u00e7os d\u2019aconseguir els reptes que es proposin en un clima de confian\u00e7a, responsabilitat i llibertat amb capacitat d\u2019an\u00e0lisi cr\u00edtica i d\u2019actuaci\u00f3 reflexiva.<\/span><\/h5>\n<ul style=\"text-align: justify;\">\n<li>\n<h5><span style=\"color: #333399;\">Escola p\u00fablica, catalana, inclusiva, laica i respectuosa amb la pluralitat.<\/span><\/h5>\n<\/li>\n<li>\n<h5><span style=\"color: #333399;\">Vetllem perqu\u00e8 els nostres alumnes i les nostres alumnes assumeixin les responsabilitats personals i socials amb actitud positiva.<\/span><\/h5>\n<\/li>\n<li>\n<h5><span style=\"color: #333399;\">Volem ajudar a formar persones de futur i democr\u00e0tiques, prioritzant els valors humans i la cohesi\u00f3.<\/span><\/h5>\n<\/li>\n<li>\n<h5><span style=\"color: #333399;\">La nostra mirada cap a l\u2019Infant \u00e9s global. Tenim en compte el seu entorn i la seva personalitat, respectant el ritme evolutiu i les necessitats individuals de cadasc\u00fa.<\/span><\/h5>\n<\/li>\n<li>\n<h5><span style=\"color: #333399;\">La nostra fita \u00e9s educar i formar els nens i nenes perqu\u00e8 potenci\u00efn al m\u00e0xim les seves capacitats individuals.<\/span><\/h5>\n<\/li>\n<\/ul>\n<h5 style=\"text-align: justify;\"><span style=\"color: #333399;\">Valorem l\u2019expressi\u00f3 com una eina per desenvolupar-se i per aprendre. Ho fem a trav\u00e9s dels diferents llenguatges, art\u00edstic, musical, escrit, oral&#8230;<\/span><\/h5>\n<h5 style=\"text-align: justify;\"><span style=\"color: #333399;\">Afavorim l\u2019expressi\u00f3 art\u00edstica com a instrument per treballar les emocions, la construcci\u00f3 de la identitat personal, la responsabilitat i la cohesi\u00f3 del grup.<\/span><\/h5>\n<h5 style=\"text-align: justify;\"><span style=\"color: #333399;\">Treballem amb diferents metodologies, oferint \u00a0recursos i eines diverses segons l\u2019activitat, l\u2019espai on es desenvolupa i la finalitat educativa.<\/span><\/h5>\n<table style=\"border-collapse: collapse; width: 0.558658%; height: 5px;\">\n<tbody>\n<tr>\n<td style=\"width: 50%;\"><\/td>\n<td style=\"width: 50%;\"><\/td>\n<\/tr>\n<\/tbody>\n<\/table>\n<\/td>\n<\/tr>\n<\/tbody>\n<\/table>\n<h5 style=\"text-align: justify;\"><\/h5>\n<table style=\"border-collapse: collapse; width: 100%;\">\n<tbody>\n<tr>\n<td style=\"width: 50%;\"><\/td>\n<td style=\"width: 50%;\"><\/td>\n<\/tr>\n<\/tbody>\n<\/table>\n<h5 style=\"text-align: justify;\"><strong><span style=\"color: #000080;\">Titularitat <\/span><\/strong><\/h5>\n<h6 style=\"text-align: justify;\"><span style=\"color: #000080;\">Escola p\u00fablica que pertany al Departament d\u2019Ensenyament de la Generalitat de Catalunya i que acull els nivells educatius de segon cicle d\u2019educaci\u00f3 infantil i d\u2019educaci\u00f3\u00a0 prim\u00e0ria. Escola de doble l\u00ednia, oferim 6 unitats d\u2019Educaci\u00f3 infantil i 13 d\u2019Educaci\u00f3 prim\u00e0ria.<\/span><\/h6>\n<h5 style=\"text-align: justify;\"><span style=\"color: #000080;\">Com som?<\/span><\/h5>\n<h6 style=\"text-align: justify;\"><span style=\"color: #000080;\">Mirem a l\u2019infant en tot el seu conjunt amb l\u2019objectiu d\u2019acompanyar-lo en el seu proc\u00e9s maduratiu i col\u00b7laborar en la formaci\u00f3 de persones de futur amb valors propis d\u2019una societat democr\u00e0tica i justa.<\/span><\/h6>\n<h6 style=\"text-align: justify;\"><span style=\"color: #000080;\">Som una escola ben arrelada a la vida i al context del districte i de la ciutat.<\/span><\/h6>\n<h6 style=\"text-align: justify;\"><span style=\"color: #000080;\">L\u2019escola ha anat creixent responent sempre a les necessitats que la societat ha anat plantejant i a l\u2019evoluci\u00f3 del proc\u00e9s educatiu escolar. En els \u00faltims anys l\u2019escola ha incorporat\u00a0nous projectes que han aconseguit un gran canvi en la manera de fer,\u00a0d\u2019ensenyar i d\u2019aprendre. El claustre s&#8217;implica en la innovaci\u00f3 pedag\u00f2gica\u00a0de l\u2019escola, per aconseguir un aprenentatge motivador i significatiu en qu\u00e8 l\u2019alumne aprengui fent i en sigui el protagonista, i en qu\u00e8 el paper del docent sigui d\u2019acompanyant i facilitador potenciant nous projectes pedag\u00f2gics per continuar amb la millora dels resultats educatius.<\/span><\/h6>\n<h6 style=\"text-align: justify;\"><span style=\"color: #000080;\">Treballem en equip per crear un l\u00ednia d\u2019escola amb la voluntat d\u2019implicar a les fam\u00edlies en el proc\u00e9s d\u2019ensenyament i aprenentatge dels seus fills i filles.<\/span><\/h6>\n<h6><span style=\"color: #000080;\"><strong>TRETS D\u2019IDENTITAT I CAR\u00c0CTER PROPI<\/strong><\/span><\/h6>\n<h6 style=\"text-align: justify;\"><span style=\"color: #000080;\"><strong>\u00a0L\u2019escola Milagros Consarnau \u00e9s una escola oberta a tothom\u00a0 i respectuosa amb la pluralitat.<\/strong><\/span><\/h6>\n<ul style=\"list-style-type: square; text-align: justify;\">\n<li style=\"padding-left: 30px;\">\n<h6><span style=\"color: #000080;\">Escola p\u00fablica que respon a les necessitats globals de la nostra poblaci\u00f3 i de tots aquells que vulguin participar del nostre projecte.<\/span><\/h6>\n<\/li>\n<li style=\"padding-left: 30px;\">\n<h6><span style=\"color: #000080;\">Escola catalana, vehiculem la nostra relaci\u00f3 interna i amb l\u2019entorn a partir de la llengua catalana que vertebra el nostre projecte educatiu i ajuda a cohesionar tota la comunitat educativa.<\/span><\/h6>\n<\/li>\n<li style=\"padding-left: 30px;\">\n<h6><span style=\"color: #000080;\">Integradora, at\u00e9n la diversitat i d\u2019aquesta se n\u2019 enriqueix. Busquem l\u2019equitat i valorem la diversitat com a oportunitat d\u2019aprenentatge per a tota la comunitat. L\u2019escola inclusiva ens condueix a la personalitzaci\u00f3 dels aprenentatges i a l\u2019adaptaci\u00f3 a les necessitats de cada infant.<\/span><\/h6>\n<\/li>\n<li style=\"padding-left: 30px;\">\n<h6><span style=\"color: #000080;\">Democr\u00e0tica i plural que es gestiona de forma participativa.<\/span><\/h6>\n<\/li>\n<li style=\"padding-left: 30px;\">\n<h6><span style=\"color: #000080;\">Com escola laica busquem garantir la llibertat de consci\u00e8ncia, a m\u00e9s de la no imposici\u00f3 de les normes i valors morals de cap religi\u00f3 o creen\u00e7a. Els nostres plantejaments estaran basats en el raonament cient\u00edfic.<\/span><\/h6>\n<\/li>\n<li style=\"padding-left: 30px;\">\n<h6><span style=\"color: #000080;\">Com escola respectuosa amb la pluralitat volem defensar la pr\u00f2pia identitat de cadasc\u00fa, que se senti b\u00e9 amb si mateix, que accepti diferents mirades de la vida i que s\u00e0piga posar-se en el lloc dels altres.<\/span><\/h6>\n<\/li>\n<li style=\"padding-left: 30px;\">\n<h6><span style=\"color: #000080;\">Coeducadora que educa en els principis d\u2019igualtat, que permeti un aprenentatge en com\u00fa d\u2019ambd\u00f3s sexes sense que cap s\u2019imposi a l\u2019altre.<\/span><\/h6>\n<\/li>\n<li style=\"padding-left: 30px;\">\n<h6><span style=\"color: #000080;\">Educadora en i amb valors de respecte, de di\u00e0leg, de pau, de toler\u00e0ncia i de solidaritat.<\/span><\/h6>\n<\/li>\n<\/ul>\n<h6 style=\"text-align: justify;\"><strong><span style=\"color: #000080;\">Potenciem l\u2019autonomia i l\u2019autoestima de tots els nens i nenes per tal que siguin capa\u00e7os d\u2019establir relacions basades en el respecte i la solidaritat. Respectem els diferents ritmes d&#8217;aprenentatge i la pr\u00f2pia identitat.\u00a0<\/span><\/strong><\/h6>\n<ul style=\"text-align: justify; list-style-type: square;\">\n<li style=\"padding-left: 30px;\">\n<h6><span style=\"color: #000080;\">Fomentem el treball cooperatiu com a recurs metodol\u00f2gic i com a eina d\u2019adquisici\u00f3 de la compet\u00e8ncia social.<\/span><\/h6>\n<\/li>\n<li>\n<h6><span style=\"color: #000080;\">\u00a0 \u00a0 \u00a0 \u00a0Valorem en el treball diari: la reflexi\u00f3, el raonament, l\u2019esperit cr\u00edtic, la creativitat, la sensibilitat i l\u2019esfor\u00e7.<\/span><\/h6>\n<\/li>\n<li style=\"padding-left: 30px;\">\n<h6><span style=\"color: #000080;\">Incentivem l\u2019impuls de la lectura, Projecte ILEC, i la utilitzaci\u00f3 de les TIC com a eines d\u2019aprenentatge.<\/span><\/h6>\n<\/li>\n<li style=\"padding-left: 30px;\">\n<h6><span style=\"color: #000080;\">Impulsem l\u2019aprenentatge de l\u2019angl\u00e8s des d&#8217;I3 amb especialistes d\u2019E. Infantil i angl\u00e8s.<\/span><\/h6>\n<\/li>\n<li style=\"padding-left: 30px;\">\n<h6><span style=\"color: #000080;\">Motivem els alumnes a tenir cura i respecte pel medi ambient i a la pr\u00e0ctica de l\u2019esport.<\/span><\/h6>\n<\/li>\n<li style=\"padding-left: 30px;\">\n<h6><span style=\"color: #000080;\">Volem fer possible l\u2019equitat en les activitats que l\u2019escola ofereix als alumnes.\u00a0<\/span><\/h6>\n<\/li>\n<li style=\"padding-left: 30px;\">\n<h6><span style=\"color: #000080;\">Enfoquem la resoluci\u00f3 de conflictes de manera assertiva i vivint el conflicte com una oportunitat de creixement personal i col\u00b7lectiu.<\/span><\/h6>\n<\/li>\n<li style=\"padding-left: 30px;\">\n<h6><span style=\"color: #000080;\">Potenciem un bon clima d\u2019entesa i relaci\u00f3 entre els membres de la comunitat educativa.<\/span><\/h6>\n<\/li>\n<li style=\"padding-left: 30px;\">\n<h6><span style=\"color: #000080;\">Fomentem la participaci\u00f3 de les fam\u00edlies.<\/span><\/h6>\n<\/li>\n<\/ul>\n<h6 style=\"text-align: justify;\"><\/h6>\n<table style=\"border-collapse: collapse; width: 100%;\" border=\"1\">\n<tbody>\n<tr>\n<td style=\"width: 33.3333%; background-color: #f5caa4; text-align: center;\">\n<h5><span style=\"color: #003366;\"><strong>DOCUMENTS DE CENTRE<\/strong><\/span><\/h5>\n<\/td>\n<\/tr>\n<\/tbody>\n<\/table>\n<table style=\"border-collapse: collapse; width: 100%; height: 10px;\" border=\"1\">\n<tbody>\n<tr style=\"height: 97px;\">\n<td style=\"width: 25%; text-align: center; height: 10px;\">\n<h6><a href=\"https:\/\/agora.xtec.cat\/ceipmilagrosconsarnau\/wp-content\/uploads\/usu532\/2019\/02\/PEC-MIlagros-Consarnau-2018-19.pdf\" target=\"_blank\" rel=\"noopener noreferrer\">PEC MIlagros Consarnau<\/a><\/h6>\n<p><a href=\"https:\/\/agora.xtec.cat\/ceipmilagrosconsarnau\/wp-content\/uploads\/usu532\/2026\/03\/Carta-de-compromis-educatiu-2025-26.pdf\">Carta de comprom\u00eds educatiu 2025-26<\/a><\/p>\n<h6><span style=\"color: #3366ff;\"><a style=\"color: #3366ff;\" href=\"https:\/\/agora.xtec.cat\/ceipmilagrosconsarnau\/wp-content\/uploads\/usu532\/2019\/02\/PROJECTE-LING\u00dc\u00cdSTIC_E.M.C..pdf\" target=\"_blank\" rel=\"noopener noreferrer\">PROJECTE LING\u00dc\u00cdSTIC<\/a><\/span><\/h6>\n<\/td>\n<td style=\"width: 21.6408%; text-align: center; height: 10px;\"><a href=\"https:\/\/agora.xtec.cat\/ceipmilagrosconsarnau\/wp-content\/uploads\/usu532\/2023\/01\/MC-ACTIVITATS-EXTRAESCOLARS-CURS-202223-ESCOLA-MILAGROS-CONSARNAU-2-final-bueno_page-0008-scaled.jpg\" target=\"_blank\" rel=\"noopener\">Activitats extraescolars<\/a><a href=\"https:\/\/agora.xtec.cat\/ceipmilagrosconsarnau\/wp-content\/uploads\/usu532\/2023\/09\/TOTA-LA-INFORMACIO-ACOLLIDA-I-ACTIVITATS-EXTRAESCOLARS-MILAGROS-CONSARNAU_compressed-1.pdf\" target=\"_blank\" rel=\"noopener\">INFORMACI\u00d3 ACOLLIDA I ACTIVITATS EXTRAESCOLARS-<\/a><\/td>\n<td style=\"width: 25%; height: 10px; text-align: center;\">\n<h6><span style=\"color: #3366ff;\"><a style=\"color: #3366ff;\" href=\"https:\/\/agora.xtec.cat\/ceipmilagrosconsarnau\/wp-content\/uploads\/usu532\/2019\/02\/NOFC_-Inndex-i-pre\u00e0mbul..pdf\" target=\"_blank\" rel=\"noopener noreferrer\">NOFC<\/a><\/span><\/h6>\n<h6><span style=\"color: #3366ff;\">PGA I MEM\u00d2RIA<\/span><\/h6>\n<h6><span style=\"color: #3366ff;\">Els documents estan disponibles a la direcci\u00f3 del centre.<\/span><\/h6>\n<\/td>\n<\/tr>\n<\/tbody>\n<\/table>\n<table style=\"height: 12px; background-color: #c0f0e6; width: 75.7853%;\" width=\"1161\">\n<tbody>\n<tr>\n<td style=\"width: 33.0153%;\">\n<h5><span style=\"color: #800080;\">CIRCULARS ESCOLA<\/span><\/h5>\n<p><a href=\"https:\/\/agora.xtec.cat\/ceipmilagrosconsarnau\/wp-content\/uploads\/usu532\/2026\/02\/INFORMACIO-FAMILIES-INICI-DE-CURS-SETEMBRE-2025-26-2.pdf\">INFORMACI\u00d3 FAM\u00cdLIES &#8211; INICI DE CURS 2025-26<\/a><\/p>\n<p><a href=\"https:\/\/agora.xtec.cat\/ceipmilagrosconsarnau\/wp-content\/uploads\/usu532\/2026\/02\/Circular-Famiilies-JUNY-2025.docx.pdf\" target=\"_blank\" rel=\"noopener\">Circular Fam\u00edlies JUNY-2025-26<\/a><\/td>\n<td style=\"width: 33.6832%;\">\n<h5 style=\"text-align: center;\"><span style=\"color: #800080;\">MENJADOR<\/span><\/h5>\n<p style=\"text-align: center;\"><a href=\"https:\/\/agora.xtec.cat\/ceipmilagrosconsarnau\/wp-content\/uploads\/usu532\/2026\/02\/Circular-juny_-INFORMACIO-MENJADOR-proper-curs-2025-26.pdf\">Circular juny_ INFORMACI\u00d3 MENJADOR 2025-26<\/a><\/p>\n<\/td>\n<td style=\"width: 32.3473%;\">\n<h5 style=\"text-align: center;\"><span style=\"color: #800080;\">INFORMACIONS<\/span><\/h5>\n<p><a href=\"https:\/\/agora.xtec.cat\/ceipmilagrosconsarnau\/wp-content\/uploads\/usu532\/2026\/02\/ANNEX-6_EXTRAESCOLARS.docx.pdf\" target=\"_blank\" rel=\"noopener\">INFORMACI\u00d3 ACOLLIDA I ACTIVITATS EXTRAESCOLARS-<\/a><\/td>\n<\/tr>\n<\/tbody>\n<\/table>\n","protected":false},"excerpt":{"rendered":"<p>Som una escola p\u00fablica d&#8217;infantil i \u00a0prim\u00e0ria de doble l\u00ednia, ubicada al barri de Santa Eul\u00e0lia, consolidada i integrada en [&hellip;]<\/p>\n","protected":false},"author":1,"featured_media":0,"parent":0,"menu_order":1,"comment_status":"closed","ping_status":"closed","template":"","meta":{"_bbp_topic_count":0,"_bbp_reply_count":0,"_bbp_total_topic_count":0,"_bbp_total_reply_count":0,"_bbp_voice_count":0,"_bbp_anonymous_reply_count":0,"_bbp_topic_count_hidden":0,"_bbp_reply_count_hidden":0,"_bbp_forum_subforum_count":0,"site-sidebar-layout":"default","site-content-layout":"","ast-site-content-layout":"default","site-content-style":"default","site-sidebar-style":"default","ast-global-header-display":"","ast-banner-title-visibility":"","ast-main-header-display":"","ast-hfb-above-header-display":"","ast-hfb-below-header-display":"","ast-hfb-mobile-header-display":"","site-post-title":"","ast-breadcrumbs-content":"","ast-featured-img":"","footer-sml-layout":"","theme-transparent-header-meta":"","adv-header-id-meta":"","stick-header-meta":"","header-above-stick-meta":"","header-main-stick-meta":"","header-below-stick-meta":"","astra-migrate-meta-layouts":"set","ast-page-background-enabled":"default","ast-page-background-meta":{"desktop":{"background-color":"var(--ast-global-color-4)","background-image":"","background-repeat":"repeat","background-position":"center center","background-size":"auto","background-attachment":"scroll","background-type":"","background-media":"","overlay-type":"","overlay-color":"","overlay-opacity":"","overlay-gradient":""},"tablet":{"background-color":"","background-image":"","background-repeat":"repeat","background-position":"center center","background-size":"auto","background-attachment":"scroll","background-type":"","background-media":"","overlay-type":"","overlay-color":"","overlay-opacity":"","overlay-gradient":""},"mobile":{"background-color":"","background-image":"","background-repeat":"repeat","background-position":"center center","background-size":"auto","background-attachment":"scroll","background-type":"","background-media":"","overlay-type":"","overlay-color":"","overlay-opacity":"","overlay-gradient":""}},"ast-content-background-meta":{"desktop":{"background-color":"var(--ast-global-color-5)","background-image":"","background-repeat":"repeat","background-position":"center center","background-size":"auto","background-attachment":"scroll","background-type":"","background-media":"","overlay-type":"","overlay-color":"","overlay-opacity":"","overlay-gradient":""},"tablet":{"background-color":"var(--ast-global-color-5)","background-image":"","background-repeat":"repeat","background-position":"center center","background-size":"auto","background-attachment":"scroll","background-type":"","background-media":"","overlay-type":"","overlay-color":"","overlay-opacity":"","overlay-gradient":""},"mobile":{"background-color":"var(--ast-global-color-5)","background-image":"","background-repeat":"repeat","background-position":"center center","background-size":"auto","background-attachment":"scroll","background-type":"","background-media":"","overlay-type":"","overlay-color":"","overlay-opacity":"","overlay-gradient":""}},"footnotes":""},"class_list":["post-1291","page","type-page","status-publish","hentry"],"post_mailing_queue_ids":[],"_links":{"self":[{"href":"https:\/\/agora.xtec.cat\/ceipmilagrosconsarnau\/wp-json\/wp\/v2\/pages\/1291","targetHints":{"allow":["GET"]}}],"collection":[{"href":"https:\/\/agora.xtec.cat\/ceipmilagrosconsarnau\/wp-json\/wp\/v2\/pages"}],"about":[{"href":"https:\/\/agora.xtec.cat\/ceipmilagrosconsarnau\/wp-json\/wp\/v2\/types\/page"}],"author":[{"embeddable":true,"href":"https:\/\/agora.xtec.cat\/ceipmilagrosconsarnau\/wp-json\/wp\/v2\/users\/1"}],"replies":[{"embeddable":true,"href":"https:\/\/agora.xtec.cat\/ceipmilagrosconsarnau\/wp-json\/wp\/v2\/comments?post=1291"}],"version-history":[{"count":6,"href":"https:\/\/agora.xtec.cat\/ceipmilagrosconsarnau\/wp-json\/wp\/v2\/pages\/1291\/revisions"}],"predecessor-version":[{"id":5495,"href":"https:\/\/agora.xtec.cat\/ceipmilagrosconsarnau\/wp-json\/wp\/v2\/pages\/1291\/revisions\/5495"}],"wp:attachment":[{"href":"https:\/\/agora.xtec.cat\/ceipmilagrosconsarnau\/wp-json\/wp\/v2\/media?parent=1291"}],"curies":[{"name":"wp","href":"https:\/\/api.w.org\/{rel}","templated":true}]}}