{"id":22,"date":"2025-03-27T13:18:57","date_gmt":"2025-03-27T12:18:57","guid":{"rendered":"http:\/\/agora.xtec.cat\/ceipmil-lenari\/?page_id=22"},"modified":"2025-03-27T13:18:55","modified_gmt":"2025-03-27T12:18:55","slug":"lescola","status":"publish","type":"page","link":"https:\/\/agora.xtec.cat\/ceipmil-lenari\/lescola\/","title":{"rendered":"L&#8217;escola"},"content":{"rendered":"<p>L&#8217;Escola Mil\u00b7lenari \u00e9s una escola p\u00fablica d&#8217;Educaci\u00f3 Infantil i Prim\u00e0ria, de doble l\u00ednia (dues classes per nivell), laica, oberta al poble i al seu entorn. La llengua vehicular i d&#8217;aprenentatge \u00e9s el catal\u00e0.<\/p>\n<p>Des dels seus inicis l&#8217;any 1992, compromesa envers proporcionar als infants una formaci\u00f3 global, integradora de les caracter\u00edstiques de la nostra societat actual, diversa i multicultural.<\/p>\n<p>Considerem que aconseguir donar una bona educaci\u00f3 \u00e9s millorar els valors d&#8217;una futura societat. Per aix\u00f2 que cada any ens marquem nous reptes, enriquidors per a tota la nostra comunitat educativa.<\/p>\n<p class=\"western\">L\u2019horari lectiu \u00e9s de 9 a 12.30 i de 15 a 16.30 h.<\/p>\n","protected":false},"excerpt":{"rendered":"<p>L&#8217;Escola Mil\u00b7lenari \u00e9s una escola p\u00fablica d&#8217;Educaci\u00f3 Infantil i Prim\u00e0ria, de doble l\u00ednia (dues classes per nivell), laica, oberta al poble i al seu entorn. La llengua vehicular i d&#8217;aprenentatge \u00e9s el catal\u00e0.<br \/>\nDes dels seus inicis l&#8217;any 1992, compromesa envers proporcionar als infants una formaci\u00f3&hellip;  <a href=\"https:\/\/agora.xtec.cat\/ceipmil-lenari\/lescola\/\" title=\"Read L&#8217;escola\">Llegeix m\u00e9s\u00bb<\/a><\/p>\n","protected":false},"author":1,"featured_media":0,"parent":0,"menu_order":1,"comment_status":"closed","ping_status":"closed","template":"page-templates\/side-menu.php","meta":{"_bbp_topic_count":0,"_bbp_reply_count":0,"_bbp_total_topic_count":0,"_bbp_total_reply_count":0,"_bbp_voice_count":0,"_bbp_anonymous_reply_count":0,"_bbp_topic_count_hidden":0,"_bbp_reply_count_hidden":0,"_bbp_forum_subforum_count":0,"footnotes":""},"class_list":["post-22","page","type-page","status-publish","hentry"],"post_mailing_queue_ids":[],"_links":{"self":[{"href":"https:\/\/agora.xtec.cat\/ceipmil-lenari\/wp-json\/wp\/v2\/pages\/22","targetHints":{"allow":["GET"]}}],"collection":[{"href":"https:\/\/agora.xtec.cat\/ceipmil-lenari\/wp-json\/wp\/v2\/pages"}],"about":[{"href":"https:\/\/agora.xtec.cat\/ceipmil-lenari\/wp-json\/wp\/v2\/types\/page"}],"author":[{"embeddable":true,"href":"https:\/\/agora.xtec.cat\/ceipmil-lenari\/wp-json\/wp\/v2\/users\/1"}],"replies":[{"embeddable":true,"href":"https:\/\/agora.xtec.cat\/ceipmil-lenari\/wp-json\/wp\/v2\/comments?post=22"}],"version-history":[{"count":3,"href":"https:\/\/agora.xtec.cat\/ceipmil-lenari\/wp-json\/wp\/v2\/pages\/22\/revisions"}],"predecessor-version":[{"id":728,"href":"https:\/\/agora.xtec.cat\/ceipmil-lenari\/wp-json\/wp\/v2\/pages\/22\/revisions\/728"}],"wp:attachment":[{"href":"https:\/\/agora.xtec.cat\/ceipmil-lenari\/wp-json\/wp\/v2\/media?parent=22"}],"curies":[{"name":"wp","href":"https:\/\/api.w.org\/{rel}","templated":true}]}}