{"id":4450,"date":"2024-11-27T13:34:10","date_gmt":"2024-11-27T12:34:10","guid":{"rendered":"https:\/\/agora.xtec.cat\/ceipmediterrania\/?page_id=4450"},"modified":"2026-03-06T16:02:01","modified_gmt":"2026-03-06T15:02:01","slug":"personal-de-centre-2024-25-2-0","status":"publish","type":"page","link":"https:\/\/agora.xtec.cat\/ceipmediterrania\/personal-de-centre-2024-25-2-0\/","title":{"rendered":"Personal de centre 2025-26"},"content":{"rendered":"\n<figure class=\"wp-block-image size-large\"><a href=\"https:\/\/agora.xtec.cat\/ceipmediterrania\/wp-content\/uploads\/usu1771\/2024\/01\/personal-banner.jpg\"><img loading=\"lazy\" decoding=\"async\" width=\"1024\" height=\"215\" src=\"https:\/\/agora.xtec.cat\/ceipmediterrania\/wp-content\/uploads\/usu1771\/2024\/01\/personal-banner-1024x215.jpg\" alt=\"\" class=\"wp-image-3655\" srcset=\"https:\/\/agora.xtec.cat\/ceipmediterrania\/wp-content\/uploads\/usu1771\/2024\/01\/personal-banner-1024x215.jpg 1024w, https:\/\/agora.xtec.cat\/ceipmediterrania\/wp-content\/uploads\/usu1771\/2024\/01\/personal-banner-300x63.jpg 300w, https:\/\/agora.xtec.cat\/ceipmediterrania\/wp-content\/uploads\/usu1771\/2024\/01\/personal-banner-768x161.jpg 768w, https:\/\/agora.xtec.cat\/ceipmediterrania\/wp-content\/uploads\/usu1771\/2024\/01\/personal-banner.jpg 1280w\" sizes=\"auto, (max-width: 1024px) 100vw, 1024px\" \/><\/a><\/figure>\n\n\n\n<h2 class=\"wp-block-heading has-text-align-center has-pale-ocean-gradient-background has-background has-small-font-size\">EQUIP DIRECTIU<\/h2>\n\n\n\n<figure style=\"font-size:15px\" class=\"wp-block-table\"><table class=\"has-fixed-layout\"><tbody><tr><td class=\"has-text-align-center\" data-align=\"center\"><strong>DIRECTORA<\/strong><\/td><td class=\"has-text-align-center\" data-align=\"center\">Ana Garc\u00eda<\/td><td class=\"has-text-align-center\" data-align=\"center\"><strong>CAP D&#8217;ESTUDIS<\/strong><\/td><td class=\"has-text-align-center\" data-align=\"center\">Javi P\u00e9rez<\/td><td class=\"has-text-align-center\" data-align=\"center\"><strong>SECRET\u00c0RIA<\/strong><\/td><td class=\"has-text-align-center\" data-align=\"center\">Miriam Ruiz<\/td><\/tr><\/tbody><\/table><\/figure>\n\n\n\n<h2 class=\"wp-block-heading has-text-align-center has-pale-ocean-gradient-background has-background has-small-font-size\">SIEI<\/h2>\n\n\n\n<figure style=\"font-size:15px\" class=\"wp-block-table\"><table class=\"has-fixed-layout\"><tbody><tr><td class=\"has-text-align-center\" data-align=\"center\"><strong>SIEI INFANTIL<\/strong><\/td><td class=\"has-text-align-center\" data-align=\"center\">Noem\u00ed \u00c1lsina <\/td><td class=\"has-text-align-center\" data-align=\"center\">Carme Exp\u00f3sito<\/td><td class=\"has-text-align-center\" data-align=\"center\"><\/td><\/tr><tr><td class=\"has-text-align-center\" data-align=\"center\"><strong>SIEI PRIM\u00c0RIA<\/strong><\/td><td class=\"has-text-align-center\" data-align=\"center\">Annabel Villahermosa <\/td><td class=\"has-text-align-center\" data-align=\"center\">S\u00f2nia L\u00f3pez<\/td><td class=\"has-text-align-center\" data-align=\"center\"><\/td><\/tr><tr><td class=\"has-text-align-center\" data-align=\"center\"><strong>SUPORT SIEI PLUS<\/strong><\/td><td class=\"has-text-align-center\" data-align=\"center\">Maria Claverol<\/td><td class=\"has-text-align-center\" data-align=\"center\">Paqui Estrada<\/td><td class=\"has-text-align-center\" data-align=\"center\"><\/td><\/tr><\/tbody><\/table><\/figure>\n\n\n\n<h2 class=\"wp-block-heading has-text-align-center has-pale-ocean-gradient-background has-background has-small-font-size\">EDUCACI\u00d3 INFANTIL<\/h2>\n\n\n\n<figure style=\"font-size:15px\" class=\"wp-block-table\"><table class=\"has-fixed-layout\"><tbody><tr><td class=\"has-text-align-center\" data-align=\"center\"><strong>I3 A<\/strong><\/td><td class=\"has-text-align-center\" data-align=\"center\">Carol Rodr\u00edguez <\/td><td class=\"has-text-align-center\" data-align=\"center\"><strong>I3 B<\/strong><\/td><td class=\"has-text-align-center\" data-align=\"center\">S\u00edlvia Giralt<\/td><\/tr><tr><td class=\"has-text-align-center\" data-align=\"center\"><strong>I4 A<\/strong><\/td><td class=\"has-text-align-center\" data-align=\"center\">Montse Coll<\/td><td class=\"has-text-align-center\" data-align=\"center\"><strong>I4 B<\/strong><\/td><td class=\"has-text-align-center\" data-align=\"center\">S\u00f2nia Guinovart<\/td><\/tr><tr><td class=\"has-text-align-center\" data-align=\"center\"><strong>I5 A<\/strong><\/td><td class=\"has-text-align-center\" data-align=\"center\">Eva Herreros<\/td><td class=\"has-text-align-center\" data-align=\"center\"><\/td><td class=\"has-text-align-center\" data-align=\"center\"><\/td><\/tr><tr><td class=\"has-text-align-center\" data-align=\"center\"><strong>REFOR\u00c7 INFANTIL<\/strong><\/td><td class=\"has-text-align-center\" data-align=\"center\">Ingrid Ponce<\/td><td class=\"has-text-align-center\" data-align=\"center\"><strong>TEI<\/strong><\/td><td class=\"has-text-align-center\" data-align=\"center\">S\u00edlvia Colom\u00e9<\/td><\/tr><tr><td class=\"has-text-align-center\" data-align=\"center\"><strong>EDUCACI\u00d3 ESPECIAL<\/strong><\/td><td class=\"has-text-align-center\" data-align=\"center\">Eva Sorribes <\/td><td class=\"has-text-align-center\" data-align=\"center\">Cristina Navarrete<\/td><td class=\"has-text-align-center\" data-align=\"center\"><\/td><\/tr><tr><td class=\"has-text-align-center\" data-align=\"center\"><strong>AUDICI\u00d3 I LLENGUATGE<\/strong><\/td><td class=\"has-text-align-center\" data-align=\"center\">Irene Re\u00f1\u00e9<\/td><td class=\"has-text-align-center\" data-align=\"center\"><\/td><td class=\"has-text-align-center\" data-align=\"center\"><\/td><\/tr><\/tbody><\/table><\/figure>\n\n\n\n<h2 class=\"wp-block-heading has-text-align-center has-pale-ocean-gradient-background has-background has-small-font-size\">EDUCACI\u00d3 PRIM\u00c0RIA<\/h2>\n\n\n\n<figure style=\"font-size:15px\" class=\"wp-block-table\"><table class=\"has-fixed-layout\"><tbody><tr><td class=\"has-text-align-center\" data-align=\"center\"><strong>1r A<\/strong><\/td><td class=\"has-text-align-center\" data-align=\"center\">Elena Lozano<\/td><td class=\"has-text-align-center\" data-align=\"center\"><strong>1r B<\/strong><\/td><td class=\"has-text-align-center\" data-align=\"center\">Txell Vicente<\/td><\/tr><tr><td class=\"has-text-align-center\" data-align=\"center\"><strong>2n <\/strong><\/td><td class=\"has-text-align-center\" data-align=\"center\">Cristina Serrano<\/td><td class=\"has-text-align-center\" data-align=\"center\"><\/td><td class=\"has-text-align-center\" data-align=\"center\"><\/td><\/tr><tr><td class=\"has-text-align-center\" data-align=\"center\"><strong>3r A<\/strong><\/td><td class=\"has-text-align-center\" data-align=\"center\">Olga Carbonell<\/td><td class=\"has-text-align-center\" data-align=\"center\"><strong>3r B<\/strong><\/td><td class=\"has-text-align-center\" data-align=\"center\">Araceli Verdejo &#8211; Maria Cristina \u00c1lvarez<\/td><\/tr><tr><td class=\"has-text-align-center\" data-align=\"center\"><strong>4t <\/strong><\/td><td class=\"has-text-align-center\" data-align=\"center\">Anna Olivar<\/td><td class=\"has-text-align-center\" data-align=\"center\"><\/td><td class=\"has-text-align-center\" data-align=\"center\"><\/td><\/tr><tr><td class=\"has-text-align-center\" data-align=\"center\"><strong>5\u00e8 A<\/strong><\/td><td class=\"has-text-align-center\" data-align=\"center\">Pep Ferrando<\/td><td class=\"has-text-align-center\" data-align=\"center\"><strong>5\u00e8 B<\/strong><\/td><td class=\"has-text-align-center\" data-align=\"center\">Montserrat Carbonell<\/td><\/tr><tr><td class=\"has-text-align-center\" data-align=\"center\"><strong>6\u00e8 A<\/strong><\/td><td class=\"has-text-align-center\" data-align=\"center\">Adam Boria<\/td><td class=\"has-text-align-center\" data-align=\"center\"><strong>6\u00e8 B<\/strong><\/td><td class=\"has-text-align-center\" data-align=\"center\">Esther Aldehuela<\/td><\/tr><tr><td class=\"has-text-align-center\" data-align=\"center\"><strong>6\u00e8 C<\/strong><\/td><td class=\"has-text-align-center\" data-align=\"center\">Alba Molina &#8211; Esther Santorum<\/td><td class=\"has-text-align-center\" data-align=\"center\"><\/td><td class=\"has-text-align-center\" data-align=\"center\"><\/td><\/tr><\/tbody><\/table><\/figure>\n\n\n\n<h2 class=\"wp-block-heading has-text-align-center has-pale-ocean-gradient-background has-background has-small-font-size\">ESPECIALISTES<\/h2>\n\n\n\n<figure style=\"font-size:15px\" class=\"wp-block-table\"><table class=\"has-fixed-layout\"><tbody><tr><td class=\"has-text-align-center\" data-align=\"center\"><strong>ANGL\u00c8S INFANTIL<\/strong><\/td><td class=\"has-text-align-center\" data-align=\"center\"><strong>M\u00daSICA INFANTIL<\/strong><\/td><td class=\"has-text-align-center\" data-align=\"center\"><strong>PSICOMOITRICITAT<\/strong><\/td><td class=\"has-text-align-center\" data-align=\"center\">Ingrid Ponce<\/td><\/tr><tr><td class=\"has-text-align-center\" data-align=\"center\"><strong>ED. MUSICAL<\/strong><\/td><td class=\"has-text-align-center\" data-align=\"center\">Ana Marin<\/td><td class=\"has-text-align-center\" data-align=\"center\"><strong>AUDICI\u00d3 I LLENGUATGE<\/strong><\/td><td class=\"has-text-align-center\" data-align=\"center\">Anna Colet<\/td><\/tr><tr><td class=\"has-text-align-center\" data-align=\"center\"><strong>LLENGUA ANGLESA <\/strong><\/td><td class=\"has-text-align-center\" data-align=\"center\">Tere Alc\u00f3n<\/td><td class=\"has-text-align-center\" data-align=\"center\">Isabel Toledo<\/td><td class=\"has-text-align-center\" data-align=\"center\"><\/td><\/tr><tr><td class=\"has-text-align-center\" data-align=\"center\"><strong>REFOR\u00c7 <\/strong><\/td><td class=\"has-text-align-center\" data-align=\"center\">Carme G\u00f3mez <\/td><td class=\"has-text-align-center\" data-align=\"center\"><strong>EDUCACI\u00d3 F\u00cdSICA<\/strong><\/td><td class=\"has-text-align-center\" data-align=\"center\">Isma \u00c1lvarez<\/td><\/tr><\/tbody><\/table><\/figure>\n\n\n\n<h2 class=\"wp-block-heading has-text-align-center has-pale-ocean-gradient-background has-background has-small-font-size\">C\u00c0RRECS<\/h2>\n\n\n\n<figure style=\"font-size:15px\" class=\"wp-block-table\"><table class=\"has-fixed-layout\"><tbody><tr><td class=\"has-text-align-center\" data-align=\"center\"><strong>COORD. INFANTIL<\/strong><\/td><td class=\"has-text-align-center\" data-align=\"center\">S\u00f2nia Guinovart<\/td><td class=\"has-text-align-center\" data-align=\"center\"><strong>COORD. C.INICIAL<\/strong><\/td><td class=\"has-text-align-center\" data-align=\"center\">Cristina Serrano<\/td><\/tr><tr><td class=\"has-text-align-center\" data-align=\"center\"><strong>COORD. C.MITJ\u00c0<\/strong><\/td><td class=\"has-text-align-center\" data-align=\"center\">Annabel Villahermosa<\/td><td class=\"has-text-align-center\" data-align=\"center\"><strong>COORD. C.SUPERIOR<\/strong><\/td><td class=\"has-text-align-center\" data-align=\"center\">Montserrat Carbonell<\/td><\/tr><tr><td class=\"has-text-align-center\" data-align=\"center\"><strong>COORD. TAC<\/strong><\/td><td class=\"has-text-align-center\" data-align=\"center\">Isma \u00c1lvarez <\/td><td class=\"has-text-align-center\" data-align=\"center\"><strong>COORD. LIC<\/strong><\/td><td class=\"has-text-align-center\" data-align=\"center\">Tere Alcon<\/td><\/tr><tr><td class=\"has-text-align-center\" data-align=\"center\"><strong>COORD. R. LABORALS<\/strong><\/td><td class=\"has-text-align-center\" data-align=\"center\">Montserrat Carbonell<\/td><td class=\"has-text-align-center\" data-align=\"center\"><strong>REPR. SINDICAL<\/strong><\/td><td class=\"has-text-align-center\" data-align=\"center\">Eva Herreros<\/td><\/tr><\/tbody><\/table><\/figure>\n\n\n\n<h2 class=\"wp-block-heading has-text-align-center has-pale-ocean-gradient-background has-background has-small-font-size\">PERSONAL ADMINISTRACI\u00d3 I SERVEIS<\/h2>\n\n\n\n<figure style=\"font-size:15px\" class=\"wp-block-table\"><table class=\"has-fixed-layout\"><tbody><tr><td class=\"has-text-align-center\" data-align=\"center\"><strong>CONSERGE<\/strong><\/td><td class=\"has-text-align-center\" data-align=\"center\">Jordi As\u00edn<\/td><td class=\"has-text-align-center\" data-align=\"center\"><strong>ADMINISTRATIVA<\/strong><\/td><td class=\"has-text-align-center\" data-align=\"center\">Clara Bardi<\/td><\/tr><\/tbody><\/table><\/figure>\n\n\n\n<p><\/p>\n","protected":false},"excerpt":{"rendered":"<p>EQUIP DIRECTIU DIRECTORA Ana Garc\u00eda CAP D&#8217;ESTUDIS Javi P\u00e9rez SECRET\u00c0RIA Miriam Ruiz SIEI SIEI INFANTIL Noem\u00ed \u00c1lsina Carme Exp\u00f3sito SIEI [&hellip;]<\/p>\n","protected":false},"author":1,"featured_media":0,"parent":0,"menu_order":0,"comment_status":"closed","ping_status":"close","template":"","meta":{"_bbp_topic_count":0,"_bbp_reply_count":0,"_bbp_total_topic_count":0,"_bbp_total_reply_count":0,"_bbp_voice_count":0,"_bbp_anonymous_reply_count":0,"_bbp_topic_count_hidden":0,"_bbp_reply_count_hidden":0,"_bbp_forum_subforum_count":0,"site-sidebar-layout":"default","site-content-layout":"","ast-site-content-layout":"default","site-content-style":"default","site-sidebar-style":"default","ast-global-header-display":"","ast-banner-title-visibility":"","ast-main-header-display":"","ast-hfb-above-header-display":"","ast-hfb-below-header-display":"","ast-hfb-mobile-header-display":"","site-post-title":"","ast-breadcrumbs-content":"","ast-featured-img":"","footer-sml-layout":"","theme-transparent-header-meta":"","adv-header-id-meta":"","stick-header-meta":"","header-above-stick-meta":"","header-main-stick-meta":"","header-below-stick-meta":"","astra-migrate-meta-layouts":"set","ast-page-background-enabled":"default","ast-page-background-meta":{"desktop":{"background-color":"var(--ast-global-color-4)","background-image":"","background-repeat":"repeat","background-position":"center center","background-size":"auto","background-attachment":"scroll","background-type":"","background-media":"","overlay-type":"","overlay-color":"","overlay-opacity":"","overlay-gradient":""},"tablet":{"background-color":"","background-image":"","background-repeat":"repeat","background-position":"center center","background-size":"auto","background-attachment":"scroll","background-type":"","background-media":"","overlay-type":"","overlay-color":"","overlay-opacity":"","overlay-gradient":""},"mobile":{"background-color":"","background-image":"","background-repeat":"repeat","background-position":"center center","background-size":"auto","background-attachment":"scroll","background-type":"","background-media":"","overlay-type":"","overlay-color":"","overlay-opacity":"","overlay-gradient":""}},"ast-content-background-meta":{"desktop":{"background-color":"var(--ast-global-color-5)","background-image":"","background-repeat":"repeat","background-position":"center center","background-size":"auto","background-attachment":"scroll","background-type":"","background-media":"","overlay-type":"","overlay-color":"","overlay-opacity":"","overlay-gradient":""},"tablet":{"background-color":"var(--ast-global-color-5)","background-image":"","background-repeat":"repeat","background-position":"center center","background-size":"auto","background-attachment":"scroll","background-type":"","background-media":"","overlay-type":"","overlay-color":"","overlay-opacity":"","overlay-gradient":""},"mobile":{"background-color":"var(--ast-global-color-5)","background-image":"","background-repeat":"repeat","background-position":"center center","background-size":"auto","background-attachment":"scroll","background-type":"","background-media":"","overlay-type":"","overlay-color":"","overlay-opacity":"","overlay-gradient":""}},"footnotes":""},"class_list":["post-4450","page","type-page","status-publish","hentry"],"post_mailing_queue_ids":[],"_links":{"self":[{"href":"https:\/\/agora.xtec.cat\/ceipmediterrania\/wp-json\/wp\/v2\/pages\/4450","targetHints":{"allow":["GET"]}}],"collection":[{"href":"https:\/\/agora.xtec.cat\/ceipmediterrania\/wp-json\/wp\/v2\/pages"}],"about":[{"href":"https:\/\/agora.xtec.cat\/ceipmediterrania\/wp-json\/wp\/v2\/types\/page"}],"author":[{"embeddable":true,"href":"https:\/\/agora.xtec.cat\/ceipmediterrania\/wp-json\/wp\/v2\/users\/1"}],"replies":[{"embeddable":true,"href":"https:\/\/agora.xtec.cat\/ceipmediterrania\/wp-json\/wp\/v2\/comments?post=4450"}],"version-history":[{"count":6,"href":"https:\/\/agora.xtec.cat\/ceipmediterrania\/wp-json\/wp\/v2\/pages\/4450\/revisions"}],"predecessor-version":[{"id":6255,"href":"https:\/\/agora.xtec.cat\/ceipmediterrania\/wp-json\/wp\/v2\/pages\/4450\/revisions\/6255"}],"wp:attachment":[{"href":"https:\/\/agora.xtec.cat\/ceipmediterrania\/wp-json\/wp\/v2\/media?parent=4450"}],"curies":[{"name":"wp","href":"https:\/\/api.w.org\/{rel}","templated":true}]}}