{"id":4356,"date":"2024-11-22T11:23:22","date_gmt":"2024-11-22T10:23:22","guid":{"rendered":"https:\/\/agora.xtec.cat\/ceipmediterrania\/?page_id=4356"},"modified":"2026-01-28T12:34:25","modified_gmt":"2026-01-28T11:34:25","slug":"portes-obertes-2-0","status":"publish","type":"page","link":"https:\/\/agora.xtec.cat\/ceipmediterrania\/portes-obertes-2-0\/","title":{"rendered":"Portes obertes"},"content":{"rendered":"\n<figure class=\"wp-block-image alignleft size-medium has-custom-border\"><a href=\"https:\/\/docs.google.com\/forms\/d\/e\/1FAIpQLSeRhpz4FGKVgOkQkjsykft53yjL53-IZPijOQdUI68eZj68jA\/viewform?usp=header\"><img loading=\"lazy\" decoding=\"async\" width=\"300\" height=\"300\" src=\"https:\/\/agora.xtec.cat\/ceipmediterrania\/wp-content\/uploads\/usu1771\/2026\/01\/Colorful-Illustrative-Back-To-School-Sale-Instagram-Post-1-1-300x300.png\" alt=\"\" class=\"has-border-color wp-image-6063\" style=\"border-color:#ff6900;border-width:16px;border-radius:83px\" srcset=\"https:\/\/agora.xtec.cat\/ceipmediterrania\/wp-content\/uploads\/usu1771\/2026\/01\/Colorful-Illustrative-Back-To-School-Sale-Instagram-Post-1-1-300x300.png 300w, https:\/\/agora.xtec.cat\/ceipmediterrania\/wp-content\/uploads\/usu1771\/2026\/01\/Colorful-Illustrative-Back-To-School-Sale-Instagram-Post-1-1-1024x1020.png 1024w, https:\/\/agora.xtec.cat\/ceipmediterrania\/wp-content\/uploads\/usu1771\/2026\/01\/Colorful-Illustrative-Back-To-School-Sale-Instagram-Post-1-1-150x150.png 150w, https:\/\/agora.xtec.cat\/ceipmediterrania\/wp-content\/uploads\/usu1771\/2026\/01\/Colorful-Illustrative-Back-To-School-Sale-Instagram-Post-1-1-768x765.png 768w, https:\/\/agora.xtec.cat\/ceipmediterrania\/wp-content\/uploads\/usu1771\/2026\/01\/Colorful-Illustrative-Back-To-School-Sale-Instagram-Post-1-1.png 1080w\" sizes=\"auto, (max-width: 300px) 100vw, 300px\" \/><\/a><\/figure>\n\n\n\n<p>El pr\u00f2xim dimarts <strong>3 de mar\u00e7 a les 15:00 h<\/strong>, l&#8217;<strong>Escola Mediterr\u00e0nia<\/strong> obrir\u00e0 les portes per donar a con\u00e8ixer el centre i el seu projecte educatiu. Convidem totes les fam\u00edlies interessades a visitar les nostres instal\u00b7lacions, con\u00e8ixer l\u2019equip docent i descobrir de prop la nostra metodologia d\u2019ensenyament.<\/p>\n\n\n\n<p>Us esperem per compartir amb vosaltres la nostra manera d\u2019educar i acompanyar els infants en el seu aprenentatge!<\/p>\n\n\n\n<div class=\"wp-block-buttons is-layout-flex wp-block-buttons-is-layout-flex\">\n<div class=\"wp-block-button has-custom-width wp-block-button__width-100\"><a class=\"wp-block-button__link wp-element-button\" href=\"https:\/\/docs.google.com\/forms\/d\/e\/1FAIpQLSeRhpz4FGKVgOkQkjsykft53yjL53-IZPijOQdUI68eZj68jA\/viewform?usp=header\">FORMULARI ASSIST\u00c8NCIA JORNADA PORTES OBERTES<\/a><\/div>\n<\/div>\n\n\n\n<h6 class=\"wp-block-heading has-text-align-center\">En aquesta p\u00e0gina compartim amb vosaltres diferents arxius multim\u00e8dia per tal que pugueu veure un tastet de qu\u00e8 \u00e9s la nostra escola\u2026 la qual desitgem que ben aviat sigui tamb\u00e9 la vostra!!<\/h6>\n\n\n\n<div class=\"wp-block-columns is-layout-flex wp-container-core-columns-is-layout-1 wp-block-columns-is-layout-flex\">\n<div class=\"wp-block-column is-layout-flow wp-block-column-is-layout-flow\">\n<h5 class=\"wp-block-heading has-text-align-center has-pale-pink-background-color has-background\"><a href=\"https:\/\/www.instagram.com\/tv\/B_u3QP7FkUp\/?utm_source=ig_embed\">V\u00eddeo projecte de l&#8217;escola<\/a><\/h5>\n\n\n\n<figure class=\"wp-block-image aligncenter size-full is-resized\"><a href=\"https:\/\/www.instagram.com\/tv\/B_u3QP7FkUp\/?utm_source=ig_embed\"><img loading=\"lazy\" decoding=\"async\" width=\"526\" height=\"454\" src=\"https:\/\/agora.xtec.cat\/ceipmediterrania\/wp-content\/uploads\/usu1771\/2024\/11\/Captura-de-pantalla-2024-11-22-110338.png\" alt=\"\" class=\"wp-image-4359\" style=\"width:238px;height:auto\" srcset=\"https:\/\/agora.xtec.cat\/ceipmediterrania\/wp-content\/uploads\/usu1771\/2024\/11\/Captura-de-pantalla-2024-11-22-110338.png 526w, https:\/\/agora.xtec.cat\/ceipmediterrania\/wp-content\/uploads\/usu1771\/2024\/11\/Captura-de-pantalla-2024-11-22-110338-300x259.png 300w\" sizes=\"auto, (max-width: 526px) 100vw, 526px\" \/><\/a><\/figure>\n<\/div>\n\n\n\n<div class=\"wp-block-column is-layout-flow wp-block-column-is-layout-flow\">\n<h5 class=\"wp-block-heading has-text-align-center has-ast-global-color-1-color has-luminous-vivid-orange-background-color has-text-color has-background has-link-color wp-elements-9e98f6c2ba9b8d51ff01589fcfa399c6\"><a href=\"https:\/\/www.powtoon.com\/embed\/buMYKyllcuV\/\">Presentaci\u00f3 portes obertes<\/a><\/h5>\n\n\n\n<figure class=\"wp-block-image aligncenter size-large is-resized\"><a href=\"https:\/\/www.powtoon.com\/embed\/buMYKyllcuV\/\"><img loading=\"lazy\" decoding=\"async\" width=\"1024\" height=\"548\" src=\"https:\/\/agora.xtec.cat\/ceipmediterrania\/wp-content\/uploads\/usu1771\/2024\/11\/Captura-de-pantalla-2024-11-22-110552-1024x548.png\" alt=\"\" class=\"wp-image-4360\" style=\"width:275px;height:auto\" srcset=\"https:\/\/agora.xtec.cat\/ceipmediterrania\/wp-content\/uploads\/usu1771\/2024\/11\/Captura-de-pantalla-2024-11-22-110552-1024x548.png 1024w, https:\/\/agora.xtec.cat\/ceipmediterrania\/wp-content\/uploads\/usu1771\/2024\/11\/Captura-de-pantalla-2024-11-22-110552-300x161.png 300w, https:\/\/agora.xtec.cat\/ceipmediterrania\/wp-content\/uploads\/usu1771\/2024\/11\/Captura-de-pantalla-2024-11-22-110552-768x411.png 768w, https:\/\/agora.xtec.cat\/ceipmediterrania\/wp-content\/uploads\/usu1771\/2024\/11\/Captura-de-pantalla-2024-11-22-110552.png 1261w\" sizes=\"auto, (max-width: 1024px) 100vw, 1024px\" \/><\/a><\/figure>\n<\/div>\n\n\n\n<div class=\"wp-block-column is-layout-flow wp-block-column-is-layout-flow\">\n<h5 class=\"wp-block-heading has-text-align-center has-light-green-cyan-background-color has-background\"><a href=\"https:\/\/www.instagram.com\/p\/B4ubFwXonEY\/?utm_source=ig_web_copy_link\">V\u00eddeo ambients Ed. infantil<\/a><\/h5>\n\n\n\n<figure class=\"wp-block-image size-full\"><a href=\"https:\/\/www.instagram.com\/p\/B4ubFwXonEY\/?utm_source=ig_web_copy_link\"><img loading=\"lazy\" decoding=\"async\" width=\"658\" height=\"445\" src=\"https:\/\/agora.xtec.cat\/ceipmediterrania\/wp-content\/uploads\/usu1771\/2024\/11\/Captura-de-pantalla-2024-11-22-110956.png\" alt=\"\" class=\"wp-image-4361\" srcset=\"https:\/\/agora.xtec.cat\/ceipmediterrania\/wp-content\/uploads\/usu1771\/2024\/11\/Captura-de-pantalla-2024-11-22-110956.png 658w, https:\/\/agora.xtec.cat\/ceipmediterrania\/wp-content\/uploads\/usu1771\/2024\/11\/Captura-de-pantalla-2024-11-22-110956-300x203.png 300w\" sizes=\"auto, (max-width: 658px) 100vw, 658px\" \/><\/a><\/figure>\n<\/div>\n<\/div>\n\n\n\n<div class=\"wp-block-columns is-layout-flex wp-container-core-columns-is-layout-2 wp-block-columns-is-layout-flex\">\n<div class=\"wp-block-column is-layout-flow wp-block-column-is-layout-flow\">\n<h5 class=\"wp-block-heading has-text-align-center has-pale-cyan-blue-background-color has-background\"><a href=\"https:\/\/agora.xtec.cat\/ceipmediterrania\/lescola\/instal%c2%b7lacions\/\">Instal\u00b7lacions de l&#8217;escola<\/a><\/h5>\n\n\n\n<figure class=\"wp-block-image size-large\"><a href=\"https:\/\/agora.xtec.cat\/ceipmediterrania\/lescola\/instal%c2%b7lacions\/\"><img loading=\"lazy\" decoding=\"async\" width=\"1024\" height=\"725\" src=\"https:\/\/agora.xtec.cat\/ceipmediterrania\/wp-content\/uploads\/usu1771\/2024\/11\/Captura-de-pantalla-2024-11-22-112002-1024x725.png\" alt=\"\" class=\"wp-image-4367\" srcset=\"https:\/\/agora.xtec.cat\/ceipmediterrania\/wp-content\/uploads\/usu1771\/2024\/11\/Captura-de-pantalla-2024-11-22-112002-1024x725.png 1024w, https:\/\/agora.xtec.cat\/ceipmediterrania\/wp-content\/uploads\/usu1771\/2024\/11\/Captura-de-pantalla-2024-11-22-112002-300x213.png 300w, https:\/\/agora.xtec.cat\/ceipmediterrania\/wp-content\/uploads\/usu1771\/2024\/11\/Captura-de-pantalla-2024-11-22-112002-768x544.png 768w, https:\/\/agora.xtec.cat\/ceipmediterrania\/wp-content\/uploads\/usu1771\/2024\/11\/Captura-de-pantalla-2024-11-22-112002.png 1039w\" sizes=\"auto, (max-width: 1024px) 100vw, 1024px\" \/><\/a><\/figure>\n<\/div>\n\n\n\n<div class=\"wp-block-column is-layout-flow wp-block-column-is-layout-flow\">\n<h5 class=\"wp-block-heading has-text-align-center has-luminous-vivid-amber-background-color has-background\"><a href=\"https:\/\/www.instagram.com\/escola_mediterrania\/?utm_source=ig_embed&amp;ig_rid=605e31cd-abfa-4a18-95ee-66fe9c2805e2\">Canal d&#8217;instagram<\/a><\/h5>\n\n\n\n<figure class=\"wp-block-image aligncenter size-full is-resized\"><a href=\"https:\/\/www.instagram.com\/escola_mediterrania\/?utm_source=ig_embed&amp;ig_rid=605e31cd-abfa-4a18-95ee-66fe9c2805e2\"><img loading=\"lazy\" decoding=\"async\" width=\"382\" height=\"444\" src=\"https:\/\/agora.xtec.cat\/ceipmediterrania\/wp-content\/uploads\/usu1771\/2024\/11\/Captura-de-pantalla-2024-11-22-112044.png\" alt=\"\" class=\"wp-image-4368\" style=\"width:157px;height:auto\" srcset=\"https:\/\/agora.xtec.cat\/ceipmediterrania\/wp-content\/uploads\/usu1771\/2024\/11\/Captura-de-pantalla-2024-11-22-112044.png 382w, https:\/\/agora.xtec.cat\/ceipmediterrania\/wp-content\/uploads\/usu1771\/2024\/11\/Captura-de-pantalla-2024-11-22-112044-258x300.png 258w\" sizes=\"auto, (max-width: 382px) 100vw, 382px\" \/><\/a><\/figure>\n<\/div>\n\n\n\n<div class=\"wp-block-column is-layout-flow wp-block-column-is-layout-flow\">\n<h5 class=\"wp-block-heading has-text-align-center has-ast-global-color-1-color has-pale-pink-background-color has-text-color has-background has-link-color wp-elements-bde2db6d2ef6fb9aab7aaf7a5f64f4ff\"><a href=\"https:\/\/agora.xtec.cat\/ceipmediterrania\/pagines-dinici\/lescola\/festes-i-celebracions-de-lescola\/\" target=\"_blank\" rel=\"noreferrer noopener\">Festes i celebracions<\/a><\/h5>\n\n\n\n<figure class=\"wp-block-image size-full\"><a href=\"https:\/\/agora.xtec.cat\/ceipmediterrania\/pagines-dinici\/lescola\/festes-i-celebracions-de-lescola\/\"><img loading=\"lazy\" decoding=\"async\" width=\"875\" height=\"619\" src=\"https:\/\/agora.xtec.cat\/ceipmediterrania\/wp-content\/uploads\/usu1771\/2025\/01\/banner-festes.jpg\" alt=\"\" class=\"wp-image-4728\" srcset=\"https:\/\/agora.xtec.cat\/ceipmediterrania\/wp-content\/uploads\/usu1771\/2025\/01\/banner-festes.jpg 875w, https:\/\/agora.xtec.cat\/ceipmediterrania\/wp-content\/uploads\/usu1771\/2025\/01\/banner-festes-300x212.jpg 300w, https:\/\/agora.xtec.cat\/ceipmediterrania\/wp-content\/uploads\/usu1771\/2025\/01\/banner-festes-768x543.jpg 768w\" sizes=\"auto, (max-width: 875px) 100vw, 875px\" \/><\/a><\/figure>\n<\/div>\n<\/div>\n","protected":false},"excerpt":{"rendered":"<p>El pr\u00f2xim dimarts 3 de mar\u00e7 a les 15:00 h, l&#8217;Escola Mediterr\u00e0nia obrir\u00e0 les portes per donar a con\u00e8ixer el [&hellip;]<\/p>\n","protected":false},"author":1,"featured_media":0,"parent":0,"menu_order":0,"comment_status":"closed","ping_status":"close","template":"","meta":{"_bbp_topic_count":0,"_bbp_reply_count":0,"_bbp_total_topic_count":0,"_bbp_total_reply_count":0,"_bbp_voice_count":0,"_bbp_anonymous_reply_count":0,"_bbp_topic_count_hidden":0,"_bbp_reply_count_hidden":0,"_bbp_forum_subforum_count":0,"site-sidebar-layout":"default","site-content-layout":"","ast-site-content-layout":"default","site-content-style":"default","site-sidebar-style":"default","ast-global-header-display":"","ast-banner-title-visibility":"","ast-main-header-display":"","ast-hfb-above-header-display":"","ast-hfb-below-header-display":"","ast-hfb-mobile-header-display":"","site-post-title":"","ast-breadcrumbs-content":"","ast-featured-img":"","footer-sml-layout":"","theme-transparent-header-meta":"","adv-header-id-meta":"","stick-header-meta":"","header-above-stick-meta":"","header-main-stick-meta":"","header-below-stick-meta":"","astra-migrate-meta-layouts":"set","ast-page-background-enabled":"default","ast-page-background-meta":{"desktop":{"background-color":"var(--ast-global-color-4)","background-image":"","background-repeat":"repeat","background-position":"center center","background-size":"auto","background-attachment":"scroll","background-type":"","background-media":"","overlay-type":"","overlay-color":"","overlay-opacity":"","overlay-gradient":""},"tablet":{"background-color":"","background-image":"","background-repeat":"repeat","background-position":"center center","background-size":"auto","background-attachment":"scroll","background-type":"","background-media":"","overlay-type":"","overlay-color":"","overlay-opacity":"","overlay-gradient":""},"mobile":{"background-color":"","background-image":"","background-repeat":"repeat","background-position":"center center","background-size":"auto","background-attachment":"scroll","background-type":"","background-media":"","overlay-type":"","overlay-color":"","overlay-opacity":"","overlay-gradient":""}},"ast-content-background-meta":{"desktop":{"background-color":"var(--ast-global-color-5)","background-image":"","background-repeat":"repeat","background-position":"center center","background-size":"auto","background-attachment":"scroll","background-type":"","background-media":"","overlay-type":"","overlay-color":"","overlay-opacity":"","overlay-gradient":""},"tablet":{"background-color":"var(--ast-global-color-5)","background-image":"","background-repeat":"repeat","background-position":"center center","background-size":"auto","background-attachment":"scroll","background-type":"","background-media":"","overlay-type":"","overlay-color":"","overlay-opacity":"","overlay-gradient":""},"mobile":{"background-color":"var(--ast-global-color-5)","background-image":"","background-repeat":"repeat","background-position":"center center","background-size":"auto","background-attachment":"scroll","background-type":"","background-media":"","overlay-type":"","overlay-color":"","overlay-opacity":"","overlay-gradient":""}},"footnotes":""},"class_list":["post-4356","page","type-page","status-publish","hentry"],"post_mailing_queue_ids":[],"_links":{"self":[{"href":"https:\/\/agora.xtec.cat\/ceipmediterrania\/wp-json\/wp\/v2\/pages\/4356","targetHints":{"allow":["GET"]}}],"collection":[{"href":"https:\/\/agora.xtec.cat\/ceipmediterrania\/wp-json\/wp\/v2\/pages"}],"about":[{"href":"https:\/\/agora.xtec.cat\/ceipmediterrania\/wp-json\/wp\/v2\/types\/page"}],"author":[{"embeddable":true,"href":"https:\/\/agora.xtec.cat\/ceipmediterrania\/wp-json\/wp\/v2\/users\/1"}],"replies":[{"embeddable":true,"href":"https:\/\/agora.xtec.cat\/ceipmediterrania\/wp-json\/wp\/v2\/comments?post=4356"}],"version-history":[{"count":6,"href":"https:\/\/agora.xtec.cat\/ceipmediterrania\/wp-json\/wp\/v2\/pages\/4356\/revisions"}],"predecessor-version":[{"id":6074,"href":"https:\/\/agora.xtec.cat\/ceipmediterrania\/wp-json\/wp\/v2\/pages\/4356\/revisions\/6074"}],"wp:attachment":[{"href":"https:\/\/agora.xtec.cat\/ceipmediterrania\/wp-json\/wp\/v2\/media?parent=4356"}],"curies":[{"name":"wp","href":"https:\/\/api.w.org\/{rel}","templated":true}]}}