{"id":3667,"date":"2024-01-19T16:01:42","date_gmt":"2024-01-19T15:01:42","guid":{"rendered":"https:\/\/agora.xtec.cat\/ceipmediterrania\/?page_id=3667"},"modified":"2024-02-01T15:33:00","modified_gmt":"2024-02-01T14:33:00","slug":"afa-menjador","status":"publish","type":"page","link":"https:\/\/agora.xtec.cat\/ceipmediterrania\/ampa\/afa\/afa-serveis\/afa-menjador\/","title":{"rendered":"Menjador"},"content":{"rendered":"<p><span style=\"font-weight: 400;\">El servei de menjador gestionat per l\u2019AFA, s\u2019ofereix a tot l\u2019alumnat del centre, amb cuina pr\u00f2pia.<\/span><\/p>\n<p><span style=\"font-weight: 400;\">Treballem amb una empresa especialitzada en el sector que \u00e9s <\/span><a href=\"https:\/\/www.caserco.com\/es\/inicio-2\/\"><b>Caserco<\/b><\/a><b>.<\/b><span style=\"font-weight: 400;\"> Aquesta empresa \u00e9s l\u2019encarregada de proveir la cuina de la mat\u00e8ria primera, contractar al personal necessari i gestionar el servei. Aquest servei consta de dues parts: la cuina i el monitoratge.<\/span><\/p>\n<ul>\n<li style=\"font-weight: 400;\" aria-level=\"1\"><span style=\"font-weight: 400;\">La cuina, s\u2019encarrega d&#8217;elaborar els men\u00fas en la cuina pr\u00f2pia del centre, sempre seguint les recomanacions dels organismes competents com s\u00f3n la Generalitat i el Consell Comarcal.<\/span><\/li>\n<li style=\"font-weight: 400;\" aria-level=\"1\"><span style=\"font-weight: 400;\">L\u2019equip de monitoratge t\u00e9 cura de les nenes i nens que fan \u00fas del menjador i elabora el Pla d\u2019activitats a realitzar durant l\u2019estona d\u2019esbarjo. Tot aix\u00f2, supervisat per la seva coordinadora.<\/span><\/li>\n<\/ul>\n<p><b>Fer \u00fas del servei:<\/b><\/p>\n<ul>\n<li style=\"font-weight: 400;\" aria-level=\"1\"><b>\u00das fix<\/b><span style=\"font-weight: 400;\">: es considera fix quan \u00e9s l\u2019infant es queda un m\u00ednim de 3 dies a la setmana habitualment durant el curs. El pagament ser\u00e0 mensual per domiciliaci\u00f3 banc\u00e0ria la primera setmana del mes en curs. Si falta algun dia haur\u00e0 d\u2019avisar abans de les 10\u202fh del mateix dia per a descomptar la part proporcional del servei.<\/span><\/li>\n<li style=\"font-weight: 400;\" aria-level=\"1\"><b>\u00das espor\u00e0dic<\/b><span style=\"font-weight: 400;\">: es considera espor\u00e0dic quan l\u2019infant fa \u00fas del servei menys de tres dies a la setmana. En aquest cas s\u2019ha d&#8217;emplenar el formulari el primer cop, avisar abans de les 10h del mat\u00ed del primer dia. El pagament ser\u00e0 per domiciliaci\u00f3 banc\u00e0ria a principis del mes seg\u00fcent.\u00a0<\/span><\/li>\n<li style=\"font-weight: 400;\" aria-level=\"1\"><span style=\"font-weight: 400;\">Omplir el formulari d\u2019inscripci\u00f3 al menjador la primera vegada que es fa \u00fas i donar-li a la coordinadora del Menjador, o enviar-ho per mail<\/span> <a href=\"mailto:menjadormediterrania2@gmail.com\"><b>menjadormediterrania2@gmail.com<\/b><\/a><span style=\"font-weight: 400;\"> o\u00a0 per WhatsApp al 683.16.22.52.<\/span><\/li>\n<\/ul>\n<p><b>Comunicar canvis o incid\u00e8ncies:<\/b><\/p>\n<ul>\n<li style=\"font-weight: 400;\" aria-level=\"1\"><span style=\"font-weight: 400;\">Qualsevol canvi o incid\u00e8ncia en el servei s\u2019haur\u00e0 de comunicar per alguna de les diferents vies:<\/span><\/li>\n<\/ul>\n<ul>\n<li style=\"font-weight: 400;\" aria-level=\"1\"><span style=\"font-weight: 400;\">Canvis puntuals en el servei: avisar a la coordinadora abans de les 10h del mati al tel\u00e8fon o WhatsApp 649.66.47.05<\/span><\/li>\n<li style=\"font-weight: 400;\" aria-level=\"1\"><span style=\"font-weight: 400;\">Canvis en el servei habitual: comunicat amb la gestora Marta del servei <\/span><a href=\"mailto:menjadormediterrania2@gmail.com\"><b>menjadormediterrania2@gmail.com<\/b><\/a><span style=\"font-weight: 400;\"> o\u00a0 per WhatsApp al 683.16.22.52.<\/span><\/li>\n<li style=\"font-weight: 400;\" aria-level=\"1\"><span style=\"font-weight: 400;\">Incid\u00e8ncies, queixes i suggeriments: es poden fer directament a la Coordinadora, la Gestora o a l\u2019AFA al <\/span><a href=\"mailto:menjadorafa@escolamediterraniaroquetes.cat\"><b>menjadorafa@escolamediterraniaroquetes.cat<\/b><\/a><b>\u00a0<\/b><\/li>\n<\/ul>\n<p><b>En cas d\u2019haver de comunicar un cas d\u2019al\u00b7l\u00e8rgia o intoler\u00e0ncia alimentaria, caldr\u00e0 aportar un informe m\u00e8dic.<\/b><b><\/b><b><\/b><\/p>\n<p><b>Preus del menjador:<\/b><\/p>\n<ul>\n<li style=\"font-weight: 400;\" aria-level=\"1\"><span style=\"font-weight: 400;\">La Generalitat marca uns preus m\u00ednims i m\u00e0xims anuals per als menjadors escolars.<\/span><\/li>\n<li style=\"font-weight: 400;\" aria-level=\"1\"><span style=\"font-weight: 400;\">El preu estipula a la nostra escola es: \u00fas fixe 6.60\u20ac\/dia i \u00fas eventual 7.30\u20ac\/dia.<\/span><\/li>\n<\/ul>\n<p><b>Consulta i descarrega\u2019t el men\u00fa del mes aqu\u00ed:<\/b><\/p>\n<ul>\n<li aria-level=\"1\"><a href=\"https:\/\/drive.google.com\/drive\/folders\/1thCyauzatJhm_RLFrfpex0ono1b7RDoR?usp=drive_link\"><b>Men\u00fas mensuals<\/b><\/a><\/li>\n<\/ul>\n<p><b>Documentaci\u00f3:<\/b><\/p>\n<ul>\n<li aria-level=\"1\"><a href=\"https:\/\/drive.google.com\/file\/d\/1Pkj4Ijb94MbKK4CyX3cOzLjDsPlN2hMs\/view?usp=drive_link\"><b>Full d\u2019inscripci\u00f3 al Menjador<\/b><\/a><\/li>\n<\/ul>\n<ul>\n<li aria-level=\"1\"><a href=\"https:\/\/drive.google.com\/file\/d\/1DwsCT1afOh77CBpPvtf8BVZQ-q4EMVZK\/view?usp=drive_link\"><b>Qu\u00e8 cal portar.<\/b><\/a><\/li>\n<li aria-level=\"1\"><a href=\"https:\/\/www.ccgarraf.cat\/serveis-i-tramits\/cataleg-de-serveis\/ajuts-de-menjador-i-desplacament-escolars.html\"><b>Beques<\/b><\/a><\/li>\n<\/ul>\n<p><span style=\"font-weight: 400;\">M\u00e9s informaci\u00f3 a: <\/span><a href=\"mailto:menjadorafa@escolamediterraniaroquetes.cat\"><b>menjadorafa@escolamediterraniaroquetes.cat<\/b><\/a><b>\u00a0<\/b><\/p>\n","protected":false},"excerpt":{"rendered":"<p>El servei de menjador gestionat per l\u2019AFA, s\u2019ofereix a tot l\u2019alumnat del centre, amb cuina pr\u00f2pia. Treballem amb una empresa [&hellip;]<\/p>\n","protected":false},"author":1,"featured_media":0,"parent":3396,"menu_order":0,"comment_status":"closed","ping_status":"closed","template":"","meta":{"_bbp_topic_count":0,"_bbp_reply_count":0,"_bbp_total_topic_count":0,"_bbp_total_reply_count":0,"_bbp_voice_count":0,"_bbp_anonymous_reply_count":0,"_bbp_topic_count_hidden":0,"_bbp_reply_count_hidden":0,"_bbp_forum_subforum_count":0,"site-sidebar-layout":"default","site-content-layout":"","ast-site-content-layout":"","site-content-style":"default","site-sidebar-style":"default","ast-global-header-display":"","ast-banner-title-visibility":"","ast-main-header-display":"","ast-hfb-above-header-display":"","ast-hfb-below-header-display":"","ast-hfb-mobile-header-display":"","site-post-title":"","ast-breadcrumbs-content":"","ast-featured-img":"","footer-sml-layout":"","theme-transparent-header-meta":"","adv-header-id-meta":"","stick-header-meta":"","header-above-stick-meta":"","header-main-stick-meta":"","header-below-stick-meta":"","astra-migrate-meta-layouts":"default","ast-page-background-enabled":"default","ast-page-background-meta":{"desktop":{"background-color":"var(--ast-global-color-4)","background-image":"","background-repeat":"repeat","background-position":"center center","background-size":"auto","background-attachment":"scroll","background-type":"","background-media":"","overlay-type":"","overlay-color":"","overlay-opacity":"","overlay-gradient":""},"tablet":{"background-color":"","background-image":"","background-repeat":"repeat","background-position":"center center","background-size":"auto","background-attachment":"scroll","background-type":"","background-media":"","overlay-type":"","overlay-color":"","overlay-opacity":"","overlay-gradient":""},"mobile":{"background-color":"","background-image":"","background-repeat":"repeat","background-position":"center center","background-size":"auto","background-attachment":"scroll","background-type":"","background-media":"","overlay-type":"","overlay-color":"","overlay-opacity":"","overlay-gradient":""}},"ast-content-background-meta":{"desktop":{"background-color":"var(--ast-global-color-5)","background-image":"","background-repeat":"repeat","background-position":"center center","background-size":"auto","background-attachment":"scroll","background-type":"","background-media":"","overlay-type":"","overlay-color":"","overlay-opacity":"","overlay-gradient":""},"tablet":{"background-color":"var(--ast-global-color-5)","background-image":"","background-repeat":"repeat","background-position":"center center","background-size":"auto","background-attachment":"scroll","background-type":"","background-media":"","overlay-type":"","overlay-color":"","overlay-opacity":"","overlay-gradient":""},"mobile":{"background-color":"var(--ast-global-color-5)","background-image":"","background-repeat":"repeat","background-position":"center center","background-size":"auto","background-attachment":"scroll","background-type":"","background-media":"","overlay-type":"","overlay-color":"","overlay-opacity":"","overlay-gradient":""}},"footnotes":""},"class_list":["post-3667","page","type-page","status-publish","hentry"],"post_mailing_queue_ids":[],"_links":{"self":[{"href":"https:\/\/agora.xtec.cat\/ceipmediterrania\/wp-json\/wp\/v2\/pages\/3667","targetHints":{"allow":["GET"]}}],"collection":[{"href":"https:\/\/agora.xtec.cat\/ceipmediterrania\/wp-json\/wp\/v2\/pages"}],"about":[{"href":"https:\/\/agora.xtec.cat\/ceipmediterrania\/wp-json\/wp\/v2\/types\/page"}],"author":[{"embeddable":true,"href":"https:\/\/agora.xtec.cat\/ceipmediterrania\/wp-json\/wp\/v2\/users\/1"}],"replies":[{"embeddable":true,"href":"https:\/\/agora.xtec.cat\/ceipmediterrania\/wp-json\/wp\/v2\/comments?post=3667"}],"version-history":[{"count":5,"href":"https:\/\/agora.xtec.cat\/ceipmediterrania\/wp-json\/wp\/v2\/pages\/3667\/revisions"}],"predecessor-version":[{"id":3744,"href":"https:\/\/agora.xtec.cat\/ceipmediterrania\/wp-json\/wp\/v2\/pages\/3667\/revisions\/3744"}],"up":[{"embeddable":true,"href":"https:\/\/agora.xtec.cat\/ceipmediterrania\/wp-json\/wp\/v2\/pages\/3396"}],"wp:attachment":[{"href":"https:\/\/agora.xtec.cat\/ceipmediterrania\/wp-json\/wp\/v2\/media?parent=3667"}],"curies":[{"name":"wp","href":"https:\/\/api.w.org\/{rel}","templated":true}]}}