{"id":3424,"date":"2023-11-27T22:31:01","date_gmt":"2023-11-27T21:31:01","guid":{"rendered":"https:\/\/agora.xtec.cat\/ceipmediterrania\/?page_id=3424"},"modified":"2024-02-01T15:56:30","modified_gmt":"2024-02-01T14:56:30","slug":"comissio-dinclusio-i-antibuylling","status":"publish","type":"page","link":"https:\/\/agora.xtec.cat\/ceipmediterrania\/ampa\/afa\/comissio-dinclusio-i-antibuylling\/","title":{"rendered":"Comissi\u00f3 d&#8217;inclusi\u00f3 i antibuylling"},"content":{"rendered":"<table style=\"border-collapse: collapse;\">\n<tbody>\n<tr style=\"height: 174px;\">\n<td style=\"width: 16.7815%; background-color: #7dcdf0; height: 174px;\"><img loading=\"lazy\" decoding=\"async\" class=\"aligncenter\" src=\"https:\/\/cdn-icons-png.flaticon.com\/512\/1289\/1289352.png\" alt=\"El respeto - Iconos gratis de manos y gestos\" width=\"160\" height=\"160\" \/><\/td>\n<td style=\"width: 39.9713%; height: 174px; background-color: #bde2f2; text-align: center;\">\n<h1>COMISSI\u00d3 D&#8217;INCLUSI\u00d3 I ANTIBUYLLING<\/h1>\n<h4>inclusioafa@escolamediterraniaroquetes.cat<\/h4>\n<\/td>\n<\/tr>\n<\/tbody>\n<\/table>\n<ul>\n<li aria-level=\"1\"><b>Comissi\u00f3 d\u2019inclusi\u00f3 i anti-buylling:<\/b><\/li>\n<\/ul>\n<p><span style=\"font-weight: 400;\">L&#8217;objectiu \u00e9s donar a con\u00e8ixer la diversitat funcional al nostre centre.<\/span><\/p>\n<p><span style=\"font-weight: 400;\">Presentar les difer\u00e8ncies com all\u00f2 que ens enriqueix, que suma i ens ajuda a cr\u00e9ixer com a persones.\u00a0<\/span><\/p>\n<p><span style=\"font-weight: 400;\">Mostrar que l&#8217;empatia ens afavoreix i s&#8217;ha d&#8217;alimentar des de petits.<\/span><\/p>\n<ul>\n<li aria-level=\"1\"><b>Qu\u00e8 volem aconseguir?<\/b><\/li>\n<\/ul>\n<p><span style=\"font-weight: 400;\">Volem fer realitat una escola que on l&#8217;educaci\u00f3 estigui a la mida del seu alumnat, segons les seves necessitats i possibilitats. La societat necessita un canvi de mirada, ens hem de preparar per a un futur on la nostra societat sigui plural, respectuosa, solid\u00e0ria, tolerant i sensibilitzada en la diversitat.<\/span><\/p>\n<p><span style=\"font-weight: 400;\">Aquest ha de ser un treball com\u00fa de tota la comunitat educativa alumnes, mares i pares.<\/span><\/p>\n<ul>\n<li aria-level=\"1\"><b>Com ho fem?<\/b><\/li>\n<\/ul>\n<p><span style=\"font-weight: 400;\">Treballant i col\u00b7laborant amb l\u2019escola per aconseguir una educaci\u00f3 inclusiva de qualitat.<\/span><\/p>\n<p><span style=\"font-weight: 400;\">Volem acompanyar i donar suport a les fam\u00edlies ho sol\u00b7licitin: oferint un espai on puguem parlar sobre conviv\u00e8ncia a l\u2019escola, recollir demandes i expectatives.<\/span><\/p>\n<p><span style=\"font-weight: 400;\">Informar i assessorar sobre temes d\u2019inter\u00e8s social, educatiu i sanitari: beques, CAD, dictamen d\u2019escolaritzaci\u00f3, PAI, centres de ter\u00e0pies, etc. Tot aix\u00f2 a trav\u00e9s de l\u2019experi\u00e8ncia pr\u00f2pia i de les informacions p\u00fabliques per tal de facilitar la din\u00e0mica de tr\u00e0mits.<\/span><\/p>\n<p><span style=\"font-weight: 400;\">Enfortir el clima inclusiu amb les fam\u00edlies. Perqu\u00e8 d\u2019inclusi\u00f3 ha de ser una lluita social de tots no nom\u00e9s dels afectats.<\/span><\/p>\n<p><span style=\"font-weight: 400;\">Detectar problem\u00e0tiques en l\u2019entorn escolar i extraescolar, generar idees i suggeriments de millora per continuar endavant.<\/span><\/p>\n<p><span style=\"font-weight: 400;\">Recolzar a l\u2019escola amb la cerca de recursos administratius i econ\u00f2mics per donar suport als projectes de l\u2019escola per a tots els infants segons les necessitats.<\/span><\/p>\n<ul>\n<li aria-level=\"1\"><b>Qu\u00e8 volem fer?<\/b><\/li>\n<\/ul>\n<ul>\n<li style=\"font-weight: 400;\" aria-level=\"1\"><span style=\"font-weight: 400;\">Xerrades i tallers per a les fam\u00edlies, professors, etc.<\/span><\/li>\n<li style=\"font-weight: 400;\" aria-level=\"1\"><span style=\"font-weight: 400;\">Foment d&#8217;una veritable escola inclusiva.\u00a0<\/span><\/li>\n<li style=\"font-weight: 400;\" aria-level=\"1\"><span style=\"font-weight: 400;\">Crear consci\u00e8ncia i incloure les NEE amb naturalitat.<\/span><\/li>\n<li style=\"font-weight: 400;\" aria-level=\"1\"><span style=\"font-weight: 400;\">Recolzament a les fam\u00edlies que ho necessitin.<\/span><\/li>\n<li style=\"font-weight: 400;\" aria-level=\"1\"><span style=\"font-weight: 400;\">Setmana de la diversitat funcional.<\/span><\/li>\n<li style=\"font-weight: 400;\" aria-level=\"1\"><span style=\"font-weight: 400;\">Premis AFFAC per la inclusivitat.<\/span><\/li>\n<\/ul>\n<p><a href=\"https:\/\/drive.google.com\/file\/d\/1HLxC83zBH5WXo7STMpQCaYb8lUy8IKwU\/view?usp=sharing\"><b>Projecte d\u2019Inclusi\u00f3 AFA Escola Mediterr\u00e0nia Roquetes 2024<\/b><\/a><\/p>\n<p>&nbsp;<\/p>\n","protected":false},"excerpt":{"rendered":"<p>COMISSI\u00d3 D&#8217;INCLUSI\u00d3 I ANTIBUYLLING inclusioafa@escolamediterraniaroquetes.cat Comissi\u00f3 d\u2019inclusi\u00f3 i anti-buylling: L&#8217;objectiu \u00e9s donar a con\u00e8ixer la diversitat funcional al nostre centre. [&hellip;]<\/p>\n","protected":false},"author":1,"featured_media":0,"parent":3385,"menu_order":0,"comment_status":"closed","ping_status":"closed","template":"","meta":{"_bbp_topic_count":0,"_bbp_reply_count":0,"_bbp_total_topic_count":0,"_bbp_total_reply_count":0,"_bbp_voice_count":0,"_bbp_anonymous_reply_count":0,"_bbp_topic_count_hidden":0,"_bbp_reply_count_hidden":0,"_bbp_forum_subforum_count":0,"site-sidebar-layout":"default","site-content-layout":"","ast-site-content-layout":"","site-content-style":"default","site-sidebar-style":"default","ast-global-header-display":"","ast-banner-title-visibility":"","ast-main-header-display":"","ast-hfb-above-header-display":"","ast-hfb-below-header-display":"","ast-hfb-mobile-header-display":"","site-post-title":"","ast-breadcrumbs-content":"","ast-featured-img":"","footer-sml-layout":"","theme-transparent-header-meta":"","adv-header-id-meta":"","stick-header-meta":"","header-above-stick-meta":"","header-main-stick-meta":"","header-below-stick-meta":"","astra-migrate-meta-layouts":"default","ast-page-background-enabled":"default","ast-page-background-meta":{"desktop":{"background-color":"var(--ast-global-color-4)","background-image":"","background-repeat":"repeat","background-position":"center center","background-size":"auto","background-attachment":"scroll","background-type":"","background-media":"","overlay-type":"","overlay-color":"","overlay-opacity":"","overlay-gradient":""},"tablet":{"background-color":"","background-image":"","background-repeat":"repeat","background-position":"center center","background-size":"auto","background-attachment":"scroll","background-type":"","background-media":"","overlay-type":"","overlay-color":"","overlay-opacity":"","overlay-gradient":""},"mobile":{"background-color":"","background-image":"","background-repeat":"repeat","background-position":"center center","background-size":"auto","background-attachment":"scroll","background-type":"","background-media":"","overlay-type":"","overlay-color":"","overlay-opacity":"","overlay-gradient":""}},"ast-content-background-meta":{"desktop":{"background-color":"var(--ast-global-color-5)","background-image":"","background-repeat":"repeat","background-position":"center center","background-size":"auto","background-attachment":"scroll","background-type":"","background-media":"","overlay-type":"","overlay-color":"","overlay-opacity":"","overlay-gradient":""},"tablet":{"background-color":"var(--ast-global-color-5)","background-image":"","background-repeat":"repeat","background-position":"center center","background-size":"auto","background-attachment":"scroll","background-type":"","background-media":"","overlay-type":"","overlay-color":"","overlay-opacity":"","overlay-gradient":""},"mobile":{"background-color":"var(--ast-global-color-5)","background-image":"","background-repeat":"repeat","background-position":"center center","background-size":"auto","background-attachment":"scroll","background-type":"","background-media":"","overlay-type":"","overlay-color":"","overlay-opacity":"","overlay-gradient":""}},"footnotes":""},"class_list":["post-3424","page","type-page","status-publish","hentry"],"post_mailing_queue_ids":[],"_links":{"self":[{"href":"https:\/\/agora.xtec.cat\/ceipmediterrania\/wp-json\/wp\/v2\/pages\/3424","targetHints":{"allow":["GET"]}}],"collection":[{"href":"https:\/\/agora.xtec.cat\/ceipmediterrania\/wp-json\/wp\/v2\/pages"}],"about":[{"href":"https:\/\/agora.xtec.cat\/ceipmediterrania\/wp-json\/wp\/v2\/types\/page"}],"author":[{"embeddable":true,"href":"https:\/\/agora.xtec.cat\/ceipmediterrania\/wp-json\/wp\/v2\/users\/1"}],"replies":[{"embeddable":true,"href":"https:\/\/agora.xtec.cat\/ceipmediterrania\/wp-json\/wp\/v2\/comments?post=3424"}],"version-history":[{"count":3,"href":"https:\/\/agora.xtec.cat\/ceipmediterrania\/wp-json\/wp\/v2\/pages\/3424\/revisions"}],"predecessor-version":[{"id":3758,"href":"https:\/\/agora.xtec.cat\/ceipmediterrania\/wp-json\/wp\/v2\/pages\/3424\/revisions\/3758"}],"up":[{"embeddable":true,"href":"https:\/\/agora.xtec.cat\/ceipmediterrania\/wp-json\/wp\/v2\/pages\/3385"}],"wp:attachment":[{"href":"https:\/\/agora.xtec.cat\/ceipmediterrania\/wp-json\/wp\/v2\/media?parent=3424"}],"curies":[{"name":"wp","href":"https:\/\/api.w.org\/{rel}","templated":true}]}}