{"id":2944,"date":"2023-04-25T14:28:31","date_gmt":"2023-04-25T12:28:31","guid":{"rendered":"https:\/\/agora.xtec.cat\/ceipmediterrania\/?page_id=2944"},"modified":"2025-04-23T12:42:15","modified_gmt":"2025-04-23T10:42:15","slug":"projectes-educacio-musical","status":"publish","type":"page","link":"https:\/\/agora.xtec.cat\/ceipmediterrania\/projectes-educacio-musical\/","title":{"rendered":"Educaci\u00f3 Musical"},"content":{"rendered":"\n<p><\/p>\n\n\n\n        <div class=\"wp-block-getwid-post-slider custom-post-type-post has-arrows-inside has-dots-inside\">\n            <div data-slider-option=\"{&quot;getwid_fade_effect&quot;:&quot;slide&quot;,&quot;getwid_autoplay&quot;:false,&quot;getwid_pause_on_hover&quot;:false,&quot;getwid_autoplay_speed&quot;:6000,&quot;getwid_infinite&quot;:true,&quot;getwid_animation_speed&quot;:800,&quot;getwid_arrows&quot;:&quot;inside&quot;,&quot;getwid_dots&quot;:&quot;inside&quot;}\" class=\"wp-block-getwid-post-slider__content\">\n                \t\t\t\t\t\t\t<div class=\"wp-block-getwid-post-slider__slide\" style=\"\">\n\t\t\t\t\t\t\t\t\n<div class=\"wp-block-getwid-post-slider__post \">\n            <div class=\"wp-block-getwid-post-slider__post-thumbnail\">\n            <img loading=\"lazy\" decoding=\"async\" width=\"2560\" height=\"1554\" src=\"https:\/\/agora.xtec.cat\/ceipmediterrania\/wp-content\/uploads\/usu1771\/2025\/06\/DSCN0244-scaled.jpg\" class=\"attachment-post-thumbnail size-post-thumbnail wp-post-image\" alt=\"\" srcset=\"https:\/\/agora.xtec.cat\/ceipmediterrania\/wp-content\/uploads\/usu1771\/2025\/06\/DSCN0244-scaled.jpg 2560w, https:\/\/agora.xtec.cat\/ceipmediterrania\/wp-content\/uploads\/usu1771\/2025\/06\/DSCN0244-300x182.jpg 300w, https:\/\/agora.xtec.cat\/ceipmediterrania\/wp-content\/uploads\/usu1771\/2025\/06\/DSCN0244-1024x622.jpg 1024w, https:\/\/agora.xtec.cat\/ceipmediterrania\/wp-content\/uploads\/usu1771\/2025\/06\/DSCN0244-768x466.jpg 768w, https:\/\/agora.xtec.cat\/ceipmediterrania\/wp-content\/uploads\/usu1771\/2025\/06\/DSCN0244-1536x932.jpg 1536w, https:\/\/agora.xtec.cat\/ceipmediterrania\/wp-content\/uploads\/usu1771\/2025\/06\/DSCN0244-2048x1243.jpg 2048w\" sizes=\"auto, (max-width: 2560px) 100vw, 2560px\" \/>        <\/div>\n        <div class=\"wp-block-getwid-post-slider__post-overlay \"><\/div>\n    <div class=\"wp-block-getwid-post-slider__post-content-wrapper\">\n        <h3 class=\"wp-block-getwid-post-slider__post-title\"><a href=\"https:\/\/agora.xtec.cat\/ceipmediterrania\/general\/festa-de-comiat-6e\/\">Festa de comiat 6\u00e8<\/a><\/h3>        <div class=\"wp-block-getwid-post-slider__post-excerpt\"><p>Avui ha estat un dia molt especial a l\u2019Escola Mediterr\u00e0nia. Hem celebrat el comiat de l\u2019alumnat de 6\u00e8, que aquest [&hellip;]<\/p>\n<\/div>\n    <\/div>\n<\/div>\n\t\t\t\t\t\t\t<\/div>\n\t\t\t\t\t\t\t\t\t\t\t\t\t<div class=\"wp-block-getwid-post-slider__slide\" style=\"\">\n\t\t\t\t\t\t\t\t\n<div class=\"wp-block-getwid-post-slider__post \">\n            <div class=\"wp-block-getwid-post-slider__post-thumbnail\">\n            <img loading=\"lazy\" decoding=\"async\" width=\"2203\" height=\"1659\" src=\"https:\/\/agora.xtec.cat\/ceipmediterrania\/wp-content\/uploads\/usu1771\/2025\/05\/DSCN0074.jpg\" class=\"attachment-post-thumbnail size-post-thumbnail wp-post-image\" alt=\"\" srcset=\"https:\/\/agora.xtec.cat\/ceipmediterrania\/wp-content\/uploads\/usu1771\/2025\/05\/DSCN0074.jpg 2203w, https:\/\/agora.xtec.cat\/ceipmediterrania\/wp-content\/uploads\/usu1771\/2025\/05\/DSCN0074-300x226.jpg 300w, https:\/\/agora.xtec.cat\/ceipmediterrania\/wp-content\/uploads\/usu1771\/2025\/05\/DSCN0074-1024x771.jpg 1024w, https:\/\/agora.xtec.cat\/ceipmediterrania\/wp-content\/uploads\/usu1771\/2025\/05\/DSCN0074-768x578.jpg 768w, https:\/\/agora.xtec.cat\/ceipmediterrania\/wp-content\/uploads\/usu1771\/2025\/05\/DSCN0074-1536x1157.jpg 1536w, https:\/\/agora.xtec.cat\/ceipmediterrania\/wp-content\/uploads\/usu1771\/2025\/05\/DSCN0074-2048x1542.jpg 2048w\" sizes=\"auto, (max-width: 2203px) 100vw, 2203px\" \/>        <\/div>\n        <div class=\"wp-block-getwid-post-slider__post-overlay \"><\/div>\n    <div class=\"wp-block-getwid-post-slider__post-content-wrapper\">\n        <h3 class=\"wp-block-getwid-post-slider__post-title\"><a href=\"https:\/\/agora.xtec.cat\/ceipmediterrania\/general\/dansa-ara-3r\/\">Dansa Ara 3r<\/a><\/h3>        <div class=\"wp-block-getwid-post-slider__post-excerpt\"><p>Avui el nostre alumnat de 3r ha viscut una experi\u00e8ncia inoblidable a la ballada final del projecte Dansa Ara Durant [&hellip;]<\/p>\n<\/div>\n    <\/div>\n<\/div>\n\t\t\t\t\t\t\t<\/div>\n\t\t\t\t\t\t\t\t\t\t\t\t\t<div class=\"wp-block-getwid-post-slider__slide\" style=\"\">\n\t\t\t\t\t\t\t\t\n<div class=\"wp-block-getwid-post-slider__post \">\n            <div class=\"wp-block-getwid-post-slider__post-thumbnail\">\n            <img loading=\"lazy\" decoding=\"async\" width=\"619\" height=\"896\" src=\"https:\/\/agora.xtec.cat\/ceipmediterrania\/wp-content\/uploads\/usu1771\/2025\/04\/Captura-de-pantalla-2025-04-23-111148.png\" class=\"attachment-post-thumbnail size-post-thumbnail wp-post-image\" alt=\"\" srcset=\"https:\/\/agora.xtec.cat\/ceipmediterrania\/wp-content\/uploads\/usu1771\/2025\/04\/Captura-de-pantalla-2025-04-23-111148.png 619w, https:\/\/agora.xtec.cat\/ceipmediterrania\/wp-content\/uploads\/usu1771\/2025\/04\/Captura-de-pantalla-2025-04-23-111148-207x300.png 207w\" sizes=\"auto, (max-width: 619px) 100vw, 619px\" \/>        <\/div>\n        <div class=\"wp-block-getwid-post-slider__post-overlay \"><\/div>\n    <div class=\"wp-block-getwid-post-slider__post-content-wrapper\">\n        <h3 class=\"wp-block-getwid-post-slider__post-title\"><a href=\"https:\/\/agora.xtec.cat\/ceipmediterrania\/general\/3r-participa-en-el-projecte-dansa-ara\/\">Projectes Educaci\u00f3 Musical<\/a><\/h3>        <div class=\"wp-block-getwid-post-slider__post-excerpt\"><p>&#8220;Dansa Ara&#8221; El nostre alumnat de 3r participar\u00e0 aquest dilluns 28 d&#8217;abril a les 15:15h al pavell\u00f3 de Pins V\u00e9ns [&hellip;]<\/p>\n<\/div>\n    <\/div>\n<\/div>\n\t\t\t\t\t\t\t<\/div>\n\t\t\t\t\t\t            <\/div>\n        <\/div>\n        \n\n<p>.<\/p>\n<table style=\"border-collapse: collapse; width: 100%;\">\n<tbody>\n<tr>\n<td style=\"width: 100%; background-color: #f7ed31;\" colspan=\"4\">\n<h2>CURS 2022 -23<\/h2>\n<\/td>\n<\/tr>\n<tr>\n<td style=\"width: 25%; text-align: center;\">\n<h4><a href=\"https:\/\/www.ccma.cat\/tv3\/alacarta\/telenoticies\/torna-cantania-milers-de-nens-i-nenes-de-catalunya-uneixen-les-seves-veus\/video\/6215411\/\">CANT\u00c0NIA<\/a><\/h4>\n<\/td>\n<td style=\"width: 25%; text-align: center;\">\n<h4><a href=\"https:\/\/agora.xtec.cat\/ceipmediterrania\/wp-content\/uploads\/usu1771\/2023\/04\/Dansa-Ara-2023_difusio.pdf\">DANSA ARA<\/a><\/h4>\n<\/td>\n<td style=\"width: 25%; text-align: center;\">\n<h4><a href=\"https:\/\/youtu.be\/Ud0-ERI7S2g\">LA CLIKA<\/a><\/h4>\n<\/td>\n<td style=\"width: 25%; text-align: center;\">\n<h4><a href=\"https:\/\/agora.xtec.cat\/ceipmediterrania\/projectes-educacio-musical\/attachment\/musical-participatiu-dossier-per-a-les-families-1\/\">MUSICAL PARTICIPATIU\u00a0<\/a><\/h4>\n<\/td>\n<\/tr>\n<tr>\n<td style=\"width: 25%; text-align: center;\">\n<h4>\u00a0<\/h4>\n<h4><a href=\"https:\/\/agora.xtec.cat\/ceipmediterrania\/projectes-educacio-musical\/attachment\/cantania\/\" rel=\"attachment wp-att-2950\"><img loading=\"lazy\" decoding=\"async\" class=\"aligncenter size-full wp-image-2950\" src=\"https:\/\/agora.xtec.cat\/ceipmediterrania\/wp-content\/uploads\/usu1771\/2023\/04\/CANTANIA.jpg\" alt=\"\" width=\"1024\" height=\"682\" srcset=\"https:\/\/agora.xtec.cat\/ceipmediterrania\/wp-content\/uploads\/usu1771\/2023\/04\/CANTANIA.jpg 1024w, https:\/\/agora.xtec.cat\/ceipmediterrania\/wp-content\/uploads\/usu1771\/2023\/04\/CANTANIA-300x200.jpg 300w, https:\/\/agora.xtec.cat\/ceipmediterrania\/wp-content\/uploads\/usu1771\/2023\/04\/CANTANIA-768x512.jpg 768w\" sizes=\"auto, (max-width: 1024px) 100vw, 1024px\" \/><\/a><\/h4>\n<h4><a href=\"https:\/\/www.ccma.cat\/tv3\/alacarta\/telenoticies\/torna-cantania-milers-de-nens-i-nenes-de-catalunya-uneixen-les-seves-veus\/video\/6215411\/\">TV3 : Torna Cant\u00e0nia a l&#8217;auditori<\/a><\/h4>\n<p><a href=\"https:\/\/vimeo.com\/760307396\" rel=\"attachment wp-att-2957\"><img loading=\"lazy\" decoding=\"async\" class=\"aligncenter wp-image-2957 size-full\" src=\"https:\/\/agora.xtec.cat\/ceipmediterrania\/wp-content\/uploads\/usu1771\/2023\/04\/Captura-de-pantalla-2023-04-26-085601.png\" alt=\"\" width=\"679\" height=\"358\" srcset=\"https:\/\/agora.xtec.cat\/ceipmediterrania\/wp-content\/uploads\/usu1771\/2023\/04\/Captura-de-pantalla-2023-04-26-085601.png 679w, https:\/\/agora.xtec.cat\/ceipmediterrania\/wp-content\/uploads\/usu1771\/2023\/04\/Captura-de-pantalla-2023-04-26-085601-300x158.png 300w\" sizes=\"auto, (max-width: 679px) 100vw, 679px\" \/><\/a><\/p>\n<p><a href=\"https:\/\/vimeo.com\/760307396\"><strong>Conversa amb la compositora i el llibretista de \u201cLes portes del m\u00f3n\u201d<\/strong><\/a><\/p>\n<\/td>\n<td style=\"width: 25%; text-align: center;\">\n<h4><a href=\"https:\/\/agora.xtec.cat\/ceipmediterrania\/wp-content\/uploads\/usu1771\/2023\/04\/Dansa-Ara-2023_difusio.pdf\" rel=\"attachment wp-att-2932\"><img loading=\"lazy\" decoding=\"async\" class=\"aligncenter wp-image-2932\" src=\"https:\/\/agora.xtec.cat\/ceipmediterrania\/wp-content\/uploads\/usu1771\/2023\/04\/Dia-internacional-de-la-dansa.png\" alt=\"\" width=\"282\" height=\"401\" srcset=\"https:\/\/agora.xtec.cat\/ceipmediterrania\/wp-content\/uploads\/usu1771\/2023\/04\/Dia-internacional-de-la-dansa.png 394w, https:\/\/agora.xtec.cat\/ceipmediterrania\/wp-content\/uploads\/usu1771\/2023\/04\/Dia-internacional-de-la-dansa-211x300.png 211w\" sizes=\"auto, (max-width: 282px) 100vw, 282px\" \/><\/a><\/h4>\n<\/td>\n<td style=\"width: 25%; text-align: center;\">\n<h4><a href=\"https:\/\/youtu.be\/Ud0-ERI7S2g\" rel=\"attachment wp-att-2952\"><img loading=\"lazy\" decoding=\"async\" class=\"aligncenter size-large wp-image-2952\" src=\"https:\/\/agora.xtec.cat\/ceipmediterrania\/wp-content\/uploads\/usu1771\/2023\/04\/Captura-de-pantalla-2023-04-25-144129-1024x575.png\" alt=\"\" width=\"1024\" height=\"575\" srcset=\"https:\/\/agora.xtec.cat\/ceipmediterrania\/wp-content\/uploads\/usu1771\/2023\/04\/Captura-de-pantalla-2023-04-25-144129-1024x575.png 1024w, https:\/\/agora.xtec.cat\/ceipmediterrania\/wp-content\/uploads\/usu1771\/2023\/04\/Captura-de-pantalla-2023-04-25-144129-300x168.png 300w, https:\/\/agora.xtec.cat\/ceipmediterrania\/wp-content\/uploads\/usu1771\/2023\/04\/Captura-de-pantalla-2023-04-25-144129-768x431.png 768w, https:\/\/agora.xtec.cat\/ceipmediterrania\/wp-content\/uploads\/usu1771\/2023\/04\/Captura-de-pantalla-2023-04-25-144129.png 1033w\" sizes=\"auto, (max-width: 1024px) 100vw, 1024px\" \/><\/a><\/h4>\n<\/td>\n<td style=\"width: 25%; text-align: center;\"><a href=\"https:\/\/agora.xtec.cat\/ceipmediterrania\/projectes-educacio-musical\/attachment\/musical-participatiu-dossier-per-a-les-families-1\/\" rel=\"attachment wp-att-2953\"><img loading=\"lazy\" decoding=\"async\" class=\"aligncenter wp-image-2953 size-full\" src=\"https:\/\/agora.xtec.cat\/ceipmediterrania\/wp-content\/uploads\/usu1771\/2023\/04\/Captura-de-pantalla-2023-04-25-144414.png\" alt=\"\" width=\"559\" height=\"604\" srcset=\"https:\/\/agora.xtec.cat\/ceipmediterrania\/wp-content\/uploads\/usu1771\/2023\/04\/Captura-de-pantalla-2023-04-25-144414.png 559w, https:\/\/agora.xtec.cat\/ceipmediterrania\/wp-content\/uploads\/usu1771\/2023\/04\/Captura-de-pantalla-2023-04-25-144414-278x300.png 278w\" sizes=\"auto, (max-width: 559px) 100vw, 559px\" \/><\/a><\/td>\n<\/tr>\n<\/tbody>\n<\/table>\n\n\n<p><\/p>\n","protected":false},"excerpt":{"rendered":"<p>. CURS 2022 -23 CANT\u00c0NIA DANSA ARA LA CLIKA MUSICAL PARTICIPATIU\u00a0 \u00a0 TV3 : Torna Cant\u00e0nia a l&#8217;auditori Conversa amb [&hellip;]<\/p>\n","protected":false},"author":1,"featured_media":0,"parent":0,"menu_order":0,"comment_status":"closed","ping_status":"closed","template":"","meta":{"_bbp_topic_count":0,"_bbp_reply_count":0,"_bbp_total_topic_count":0,"_bbp_total_reply_count":0,"_bbp_voice_count":0,"_bbp_anonymous_reply_count":0,"_bbp_topic_count_hidden":0,"_bbp_reply_count_hidden":0,"_bbp_forum_subforum_count":0,"site-sidebar-layout":"default","site-content-layout":"","ast-site-content-layout":"default","site-content-style":"default","site-sidebar-style":"default","ast-global-header-display":"","ast-banner-title-visibility":"","ast-main-header-display":"","ast-hfb-above-header-display":"","ast-hfb-below-header-display":"","ast-hfb-mobile-header-display":"","site-post-title":"","ast-breadcrumbs-content":"","ast-featured-img":"","footer-sml-layout":"","theme-transparent-header-meta":"","adv-header-id-meta":"","stick-header-meta":"","header-above-stick-meta":"","header-main-stick-meta":"","header-below-stick-meta":"","astra-migrate-meta-layouts":"set","ast-page-background-enabled":"default","ast-page-background-meta":{"desktop":{"background-color":"var(--ast-global-color-4)","background-image":"","background-repeat":"repeat","background-position":"center center","background-size":"auto","background-attachment":"scroll","background-type":"","background-media":"","overlay-type":"","overlay-color":"","overlay-opacity":"","overlay-gradient":""},"tablet":{"background-color":"","background-image":"","background-repeat":"repeat","background-position":"center center","background-size":"auto","background-attachment":"scroll","background-type":"","background-media":"","overlay-type":"","overlay-color":"","overlay-opacity":"","overlay-gradient":""},"mobile":{"background-color":"","background-image":"","background-repeat":"repeat","background-position":"center center","background-size":"auto","background-attachment":"scroll","background-type":"","background-media":"","overlay-type":"","overlay-color":"","overlay-opacity":"","overlay-gradient":""}},"ast-content-background-meta":{"desktop":{"background-color":"var(--ast-global-color-5)","background-image":"","background-repeat":"repeat","background-position":"center center","background-size":"auto","background-attachment":"scroll","background-type":"","background-media":"","overlay-type":"","overlay-color":"","overlay-opacity":"","overlay-gradient":""},"tablet":{"background-color":"var(--ast-global-color-5)","background-image":"","background-repeat":"repeat","background-position":"center center","background-size":"auto","background-attachment":"scroll","background-type":"","background-media":"","overlay-type":"","overlay-color":"","overlay-opacity":"","overlay-gradient":""},"mobile":{"background-color":"var(--ast-global-color-5)","background-image":"","background-repeat":"repeat","background-position":"center center","background-size":"auto","background-attachment":"scroll","background-type":"","background-media":"","overlay-type":"","overlay-color":"","overlay-opacity":"","overlay-gradient":""}},"footnotes":""},"class_list":["post-2944","page","type-page","status-publish","hentry"],"post_mailing_queue_ids":[],"_links":{"self":[{"href":"https:\/\/agora.xtec.cat\/ceipmediterrania\/wp-json\/wp\/v2\/pages\/2944","targetHints":{"allow":["GET"]}}],"collection":[{"href":"https:\/\/agora.xtec.cat\/ceipmediterrania\/wp-json\/wp\/v2\/pages"}],"about":[{"href":"https:\/\/agora.xtec.cat\/ceipmediterrania\/wp-json\/wp\/v2\/types\/page"}],"author":[{"embeddable":true,"href":"https:\/\/agora.xtec.cat\/ceipmediterrania\/wp-json\/wp\/v2\/users\/1"}],"replies":[{"embeddable":true,"href":"https:\/\/agora.xtec.cat\/ceipmediterrania\/wp-json\/wp\/v2\/comments?post=2944"}],"version-history":[{"count":6,"href":"https:\/\/agora.xtec.cat\/ceipmediterrania\/wp-json\/wp\/v2\/pages\/2944\/revisions"}],"predecessor-version":[{"id":5398,"href":"https:\/\/agora.xtec.cat\/ceipmediterrania\/wp-json\/wp\/v2\/pages\/2944\/revisions\/5398"}],"wp:attachment":[{"href":"https:\/\/agora.xtec.cat\/ceipmediterrania\/wp-json\/wp\/v2\/media?parent=2944"}],"curies":[{"name":"wp","href":"https:\/\/api.w.org\/{rel}","templated":true}]}}