{"id":1704,"date":"2021-02-16T10:11:45","date_gmt":"2021-02-16T09:11:45","guid":{"rendered":"http:\/\/agora.xtec.cat\/ceipmediterrania\/?page_id=1704"},"modified":"2023-11-27T22:23:54","modified_gmt":"2023-11-27T21:23:54","slug":"ampa","status":"publish","type":"page","link":"https:\/\/agora.xtec.cat\/ceipmediterrania\/ampa\/","title":{"rendered":"Associaci\u00f3 Fam\u00edlies Alumnes"},"content":{"rendered":"<p><a href=\"https:\/\/agora.xtec.cat\/ceipmediterrania\/ampa\/attachment\/diapositiva1-22\/\" rel=\"attachment wp-att-2679\"><img loading=\"lazy\" decoding=\"async\" class=\"aligncenter\" src=\"https:\/\/agora.xtec.cat\/ceipmediterrania\/wp-content\/uploads\/usu1771\/2023\/11\/Logo-AFA-transparente-1024x297.png\" width=\"383\" height=\"111\" \/><img loading=\"lazy\" decoding=\"async\" class=\"aligncenter wp-image-2679\" src=\"https:\/\/agora.xtec.cat\/ceipmediterrania\/wp-content\/uploads\/usu1771\/2023\/02\/Diapositiva1.jpg\" alt=\"\" width=\"778\" height=\"210\" srcset=\"https:\/\/agora.xtec.cat\/ceipmediterrania\/wp-content\/uploads\/usu1771\/2023\/02\/Diapositiva1.jpg 952w, https:\/\/agora.xtec.cat\/ceipmediterrania\/wp-content\/uploads\/usu1771\/2023\/02\/Diapositiva1-300x81.jpg 300w, https:\/\/agora.xtec.cat\/ceipmediterrania\/wp-content\/uploads\/usu1771\/2023\/02\/Diapositiva1-768x207.jpg 768w\" sizes=\"auto, (max-width: 778px) 100vw, 778px\" \/><\/a><\/p>\n<p><img loading=\"lazy\" decoding=\"async\" class=\"wp-image-3324 alignright\" src=\"https:\/\/agora.xtec.cat\/ceipmediterrania\/wp-content\/uploads\/usu1771\/2023\/11\/Insta-que-fem_page-0002-1024x1024.jpg\" alt=\"\" width=\"549\" height=\"549\" srcset=\"https:\/\/agora.xtec.cat\/ceipmediterrania\/wp-content\/uploads\/usu1771\/2023\/11\/Insta-que-fem_page-0002-1024x1024.jpg 1024w, https:\/\/agora.xtec.cat\/ceipmediterrania\/wp-content\/uploads\/usu1771\/2023\/11\/Insta-que-fem_page-0002-300x300.jpg 300w, https:\/\/agora.xtec.cat\/ceipmediterrania\/wp-content\/uploads\/usu1771\/2023\/11\/Insta-que-fem_page-0002-150x150.jpg 150w, https:\/\/agora.xtec.cat\/ceipmediterrania\/wp-content\/uploads\/usu1771\/2023\/11\/Insta-que-fem_page-0002-768x768.jpg 768w, https:\/\/agora.xtec.cat\/ceipmediterrania\/wp-content\/uploads\/usu1771\/2023\/11\/Insta-que-fem_page-0002-1536x1536.jpg 1536w, https:\/\/agora.xtec.cat\/ceipmediterrania\/wp-content\/uploads\/usu1771\/2023\/11\/Insta-que-fem_page-0002.jpg 1688w\" sizes=\"auto, (max-width: 549px) 100vw, 549px\" \/><\/p>\n<p><strong><span style=\"color: #0000ff;\">&#8211; QUI SOM?<\/span><\/strong><\/p>\n<p><span style=\"font-weight: 400;\">L&#8217;AFA est\u00e0 composta per totes les fam\u00edlies de l&#8217;escola que d&#8217;una manera o altra participem en la nostra comunitat educativa.<\/span><\/p>\n<p><strong><span style=\"color: #0000ff;\">&#8211; PER QU\u00c8 FER-SE SOCIS?<\/span><\/strong><\/p>\n<ul>\n<li style=\"font-weight: 400;\" aria-level=\"1\"><span style=\"font-weight: 400;\">Per formar part activa de la comunitat educativa de la Mediterr\u00e0nia.\u00a0<\/span><\/li>\n<li style=\"font-weight: 400;\" aria-level=\"1\"><span style=\"font-weight: 400;\">Fer una aportaci\u00f3 per poder tirar endavant propostes que ens beneficien a tots<\/span><\/li>\n<li style=\"font-weight: 400;\" aria-level=\"1\"><span style=\"font-weight: 400;\">Es tradueix en millores a l\u2019escola dels nostres fills i filles, i permet una major participaci\u00f3 de les fam\u00edlies en la din\u00e0mica escolar.<\/span><\/li>\n<li style=\"font-weight: 400;\" aria-level=\"1\"><span style=\"font-weight: 400;\">\u00c9s gaudir dels serveis que oferim i compartir amb la comunitat de la Mediterr\u00e0nia un projecte com\u00fa:<\/span><\/li>\n<li style=\"font-weight: 400;\" aria-level=\"1\">Servei d\u2019acollida per a les fam\u00edlies que necessiten conciliar l\u2019horari laboral i l\u2019horari escolar.<\/li>\n<li style=\"font-weight: 400;\" aria-level=\"1\">Servei de menjador, amb cuina pr\u00f2pia i men\u00fas adaptats a les necessitats.<\/li>\n<li style=\"font-weight: 400;\" aria-level=\"1\">Programa d\u2019activitats extraescolars atractiu, de qualitat i que complementa l\u2019ensenyament lectiu.<\/li>\n<li style=\"font-weight: 400;\" aria-level=\"1\">Equipaci\u00f3 esportiva per a la pr\u00e0ctica de l\u2019educaci\u00f3 f\u00edsica a l\u2019escola.<\/li>\n<li style=\"font-weight: 400;\" aria-level=\"1\">Casals d\u2019estiu, de Nadal i Setmana Santa i les tardes de casalet en jornada intensiva.<\/li>\n<li style=\"font-weight: 400;\" aria-level=\"1\">Participaci\u00f3 i organitzaci\u00f3 de festes, tallers i xerrades.<\/li>\n<li style=\"font-weight: 400;\" aria-level=\"1\">Participaci\u00f3 en la gimcana anual junt amb l\u2019Agrupa i els voluntaris de Sant Camils.<\/li>\n<li style=\"font-weight: 400;\" aria-level=\"1\">Participaci\u00f3 amb les activitats del Pla d&#8217;entorn de l&#8217;Ajuntament.<\/li>\n<\/ul>\n<table style=\"border-collapse: collapse; width: 100%; height: 138px;\">\n<tbody>\n<tr style=\"height: 58px;\">\n<td style=\"width: 100%; background-color: #eded34; height: 10px; text-align: center;\" colspan=\"4\">\n<h4><span style=\"color: #0000ff;\"><strong>JUNTA DE L&#8217;AFA ESCOLA MEDITERR\u00c0NIA<\/strong><\/span><\/h4>\n<\/td>\n<\/tr>\n<tr style=\"height: 32px;\">\n<td style=\"width: 22.7586%; height: 32px; background-color: #f1f590; text-align: center;\"><strong>PRESIDENTA<\/strong><\/td>\n<td style=\"width: 29.0517%; text-align: center; height: 32px;\">Fiorella Bertochi Martin<\/td>\n<td style=\"width: 22.6725%; height: 32px; background-color: #f1f590; text-align: center;\"><strong>VICEPRESIDENTA<\/strong><\/td>\n<td style=\"width: 25.5172%; text-align: center; height: 32px;\">Vanessa Mesa Ram\u00edrez<\/td>\n<\/tr>\n<tr style=\"height: 32px;\">\n<td style=\"width: 22.7586%; height: 32px; background-color: #f1f590; text-align: center;\"><strong>TRESORERA<\/strong><\/td>\n<td style=\"width: 29.0517%; text-align: center; height: 32px;\">Paola \u00c1lvarez Reyes<\/td>\n<td style=\"width: 22.6725%; height: 32px; background-color: #f1f590; text-align: center;\"><strong>SECRET\u00c0RIA<\/strong><\/td>\n<td style=\"width: 25.5172%; text-align: center; height: 32px;\">Libertad Cabeza G\u00f3mez<\/td>\n<\/tr>\n<tr style=\"height: 32px;\">\n<td style=\"width: 22.7586%; background-color: #f1f590; text-align: center; height: 64px;\" rowspan=\"2\"><strong>VOCALS<\/strong><br \/>\n<strong><br \/>\n<\/strong><\/td>\n<td style=\"text-align: center; width: 29.0517%; height: 32px;\">Sem\u00edramis Isis Rozendo de Lima<\/td>\n<td style=\"text-align: center; width: 22.6725%; height: 32px;\">Maria Stopolyanskaya<\/td>\n<td style=\"text-align: center; width: 25.5172%; height: 32px;\">Noem\u00ed Mond\u00e9jar Ginesta<\/td>\n<\/tr>\n<tr style=\"height: 32px;\">\n<td style=\"text-align: center; width: 29.0517%; height: 32px;\">Amanda Re\u00f1\u00e9 Sancho<\/td>\n<td style=\"text-align: center; width: 22.6725%; height: 32px;\">Ariadna Otero Santos<\/td>\n<td style=\"text-align: center; width: 25.5172%; height: 32px;\"><strong>\u00a0<\/strong><\/td>\n<\/tr>\n<\/tbody>\n<\/table>\n<p>&nbsp;<\/p>\n","protected":false},"excerpt":{"rendered":"<p>&#8211; QUI SOM? L&#8217;AFA est\u00e0 composta per totes les fam\u00edlies de l&#8217;escola que d&#8217;una manera o altra participem en la [&hellip;]<\/p>\n","protected":false},"author":1,"featured_media":0,"parent":0,"menu_order":0,"comment_status":"closed","ping_status":"closed","template":"","meta":{"_bbp_topic_count":0,"_bbp_reply_count":0,"_bbp_total_topic_count":0,"_bbp_total_reply_count":0,"_bbp_voice_count":0,"_bbp_anonymous_reply_count":0,"_bbp_topic_count_hidden":0,"_bbp_reply_count_hidden":0,"_bbp_forum_subforum_count":0,"site-sidebar-layout":"default","site-content-layout":"","ast-site-content-layout":"","site-content-style":"default","site-sidebar-style":"default","ast-global-header-display":"","ast-banner-title-visibility":"","ast-main-header-display":"","ast-hfb-above-header-display":"","ast-hfb-below-header-display":"","ast-hfb-mobile-header-display":"","site-post-title":"","ast-breadcrumbs-content":"","ast-featured-img":"","footer-sml-layout":"","theme-transparent-header-meta":"","adv-header-id-meta":"","stick-header-meta":"","header-above-stick-meta":"","header-main-stick-meta":"","header-below-stick-meta":"","astra-migrate-meta-layouts":"default","ast-page-background-enabled":"default","ast-page-background-meta":{"desktop":{"background-color":"var(--ast-global-color-4)","background-image":"","background-repeat":"repeat","background-position":"center center","background-size":"auto","background-attachment":"scroll","background-type":"","background-media":"","overlay-type":"","overlay-color":"","overlay-opacity":"","overlay-gradient":""},"tablet":{"background-color":"","background-image":"","background-repeat":"repeat","background-position":"center center","background-size":"auto","background-attachment":"scroll","background-type":"","background-media":"","overlay-type":"","overlay-color":"","overlay-opacity":"","overlay-gradient":""},"mobile":{"background-color":"","background-image":"","background-repeat":"repeat","background-position":"center center","background-size":"auto","background-attachment":"scroll","background-type":"","background-media":"","overlay-type":"","overlay-color":"","overlay-opacity":"","overlay-gradient":""}},"ast-content-background-meta":{"desktop":{"background-color":"var(--ast-global-color-5)","background-image":"","background-repeat":"repeat","background-position":"center center","background-size":"auto","background-attachment":"scroll","background-type":"","background-media":"","overlay-type":"","overlay-color":"","overlay-opacity":"","overlay-gradient":""},"tablet":{"background-color":"var(--ast-global-color-5)","background-image":"","background-repeat":"repeat","background-position":"center center","background-size":"auto","background-attachment":"scroll","background-type":"","background-media":"","overlay-type":"","overlay-color":"","overlay-opacity":"","overlay-gradient":""},"mobile":{"background-color":"var(--ast-global-color-5)","background-image":"","background-repeat":"repeat","background-position":"center center","background-size":"auto","background-attachment":"scroll","background-type":"","background-media":"","overlay-type":"","overlay-color":"","overlay-opacity":"","overlay-gradient":""}},"footnotes":""},"class_list":["post-1704","page","type-page","status-publish","hentry"],"post_mailing_queue_ids":[],"_links":{"self":[{"href":"https:\/\/agora.xtec.cat\/ceipmediterrania\/wp-json\/wp\/v2\/pages\/1704","targetHints":{"allow":["GET"]}}],"collection":[{"href":"https:\/\/agora.xtec.cat\/ceipmediterrania\/wp-json\/wp\/v2\/pages"}],"about":[{"href":"https:\/\/agora.xtec.cat\/ceipmediterrania\/wp-json\/wp\/v2\/types\/page"}],"author":[{"embeddable":true,"href":"https:\/\/agora.xtec.cat\/ceipmediterrania\/wp-json\/wp\/v2\/users\/1"}],"replies":[{"embeddable":true,"href":"https:\/\/agora.xtec.cat\/ceipmediterrania\/wp-json\/wp\/v2\/comments?post=1704"}],"version-history":[{"count":6,"href":"https:\/\/agora.xtec.cat\/ceipmediterrania\/wp-json\/wp\/v2\/pages\/1704\/revisions"}],"predecessor-version":[{"id":3420,"href":"https:\/\/agora.xtec.cat\/ceipmediterrania\/wp-json\/wp\/v2\/pages\/1704\/revisions\/3420"}],"wp:attachment":[{"href":"https:\/\/agora.xtec.cat\/ceipmediterrania\/wp-json\/wp\/v2\/media?parent=1704"}],"curies":[{"name":"wp","href":"https:\/\/api.w.org\/{rel}","templated":true}]}}