{"id":1109,"date":"2019-09-19T18:54:49","date_gmt":"2019-09-19T16:54:49","guid":{"rendered":"http:\/\/agora.xtec.cat\/ceipmediterrania\/?page_id=1109"},"modified":"2024-09-10T13:25:19","modified_gmt":"2024-09-10T11:25:19","slug":"personal-del-centre-2019-2020","status":"publish","type":"page","link":"https:\/\/agora.xtec.cat\/ceipmediterrania\/pagines-dinici\/lescola\/personal-de-centre-2019-2020\/personal-del-centre-2019-2020\/","title":{"rendered":"Personal del centre 2024-2025"},"content":{"rendered":"<p><a href=\"https:\/\/agora.xtec.cat\/ceipmediterrania\/wp-content\/uploads\/usu1771\/2024\/01\/personal-banner.jpg\"><img loading=\"lazy\" decoding=\"async\" class=\"aligncenter size-large wp-image-3655\" src=\"https:\/\/agora.xtec.cat\/ceipmediterrania\/wp-content\/uploads\/usu1771\/2024\/01\/personal-banner-1024x215.jpg\" alt=\"\" width=\"1024\" height=\"215\" srcset=\"https:\/\/agora.xtec.cat\/ceipmediterrania\/wp-content\/uploads\/usu1771\/2024\/01\/personal-banner-1024x215.jpg 1024w, https:\/\/agora.xtec.cat\/ceipmediterrania\/wp-content\/uploads\/usu1771\/2024\/01\/personal-banner-300x63.jpg 300w, https:\/\/agora.xtec.cat\/ceipmediterrania\/wp-content\/uploads\/usu1771\/2024\/01\/personal-banner-768x161.jpg 768w, https:\/\/agora.xtec.cat\/ceipmediterrania\/wp-content\/uploads\/usu1771\/2024\/01\/personal-banner.jpg 1280w\" sizes=\"auto, (max-width: 1024px) 100vw, 1024px\" \/><\/a><\/p>\n<table style=\"width: 70.4691%; height: 1255px;\">\n<tbody>\n<tr style=\"height: 31px;\">\n<td style=\"width: 98.4778%; height: 31px; background-color: #f0cd86;\" colspan=\"4\">\n<h5 style=\"text-align: center;\"><span style=\"color: #3366ff;\"><strong>EQUIP DIRECTIU<\/strong><\/span><\/h5>\n<\/td>\n<\/tr>\n<tr style=\"height: 29px;\">\n<td style=\"height: 29px; width: 26.5423%;\" valign=\"top\"><strong>DIRECTORA<\/strong><\/td>\n<td style=\"height: 29px; width: 71.9355%; text-align: center;\" colspan=\"3\" valign=\"top\">Ana Garc\u00eda<\/td>\n<\/tr>\n<tr style=\"height: 30px;\">\n<td style=\"height: 30px; width: 26.5423%;\" valign=\"top\"><strong>CAP D\u2019ESTUDIS<\/strong><\/td>\n<td style=\"height: 30px; width: 71.9355%; text-align: center;\" colspan=\"3\" valign=\"top\">Pep Ferrando<\/td>\n<\/tr>\n<tr style=\"height: 30px;\">\n<td style=\"height: 30px; width: 26.5423%;\" valign=\"top\"><strong>SECRETARI<\/strong><\/td>\n<td style=\"height: 30px; text-align: center; width: 71.9355%;\" colspan=\"3\" valign=\"top\">Anna Mar\u00edn<\/td>\n<\/tr>\n<tr style=\"height: 50px;\">\n<td style=\"width: 98.4778%; height: 50px; background-color: #f0cd86;\" colspan=\"4\">\n<h5 style=\"text-align: center;\"><span style=\"color: #3366ff;\"><strong>MESTRES SIEI<\/strong><\/span><\/h5>\n<\/td>\n<\/tr>\n<tr style=\"height: 32px;\">\n<td style=\"width: 26.5423%; height: 64px;\" rowspan=\"2\"><strong>SIEI INFANTIL<\/strong><\/td>\n<td style=\"width: 23.0645%; height: 32px;\">Noem\u00ed Alsina<\/td>\n<td style=\"text-align: center; width: 23.2258%; height: 64px;\" rowspan=\"2\"><strong>SIEI PRIM\u00c0RIA<\/strong><\/td>\n<td style=\"width: 25.6452%; height: 32px; text-align: left;\">Annabel Villahermosa<\/td>\n<\/tr>\n<tr style=\"height: 32px;\">\n<td style=\"width: 23.0645%; height: 32px;\">Paqui Estrada<\/td>\n<td style=\"width: 25.6452%; height: 32px; text-align: left;\">S\u00f2nia L\u00f3pez<\/td>\n<\/tr>\n<tr style=\"height: 32px;\">\n<td style=\"width: 26.5423%; height: 32px;\"><strong>SUPORTS SIEI PLUS<\/strong><\/td>\n<td style=\"width: 23.0645%; height: 32px;\">Maria Carmen Exposito<\/td>\n<td style=\"text-align: center; width: 23.2258%; height: 32px;\"><\/td>\n<td style=\"text-align: center; width: 25.6452%; height: 32px;\"><\/td>\n<\/tr>\n<tr style=\"height: 49px;\">\n<td style=\"width: 98.4778%; height: 49px; background-color: #f0cd86; text-align: center;\" colspan=\"4\">\n<h5><span style=\"color: #3366ff;\"><strong>MESTRES D&#8217;EDUCACI\u00d3 INFANTIL<\/strong><\/span><\/h5>\n<\/td>\n<\/tr>\n<tr style=\"height: 31px;\">\n<td style=\"width: 26.5423%; height: 31px;\"><strong>P3 A<\/strong><\/td>\n<td style=\"height: 31px; width: 23.0645%;\">Carol Rodriguez<\/td>\n<td style=\"width: 23.2258%; height: 31px;\"><strong>P3 B<\/strong><\/td>\n<td style=\"width: 25.6452%; height: 31px;\">S\u00edlvia Giralt<\/td>\n<\/tr>\n<tr style=\"height: 31px;\">\n<td style=\"width: 26.5423%; height: 31px;\"><strong>P4 A<\/strong><\/td>\n<td style=\"width: 23.0645%; height: 31px;\">Montse Coll<\/td>\n<td style=\"width: 23.2258%; height: 31px;\"><strong>P4 B<\/strong><\/td>\n<td style=\"width: 25.6452%; height: 31px;\">S\u00f2nia Guinovart<\/td>\n<\/tr>\n<tr style=\"height: 31px;\">\n<td style=\"width: 26.5423%; height: 31px;\"><strong>I5 A<\/strong><\/td>\n<td style=\"width: 23.0645%; height: 31px;\">Eva Herreros<\/td>\n<td style=\"width: 23.2258%; height: 31px; text-align: left;\"><strong>I5 B<\/strong><\/td>\n<td style=\"width: 25.6452%; height: 31px; text-align: left;\">Txell Vicente<\/td>\n<\/tr>\n<tr style=\"height: 32px;\">\n<td style=\"width: 26.5423%; height: 32px;\"><strong>REFOR\u00c7 INFANTIL<\/strong><\/td>\n<td style=\"width: 23.0645%; height: 32px;\">\u00cdngrid Ponce<\/td>\n<td style=\"width: 23.2258%; height: 32px;\"><\/td>\n<td style=\"width: 25.6452%; height: 32px;\"><\/td>\n<\/tr>\n<tr style=\"height: 32px;\">\n<td style=\"width: 26.5423%; height: 64px;\" rowspan=\"2\"><strong>ED. ESPECIAL<\/strong><\/td>\n<td style=\"width: 23.0645%; height: 32px;\">Eva Sorribes<\/td>\n<td style=\"width: 23.2258%; height: 64px;\" rowspan=\"2\"><strong>VETLLADORA<\/strong><\/td>\n<td style=\"width: 25.6452%; height: 32px;\"><\/td>\n<\/tr>\n<tr style=\"height: 32px;\">\n<td style=\"width: 23.0645%; height: 32px;\">Cristina Navarrete<\/td>\n<td style=\"width: 25.6452%; height: 32px;\"><\/td>\n<\/tr>\n<tr style=\"height: 32px;\">\n<td style=\"width: 26.5423%; height: 32px;\"><strong>TEI<\/strong><\/td>\n<td style=\"width: 23.0645%; height: 32px;\">S\u00edlvia Colom\u00e9<\/td>\n<td style=\"width: 23.2258%; height: 64px;\" rowspan=\"2\"><strong>MALL &#8211; AUDICI\u00d3 I LLENGUATGE\u00a0<\/strong><\/td>\n<td style=\"width: 25.6452%; height: 32px;\">Anna Colet<\/td>\n<\/tr>\n<tr style=\"height: 32px;\">\n<td style=\"width: 26.5423%; height: 32px;\"><strong>REFOR\u00c7<\/strong><\/td>\n<td style=\"width: 23.0645%; height: 32px;\">\u00cdngrid Ponce<\/td>\n<td style=\"width: 25.6452%; height: 32px;\">Yaiza Cubero<\/td>\n<\/tr>\n<tr style=\"height: 49px;\">\n<td style=\"width: 98.4778%; height: 49px; background-color: #f0cd86; text-align: center;\" colspan=\"4\">\n<h5><span style=\"color: #3366ff;\"><strong>MESTRES EDUCACI\u00d3 PRIM\u00c0RIA\u00a0<\/strong><\/span><\/h5>\n<\/td>\n<\/tr>\n<tr style=\"height: 31px;\">\n<td style=\"width: 26.5423%; height: 31px;\"><strong>1r A<\/strong><\/td>\n<td style=\"width: 23.0645%; height: 31px;\">Marina Prim<\/td>\n<td style=\"width: 23.2258%; height: 31px; text-align: center;\"><b>&#8212;<\/b><\/td>\n<td style=\"width: 25.6452%; height: 31px; text-align: center;\">&#8212;<\/td>\n<\/tr>\n<tr style=\"height: 31px;\">\n<td style=\"width: 26.5423%; height: 31px;\"><strong>2n A<\/strong><\/td>\n<td style=\"width: 23.0645%; height: 31px;\">Elena Lozano<\/td>\n<td style=\"width: 23.2258%; height: 31px; text-align: left;\"><strong>2n B<\/strong><\/td>\n<td style=\"width: 25.6452%; height: 31px; text-align: left;\">Cristina Serrano<\/td>\n<\/tr>\n<tr style=\"height: 31px;\">\n<td style=\"width: 26.5423%; height: 31px;\"><strong>3r A<\/strong><\/td>\n<td style=\"width: 23.0645%; height: 31px;\">Anna Olivar<\/td>\n<td style=\"width: 23.2258%; height: 31px; text-align: center;\"><strong>&#8212;<\/strong><\/td>\n<td style=\"width: 25.6452%; height: 31px; text-align: center;\">&#8212;<\/td>\n<\/tr>\n<tr style=\"height: 31px;\">\n<td style=\"width: 26.5423%; height: 31px;\"><strong>4t A<\/strong><\/td>\n<td style=\"width: 23.0645%; height: 31px;\">Olga Carbonell<\/td>\n<td style=\"width: 23.2258%; height: 31px;\"><strong>4t B<\/strong><\/td>\n<td style=\"width: 25.6452%; height: 31px;\">Carlos P\u00e9rez<\/td>\n<\/tr>\n<tr style=\"height: 31px;\">\n<td style=\"width: 26.5423%; height: 31px;\"><strong>5\u00e8 A<\/strong><\/td>\n<td style=\"width: 23.0645%; height: 31px;\">Miriam Ruiz Campos<\/td>\n<td style=\"width: 23.2258%; height: 31px;\"><strong>5\u00e8 B<\/strong><\/td>\n<td style=\"width: 25.6452%; height: 31px;\">Andreu Ib\u00e1\u00f1ez<\/td>\n<\/tr>\n<tr style=\"height: 31px;\">\n<td style=\"width: 26.5423%; height: 31px;\"><strong>6\u00e8 A<\/strong><\/td>\n<td style=\"width: 23.0645%; height: 31px; text-align: left;\">Javi P\u00e9rez<\/td>\n<td style=\"width: 23.2258%; height: 31px;\"><strong>6\u00e8 B<\/strong><\/td>\n<td style=\"width: 25.6452%; height: 31px;\">Charo Morillo<\/td>\n<\/tr>\n<tr style=\"height: 31px;\">\n<td style=\"width: 98.4778%; height: 31px; background-color: #f0cd86;\" colspan=\"4\">\n<h5 style=\"text-align: center;\"><span style=\"color: #3366ff;\"><strong>ESPECIALISTES\u00a0<\/strong><\/span><\/h5>\n<\/td>\n<\/tr>\n<tr style=\"height: 30px;\">\n<td style=\"height: 30px; width: 26.5423%;\" valign=\"top\"><strong>ANGL\u00c8S INFANTIL<\/strong><\/td>\n<td style=\"height: 30px; width: 23.0645%; text-align: center;\" valign=\"top\">Ingrid Ponce<\/td>\n<td style=\"height: 30px; width: 23.2258%;\" valign=\"top\"><strong>ED. MUSICAL<\/strong><\/td>\n<td style=\"height: 30px; width: 25.6452%; text-align: left;\" valign=\"top\">Anna Mar\u00edn &#8211; Albert Llanas<\/td>\n<\/tr>\n<tr style=\"height: 30px;\">\n<td style=\"height: 30px; width: 26.5423%;\" valign=\"top\"><strong>ANGL\u00c8S 1r a 3r<\/strong><\/td>\n<td style=\"height: 30px; width: 23.0645%; text-align: center;\" valign=\"top\">Tere Alc\u00f3n &#8211;<\/td>\n<td style=\"height: 30px; width: 23.2258%;\" valign=\"top\"><strong>ANGL\u00c8S 4t a 6\u00e8<\/strong><\/td>\n<td style=\"height: 30px; width: 25.6452%; text-align: left;\" valign=\"top\">Al\u00edcia Rodr\u00edguez<\/td>\n<\/tr>\n<tr style=\"height: 32px;\">\n<td style=\"width: 26.5423%; height: 32px;\"><strong>ED. F\u00cdSICA<\/strong><\/td>\n<td style=\"width: 23.0645%; text-align: center; height: 32px;\">Isma \u00c1lvarez<\/td>\n<td style=\"width: 23.2258%; height: 32px;\"><strong>REFOR\u00c7<\/strong><\/td>\n<td style=\"width: 25.6452%; height: 32px; text-align: left;\">Carme Gomez\u00a0 jimenez<\/td>\n<\/tr>\n<tr style=\"height: 31px;\">\n<td style=\"width: 98.4778%; height: 31px; background-color: #f0cd86;\" colspan=\"4\">\n<h5 style=\"text-align: center;\"><span style=\"color: #3366ff;\"><strong>PERSONAL D&#8217;ADMINISTRACI\u00d3 I SERVEIS<\/strong><\/span><\/h5>\n<\/td>\n<\/tr>\n<tr style=\"height: 30px;\">\n<td style=\"height: 30px; width: 26.5423%;\" valign=\"top\"><strong>TEI<\/strong><\/td>\n<td style=\"height: 30px; width: 23.0645%; text-align: center;\" valign=\"top\">Silvia Colom\u00e9<\/td>\n<td style=\"height: 30px; width: 23.2258%;\" valign=\"top\"><strong>CONSERGE<\/strong><\/td>\n<td style=\"height: 30px; width: 25.6452%; text-align: left;\" valign=\"top\">Jordi Asin<\/td>\n<\/tr>\n<tr style=\"height: 30px;\">\n<td style=\"height: 30px; width: 26.5423%;\" valign=\"top\"><strong>ADMINISTRATIVA<\/strong><\/td>\n<td style=\"height: 30px; width: 23.0645%; text-align: left;\" valign=\"top\">Clara Bardi<\/td>\n<td style=\"width: 23.2258%; height: 30px;\"><\/td>\n<td style=\"width: 25.6452%; height: 30px;\"><\/td>\n<\/tr>\n<tr style=\"height: 50px;\">\n<td style=\"width: 98.4778%; height: 50px; background-color: #f0cd86;\" colspan=\"4\">\n<h5 style=\"text-align: center;\"><span style=\"color: #3366ff;\"><strong>C\u00c0RRECS<\/strong><\/span><\/h5>\n<\/td>\n<\/tr>\n<tr style=\"height: 46px;\">\n<td style=\"width: 26.5423%; height: 46px;\"><strong>COORDINACI\u00d3 INFANTIL<\/strong><\/td>\n<td style=\"width: 23.0645%; text-align: center; height: 46px;\">S\u00f2nia Guinovart<\/td>\n<td style=\"width: 23.2258%; height: 46px;\"><strong>COORDINACI\u00d3 INICIAL<\/strong><\/td>\n<td style=\"width: 25.6452%; text-align: center; height: 46px;\">Cristina Serrano<\/td>\n<\/tr>\n<tr style=\"height: 46px;\">\n<td style=\"width: 26.5423%; height: 46px;\"><strong>COORDINACI\u00d3 MITJ\u00c0<\/strong><\/td>\n<td style=\"width: 23.0645%; text-align: center; height: 46px;\">Annabel Villahermosa<\/td>\n<td style=\"width: 23.2258%; height: 46px;\"><strong>COORDINACI\u00d3 SUPERIOR<\/strong><\/td>\n<td style=\"width: 25.6452%; text-align: center; height: 46px;\">Javi P\u00e9rez<\/td>\n<\/tr>\n<tr style=\"height: 48px;\">\n<td style=\"width: 26.5423%; height: 48px;\"><strong>COORDINADOR INFORM\u00c0TICA<\/strong><\/td>\n<td style=\"width: 23.0645%; text-align: center; height: 48px;\">Isma \u00c1lvarez<\/td>\n<td style=\"width: 23.2258%; height: 48px;\"><strong>COORDINADOR<\/strong><strong> LIC<\/strong><\/td>\n<td style=\"width: 25.6452%; text-align: center; height: 48px;\"><\/td>\n<\/tr>\n<tr style=\"height: 48px;\">\n<td style=\"width: 26.5423%; height: 48px;\"><strong>COORDINADOR RISCOS LABORALS<\/strong><\/td>\n<td style=\"width: 23.0645%; text-align: center; height: 48px;\">Miriam Ruiz Campos<\/td>\n<td style=\"width: 23.2258%; height: 48px;\"><strong>REPRESENTANT SINDICAL<\/strong><\/td>\n<td style=\"width: 25.6452%; text-align: center; height: 48px;\"><\/td>\n<\/tr>\n<\/tbody>\n<\/table>\n","protected":false},"excerpt":{"rendered":"<p>EQUIP DIRECTIU DIRECTORA Ana Garc\u00eda CAP D\u2019ESTUDIS Pep Ferrando SECRETARI Anna Mar\u00edn MESTRES SIEI SIEI INFANTIL Noem\u00ed Alsina SIEI PRIM\u00c0RIA [&hellip;]<\/p>\n","protected":false},"author":1,"featured_media":0,"parent":715,"menu_order":0,"comment_status":"closed","ping_status":"closed","template":"","meta":{"_bbp_topic_count":0,"_bbp_reply_count":0,"_bbp_total_topic_count":0,"_bbp_total_reply_count":0,"_bbp_voice_count":0,"_bbp_anonymous_reply_count":0,"_bbp_topic_count_hidden":0,"_bbp_reply_count_hidden":0,"_bbp_forum_subforum_count":0,"site-sidebar-layout":"default","site-content-layout":"","ast-site-content-layout":"","site-content-style":"default","site-sidebar-style":"default","ast-global-header-display":"","ast-banner-title-visibility":"","ast-main-header-display":"","ast-hfb-above-header-display":"","ast-hfb-below-header-display":"","ast-hfb-mobile-header-display":"","site-post-title":"","ast-breadcrumbs-content":"","ast-featured-img":"","footer-sml-layout":"","theme-transparent-header-meta":"","adv-header-id-meta":"","stick-header-meta":"","header-above-stick-meta":"","header-main-stick-meta":"","header-below-stick-meta":"","astra-migrate-meta-layouts":"default","ast-page-background-enabled":"default","ast-page-background-meta":{"desktop":{"background-color":"var(--ast-global-color-4)","background-image":"","background-repeat":"repeat","background-position":"center center","background-size":"auto","background-attachment":"scroll","background-type":"","background-media":"","overlay-type":"","overlay-color":"","overlay-opacity":"","overlay-gradient":""},"tablet":{"background-color":"","background-image":"","background-repeat":"repeat","background-position":"center center","background-size":"auto","background-attachment":"scroll","background-type":"","background-media":"","overlay-type":"","overlay-color":"","overlay-opacity":"","overlay-gradient":""},"mobile":{"background-color":"","background-image":"","background-repeat":"repeat","background-position":"center center","background-size":"auto","background-attachment":"scroll","background-type":"","background-media":"","overlay-type":"","overlay-color":"","overlay-opacity":"","overlay-gradient":""}},"ast-content-background-meta":{"desktop":{"background-color":"var(--ast-global-color-5)","background-image":"","background-repeat":"repeat","background-position":"center center","background-size":"auto","background-attachment":"scroll","background-type":"","background-media":"","overlay-type":"","overlay-color":"","overlay-opacity":"","overlay-gradient":""},"tablet":{"background-color":"var(--ast-global-color-5)","background-image":"","background-repeat":"repeat","background-position":"center center","background-size":"auto","background-attachment":"scroll","background-type":"","background-media":"","overlay-type":"","overlay-color":"","overlay-opacity":"","overlay-gradient":""},"mobile":{"background-color":"var(--ast-global-color-5)","background-image":"","background-repeat":"repeat","background-position":"center center","background-size":"auto","background-attachment":"scroll","background-type":"","background-media":"","overlay-type":"","overlay-color":"","overlay-opacity":"","overlay-gradient":""}},"footnotes":""},"class_list":["post-1109","page","type-page","status-publish","hentry"],"post_mailing_queue_ids":[],"_links":{"self":[{"href":"https:\/\/agora.xtec.cat\/ceipmediterrania\/wp-json\/wp\/v2\/pages\/1109","targetHints":{"allow":["GET"]}}],"collection":[{"href":"https:\/\/agora.xtec.cat\/ceipmediterrania\/wp-json\/wp\/v2\/pages"}],"about":[{"href":"https:\/\/agora.xtec.cat\/ceipmediterrania\/wp-json\/wp\/v2\/types\/page"}],"author":[{"embeddable":true,"href":"https:\/\/agora.xtec.cat\/ceipmediterrania\/wp-json\/wp\/v2\/users\/1"}],"replies":[{"embeddable":true,"href":"https:\/\/agora.xtec.cat\/ceipmediterrania\/wp-json\/wp\/v2\/comments?post=1109"}],"version-history":[{"count":6,"href":"https:\/\/agora.xtec.cat\/ceipmediterrania\/wp-json\/wp\/v2\/pages\/1109\/revisions"}],"predecessor-version":[{"id":4037,"href":"https:\/\/agora.xtec.cat\/ceipmediterrania\/wp-json\/wp\/v2\/pages\/1109\/revisions\/4037"}],"up":[{"embeddable":true,"href":"https:\/\/agora.xtec.cat\/ceipmediterrania\/wp-json\/wp\/v2\/pages\/715"}],"wp:attachment":[{"href":"https:\/\/agora.xtec.cat\/ceipmediterrania\/wp-json\/wp\/v2\/media?parent=1109"}],"curies":[{"name":"wp","href":"https:\/\/api.w.org\/{rel}","templated":true}]}}