{"id":26,"date":"2023-08-16T12:54:32","date_gmt":"2023-08-16T10:54:32","guid":{"rendered":"http:\/\/agora.xtec.cat\/ceipmdsoldelpont\/?page_id=26"},"modified":"2025-02-20T19:03:19","modified_gmt":"2025-02-20T18:03:19","slug":"historia","status":"publish","type":"page","link":"https:\/\/agora.xtec.cat\/ceipmdsoldelpont\/lescola\/historia\/","title":{"rendered":"Hist\u00f2ria"},"content":{"rendered":"<p style=\"text-align: justify;\" data-start=\"70\" data-end=\"229\">L&#8217;Escola Mare de D\u00e9u del S\u00f2l del Pont de Roda de Ter t\u00e9 una traject\u00f2ria que reflecteix el comprom\u00eds de la comunitat amb l&#8217;educaci\u00f3 i el desenvolupament social.<\/p>\n<p style=\"text-align: justify;\" data-start=\"231\" data-end=\"255\"><strong data-start=\"231\" data-end=\"255\">Inicis i construcci\u00f3<\/strong><\/p>\n<p style=\"text-align: justify;\" data-start=\"257\" data-end=\"899\">L&#8217;any 1933, en plena crisi del sector de la construcci\u00f3, es va iniciar la construcci\u00f3 de l&#8217;escola. Aquest projecte va ser encarregat als treballadors locals que es trobaven en situaci\u00f3 d&#8217;atur, amb l&#8217;objectiu de pal\u00b7liar la desocupaci\u00f3 i dotar el municipi d&#8217;un centre educatiu propi. Despr\u00e9s de dos anys de treball, l&#8217;edifici va ser inaugurat oficialment el 22 de setembre de 1935, coincidint amb la festa major de Roda de Ter. Durant aquesta celebraci\u00f3, es van organitzar jornades de portes obertes perqu\u00e8 els ve\u00efns poguessin con\u00e8ixer les noves instal\u00b7lacions. Posteriorment, el 1937, es va completar la construcci\u00f3 de la piscina de l&#8217;escola.<\/p>\n<p style=\"text-align: justify;\" data-start=\"901\" data-end=\"931\"><strong data-start=\"901\" data-end=\"931\">Evoluci\u00f3 i transformacions<\/strong><\/p>\n<p style=\"text-align: justify;\" data-start=\"933\" data-end=\"1255\">A mitjans dels anys setanta, l&#8217;escola va esdevenir totalment mixta i graduada, reflectint els canvis socials i educatius de l&#8217;\u00e8poca. El 1974, es va constituir la primera Associaci\u00f3 de Pares, una de les primeres actuacions de la qual va ser dotar el centre de calefacci\u00f3, millorant d&#8217;aquesta manera les condicions per a l&#8217;aprenentatge.<\/p>\n<p style=\"text-align: justify;\" data-start=\"1257\" data-end=\"1648\">Amb l&#8217;arribada de la democr\u00e0cia, l&#8217;escola va viure un per\u00edode de grans transformacions. Un grup de mestres joves, amb idees renovadores i compromesos socialment, va impulsar una renovaci\u00f3 pedag\u00f2gica significativa. Durant el curs 1978-1979, es va iniciar el proc\u00e9s de catalanitzaci\u00f3 de la primera etapa de l&#8217;Educaci\u00f3 General B\u00e0sica (EGB), que es va consolidar en tot el cicle el curs seg\u00fcent.<\/p>\n<p style=\"text-align: justify;\" data-start=\"1650\" data-end=\"1674\"><strong data-start=\"1650\" data-end=\"1674\">Expansi\u00f3 i adaptaci\u00f3<\/strong><\/p>\n<p style=\"text-align: justify;\" data-start=\"1676\" data-end=\"2105\">L&#8217;any 1998, es va estrenar un nou edifici destinat a l&#8217;educaci\u00f3 infantil, que va ser oficialment inaugurat el 1999 amb la pres\u00e8ncia del president de la Generalitat de Catalunya, Jordi Pujol i Soley. A principis del segle XXI, per atendre l&#8217;arribada d&#8217;alumnes nouvinguts, el Departament d&#8217;Educaci\u00f3 va crear les Aules d&#8217;Acollida, i en l&#8217;\u00e0mbit municipal es va establir el Pla Educatiu d&#8217;Entorn per coordinar les activitats educatives.<\/p>\n<p style=\"text-align: justify;\" data-start=\"2107\" data-end=\"2127\"><strong data-start=\"2107\" data-end=\"2127\">Comprom\u00eds actual<\/strong><\/p>\n<p style=\"text-align: justify;\" data-start=\"2129\" data-end=\"2483\">Avui dia, l&#8217;Escola Mare de D\u00e9u del S\u00f2<span style=\"background-color: var(--ast-global-color-5); color: var(--ast-global-color-3); font-size: revert; font-weight: inherit;\">l del Pont continua treballant per oferir una educaci\u00f3 p\u00fablica de qualitat, oberta a tots els infants sense cap tipus de discriminaci\u00f3. Aquest comprom\u00eds es reflecteix en una metodologia d&#8217;ensenyament activa, que busca el desenvolupament integral de l&#8217;alumnat i la seva preparaci\u00f3 per als reptes de la societat actual.<\/span><\/p>\n\n\n<div class=\"wp-block-getwid-images-slider has-arrows-inside has-dots-inside has-images-center has-cropped-images\"><div class=\"wp-block-getwid-images-slider__wrapper\" data-effect=\"fade\" data-slides-show=\"1\" data-slides-show-laptop=\"1\" data-slides-show-tablet=\"1\" data-slides-show-mobile=\"1\" data-slides-scroll=\"1\" data-autoplay=\"true\" data-pause-hover=\"false\" data-autoplay-speed=\"6000\" data-infinite=\"true\" data-animation-speed=\"800\" data-center-mode=\"false\" data-variable-width=\"false\" data-arrows=\"inside\" data-dots=\"inside\" data-spacing=\"none\"><div class=\"wp-block-getwid-images-slider__item\"><figure><img loading=\"lazy\" decoding=\"async\" width=\"274\" height=\"184\" src=\"https:\/\/agora.xtec.cat\/ceipmdsoldelpont\/wp-content\/uploads\/usu2326\/2025\/02\/escola-antiga.jpeg\" alt=\"\" data-id=\"2934\" data-link=\"https:\/\/agora.xtec.cat\/ceipmdsoldelpont\/lescola\/historia\/attachment\/escola-antiga\/\" data-original-link=\"https:\/\/agora.xtec.cat\/ceipmdsoldelpont\/wp-content\/uploads\/usu2326\/2025\/02\/escola-antiga.jpeg\" class=\"wp-block-getwid-images-slider__image wp-image-2934\"\/><figcaption class=\"wp-block-getwid-images-slider__caption\">Escola antiga<\/figcaption><\/figure><\/div><div class=\"wp-block-getwid-images-slider__item\"><figure><img loading=\"lazy\" decoding=\"async\" width=\"768\" height=\"576\" src=\"https:\/\/agora.xtec.cat\/ceipmdsoldelpont\/wp-content\/uploads\/usu2326\/2024\/04\/ADABE495-CF86-40F9-B56B-B211E047E5AB-768x576.jpg\" alt=\"\" data-id=\"1822\" data-link=\"https:\/\/agora.xtec.cat\/ceipmdsoldelpont\/pagines-dinici\/pagina-dinici-buida\/attachment\/adabe495-cf86-40f9-b56b-b211e047e5ab\/\" data-original-link=\"https:\/\/agora.xtec.cat\/ceipmdsoldelpont\/wp-content\/uploads\/usu2326\/2024\/04\/ADABE495-CF86-40F9-B56B-B211E047E5AB.jpg\" class=\"wp-block-getwid-images-slider__image wp-image-1822\" srcset=\"https:\/\/agora.xtec.cat\/ceipmdsoldelpont\/wp-content\/uploads\/usu2326\/2024\/04\/ADABE495-CF86-40F9-B56B-B211E047E5AB-768x576.jpg 768w, https:\/\/agora.xtec.cat\/ceipmdsoldelpont\/wp-content\/uploads\/usu2326\/2024\/04\/ADABE495-CF86-40F9-B56B-B211E047E5AB-300x225.jpg 300w, https:\/\/agora.xtec.cat\/ceipmdsoldelpont\/wp-content\/uploads\/usu2326\/2024\/04\/ADABE495-CF86-40F9-B56B-B211E047E5AB-1024x768.jpg 1024w, https:\/\/agora.xtec.cat\/ceipmdsoldelpont\/wp-content\/uploads\/usu2326\/2024\/04\/ADABE495-CF86-40F9-B56B-B211E047E5AB-1536x1152.jpg 1536w, https:\/\/agora.xtec.cat\/ceipmdsoldelpont\/wp-content\/uploads\/usu2326\/2024\/04\/ADABE495-CF86-40F9-B56B-B211E047E5AB-200x150.jpg 200w, https:\/\/agora.xtec.cat\/ceipmdsoldelpont\/wp-content\/uploads\/usu2326\/2024\/04\/ADABE495-CF86-40F9-B56B-B211E047E5AB.jpg 2000w\" sizes=\"auto, (max-width: 768px) 100vw, 768px\" \/><figcaption class=\"wp-block-getwid-images-slider__caption\">Escola actual<\/figcaption><\/figure><\/div><\/div><\/div>\n","protected":false},"excerpt":{"rendered":"<p>L&#8217;Escola Mare de D\u00e9u del S\u00f2l del Pont de Roda de Ter t\u00e9 una traject\u00f2ria que reflecteix el comprom\u00eds de [&hellip;]<\/p>\n","protected":false},"author":1,"featured_media":0,"parent":22,"menu_order":20,"comment_status":"closed","ping_status":"closed","template":"","meta":{"_bbp_topic_count":0,"_bbp_reply_count":0,"_bbp_total_topic_count":0,"_bbp_total_reply_count":0,"_bbp_voice_count":0,"_bbp_anonymous_reply_count":0,"_bbp_topic_count_hidden":0,"_bbp_reply_count_hidden":0,"_bbp_forum_subforum_count":0,"site-sidebar-layout":"default","site-content-layout":"","ast-site-content-layout":"default","site-content-style":"default","site-sidebar-style":"default","ast-global-header-display":"","ast-banner-title-visibility":"","ast-main-header-display":"","ast-hfb-above-header-display":"","ast-hfb-below-header-display":"","ast-hfb-mobile-header-display":"","site-post-title":"","ast-breadcrumbs-content":"","ast-featured-img":"","footer-sml-layout":"","theme-transparent-header-meta":"","adv-header-id-meta":"","stick-header-meta":"","header-above-stick-meta":"","header-main-stick-meta":"","header-below-stick-meta":"","astra-migrate-meta-layouts":"set","ast-page-background-enabled":"default","ast-page-background-meta":{"desktop":{"background-color":"var(--ast-global-color-4)","background-image":"","background-repeat":"repeat","background-position":"center center","background-size":"auto","background-attachment":"scroll","background-type":"","background-media":"","overlay-type":"","overlay-color":"","overlay-opacity":"","overlay-gradient":""},"tablet":{"background-color":"","background-image":"","background-repeat":"repeat","background-position":"center center","background-size":"auto","background-attachment":"scroll","background-type":"","background-media":"","overlay-type":"","overlay-color":"","overlay-opacity":"","overlay-gradient":""},"mobile":{"background-color":"","background-image":"","background-repeat":"repeat","background-position":"center center","background-size":"auto","background-attachment":"scroll","background-type":"","background-media":"","overlay-type":"","overlay-color":"","overlay-opacity":"","overlay-gradient":""}},"ast-content-background-meta":{"desktop":{"background-color":"var(--ast-global-color-5)","background-image":"","background-repeat":"repeat","background-position":"center center","background-size":"auto","background-attachment":"scroll","background-type":"","background-media":"","overlay-type":"","overlay-color":"","overlay-opacity":"","overlay-gradient":""},"tablet":{"background-color":"var(--ast-global-color-5)","background-image":"","background-repeat":"repeat","background-position":"center center","background-size":"auto","background-attachment":"scroll","background-type":"","background-media":"","overlay-type":"","overlay-color":"","overlay-opacity":"","overlay-gradient":""},"mobile":{"background-color":"var(--ast-global-color-5)","background-image":"","background-repeat":"repeat","background-position":"center center","background-size":"auto","background-attachment":"scroll","background-type":"","background-media":"","overlay-type":"","overlay-color":"","overlay-opacity":"","overlay-gradient":""}},"footnotes":""},"class_list":["post-26","page","type-page","status-publish","hentry"],"post_mailing_queue_ids":[],"_links":{"self":[{"href":"https:\/\/agora.xtec.cat\/ceipmdsoldelpont\/wp-json\/wp\/v2\/pages\/26","targetHints":{"allow":["GET"]}}],"collection":[{"href":"https:\/\/agora.xtec.cat\/ceipmdsoldelpont\/wp-json\/wp\/v2\/pages"}],"about":[{"href":"https:\/\/agora.xtec.cat\/ceipmdsoldelpont\/wp-json\/wp\/v2\/types\/page"}],"author":[{"embeddable":true,"href":"https:\/\/agora.xtec.cat\/ceipmdsoldelpont\/wp-json\/wp\/v2\/users\/1"}],"replies":[{"embeddable":true,"href":"https:\/\/agora.xtec.cat\/ceipmdsoldelpont\/wp-json\/wp\/v2\/comments?post=26"}],"version-history":[{"count":5,"href":"https:\/\/agora.xtec.cat\/ceipmdsoldelpont\/wp-json\/wp\/v2\/pages\/26\/revisions"}],"predecessor-version":[{"id":2937,"href":"https:\/\/agora.xtec.cat\/ceipmdsoldelpont\/wp-json\/wp\/v2\/pages\/26\/revisions\/2937"}],"up":[{"embeddable":true,"href":"https:\/\/agora.xtec.cat\/ceipmdsoldelpont\/wp-json\/wp\/v2\/pages\/22"}],"wp:attachment":[{"href":"https:\/\/agora.xtec.cat\/ceipmdsoldelpont\/wp-json\/wp\/v2\/media?parent=26"}],"curies":[{"name":"wp","href":"https:\/\/api.w.org\/{rel}","templated":true}]}}