{"id":9491,"date":"2025-06-12T10:36:13","date_gmt":"2025-06-12T08:36:13","guid":{"rendered":"https:\/\/agora.xtec.cat\/ceipmdangels\/?page_id=9491"},"modified":"2025-06-13T13:14:17","modified_gmt":"2025-06-13T11:14:17","slug":"llibres-primaria","status":"publish","type":"page","link":"https:\/\/agora.xtec.cat\/ceipmdangels\/que-volem\/amipa\/llibres-primaria\/","title":{"rendered":"Llibres prim\u00e0ria"},"content":{"rendered":"\n<p>Benvolgudes fam\u00edlies,<\/p>\n\n\n\n<p>Des de AFA hem fet lots de llibres, inclouen tots els quadernets de cada curs.<\/p>\n\n\n\n<p>\u00c9s requisit imprescindible SER SOCI de l&#8217;AFA pel curs 2025\/26 per poder fer la reserva i no tenir deutes de cursos anteriors amb l&#8217;AFA.<\/p>\n\n\n\n<p>Per fer la reserva de llibres s&#8217;ha de fer un ingr\u00e9s de la quantitat assenyalada per cada lot al n\u00famero de compte d&#8217;AFA&nbsp;abans del 27 de juny&nbsp;indicant NOM i CURS de l&#8217;alumne<\/p>\n\n\n\n<p><strong>ES91 0049 1583 2722 1031 8377<\/strong><\/p>\n\n\n\n<p><strong>La reserva nom\u00e9s ser\u00e0 efectiva si s&#8217;ha fet l&#8217;ingr\u00e9s de la reserva abans del 27 de juny.<\/strong><\/p>\n\n\n\n<p><strong>Al setembre es podr\u00e0 pagar els 60\u202f\u20ac restants utilitzant els VALS ESCOLARS!!!!!!<\/strong><\/p>\n\n\n\n<p><strong>IMPORTANT: al activar els vals NO cedir-los a l&#8217;escola.<\/strong><\/p>\n\n\n\n<p><strong>Per pagar amb el val escolar enviarem informaci\u00f3 la primera setmana de setembre.&nbsp;<\/strong><\/p>\n\n\n\n<p><strong>La totalitat del lot s&#8217;ha de pagar abans del 31 d&#8217;agost si no s&#8217;utilitza el val.&nbsp;<\/strong><\/p>\n\n\n\n<p><strong>No s&#8217;entregaran els quadernets al setembre si no est\u00e0 completat el pagament de quadernets i socis AFA.<\/strong><\/p>\n\n\n\n<p>Atentament,<\/p>\n\n\n\n<p>AFA<\/p>\n\n\n<div class=\"wp-block-image\">\n<figure class=\"aligncenter size-large is-resized\"><a href=\"https:\/\/agora.xtec.cat\/ceipmdangels\/wp-content\/uploads\/usu320\/2025\/06\/Llibres-202526-PRI.jpg\"><img loading=\"lazy\" decoding=\"async\" width=\"410\" height=\"1024\" src=\"https:\/\/agora.xtec.cat\/ceipmdangels\/wp-content\/uploads\/usu320\/2025\/06\/Llibres-202526-PRI-410x1024.jpg\" alt=\"\" class=\"wp-image-9530\" style=\"width:176px;height:auto\" srcset=\"https:\/\/agora.xtec.cat\/ceipmdangels\/wp-content\/uploads\/usu320\/2025\/06\/Llibres-202526-PRI-410x1024.jpg 410w, https:\/\/agora.xtec.cat\/ceipmdangels\/wp-content\/uploads\/usu320\/2025\/06\/Llibres-202526-PRI-120x300.jpg 120w, https:\/\/agora.xtec.cat\/ceipmdangels\/wp-content\/uploads\/usu320\/2025\/06\/Llibres-202526-PRI-768x1920.jpg 768w, https:\/\/agora.xtec.cat\/ceipmdangels\/wp-content\/uploads\/usu320\/2025\/06\/Llibres-202526-PRI.jpg 800w\" sizes=\"auto, (max-width: 410px) 100vw, 410px\" \/><\/a><\/figure><\/div>","protected":false},"excerpt":{"rendered":"<p>Benvolgudes fam\u00edlies,<\/p>\n<p>Des de AFA hem fet lots de llibres, inclouen tots els quadernets de cada curs.<\/p>\n<p>\u00c9s requisit imprescindible SER SOCI de l&#8217;AFA pel curs 2025\/26 per poder fer la reserva i no tenir deutes de cursos anteriors amb l&#8217;AFA.<\/p>\n<p>Per fer la reserva de llibres s&#8217;ha&hellip;  <a href=\"https:\/\/agora.xtec.cat\/ceipmdangels\/que-volem\/amipa\/llibres-primaria\/\" title=\"Read Llibres prim\u00e0ria\">Llegeix m\u00e9s\u00bb<\/a><\/p>\n","protected":false},"author":1,"featured_media":0,"parent":51,"menu_order":0,"comment_status":"closed","ping_status":"close","template":"page-templates\/side-menu.php","meta":{"_bbp_topic_count":0,"_bbp_reply_count":0,"_bbp_total_topic_count":0,"_bbp_total_reply_count":0,"_bbp_voice_count":0,"_bbp_anonymous_reply_count":0,"_bbp_topic_count_hidden":0,"_bbp_reply_count_hidden":0,"_bbp_forum_subforum_count":0,"footnotes":""},"class_list":["post-9491","page","type-page","status-publish","hentry"],"post_mailing_queue_ids":[],"_links":{"self":[{"href":"https:\/\/agora.xtec.cat\/ceipmdangels\/wp-json\/wp\/v2\/pages\/9491","targetHints":{"allow":["GET"]}}],"collection":[{"href":"https:\/\/agora.xtec.cat\/ceipmdangels\/wp-json\/wp\/v2\/pages"}],"about":[{"href":"https:\/\/agora.xtec.cat\/ceipmdangels\/wp-json\/wp\/v2\/types\/page"}],"author":[{"embeddable":true,"href":"https:\/\/agora.xtec.cat\/ceipmdangels\/wp-json\/wp\/v2\/users\/1"}],"replies":[{"embeddable":true,"href":"https:\/\/agora.xtec.cat\/ceipmdangels\/wp-json\/wp\/v2\/comments?post=9491"}],"version-history":[{"count":4,"href":"https:\/\/agora.xtec.cat\/ceipmdangels\/wp-json\/wp\/v2\/pages\/9491\/revisions"}],"predecessor-version":[{"id":9532,"href":"https:\/\/agora.xtec.cat\/ceipmdangels\/wp-json\/wp\/v2\/pages\/9491\/revisions\/9532"}],"up":[{"embeddable":true,"href":"https:\/\/agora.xtec.cat\/ceipmdangels\/wp-json\/wp\/v2\/pages\/51"}],"wp:attachment":[{"href":"https:\/\/agora.xtec.cat\/ceipmdangels\/wp-json\/wp\/v2\/media?parent=9491"}],"curies":[{"name":"wp","href":"https:\/\/api.w.org\/{rel}","templated":true}]}}