{"id":9484,"date":"2025-06-11T13:43:23","date_gmt":"2025-06-11T11:43:23","guid":{"rendered":"https:\/\/agora.xtec.cat\/ceipmdangels\/?page_id=9484"},"modified":"2025-06-13T13:13:34","modified_gmt":"2025-06-13T11:13:34","slug":"llibres","status":"publish","type":"page","link":"https:\/\/agora.xtec.cat\/ceipmdangels\/que-volem\/amipa\/llibres\/","title":{"rendered":"Llibres infantil"},"content":{"rendered":"\n<p>Benvolgudes fam\u00edlies,<\/p>\n\n\n\n<p>Des de l&#8217;AFA hem fet lots de llibres, inclouen els quadernets de cada curs.<\/p>\n\n\n\n<p>\u00c9s requisit imprescindible SER SOCI de l&#8217;AFA pel curs 2025\/26 per poder fer la reserva i no tenir deutes de cursos anteriors amb l&#8217;AFA.<\/p>\n\n\n\n<p>25 \u20ac el primer nen i 5 \u20ac cada germ\u00e0.<\/p>\n\n\n\n<p>Per fer la reserva de llibres s&#8217;ha de fer un ingr\u00e9s de 55 \u20ac per cada lot al n\u00famero de compte d&#8217;AFA&nbsp;abans del 27 de juny&nbsp;indicant NOM i COGNOM de l&#8217;alumne<\/p>\n\n\n\n<p>ES91 0049 1583 2722 1031 8377<\/p>\n\n\n\n<p><strong>La reserva nom\u00e9s ser\u00e0 efectiva si s&#8217;ha fet l&#8217;ingr\u00e9s de la reserva abans del 27 de juny.<\/strong><\/p>\n\n\n<div class=\"wp-block-image\">\n<figure class=\"aligncenter size-large is-resized\"><a href=\"https:\/\/agora.xtec.cat\/ceipmdangels\/wp-content\/uploads\/usu320\/2025\/06\/Llibres-202526-INF.jpg\"><img loading=\"lazy\" decoding=\"async\" width=\"410\" height=\"1024\" src=\"https:\/\/agora.xtec.cat\/ceipmdangels\/wp-content\/uploads\/usu320\/2025\/06\/Llibres-202526-INF-410x1024.jpg\" alt=\"\" class=\"wp-image-9528\" style=\"width:219px;height:auto\" srcset=\"https:\/\/agora.xtec.cat\/ceipmdangels\/wp-content\/uploads\/usu320\/2025\/06\/Llibres-202526-INF-410x1024.jpg 410w, https:\/\/agora.xtec.cat\/ceipmdangels\/wp-content\/uploads\/usu320\/2025\/06\/Llibres-202526-INF-120x300.jpg 120w, https:\/\/agora.xtec.cat\/ceipmdangels\/wp-content\/uploads\/usu320\/2025\/06\/Llibres-202526-INF-768x1920.jpg 768w, https:\/\/agora.xtec.cat\/ceipmdangels\/wp-content\/uploads\/usu320\/2025\/06\/Llibres-202526-INF.jpg 800w\" sizes=\"auto, (max-width: 410px) 100vw, 410px\" \/><\/a><\/figure><\/div>","protected":false},"excerpt":{"rendered":"<p>Benvolgudes fam\u00edlies,<\/p>\n<p>Des de l&#8217;AFA hem fet lots de llibres, inclouen els quadernets de cada curs.<\/p>\n<p>\u00c9s requisit imprescindible SER SOCI de l&#8217;AFA pel curs 2025\/26 per poder fer la reserva i no tenir deutes de cursos anteriors amb l&#8217;AFA.<\/p>\n<p>25 \u20ac el primer nen i 5 \u20ac&hellip;  <a href=\"https:\/\/agora.xtec.cat\/ceipmdangels\/que-volem\/amipa\/llibres\/\" title=\"Read Llibres infantil\">Llegeix m\u00e9s\u00bb<\/a><\/p>\n","protected":false},"author":1,"featured_media":0,"parent":51,"menu_order":0,"comment_status":"closed","ping_status":"close","template":"page-templates\/side-menu.php","meta":{"_bbp_topic_count":0,"_bbp_reply_count":0,"_bbp_total_topic_count":0,"_bbp_total_reply_count":0,"_bbp_voice_count":0,"_bbp_anonymous_reply_count":0,"_bbp_topic_count_hidden":0,"_bbp_reply_count_hidden":0,"_bbp_forum_subforum_count":0,"footnotes":""},"class_list":["post-9484","page","type-page","status-publish","hentry"],"post_mailing_queue_ids":[],"_links":{"self":[{"href":"https:\/\/agora.xtec.cat\/ceipmdangels\/wp-json\/wp\/v2\/pages\/9484","targetHints":{"allow":["GET"]}}],"collection":[{"href":"https:\/\/agora.xtec.cat\/ceipmdangels\/wp-json\/wp\/v2\/pages"}],"about":[{"href":"https:\/\/agora.xtec.cat\/ceipmdangels\/wp-json\/wp\/v2\/types\/page"}],"author":[{"embeddable":true,"href":"https:\/\/agora.xtec.cat\/ceipmdangels\/wp-json\/wp\/v2\/users\/1"}],"replies":[{"embeddable":true,"href":"https:\/\/agora.xtec.cat\/ceipmdangels\/wp-json\/wp\/v2\/comments?post=9484"}],"version-history":[{"count":4,"href":"https:\/\/agora.xtec.cat\/ceipmdangels\/wp-json\/wp\/v2\/pages\/9484\/revisions"}],"predecessor-version":[{"id":9529,"href":"https:\/\/agora.xtec.cat\/ceipmdangels\/wp-json\/wp\/v2\/pages\/9484\/revisions\/9529"}],"up":[{"embeddable":true,"href":"https:\/\/agora.xtec.cat\/ceipmdangels\/wp-json\/wp\/v2\/pages\/51"}],"wp:attachment":[{"href":"https:\/\/agora.xtec.cat\/ceipmdangels\/wp-json\/wp\/v2\/media?parent=9484"}],"curies":[{"name":"wp","href":"https:\/\/api.w.org\/{rel}","templated":true}]}}