{"id":6564,"date":"2022-04-04T20:57:05","date_gmt":"2022-04-04T18:57:05","guid":{"rendered":"https:\/\/agora.xtec.cat\/ceipmdangels\/?page_id=6564"},"modified":"2022-11-14T12:41:20","modified_gmt":"2022-11-14T11:41:20","slug":"cultura-digital-de-centre","status":"publish","type":"page","link":"https:\/\/agora.xtec.cat\/ceipmdangels\/estrategia-digital-de-centre\/cultura-digital-de-centre\/","title":{"rendered":"CULTURA DIGITAL DE CENTRE"},"content":{"rendered":"<h5 style=\"text-align: justify;\">En aquest apartat es recullen tots els documents del centre que fan refer\u00e8ncia a aspectes de la cultura digital. D\u2019aquesta manera, es pot tenir una visi\u00f3 completa de l\u2019assoliment d\u2019aquesta cultura pel que fa a centre.<\/h5>\n<ul style=\"text-align: justify;\">\n<li>\n<h5><strong>Plataforma digital<\/strong><\/h5>\n<\/li>\n<\/ul>\n<p style=\"text-align: justify;\">El centre disposa d\u2019un domini G Suite for Education propi. D\u2019aquesta manera, alumnat, professorat, personal i d\u2019administraci\u00f3 disposen d\u2019un usuari @escolaelsangels.cat.<\/p>\n<p style=\"text-align: justify;\"><span style=\"font-weight: 400;\">Tot el professorat i<\/span><span style=\"font-weight: 400;\"> l&#8217;alumnat de 3r a 6\u00e8 disposar\u00e0 d&#8217;un usuari que consistir\u00e0 en: &#8221; nom + cognom&#8221; @escolaelsangels.cat. <\/span><\/p>\n<p style=\"text-align: justify;\"><span style=\"font-weight: 400;\">L<\/span><span style=\"font-weight: 400;\">a Direcci\u00f3 del centre proporcionar\u00e0 als tutors legals una autoritzaci\u00f3 perqu\u00e8 l&#8217;alumnat en pugui fer \u00fas en les activitats escolars.<\/span><\/p>\n<p style=\"text-align: justify;\"><img loading=\"lazy\" decoding=\"async\" class=\" wp-image-9410 aligncenter\" src=\"https:\/\/projectes.xtec.cat\/edc-suport\/wp-content\/uploads\/usu2435\/2021\/12\/workspace-300x123.png\" sizes=\"auto, (max-width: 300px) 100vw, 300px\" srcset=\"https:\/\/projectes.xtec.cat\/edc-suport\/wp-content\/uploads\/usu2435\/2021\/12\/workspace-300x123.png 300w, https:\/\/projectes.xtec.cat\/edc-suport\/wp-content\/uploads\/usu2435\/2021\/12\/workspace-1024x421.png 1024w, https:\/\/projectes.xtec.cat\/edc-suport\/wp-content\/uploads\/usu2435\/2021\/12\/workspace-768x316.png 768w, https:\/\/projectes.xtec.cat\/edc-suport\/wp-content\/uploads\/usu2435\/2021\/12\/workspace.png 1280w\" alt=\"\" width=\"168\" height=\"69\" \/><\/p>\n<table style=\"border-collapse: collapse; width: 100%;\">\n<tbody>\n<tr>\n<td style=\"width: 100%; background-color: #ffbfbf;\"><\/td>\n<\/tr>\n<\/tbody>\n<\/table>\n<ul style=\"text-align: justify;\">\n<li>\n<h5><strong>Documentaci\u00f3<\/strong><\/h5>\n<\/li>\n<\/ul>\n<p style=\"text-align: justify;\"><span style=\"font-family: inherit; font-size: 1em;\">El centre organitza tota la documentaci\u00f3 en unitats compartides. Aquestes unitats es comparteixen exclusivament amb grups, de tal manera que en tot moment es controla qui t\u00e9 acc\u00e9s a la informaci\u00f3.<\/span><\/p>\n<p style=\"text-align: justify;\">En aquestes carpetes hi ha tota la resta d\u2019informaci\u00f3 que necessita el centre. Des de la documentaci\u00f3 oficial (PEC, NOFC, projecte de direcci\u00f3, etc), passant per llistes d\u2019alumnes i fins i tot informes d\u2019avaluaci\u00f3 de cada un dels alumnes.<\/p>\n<div style=\"text-align: justify;\">\n<table style=\"border-collapse: collapse; width: 100%; height: 32px;\">\n<tbody>\n<tr style=\"height: 32px;\">\n<td style=\"width: 100%; background-color: #ffbfbf; height: 32px;\"><\/td>\n<\/tr>\n<\/tbody>\n<\/table>\n<p>&nbsp;<\/p>\n<\/div>\n<ul style=\"text-align: justify;\">\n<li class=\"entry-title\">\n<h5><strong>Comunicaci\u00f3<\/strong><\/h5>\n<\/li>\n<\/ul>\n<pre class=\"entry-title\"><strong>\r\nPORTAL WEB<\/strong>\r\n\r\n<\/pre>\n<p style=\"text-align: justify;\">El centre disposa d\u2019un web amb la informaci\u00f3 p\u00fablica. S\u2019hi poden trobar informacions est\u00e0tiques,<img loading=\"lazy\" decoding=\"async\" class=\"alignright wp-image-9488\" src=\"https:\/\/projectes.xtec.cat\/edc-suport\/wp-content\/uploads\/usu2435\/2021\/12\/nodes-300x173.png\" sizes=\"auto, (max-width: 300px) 100vw, 300px\" srcset=\"https:\/\/projectes.xtec.cat\/edc-suport\/wp-content\/uploads\/usu2435\/2021\/12\/nodes-300x173.png 300w, https:\/\/projectes.xtec.cat\/edc-suport\/wp-content\/uploads\/usu2435\/2021\/12\/nodes.png 580w\" alt=\"\" width=\"149\" height=\"86\" \/> que es revisen peri\u00f2dicament (documentaci\u00f3, claustre, dates del curs, etc.) i articles din\u00e0mics sobre el que va succeint al centre dia a dia.<\/p>\n<p style=\"text-align: justify;\">Aquest web est\u00e0 realitzat aprofitant el servei nodes que ofereix el Departament d\u2019Educaci\u00f3.<\/p>\n<pre><strong>COMUNICACIONS AMB LES FAM\u00cdLIES\r\n\r\n<\/strong><\/pre>\n<p style=\"text-align: justify;\">Totes les informacions amb les fam\u00edlies es realitzaran per un dels seg\u00fcents canals:<\/p>\n<ul style=\"text-align: justify;\">\n<li>per Dinantia<a href=\"https:\/\/www.dinantia.com\/es\/\" target=\"_blank\" rel=\"noopener\"><img loading=\"lazy\" decoding=\"async\" class=\"alignright\" src=\"https:\/\/www.dinantia.com\/images\/logo\/logoweb2.png\" alt=\"\" width=\"184\" height=\"54\" \/><\/a><\/li>\n<li>per correu electr\u00f2nic, exclusivament amb l\u2019adre\u00e7a que el centre ha subministrat a cada fam\u00edlia.<\/li>\n<li>per tel\u00e8fon, als indicats per la fam\u00edlia en els fulls de renovaci\u00f3 de matr\u00edcula.<\/li>\n<li>en persona, amb cita pr\u00e8via.<\/li>\n<\/ul>\n<div style=\"text-align: justify;\"><\/div>\n<div style=\"text-align: justify;\"><\/div>\n<div style=\"text-align: justify;\"><\/div>\n<pre><strong>\r\nEIX\u00a0\r\n\r\n<\/strong><\/pre>\n<div style=\"text-align: justify;\"><\/div>\n<p style=\"text-align: justify;\"><span style=\"font-family: inherit; font-size: 1em;\">El centre disposa d&#8217;un entorn virtual d&#8217;aprenentatge &#8220;EVA&#8221; del domini G Suite for Education anomenat <em>Classroom<\/em> que i<\/span><span style=\"font-family: inherit; font-size: 1em;\">ncorpora eines per compartir recursos, per fer seguiment del progr\u00e9s de l\u2019alumnat i fomenta el treball col\u00b7laboratiu. <img loading=\"lazy\" decoding=\"async\" class=\"aligncenter\" src=\"https:\/\/www.elgrupoinformatico.com\/static\/Manuales\/2020\/03\/clasroom-logo-1300x650.jpg\" alt=\"Google Classroom: c\u00f3mo usar la app\" width=\"168\" height=\"84\" \/><\/span><\/p>\n<pre><strong>\r\n\r\nXARXES SOCIALS\r\n\r\n<\/strong><\/pre>\n<p style=\"text-align: justify;\">El centre disposa d&#8217;Instagram amb el nom d&#8217;usuari <a href=\"https:\/\/www.instagram.com\/escolaelsangels\/\" target=\"_blank\" rel=\"noopener\">@escolaelsangels<\/a><\/p>\n<p style=\"text-align: justify;\"><a href=\"https:\/\/agora.xtec.cat\/ceipmdangels\/portada\/segueix-nos\/attachment\/segueix-nos\/\" rel=\"attachment wp-att-6459\"><img loading=\"lazy\" decoding=\"async\" class=\"wp-image-6459 aligncenter\" src=\"https:\/\/agora.xtec.cat\/ceipmdangels\/wp-content\/uploads\/usu320\/2022\/03\/Segueix-nos-300x251.png\" alt=\"\" width=\"139\" height=\"117\" srcset=\"https:\/\/agora.xtec.cat\/ceipmdangels\/wp-content\/uploads\/usu320\/2022\/03\/Segueix-nos-300x250.png 300w, https:\/\/agora.xtec.cat\/ceipmdangels\/wp-content\/uploads\/usu320\/2022\/03\/Segueix-nos-768x644.png 768w, https:\/\/agora.xtec.cat\/ceipmdangels\/wp-content\/uploads\/usu320\/2022\/03\/Segueix-nos.png 940w\" sizes=\"auto, (max-width: 139px) 100vw, 139px\" \/><\/a><\/p>\n<p style=\"text-align: justify;\">\n<div style=\"text-align: justify;\">\n<table style=\"border-collapse: collapse; width: 100%; height: 32px;\">\n<tbody>\n<tr style=\"height: 32px;\">\n<td style=\"width: 100%; background-color: #ffbfbf; height: 32px;\"><\/td>\n<\/tr>\n<\/tbody>\n<\/table>\n<p><img loading=\"lazy\" decoding=\"async\" class=\"wp-image-7256 aligncenter\" src=\"https:\/\/agora.xtec.cat\/ceipmdangels\/wp-content\/uploads\/usu320\/2022\/11\/PLA-DE-COMUNICACIO-300x169.png\" alt=\"\" width=\"790\" height=\"445\" srcset=\"https:\/\/agora.xtec.cat\/ceipmdangels\/wp-content\/uploads\/usu320\/2022\/11\/PLA-DE-COMUNICACIO-300x169.png 300w, https:\/\/agora.xtec.cat\/ceipmdangels\/wp-content\/uploads\/usu320\/2022\/11\/PLA-DE-COMUNICACIO-1024x576.png 1024w, https:\/\/agora.xtec.cat\/ceipmdangels\/wp-content\/uploads\/usu320\/2022\/11\/PLA-DE-COMUNICACIO-768x432.png 768w, https:\/\/agora.xtec.cat\/ceipmdangels\/wp-content\/uploads\/usu320\/2022\/11\/PLA-DE-COMUNICACIO-1536x864.png 1536w, https:\/\/agora.xtec.cat\/ceipmdangels\/wp-content\/uploads\/usu320\/2022\/11\/PLA-DE-COMUNICACIO.png 1920w\" sizes=\"auto, (max-width: 790px) 100vw, 790px\" \/><\/p>\n<\/div>\n","protected":false},"excerpt":{"rendered":"<p>En aquest apartat es recullen tots els documents del centre que fan refer\u00e8ncia a aspectes de la cultura digital. D\u2019aquesta manera, es pot tenir una visi\u00f3 completa de l\u2019assoliment d\u2019aquesta cultura pel que fa a centre.<\/p>\n<ul style=\"text-align: justify;\">\n<li>\nPlataforma digital\n<\/li>\n<\/ul>\n<p>El centre disposa d\u2019un domini G Suite&hellip;  <a href=\"https:\/\/agora.xtec.cat\/ceipmdangels\/estrategia-digital-de-centre\/cultura-digital-de-centre\/\" title=\"Read CULTURA DIGITAL DE CENTRE\">Llegeix m\u00e9s\u00bb<\/a><\/p>\n","protected":false},"author":1,"featured_media":0,"parent":6423,"menu_order":0,"comment_status":"closed","ping_status":"closed","template":"page-templates\/side-menu.php","meta":{"_bbp_topic_count":0,"_bbp_reply_count":0,"_bbp_total_topic_count":0,"_bbp_total_reply_count":0,"_bbp_voice_count":0,"_bbp_anonymous_reply_count":0,"_bbp_topic_count_hidden":0,"_bbp_reply_count_hidden":0,"_bbp_forum_subforum_count":0,"footnotes":""},"class_list":["post-6564","page","type-page","status-publish","hentry"],"post_mailing_queue_ids":[],"_links":{"self":[{"href":"https:\/\/agora.xtec.cat\/ceipmdangels\/wp-json\/wp\/v2\/pages\/6564","targetHints":{"allow":["GET"]}}],"collection":[{"href":"https:\/\/agora.xtec.cat\/ceipmdangels\/wp-json\/wp\/v2\/pages"}],"about":[{"href":"https:\/\/agora.xtec.cat\/ceipmdangels\/wp-json\/wp\/v2\/types\/page"}],"author":[{"embeddable":true,"href":"https:\/\/agora.xtec.cat\/ceipmdangels\/wp-json\/wp\/v2\/users\/1"}],"replies":[{"embeddable":true,"href":"https:\/\/agora.xtec.cat\/ceipmdangels\/wp-json\/wp\/v2\/comments?post=6564"}],"version-history":[{"count":4,"href":"https:\/\/agora.xtec.cat\/ceipmdangels\/wp-json\/wp\/v2\/pages\/6564\/revisions"}],"predecessor-version":[{"id":7257,"href":"https:\/\/agora.xtec.cat\/ceipmdangels\/wp-json\/wp\/v2\/pages\/6564\/revisions\/7257"}],"up":[{"embeddable":true,"href":"https:\/\/agora.xtec.cat\/ceipmdangels\/wp-json\/wp\/v2\/pages\/6423"}],"wp:attachment":[{"href":"https:\/\/agora.xtec.cat\/ceipmdangels\/wp-json\/wp\/v2\/media?parent=6564"}],"curies":[{"name":"wp","href":"https:\/\/api.w.org\/{rel}","templated":true}]}}