{"id":639,"date":"2014-05-16T14:43:19","date_gmt":"2014-05-16T14:43:19","guid":{"rendered":"http:\/\/www.escolaelsangels.cat\/?page_id=59"},"modified":"2026-04-13T10:28:22","modified_gmt":"2026-04-13T08:28:22","slug":"activitats-extraescolars","status":"publish","type":"page","link":"https:\/\/agora.xtec.cat\/ceipmdangels\/que-volem\/amipa\/activitats-extraescolars\/","title":{"rendered":"Activitats extraescolars"},"content":{"rendered":"\n<div class=\"wp-block-getwid-tabs\" data-active-tab=\"0\"><ul class=\"wp-block-getwid-tabs__nav-links\"><\/ul>\n<div class=\"wp-block-getwid-tabs__nav-link\"><span class=\"wp-block-getwid-tabs__title-wrapper\"><a href=\"#\"><span class=\"wp-block-getwid-tabs__title\"><strong>HORARIS<\/strong><\/span><\/a><\/span><\/div><div class=\"wp-block-getwid-tabs__tab-content-wrapper\"><div class=\"wp-block-getwid-tabs__tab-content\">\n<p><\/p>\n\n\n\n<figure class=\"wp-block-image size-large is-resized\"><a href=\"https:\/\/agora.xtec.cat\/ceipmdangels\/wp-content\/uploads\/usu320\/2026\/04\/Horari-extraescolars-25-26-6.png\"><img loading=\"lazy\" decoding=\"async\" width=\"1024\" height=\"724\" src=\"https:\/\/agora.xtec.cat\/ceipmdangels\/wp-content\/uploads\/usu320\/2026\/04\/Horari-extraescolars-25-26-6-1024x724.png\" alt=\"\" class=\"wp-image-9974\" style=\"width:556px;height:auto\" srcset=\"https:\/\/agora.xtec.cat\/ceipmdangels\/wp-content\/uploads\/usu320\/2026\/04\/Horari-extraescolars-25-26-6-1024x724.png 1024w, https:\/\/agora.xtec.cat\/ceipmdangels\/wp-content\/uploads\/usu320\/2026\/04\/Horari-extraescolars-25-26-6-300x212.png 300w, https:\/\/agora.xtec.cat\/ceipmdangels\/wp-content\/uploads\/usu320\/2026\/04\/Horari-extraescolars-25-26-6-768x543.png 768w, https:\/\/agora.xtec.cat\/ceipmdangels\/wp-content\/uploads\/usu320\/2026\/04\/Horari-extraescolars-25-26-6-1536x1086.png 1536w, https:\/\/agora.xtec.cat\/ceipmdangels\/wp-content\/uploads\/usu320\/2026\/04\/Horari-extraescolars-25-26-6.png 2000w\" sizes=\"auto, (max-width: 1024px) 100vw, 1024px\" \/><\/a><\/figure>\n\n\n\n<figure class=\"wp-block-image size-large is-resized\"><a href=\"https:\/\/agora.xtec.cat\/ceipmdangels\/wp-content\/uploads\/usu320\/2025\/10\/Horari-extraescolars.png\"><img loading=\"lazy\" decoding=\"async\" width=\"1024\" height=\"724\" src=\"https:\/\/agora.xtec.cat\/ceipmdangels\/wp-content\/uploads\/usu320\/2025\/10\/Horari-extraescolars-1024x724.png\" alt=\"\" class=\"wp-image-9709\" style=\"width:555px;height:auto\" srcset=\"https:\/\/agora.xtec.cat\/ceipmdangels\/wp-content\/uploads\/usu320\/2025\/10\/Horari-extraescolars-1024x724.png 1024w, https:\/\/agora.xtec.cat\/ceipmdangels\/wp-content\/uploads\/usu320\/2025\/10\/Horari-extraescolars-300x212.png 300w, https:\/\/agora.xtec.cat\/ceipmdangels\/wp-content\/uploads\/usu320\/2025\/10\/Horari-extraescolars-768x543.png 768w, https:\/\/agora.xtec.cat\/ceipmdangels\/wp-content\/uploads\/usu320\/2025\/10\/Horari-extraescolars-1536x1086.png 1536w, https:\/\/agora.xtec.cat\/ceipmdangels\/wp-content\/uploads\/usu320\/2025\/10\/Horari-extraescolars.png 2000w\" sizes=\"auto, (max-width: 1024px) 100vw, 1024px\" \/><\/a><\/figure>\n<\/div><\/div>\n\n\n\n<div class=\"wp-block-getwid-tabs__nav-link\"><span class=\"wp-block-getwid-tabs__title-wrapper\"><a href=\"#\"><span class=\"wp-block-getwid-tabs__title\"><strong>NORMATIVA<\/strong><\/span><\/a><\/span><\/div><div class=\"wp-block-getwid-tabs__tab-content-wrapper\"><div class=\"wp-block-getwid-tabs__tab-content\">\n<p><\/p>\n\n\n\n<div data-wp-interactive=\"core\/file\" class=\"wp-block-file\"><object data-wp-bind--hidden=\"!state.hasPdfPreview\" hidden class=\"wp-block-file__embed\" data=\"https:\/\/agora.xtec.cat\/ceipmdangels\/wp-content\/uploads\/usu320\/2025\/10\/Normativa-extraescolars-2025-26.docx-1.pdf\" type=\"application\/pdf\" style=\"width:100%;height:600px\" aria-label=\"Incrustaci\u00f3 del fitxer Normativa extraescolars 2025-26.docx (1).\"><\/object><a id=\"wp-block-file--media-bcc1a378-85de-4aa8-917f-de7dbaa78867\" href=\"https:\/\/agora.xtec.cat\/ceipmdangels\/wp-content\/uploads\/usu320\/2025\/10\/Normativa-extraescolars-2025-26.docx-1.pdf\">Normativa extraescolars 2025-26.docx (1)<\/a><a href=\"https:\/\/agora.xtec.cat\/ceipmdangels\/wp-content\/uploads\/usu320\/2025\/10\/Normativa-extraescolars-2025-26.docx-1.pdf\" class=\"wp-block-file__button wp-element-button\" download aria-describedby=\"wp-block-file--media-bcc1a378-85de-4aa8-917f-de7dbaa78867\">Baixa<\/a><\/div>\n<\/div><\/div>\n\n\n\n<div class=\"wp-block-getwid-tabs__nav-link\"><span class=\"wp-block-getwid-tabs__title-wrapper\"><a href=\"#\"><span class=\"wp-block-getwid-tabs__title\"><strong>INSCRIPCIONS<\/strong><\/span><\/a><\/span><\/div><div class=\"wp-block-getwid-tabs__tab-content-wrapper\"><div class=\"wp-block-getwid-tabs__tab-content\">\n<p>Aquests formularis estaran disponibles la \u00faltima setmana de cada mes. Recordeu mirar la normativa d&#8217;extraescolars i els horaris<\/p>\n\n\n\n<div class=\"wp-block-columns is-layout-flex wp-container-core-columns-is-layout-1 wp-block-columns-is-layout-flex\">\n<div class=\"wp-block-column is-layout-flow wp-block-column-is-layout-flow\">\n<figure class=\"wp-block-image size-full\"><a href=\"https:\/\/forms.gle\/EkqfxDE6k522YJja6\" target=\"_blank\" rel=\" noreferrer noopener\"><img loading=\"lazy\" decoding=\"async\" width=\"430\" height=\"526\" src=\"https:\/\/agora.xtec.cat\/ceipmdangels\/wp-content\/uploads\/usu320\/2025\/10\/Captura-de-pantalla-2025-10-20-a-les-12.38.25.png\" alt=\"\" class=\"wp-image-9720\" srcset=\"https:\/\/agora.xtec.cat\/ceipmdangels\/wp-content\/uploads\/usu320\/2025\/10\/Captura-de-pantalla-2025-10-20-a-les-12.38.25.png 430w, https:\/\/agora.xtec.cat\/ceipmdangels\/wp-content\/uploads\/usu320\/2025\/10\/Captura-de-pantalla-2025-10-20-a-les-12.38.25-245x300.png 245w\" sizes=\"auto, (max-width: 430px) 100vw, 430px\" \/><\/a><\/figure>\n<\/div>\n\n\n\n<div class=\"wp-block-column is-layout-flow wp-block-column-is-layout-flow\">\n<figure class=\"wp-block-image size-full\"><a href=\" https:\/\/forms.gle\/DuXYZje4945i1iMV8\" target=\"_blank\" rel=\" noreferrer noopener\"><img loading=\"lazy\" decoding=\"async\" width=\"428\" height=\"532\" src=\"https:\/\/agora.xtec.cat\/ceipmdangels\/wp-content\/uploads\/usu320\/2025\/10\/Captura-de-pantalla-2025-10-20-a-les-12.38.36.png\" alt=\"\" class=\"wp-image-9721\" srcset=\"https:\/\/agora.xtec.cat\/ceipmdangels\/wp-content\/uploads\/usu320\/2025\/10\/Captura-de-pantalla-2025-10-20-a-les-12.38.36.png 428w, https:\/\/agora.xtec.cat\/ceipmdangels\/wp-content\/uploads\/usu320\/2025\/10\/Captura-de-pantalla-2025-10-20-a-les-12.38.36-241x300.png 241w\" sizes=\"auto, (max-width: 428px) 100vw, 428px\" \/><\/a><\/figure>\n<\/div>\n\n\n\n<div class=\"wp-block-column is-layout-flow wp-block-column-is-layout-flow\">\n<figure class=\"wp-block-image size-full\"><a href=\"https:\/\/forms.gle\/5MbaXrg9T6bv1EZJ6\" target=\"_blank\" rel=\"FUTBOLSAL I LA RESTA D'ACTIVITATS\"><img loading=\"lazy\" decoding=\"async\" width=\"426\" height=\"526\" src=\"https:\/\/agora.xtec.cat\/ceipmdangels\/wp-content\/uploads\/usu320\/2025\/10\/Captura-de-pantalla-2025-10-20-a-les-12.38.49.png\" alt=\"\" class=\"wp-image-9722\" srcset=\"https:\/\/agora.xtec.cat\/ceipmdangels\/wp-content\/uploads\/usu320\/2025\/10\/Captura-de-pantalla-2025-10-20-a-les-12.38.49.png 426w, https:\/\/agora.xtec.cat\/ceipmdangels\/wp-content\/uploads\/usu320\/2025\/10\/Captura-de-pantalla-2025-10-20-a-les-12.38.49-243x300.png 243w\" sizes=\"auto, (max-width: 426px) 100vw, 426px\" \/><\/a><\/figure>\n\n\n\n<p class=\"has-text-align-center\">I tamb\u00e9 la resta d&#8217;activitats aquest enlla\u00e7<\/p>\n<\/div>\n<\/div>\n<\/div><\/div>\n<\/div>\n\n\n\n<ul class=\"wp-block-list\">\n<li>L&#8217;horari de les extraescolars \u00e9s de 16:30 a 17:45 h.<\/li>\n\n\n\n<li>Les inscripcions es faran al setembre. Totes les activitats es podran fer 1 o 2 dies (sempre que hi hagi un m\u00ednim d&#8217;inscripcions aquell dia).<\/li>\n\n\n\n<li>L&#8217;assist\u00e8ncia d&#8217;1 dia t\u00e9 un cost de 16\u202f\u20ac i 2 dies 25 \u20ac.<\/li>\n\n\n\n<li>Tamb\u00e9 hi ha activitats a la tarda d&#8217;un sol dia a la setmana: inform\u00e0tica, escacs, teatre, iniciaci\u00f3 esportiva i timbals.<\/li>\n<\/ul>\n\n\n\n<p>La Junta<br>A.F.A. Escola els \u00c0ngels<\/p>\n\n\n\n<p><\/p>\n","protected":false},"excerpt":{"rendered":"<ul class=\"wp-block-getwid-tabs__nav-links\"><\/ul>\n<p><a href=\"#\">HORARIS<\/a><\/p>\n<p><a href=\"https:\/\/agora.xtec.cat\/ceipmdangels\/wp-content\/uploads\/usu320\/2026\/04\/Horari-extraescolars-25-26-6.png\"><\/a><\/p>\n<p><a href=\"https:\/\/agora.xtec.cat\/ceipmdangels\/wp-content\/uploads\/usu320\/2025\/10\/Horari-extraescolars.png\"><\/a><\/p>\n<p><a href=\"#\">NORMATIVA<\/a><\/p>\n<p><a id=\"wp-block-file--media-bcc1a378-85de-4aa8-917f-de7dbaa78867\" href=\"https:\/\/agora.xtec.cat\/ceipmdangels\/wp-content\/uploads\/usu320\/2025\/10\/Normativa-extraescolars-2025-26.docx-1.pdf\">Normativa extraescolars 2025-26.docx (1)<\/a><a href=\"https:\/\/agora.xtec.cat\/ceipmdangels\/wp-content\/uploads\/usu320\/2025\/10\/Normativa-extraescolars-2025-26.docx-1.pdf\" class=\"wp-block-file__button wp-element-button\" download aria-describedby=\"wp-block-file--media-bcc1a378-85de-4aa8-917f-de7dbaa78867\">Baixa<\/a><\/p>\n<p><a href=\"#\">INSCRIPCIONS<\/a><br \/>\nAquests formularis estaran disponibles la \u00faltima setmana de cada mes. Recordeu mirar la normativa d&#8217;extraescolars i els horaris<\/p>\n<p><a href=\"https:\/\/forms.gle\/EkqfxDE6k522YJja6\" target=\"_blank\" rel=\" noreferrer noopener\"><\/a><\/p>\n<p><a href=\" https:\/\/forms.gle\/DuXYZje4945i1iMV8\" target=\"_blank\" rel=\" noreferrer noopener\"><\/a><\/p>\n<p><a&hellip;  <a href=\"https:\/\/agora.xtec.cat\/ceipmdangels\/que-volem\/amipa\/activitats-extraescolars\/\" title=\"Read Activitats extraescolars\">Llegeix m\u00e9s\u00bb<\/a><\/p>\n","protected":false},"author":1,"featured_media":0,"parent":51,"menu_order":6,"comment_status":"closed","ping_status":"closed","template":"page-templates\/side-menu.php","meta":{"_bbp_topic_count":0,"_bbp_reply_count":0,"_bbp_total_topic_count":0,"_bbp_total_reply_count":0,"_bbp_voice_count":0,"_bbp_anonymous_reply_count":0,"_bbp_topic_count_hidden":0,"_bbp_reply_count_hidden":0,"_bbp_forum_subforum_count":0,"footnotes":""},"class_list":["post-639","page","type-page","status-publish","hentry"],"post_mailing_queue_ids":[],"_links":{"self":[{"href":"https:\/\/agora.xtec.cat\/ceipmdangels\/wp-json\/wp\/v2\/pages\/639","targetHints":{"allow":["GET"]}}],"collection":[{"href":"https:\/\/agora.xtec.cat\/ceipmdangels\/wp-json\/wp\/v2\/pages"}],"about":[{"href":"https:\/\/agora.xtec.cat\/ceipmdangels\/wp-json\/wp\/v2\/types\/page"}],"author":[{"embeddable":true,"href":"https:\/\/agora.xtec.cat\/ceipmdangels\/wp-json\/wp\/v2\/users\/1"}],"replies":[{"embeddable":true,"href":"https:\/\/agora.xtec.cat\/ceipmdangels\/wp-json\/wp\/v2\/comments?post=639"}],"version-history":[{"count":6,"href":"https:\/\/agora.xtec.cat\/ceipmdangels\/wp-json\/wp\/v2\/pages\/639\/revisions"}],"predecessor-version":[{"id":9975,"href":"https:\/\/agora.xtec.cat\/ceipmdangels\/wp-json\/wp\/v2\/pages\/639\/revisions\/9975"}],"up":[{"embeddable":true,"href":"https:\/\/agora.xtec.cat\/ceipmdangels\/wp-json\/wp\/v2\/pages\/51"}],"wp:attachment":[{"href":"https:\/\/agora.xtec.cat\/ceipmdangels\/wp-json\/wp\/v2\/media?parent=639"}],"curies":[{"name":"wp","href":"https:\/\/api.w.org\/{rel}","templated":true}]}}