{"id":1915,"date":"2018-10-10T16:21:00","date_gmt":"2018-10-10T14:21:00","guid":{"rendered":"http:\/\/agora.xtec.cat\/ceipmdangels\/?page_id=1915"},"modified":"2021-09-16T15:26:29","modified_gmt":"2021-09-16T13:26:29","slug":"educacio-vial","status":"publish","type":"page","link":"https:\/\/agora.xtec.cat\/ceipmdangels\/projecte-educatiu\/educacio-vial\/","title":{"rendered":"Educaci\u00f3 vial"},"content":{"rendered":"<p style=\"text-align: justify;\"><span style=\"color: #008080;\"><strong>Gu\u00e0rdia urbana<\/strong><\/span><\/p>\n<p style=\"text-align: justify;\">Des de la Gu\u00e0rdia Urbana de Tarragona ens ofereixen una s\u00e8rie de sessions a educaci\u00f3 infantil i prim\u00e0ria sobre educaci\u00f3 vial.<a href=\"https:\/\/agora.xtec.cat\/ceipmdangels\/wp-content\/uploads\/usu320\/2018\/11\/gu\u00e0rdia-urbana.png\"><img loading=\"lazy\" decoding=\"async\" class=\"alignright wp-image-2084\" src=\"https:\/\/agora.xtec.cat\/ceipmdangels\/wp-content\/uploads\/usu320\/2018\/11\/gu\u00e0rdia-urbana.png\" alt=\"\" width=\"135\" height=\"172\" srcset=\"https:\/\/agora.xtec.cat\/ceipmdangels\/wp-content\/uploads\/usu320\/2018\/11\/gu\u00e0rdia-urbana.png 359w, https:\/\/agora.xtec.cat\/ceipmdangels\/wp-content\/uploads\/usu320\/2018\/11\/gu\u00e0rdia-urbana-236x300.png 236w\" sizes=\"auto, (max-width: 135px) 100vw, 135px\" \/><\/a><\/p>\n<p style=\"text-align: justify;\">Es treballa segons el nivell educatiu diferents conceptes com el coneixent de les diferents parts de la via, passos\u00a0 de vianants, mesures de seguretat, coneixement, classificaci\u00f3 i interpretaci\u00f3 dels senyals, coneixement de la bicicleta amb les serves mesures d&#8217;autoprotecci\u00f3 i el despla\u00e7ament amb seguretat.<\/p>\n<p style=\"text-align: justify;\"><span style=\"color: #008080;\"><strong>Mobilitat segura<\/strong><\/span><\/p>\n<p style=\"text-align: justify;\"><a href=\"https:\/\/agora.xtec.cat\/ceipmdangels\/wp-content\/uploads\/usu320\/2018\/11\/tr\u00e0nsit.jpeg\"><img loading=\"lazy\" decoding=\"async\" class=\" wp-image-2085 alignleft\" src=\"https:\/\/agora.xtec.cat\/ceipmdangels\/wp-content\/uploads\/usu320\/2018\/11\/tr\u00e0nsit.jpeg\" alt=\"\" width=\"120\" height=\"31\" srcset=\"https:\/\/agora.xtec.cat\/ceipmdangels\/wp-content\/uploads\/usu320\/2018\/11\/tr\u00e0nsit.jpeg 441w, https:\/\/agora.xtec.cat\/ceipmdangels\/wp-content\/uploads\/usu320\/2018\/11\/tr\u00e0nsit-300x78.jpeg 300w\" sizes=\"auto, (max-width: 120px) 100vw, 120px\" \/><\/a>Educaci\u00f3 per a la mobilitat segura organitzada pel Servei Catal\u00e0 de tr\u00e0nsit. L&#8217;alumnat a trav\u00e9s del mitj\u00e0 de transport, la bicicleta, explorar\u00e0 un circuit amb diferents senyals de tr\u00e0nsit, passos de vianants, sem\u00e0fors, etc. on aprendran a ser conductors responsables.<\/p>\n","protected":false},"excerpt":{"rendered":"<p>Gu\u00e0rdia urbana<br \/>\nDes de la Gu\u00e0rdia Urbana de Tarragona ens ofereixen una s\u00e8rie de sessions a educaci\u00f3 infantil i prim\u00e0ria sobre educaci\u00f3 vial.<a href=\"https:\/\/agora.xtec.cat\/ceipmdangels\/wp-content\/uploads\/usu320\/2018\/11\/gu\u00e0rdia-urbana.png\"><\/a><br \/>\nEs treballa segons el nivell educatiu diferents conceptes com el coneixent de les diferents parts de la via, passos\u00a0 de vianants, mesures de&hellip;  <a href=\"https:\/\/agora.xtec.cat\/ceipmdangels\/projecte-educatiu\/educacio-vial\/\" title=\"Read Educaci\u00f3 vial\">Llegeix m\u00e9s\u00bb<\/a><\/p>\n","protected":false},"author":1,"featured_media":0,"parent":64,"menu_order":6,"comment_status":"closed","ping_status":"closed","template":"page-templates\/side-menu.php","meta":{"_bbp_topic_count":0,"_bbp_reply_count":0,"_bbp_total_topic_count":0,"_bbp_total_reply_count":0,"_bbp_voice_count":0,"_bbp_anonymous_reply_count":0,"_bbp_topic_count_hidden":0,"_bbp_reply_count_hidden":0,"_bbp_forum_subforum_count":0,"footnotes":""},"class_list":["post-1915","page","type-page","status-publish","hentry"],"post_mailing_queue_ids":[],"_links":{"self":[{"href":"https:\/\/agora.xtec.cat\/ceipmdangels\/wp-json\/wp\/v2\/pages\/1915","targetHints":{"allow":["GET"]}}],"collection":[{"href":"https:\/\/agora.xtec.cat\/ceipmdangels\/wp-json\/wp\/v2\/pages"}],"about":[{"href":"https:\/\/agora.xtec.cat\/ceipmdangels\/wp-json\/wp\/v2\/types\/page"}],"author":[{"embeddable":true,"href":"https:\/\/agora.xtec.cat\/ceipmdangels\/wp-json\/wp\/v2\/users\/1"}],"replies":[{"embeddable":true,"href":"https:\/\/agora.xtec.cat\/ceipmdangels\/wp-json\/wp\/v2\/comments?post=1915"}],"version-history":[{"count":4,"href":"https:\/\/agora.xtec.cat\/ceipmdangels\/wp-json\/wp\/v2\/pages\/1915\/revisions"}],"predecessor-version":[{"id":5874,"href":"https:\/\/agora.xtec.cat\/ceipmdangels\/wp-json\/wp\/v2\/pages\/1915\/revisions\/5874"}],"up":[{"embeddable":true,"href":"https:\/\/agora.xtec.cat\/ceipmdangels\/wp-json\/wp\/v2\/pages\/64"}],"wp:attachment":[{"href":"https:\/\/agora.xtec.cat\/ceipmdangels\/wp-json\/wp\/v2\/media?parent=1915"}],"curies":[{"name":"wp","href":"https:\/\/api.w.org\/{rel}","templated":true}]}}