{"id":26,"date":"2014-09-18T12:24:32","date_gmt":"2014-09-18T11:24:32","guid":{"rendered":"http:\/\/agora.xtec.cat\/ceipmatildeordunya\/?page_id=26"},"modified":"2025-10-02T09:43:55","modified_gmt":"2025-10-02T07:43:55","slug":"historia","status":"publish","type":"page","link":"https:\/\/agora.xtec.cat\/ceipmatildeordunya\/lescola\/historia\/","title":{"rendered":"Hist\u00f2ria"},"content":{"rendered":"\n<div class=\"wp-block-cover wp-duotone-unset-1\" style=\"min-height:77px;aspect-ratio:unset;\"><span aria-hidden=\"true\" class=\"wp-block-cover__background has-ast-global-color-1-background-color has-background-dim\"><\/span><img loading=\"lazy\" decoding=\"async\" width=\"2560\" height=\"1638\" class=\"wp-block-cover__image-background wp-image-1367\" alt=\"\" src=\"https:\/\/agora.xtec.cat\/ceipmatildeordunya\/wp-content\/uploads\/usu2651\/2025\/10\/15065-scaled.jpg\" style=\"object-position:52% 34%\" data-object-fit=\"cover\" data-object-position=\"52% 34%\" srcset=\"https:\/\/agora.xtec.cat\/ceipmatildeordunya\/wp-content\/uploads\/usu2651\/2025\/10\/15065-scaled.jpg 2560w, https:\/\/agora.xtec.cat\/ceipmatildeordunya\/wp-content\/uploads\/usu2651\/2025\/10\/15065-300x192.jpg 300w, https:\/\/agora.xtec.cat\/ceipmatildeordunya\/wp-content\/uploads\/usu2651\/2025\/10\/15065-1024x655.jpg 1024w, https:\/\/agora.xtec.cat\/ceipmatildeordunya\/wp-content\/uploads\/usu2651\/2025\/10\/15065-768x491.jpg 768w, https:\/\/agora.xtec.cat\/ceipmatildeordunya\/wp-content\/uploads\/usu2651\/2025\/10\/15065-1536x983.jpg 1536w, https:\/\/agora.xtec.cat\/ceipmatildeordunya\/wp-content\/uploads\/usu2651\/2025\/10\/15065-2048x1311.jpg 2048w\" sizes=\"auto, (max-width: 2560px) 100vw, 2560px\" \/><div class=\"wp-block-cover__inner-container is-layout-constrained wp-block-cover-is-layout-constrained\">\n<p class=\"has-text-align-center has-large-font-size\">M\u00e9s de 50 anys fent escola<\/p>\n<\/div><\/div>\n\n\n\n<div class=\"wp-block-columns is-layout-flex wp-container-core-columns-is-layout-1 wp-block-columns-is-layout-flex\">\n<div class=\"wp-block-column is-layout-flow wp-block-column-is-layout-flow\" style=\"flex-basis:30%\">\n<figure class=\"wp-block-image is-resized\"><img loading=\"lazy\" decoding=\"async\" width=\"1024\" height=\"708\" src=\"https:\/\/agora.xtec.cat\/ceipmatildeordunya\/wp-content\/uploads\/usu2651\/2025\/10\/Copia-de-Post-de-instagram-saludo-cumpleanos-neon-verde-aqua-2-1024x708.jpg\" alt=\"\" class=\"wp-image-1363\" style=\"width:289px;height:auto\" srcset=\"https:\/\/agora.xtec.cat\/ceipmatildeordunya\/wp-content\/uploads\/usu2651\/2025\/10\/Copia-de-Post-de-instagram-saludo-cumpleanos-neon-verde-aqua-2-1024x708.jpg 1024w, https:\/\/agora.xtec.cat\/ceipmatildeordunya\/wp-content\/uploads\/usu2651\/2025\/10\/Copia-de-Post-de-instagram-saludo-cumpleanos-neon-verde-aqua-2-300x207.jpg 300w, https:\/\/agora.xtec.cat\/ceipmatildeordunya\/wp-content\/uploads\/usu2651\/2025\/10\/Copia-de-Post-de-instagram-saludo-cumpleanos-neon-verde-aqua-2-768x531.jpg 768w, https:\/\/agora.xtec.cat\/ceipmatildeordunya\/wp-content\/uploads\/usu2651\/2025\/10\/Copia-de-Post-de-instagram-saludo-cumpleanos-neon-verde-aqua-2.jpg 1056w\" sizes=\"auto, (max-width: 1024px) 100vw, 1024px\" \/><\/figure>\n<\/div>\n\n\n\n<div class=\"wp-block-column is-vertically-aligned-bottom is-content-justification-left is-layout-constrained wp-container-core-column-is-layout-2 wp-block-column-is-layout-constrained\" style=\"flex-basis:70%\">\n<p>L&#8217;any 2025 es fan 50 anys des de la inauguraci\u00f3 de l\u2019escola Matilde Ordu\u00f1a. L\u2019alumnat de sis\u00e8 hem decidit investigar sobre com era l\u2019escola abans i qu\u00e8 ha canviat al llarg d\u2019aquest temps, amb algunes an\u00e8cdotes i fets curiosos. Aqu\u00ed teniu cinc c\u00e8ntims del que hem descobert. Preparats per viatjar en el temps?<\/p>\n<\/div>\n<\/div>\n\n\n\n<h2 class=\"wp-block-heading has-medium-font-size\"><strong>El nom de l&#8217;escola<\/strong><\/h2>\n\n\n\n<p class=\"has-text-align-left\">La nostra escola rep el nom de Matilde Ordu\u00f1a, una mestra que va treballar a Esplugues des de 1925 fins al 1933. La seva escola estava ubicada al costat de l\u2019edifici de l\u2019Ajuntament i va aconseguir que les nenes anessin a l\u2019escola. Va ser una persona molt estimada i respectada. Va aconseguir que l\u2019Ajuntament cre\u00e9s una escola de p\u00e0rvuls, on va treballar la seva cunyada, Conxita Udina. Per aquest motiu, quan es va construir la nostra escola fa 50 anys, es va decidir posar-li el nom de Matilde Ordu\u00f1a. El senyor Santiago Udina, nebot de la Conxita i governador civil, va ser un dels encarregats d\u2019inaugurar l\u2019escola el 30 de juliol de 1975.<\/p>\n\n\n\n<h2 class=\"wp-block-heading has-medium-font-size\"><strong>Qu\u00e8 ha canviat a l&#8217;escola<\/strong>?<\/h2>\n\n\n\n<p>En els primers anys, l\u2019escola no tenia alumnes d\u2019altres pa\u00efsos. Els primers nouvinguts provenien de la Xina, i despr\u00e9s van arribar alumnes d\u2019altres parts del m\u00f3n, aix\u00f2 fa que la nostra escola tingui una gran riquesa cultural. El Paco, l\u2019antic conserge, va comen\u00e7ar a treballar a l\u2019escola l\u2019any 1997, quan el catal\u00e0 no es parlava encara a les aules. El Jorge, l\u2019antic director, que va comen\u00e7ar el 1988, recorda que hi havia dues classes per curs fins a 8\u00e8 i que no hi havia I3. A cada aula hi havia uns\/es 35 alumnes.<\/p>\n\n\n\n<p>Amb el temps, la r\u00e0tio d\u2019alumnes va disminuir, i en els anys 90, va apar\u00e8ixer una nova llei que va fer desapar\u00e8ixer els cursos de 7\u00e8 i 8\u00e8. A m\u00e9s, la natalitat va baixar i va obrir-se una nova escola molt a prop, el Can Vidalet. Un dels moments dif\u00edcils per l\u2019escola va ser quan es va plantejar la possibilitat de tancar-la. Finalment, es va decidir mantenir la nostra escola i tancar l\u2019escola que estava ubicada a l\u2019edifici del parc on ara hi ha l\u2019escola oficial d\u2019idiomes.<\/p>\n\n\n\n<p>Va ser en el 25\u00e8 aniversari quan es va instal\u00b7lar l\u2019ascensor, coincidint amb la llei d\u2019accessibilitat, i tamb\u00e9 la rampa. A l\u2019escola ten\u00edem un alumne que ho necessitava.<\/p>\n\n\n\n<p>Una dada curiosa \u00e9s que el conserge vivia dintre de l\u2019escola, en un pis amb una terrassa molt gran. Quan ell es va jubilar van tancar-ho.<\/p>\n\n\n\n<p>Abans, l\u2019horari escolar era de 9 a 12\u202fh i de 15 a 17\u202fh. Al principi no hi havia acollida al mat\u00ed, per\u00f2 al cap d\u2019uns anys la dona del conserge va comen\u00e7ar a ocupar-se&#8217;n dels nens i nenes que arribaven a l\u2019escola a les 8.30&nbsp;h.<\/p>\n\n\n\n<h2 class=\"wp-block-heading has-medium-font-size\"><strong>Qu\u00e8 continua sent pr\u00e0cticament igual<\/strong>?<\/h2>\n\n\n\n<p>Malgrat tots els canvis, hi ha moltes coses que continuen igual des de l\u2019inici. Les festes tradicionals com: la Castanyada, el Nadal, el Carnestoltes, Sant Jordi i la celebraci\u00f3 de final de curs sempre han estat presents a l\u2019escola. A m\u00e9s, la tradici\u00f3 de les col\u00f2nies escolars tamb\u00e9 ha continuat al llarg dels anys. Un exemple destacat va ser el curs 1990-91, quan Esplugues es va agermanar amb Ahrensburg, un municipi d\u2019Alemanya. L\u2019alcalde, a petici\u00f3 del Jorge, va finan\u00e7ar la meitat del que va costar el viatge i aix\u00ed va ser com, l\u2019alumnat de 8\u00e8, van poder sortir, un diumenge a la nit, en autocar cap a Ahrensburg, (que nom\u00e9s est\u00e0 a uns 2000 kil\u00f2metres d\u2019Esplugues&#8230;).<\/p>\n\n\n\n<p>Des dels inicis, l\u2019escola ha comptat amb hort i fins i tot amb gallines i conills, fins que es va prohibir tenir animals a les escoles.  A m\u00e9s, l\u2019escola sempre ha tingut menjador. El menjar es fa a l\u2019escola i \u00e9s molt bo.<\/p>\n\n\n\n<p>A la nostra escola tamb\u00e9 hi va haver un laboratori des dels inicis. Un altre aspecte que ha perdurat \u00e9s la revista escolar &#8220;La Palmera&#8221;, que es publica des de 2013. El nom de la revista fa refer\u00e8ncia a una palmera que, fins fa uns anys, hi havia al pati de l\u2019escola, es va treure perqu\u00e8 la seva al\u00e7ada podia suposar un perill, i ara, amb el 50\u00e8 aniversari, s&#8217;ha tornat a replantar una petita palmera perqu\u00e8 vagi creixent i acompanyant els infants de l&#8217;escola com ho va fer l&#8217;antiga palmera.<\/p>\n\n\n\n<p class=\"has-small-font-size\"><strong><em>Agra\u00efments<\/em><\/strong><\/p>\n\n\n\n<p class=\"has-small-font-size\"><em>Volem agrair especialment la col\u00b7laboraci\u00f3 del Jorge, antic director de l\u2019escola, del Paco, antic conserge i de l\u2019actual director, el Domingo, per la seva ajuda inestimable en la recollida d\u2019informaci\u00f3.<\/em><\/p>\n\n\n\n<p class=\"has-small-font-size\"><em>Gr\u00e0cies a tots els qui han format part d&#8217;aquesta comunitat escolar durant aquests 50 anys!<\/em><\/p>\n\n\n\n<p class=\"has-text-align-right has-ast-global-color-1-color has-text-color has-link-color has-small-font-size wp-elements-84108d0c9605e2b0353e75cc0a625935\"><em><strong>Article realitzat pels nens i nenes de 6\u00e8 del curs 2024-2025.<\/strong><\/em><\/p>\n\n\n\n<h2 class=\"wp-block-heading has-text-align-left has-black-color has-text-color has-link-color has-medium-font-size wp-elements-ca2dde121e4a3a58b711b54dfe4e4a0e\"><strong>V\u00eddeo commemoratiu del 50\u00e8 aniversari: Curs 2024-2025<\/strong><\/h2>\n\n\n\n<iframe loading=\"lazy\" src=\"https:\/\/drive.google.com\/file\/d\/1vIGoLJhP1GXAtm9uJACSTMjxaeT6CQVt\/preview\" width=\"960\" height=\"630\" allow=\"autoplay\"><\/iframe>\n\n\n\n<hr class=\"wp-block-separator has-alpha-channel-opacity\"\/>\n\n\n\n<figure class=\"wp-block-image size-large is-style-default\"><a href=\"https:\/\/drive.google.com\/file\/d\/1GQ5Wv199PusVHmERohnyL_Vqusik48WB\/view?usp=sharing\"><img loading=\"lazy\" decoding=\"async\" width=\"1024\" height=\"741\" src=\"https:\/\/agora.xtec.cat\/ceipmatildeordunya\/wp-content\/uploads\/usu2651\/2025\/10\/Auca-5e-2025-1024x741.jpg\" alt=\"\" class=\"wp-image-1359\" srcset=\"https:\/\/agora.xtec.cat\/ceipmatildeordunya\/wp-content\/uploads\/usu2651\/2025\/10\/Auca-5e-2025-1024x741.jpg 1024w, https:\/\/agora.xtec.cat\/ceipmatildeordunya\/wp-content\/uploads\/usu2651\/2025\/10\/Auca-5e-2025-300x217.jpg 300w, https:\/\/agora.xtec.cat\/ceipmatildeordunya\/wp-content\/uploads\/usu2651\/2025\/10\/Auca-5e-2025-768x556.jpg 768w, https:\/\/agora.xtec.cat\/ceipmatildeordunya\/wp-content\/uploads\/usu2651\/2025\/10\/Auca-5e-2025-1536x1112.jpg 1536w, https:\/\/agora.xtec.cat\/ceipmatildeordunya\/wp-content\/uploads\/usu2651\/2025\/10\/Auca-5e-2025-2048x1482.jpg 2048w\" sizes=\"auto, (max-width: 1024px) 100vw, 1024px\" \/><\/a><\/figure>\n\n\n\n<p class=\"has-text-align-right has-ast-global-color-1-color has-text-color has-link-color has-small-font-size wp-elements-eaade7e0bdf1cd8acdf28fad34e63ee6\"><em><strong>Auca realitzada pels nens i les nenes de 5\u00e8 del curs 2024-2025<\/strong><\/em><\/p>\n\n\n\n<iframe loading=\"lazy\" src=\"https:\/\/docs.google.com\/presentation\/d\/e\/2PACX-1vSJBBplhJq18yGNCtCL8HOUryhJ9zPZeckdTTnWcMBOWrj7trHn7Hefb3yUH6DQeKz6L6XBflpGM3Ut\/embed?start=true&#038;loop=false&#038;delayms=5000\" frameborder=\"0\" width=\"960\" height=\"629\" allowfullscreen=\"true\" mozallowfullscreen=\"true\" webkitallowfullscreen=\"true\"><\/iframe>\n\n\n\n<p class=\"has-text-align-right has-ast-global-color-1-color has-text-color has-link-color has-small-font-size wp-elements-9c87ab76f0ca2b8ea2aba2b0823b92fb\"><em><strong>Recerca dels nens i nenes de 2n del curs 2015-2016 sobre l&#8217;origen del nom de l&#8217;escola.<\/strong><\/em><\/p>\n\n\n\n<p><\/p>\n","protected":false},"excerpt":{"rendered":"<p>L&#8217;any 2025 es fan 50 anys des de la inauguraci\u00f3 de l\u2019escola Matilde Ordu\u00f1a. L\u2019alumnat de sis\u00e8 hem decidit investigar [&hellip;]<\/p>\n","protected":false},"author":1,"featured_media":0,"parent":22,"menu_order":20,"comment_status":"closed","ping_status":"closed","template":"","meta":{"_bbp_topic_count":0,"_bbp_reply_count":0,"_bbp_total_topic_count":0,"_bbp_total_reply_count":0,"_bbp_voice_count":0,"_bbp_anonymous_reply_count":0,"_bbp_topic_count_hidden":0,"_bbp_reply_count_hidden":0,"_bbp_forum_subforum_count":0,"site-sidebar-layout":"default","site-content-layout":"","ast-site-content-layout":"default","site-content-style":"default","site-sidebar-style":"default","ast-global-header-display":"","ast-banner-title-visibility":"","ast-main-header-display":"","ast-hfb-above-header-display":"","ast-hfb-below-header-display":"","ast-hfb-mobile-header-display":"","site-post-title":"","ast-breadcrumbs-content":"","ast-featured-img":"","footer-sml-layout":"","theme-transparent-header-meta":"","adv-header-id-meta":"","stick-header-meta":"","header-above-stick-meta":"","header-main-stick-meta":"","header-below-stick-meta":"","astra-migrate-meta-layouts":"set","ast-page-background-enabled":"default","ast-page-background-meta":{"desktop":{"background-color":"var(--ast-global-color-4)","background-image":"","background-repeat":"repeat","background-position":"center center","background-size":"auto","background-attachment":"scroll","background-type":"","background-media":"","overlay-type":"","overlay-color":"","overlay-opacity":"","overlay-gradient":""},"tablet":{"background-color":"","background-image":"","background-repeat":"repeat","background-position":"center center","background-size":"auto","background-attachment":"scroll","background-type":"","background-media":"","overlay-type":"","overlay-color":"","overlay-opacity":"","overlay-gradient":""},"mobile":{"background-color":"","background-image":"","background-repeat":"repeat","background-position":"center center","background-size":"auto","background-attachment":"scroll","background-type":"","background-media":"","overlay-type":"","overlay-color":"","overlay-opacity":"","overlay-gradient":""}},"ast-content-background-meta":{"desktop":{"background-color":"var(--ast-global-color-5)","background-image":"","background-repeat":"repeat","background-position":"center center","background-size":"auto","background-attachment":"scroll","background-type":"","background-media":"","overlay-type":"","overlay-color":"","overlay-opacity":"","overlay-gradient":""},"tablet":{"background-color":"var(--ast-global-color-5)","background-image":"","background-repeat":"repeat","background-position":"center center","background-size":"auto","background-attachment":"scroll","background-type":"","background-media":"","overlay-type":"","overlay-color":"","overlay-opacity":"","overlay-gradient":""},"mobile":{"background-color":"var(--ast-global-color-5)","background-image":"","background-repeat":"repeat","background-position":"center center","background-size":"auto","background-attachment":"scroll","background-type":"","background-media":"","overlay-type":"","overlay-color":"","overlay-opacity":"","overlay-gradient":""}},"footnotes":""},"class_list":["post-26","page","type-page","status-publish","hentry"],"post_mailing_queue_ids":[],"_links":{"self":[{"href":"https:\/\/agora.xtec.cat\/ceipmatildeordunya\/wp-json\/wp\/v2\/pages\/26","targetHints":{"allow":["GET"]}}],"collection":[{"href":"https:\/\/agora.xtec.cat\/ceipmatildeordunya\/wp-json\/wp\/v2\/pages"}],"about":[{"href":"https:\/\/agora.xtec.cat\/ceipmatildeordunya\/wp-json\/wp\/v2\/types\/page"}],"author":[{"embeddable":true,"href":"https:\/\/agora.xtec.cat\/ceipmatildeordunya\/wp-json\/wp\/v2\/users\/1"}],"replies":[{"embeddable":true,"href":"https:\/\/agora.xtec.cat\/ceipmatildeordunya\/wp-json\/wp\/v2\/comments?post=26"}],"version-history":[{"count":6,"href":"https:\/\/agora.xtec.cat\/ceipmatildeordunya\/wp-json\/wp\/v2\/pages\/26\/revisions"}],"predecessor-version":[{"id":1374,"href":"https:\/\/agora.xtec.cat\/ceipmatildeordunya\/wp-json\/wp\/v2\/pages\/26\/revisions\/1374"}],"up":[{"embeddable":true,"href":"https:\/\/agora.xtec.cat\/ceipmatildeordunya\/wp-json\/wp\/v2\/pages\/22"}],"wp:attachment":[{"href":"https:\/\/agora.xtec.cat\/ceipmatildeordunya\/wp-json\/wp\/v2\/media?parent=26"}],"curies":[{"name":"wp","href":"https:\/\/api.w.org\/{rel}","templated":true}]}}