{"id":2136,"date":"2022-03-28T17:44:11","date_gmt":"2022-03-28T15:44:11","guid":{"rendered":"https:\/\/agora.xtec.cat\/ceipmaricel\/?page_id=2136"},"modified":"2024-01-27T17:52:55","modified_gmt":"2024-01-27T16:52:55","slug":"noticies-pedagogiques","status":"publish","type":"page","link":"https:\/\/agora.xtec.cat\/ceipmaricel\/pagines-dinici\/noticies-pedagogiques\/","title":{"rendered":"NOT\u00cdCIES PEDAG\u00d2GIQUES"},"content":{"rendered":"<blockquote><p><img loading=\"lazy\" decoding=\"async\" class=\"wp-image-2147 aligncenter\" src=\"https:\/\/agora.xtec.cat\/ceipmaricel\/wp-content\/uploads\/usu1871\/2022\/03\/unnamed-825x1024.gif\" alt=\"\" width=\"167\" height=\"207\" srcset=\"https:\/\/agora.xtec.cat\/ceipmaricel\/wp-content\/uploads\/usu1871\/2022\/03\/unnamed-825x1024.gif 825w, https:\/\/agora.xtec.cat\/ceipmaricel\/wp-content\/uploads\/usu1871\/2022\/03\/unnamed-242x300.gif 242w, https:\/\/agora.xtec.cat\/ceipmaricel\/wp-content\/uploads\/usu1871\/2022\/03\/unnamed-768x954.gif 768w, https:\/\/agora.xtec.cat\/ceipmaricel\/wp-content\/uploads\/usu1871\/2022\/03\/unnamed-1237x1536.gif 1237w\" sizes=\"auto, (max-width: 167px) 100vw, 167px\" \/><\/p><\/blockquote>\n<h3><\/h3>\n<h3 class=\"entry-title\"><span style=\"color: #3366ff;\"><strong>XERRADA DE DAVID BUENO. ELS BENEFICIS DE LA LECTURA EN VEU ALTA EL 19 DE FEBRER.<\/strong><\/span><\/h3>\n<p><span style=\"color: #000000;\">Des del Moviment de Renovaci\u00f3 Pedag\u00f2gica del Baix Pened\u00e8s organitzen una xerrada sobre els beneficis de la lectura en veu alta a c\u00e0rrec de David Bueno.<\/span><\/p>\n<p><span style=\"color: #000000;\">L\u2019activitat est\u00e0 oberta a docents i fam\u00edlies.<\/span><\/p>\n<ul>\n<li style=\"text-align: left;\"><span style=\"color: #000000;\">Dilluns 19 de febrer a les 17:30h<\/span><\/li>\n<li style=\"text-align: left;\"><span style=\"color: #000000;\">LLoc: Auditori Pau Casals (Sant Salvador, el Vendrell)<\/span><\/li>\n<li><span style=\"color: #000000;\">No cal inscripci\u00f3<\/span><\/li>\n<\/ul>\n<p><a href=\"https:\/\/serveiseducatius.xtec.cat\/garraf\/general\/xerrada-del-david-bueno-els-beneficis-de-la-lectura-en-veu-alta\/\"><img loading=\"lazy\" decoding=\"async\" class=\"alignnone size-full wp-image-2571\" src=\"https:\/\/agora.xtec.cat\/ceipmaricel\/wp-content\/uploads\/usu1871\/2024\/01\/Captura.jpg\" alt=\"\" width=\"289\" height=\"402\" srcset=\"https:\/\/agora.xtec.cat\/ceipmaricel\/wp-content\/uploads\/usu1871\/2024\/01\/Captura.jpg 289w, https:\/\/agora.xtec.cat\/ceipmaricel\/wp-content\/uploads\/usu1871\/2024\/01\/Captura-216x300.jpg 216w\" sizes=\"auto, (max-width: 289px) 100vw, 289px\" \/><\/a><\/p>\n<p>&nbsp;<\/p>\n<p>&nbsp;<\/p>\n<blockquote>\n<h3><span style=\"color: #008080;\"><strong>COM CANVIA EL NOSTRE CERVELL QUAN APR\u00c8N?<\/strong><\/span><\/h3>\n<p>DAVID BUENO<\/p><\/blockquote>\n<p><iframe loading=\"lazy\" title=\"Versi\u00f3n Completa: David Bueno explica c\u00f3mo cambia nuestro cerebro al aprender.\" width=\"500\" height=\"281\" src=\"https:\/\/www.youtube.com\/embed\/nXQe7I5WBXs?feature=oembed\" frameborder=\"0\" allow=\"accelerometer; autoplay; clipboard-write; encrypted-media; gyroscope; picture-in-picture; web-share\" referrerpolicy=\"strict-origin-when-cross-origin\" allowfullscreen><\/iframe><\/p>\n<p>&nbsp;<\/p>\n<p><span style=\"color: #008080;\"><strong>EL MITE DE LA MITJANA<\/strong><\/span><\/p>\n<p>TODD ROSE<\/p>\n<p><iframe loading=\"lazy\" title=\"The Myth of Average:  Todd Rose at TEDxSonomaCounty\" width=\"500\" height=\"281\" src=\"https:\/\/www.youtube.com\/embed\/4eBmyttcfU4?feature=oembed\" frameborder=\"0\" allow=\"accelerometer; autoplay; clipboard-write; encrypted-media; gyroscope; picture-in-picture; web-share\" referrerpolicy=\"strict-origin-when-cross-origin\" allowfullscreen><\/iframe><\/p>\n<p>&nbsp;<\/p>\n<p><span style=\"color: #008080;\"><strong>VARIABILITAT IMPORTA<\/strong><\/span><\/p>\n<p>Todd Rose<\/p>\n<p><iframe loading=\"lazy\" title=\"V1 M1 VIDEO TODD ROSE VARIABILIDAD IMPORTA 1\" width=\"500\" height=\"281\" src=\"https:\/\/www.youtube.com\/embed\/zLB_nCyi6N8?feature=oembed\" frameborder=\"0\" allow=\"accelerometer; autoplay; clipboard-write; encrypted-media; gyroscope; picture-in-picture; web-share\" referrerpolicy=\"strict-origin-when-cross-origin\" allowfullscreen><\/iframe><\/p>\n<blockquote><p>(Farreras, C. (26\/2\/2022). El mundo se ha vuelto complejo y la educaci\u00f3n cl\u00e1sica ya no es suficiente. <em>La Vanguardia.<\/em><a href=\"https:\/\/www.lavanguardia.com\/vida\/20220226\/8054706\/mundo-vuelto-complejo-hay-revisar-educacion.html\">\u00a0https:\/\/www.direccion.de\/recuperacion-para-el-lector\/<\/a><\/p><\/blockquote>\n<p><iframe loading=\"lazy\" src=\"\/\/content.jwplatform.com\/players\/cKLXo7fo-hTFJ4MdY.html\" width=\"640\" height=\"360\" frameborder=\"0\" scrolling=\"auto\"><\/iframe><\/p>\n","protected":false},"excerpt":{"rendered":"<p>XERRADA DE DAVID BUENO. ELS BENEFICIS DE LA LECTURA EN VEU ALTA EL 19 DE FEBRER.<br \/>\nDes del Moviment de Renovaci\u00f3 Pedag\u00f2gica del Baix Pened\u00e8s organitzen una xerrada sobre els beneficis de la lectura en veu alta a c\u00e0rrec de David Bueno.<br \/>\nL\u2019activitat est\u00e0 oberta a docents&hellip;  <a href=\"https:\/\/agora.xtec.cat\/ceipmaricel\/pagines-dinici\/noticies-pedagogiques\/\" title=\"Read NOT\u00cdCIES PEDAG\u00d2GIQUES\">Llegeix m\u00e9s\u00bb<\/a><\/p>\n","protected":false},"author":4,"featured_media":0,"parent":7,"menu_order":0,"comment_status":"closed","ping_status":"closed","template":"","meta":{"_bbp_topic_count":0,"_bbp_reply_count":0,"_bbp_total_topic_count":0,"_bbp_total_reply_count":0,"_bbp_voice_count":0,"_bbp_anonymous_reply_count":0,"_bbp_topic_count_hidden":0,"_bbp_reply_count_hidden":0,"_bbp_forum_subforum_count":0,"footnotes":""},"class_list":["post-2136","page","type-page","status-publish","hentry"],"post_mailing_queue_ids":[],"_links":{"self":[{"href":"https:\/\/agora.xtec.cat\/ceipmaricel\/wp-json\/wp\/v2\/pages\/2136","targetHints":{"allow":["GET"]}}],"collection":[{"href":"https:\/\/agora.xtec.cat\/ceipmaricel\/wp-json\/wp\/v2\/pages"}],"about":[{"href":"https:\/\/agora.xtec.cat\/ceipmaricel\/wp-json\/wp\/v2\/types\/page"}],"author":[{"embeddable":true,"href":"https:\/\/agora.xtec.cat\/ceipmaricel\/wp-json\/wp\/v2\/users\/4"}],"replies":[{"embeddable":true,"href":"https:\/\/agora.xtec.cat\/ceipmaricel\/wp-json\/wp\/v2\/comments?post=2136"}],"version-history":[{"count":7,"href":"https:\/\/agora.xtec.cat\/ceipmaricel\/wp-json\/wp\/v2\/pages\/2136\/revisions"}],"predecessor-version":[{"id":2578,"href":"https:\/\/agora.xtec.cat\/ceipmaricel\/wp-json\/wp\/v2\/pages\/2136\/revisions\/2578"}],"up":[{"embeddable":true,"href":"https:\/\/agora.xtec.cat\/ceipmaricel\/wp-json\/wp\/v2\/pages\/7"}],"wp:attachment":[{"href":"https:\/\/agora.xtec.cat\/ceipmaricel\/wp-json\/wp\/v2\/media?parent=2136"}],"curies":[{"name":"wp","href":"https:\/\/api.w.org\/{rel}","templated":true}]}}