{"id":590,"date":"2016-02-27T16:38:21","date_gmt":"2016-02-27T15:38:21","guid":{"rendered":"http:\/\/agora.xtec.cat\/ceipmarianao\/?page_id=590"},"modified":"2025-02-20T15:09:35","modified_gmt":"2025-02-20T14:09:35","slug":"lactivitat-fisica-base-duna-vida-saludable","status":"publish","type":"page","link":"https:\/\/agora.xtec.cat\/ceipmarianao\/projecte-educatiu-i\/projectes-descola\/lactivitat-fisica-base-duna-vida-saludable\/","title":{"rendered":"Activitat f\u00edsica, vida saludable"},"content":{"rendered":"<p>&nbsp;<\/p>\n<p><a href=\"https:\/\/agora.xtec.cat\/ceipmarianao\/wp-content\/uploads\/usu17\/2020\/02\/1-DSC_0072.jpg\"><img loading=\"lazy\" decoding=\"async\" class=\"wp-image-2694 aligncenter\" src=\"https:\/\/agora.xtec.cat\/ceipmarianao\/wp-content\/uploads\/usu17\/2020\/02\/1-DSC_0072-1024x577.jpg\" alt=\"\" width=\"350\" height=\"197\" srcset=\"https:\/\/agora.xtec.cat\/ceipmarianao\/wp-content\/uploads\/usu17\/2020\/02\/1-DSC_0072-1024x577.jpg 1024w, https:\/\/agora.xtec.cat\/ceipmarianao\/wp-content\/uploads\/usu17\/2020\/02\/1-DSC_0072-300x169.jpg 300w, https:\/\/agora.xtec.cat\/ceipmarianao\/wp-content\/uploads\/usu17\/2020\/02\/1-DSC_0072-768x433.jpg 768w\" sizes=\"auto, (max-width: 350px) 100vw, 350px\" \/>\u00a0<\/a><a href=\"https:\/\/agora.xtec.cat\/ceipmarianao\/wp-content\/uploads\/usu17\/2020\/02\/DSCN1879.jpg\"><img loading=\"lazy\" decoding=\"async\" class=\"wp-image-2696 aligncenter\" src=\"https:\/\/agora.xtec.cat\/ceipmarianao\/wp-content\/uploads\/usu17\/2020\/02\/DSCN1879-1024x768.jpg\" alt=\"\" width=\"350\" height=\"263\" srcset=\"https:\/\/agora.xtec.cat\/ceipmarianao\/wp-content\/uploads\/usu17\/2020\/02\/DSCN1879-1024x768.jpg 1024w, https:\/\/agora.xtec.cat\/ceipmarianao\/wp-content\/uploads\/usu17\/2020\/02\/DSCN1879-300x225.jpg 300w, https:\/\/agora.xtec.cat\/ceipmarianao\/wp-content\/uploads\/usu17\/2020\/02\/DSCN1879-768x576.jpg 768w, https:\/\/agora.xtec.cat\/ceipmarianao\/wp-content\/uploads\/usu17\/2020\/02\/DSCN1879-200x150.jpg 200w\" sizes=\"auto, (max-width: 350px) 100vw, 350px\" \/> \u00a0<\/a><a href=\"https:\/\/agora.xtec.cat\/ceipmarianao\/wp-content\/uploads\/usu17\/2020\/02\/DSCN9442-1.jpg\"><img loading=\"lazy\" decoding=\"async\" class=\"wp-image-2698 aligncenter\" src=\"https:\/\/agora.xtec.cat\/ceipmarianao\/wp-content\/uploads\/usu17\/2020\/02\/DSCN9442-1.jpg\" alt=\"\" width=\"350\" height=\"307\" srcset=\"https:\/\/agora.xtec.cat\/ceipmarianao\/wp-content\/uploads\/usu17\/2020\/02\/DSCN9442-1.jpg 803w, https:\/\/agora.xtec.cat\/ceipmarianao\/wp-content\/uploads\/usu17\/2020\/02\/DSCN9442-1-300x263.jpg 300w, https:\/\/agora.xtec.cat\/ceipmarianao\/wp-content\/uploads\/usu17\/2020\/02\/DSCN9442-1-768x672.jpg 768w\" sizes=\"auto, (max-width: 350px) 100vw, 350px\" \/>\u00a0<\/a> <a href=\"https:\/\/agora.xtec.cat\/ceipmarianao\/wp-content\/uploads\/usu17\/2020\/02\/20191209_113223.jpg\"><img loading=\"lazy\" decoding=\"async\" class=\"wp-image-2700 aligncenter\" src=\"https:\/\/agora.xtec.cat\/ceipmarianao\/wp-content\/uploads\/usu17\/2020\/02\/20191209_113223.jpg\" alt=\"\" width=\"351\" height=\"241\" srcset=\"https:\/\/agora.xtec.cat\/ceipmarianao\/wp-content\/uploads\/usu17\/2020\/02\/20191209_113223.jpg 837w, https:\/\/agora.xtec.cat\/ceipmarianao\/wp-content\/uploads\/usu17\/2020\/02\/20191209_113223-300x206.jpg 300w, https:\/\/agora.xtec.cat\/ceipmarianao\/wp-content\/uploads\/usu17\/2020\/02\/20191209_113223-768x528.jpg 768w\" sizes=\"auto, (max-width: 351px) 100vw, 351px\" \/><\/a><\/p>\n<p style=\"text-align: justify;\">L\u2019escola aposta per fomentar l\u2019esport com a element indispensable, conjuntament amb l\u2019alimentaci\u00f3, per gaudir d\u2019una vida saludable. \u00c9s per aquest motiu que participem a diferents plans i iniciatives amb la finalitat d\u2019aconseguir aquest objectiu:<\/p>\n<ul>\n<li style=\"text-align: justify;\">Plans de promoci\u00f3 esportiva de l\u2019Ajuntament: l\u2019alumnat de Cicle Mitj\u00e0 i Cicle Superior, a l\u2019\u00e0rea d\u2019educaci\u00f3 f\u00edsica, fa un treball espec\u00edfic d\u2019un esport que t\u00e9 com a cloenda la participaci\u00f3 en uns jocs municipals on participen diferents centres de Prim\u00e0ria. Actualment, 3r de Prim\u00e0ria participa al cross escolar, 4t fa beisbol, 5\u00e8 fa handbol i 6\u00e8 fa pentatl\u00f3.<\/li>\n<li style=\"text-align: justify;\">Setmana Saludable: ja \u00e9s tradici\u00f3 al centre participar al programa \u201cSant Boi sa\u201d, endegat pel Departament d\u2019Esport i Salut de l\u2019Ajuntament. Cada curs escolar destinem una setmana a realitzar diferents activitats a nivell d\u2019escola, adre\u00e7ades als diferents sectors de la comunitat escolar, per a fomentar l\u2019activitat f\u00edsica i l\u2019alimentaci\u00f3 saludable. Aquesta setmana t\u00e9 com a cloenda la ja tradicional Jornada Atl\u00e8tica que fem tota l\u2019Escola a l\u2019Estadi d\u2019Atletisme Constant\u00ed Miranda.<\/li>\n<li style=\"text-align: justify;\">\u201cJugant, aprenem a nedar\u201d: l\u2019Escola t\u00e9 un conveni amb l\u2019Ajuntament i amb el Complex Esportiu Pau Gasol perqu\u00e8 els infants d\u2019I4 i d\u2019I5 facin l\u2019activitat de nataci\u00f3 dins l\u2019horari lectiu. Un mat\u00ed a la setmana els nens i nenes es desplacen al Complex Esportiu amb autocar, acompanyats per les seves mestres i monitors i monitores. Hi ha programades dues Jornades de Portes Obertes perqu\u00e8 les fam\u00edlies puguin veure qu\u00e8 b\u00e9 s\u2019ho passen i com milloren i progressen els m\u00e9s petits de la casa.<\/li>\n<li style=\"text-align: justify;\">Dia de la fruita: el divendres recomanem que els infants portin fruita per a esmorzar.<\/li>\n<\/ul>\n","protected":false},"excerpt":{"rendered":"<p>&nbsp;<br \/>\n<a href=\"https:\/\/agora.xtec.cat\/ceipmarianao\/wp-content\/uploads\/usu17\/2020\/02\/1-DSC_0072.jpg\">\u00a0<\/a><a href=\"https:\/\/agora.xtec.cat\/ceipmarianao\/wp-content\/uploads\/usu17\/2020\/02\/DSCN1879.jpg\"> \u00a0<\/a><a href=\"https:\/\/agora.xtec.cat\/ceipmarianao\/wp-content\/uploads\/usu17\/2020\/02\/DSCN9442-1.jpg\">\u00a0<\/a> <a href=\"https:\/\/agora.xtec.cat\/ceipmarianao\/wp-content\/uploads\/usu17\/2020\/02\/20191209_113223.jpg\"><\/a><br \/>\nL\u2019escola aposta per fomentar l\u2019esport com a element indispensable, conjuntament amb l\u2019alimentaci\u00f3, per gaudir d\u2019una vida saludable. \u00c9s per aquest motiu que participem a diferents plans i iniciatives amb la finalitat d\u2019aconseguir aquest objectiu:<\/p>\n<ul>\n<li style=\"text-align: justify;\">Plans de promoci\u00f3 esportiva&hellip;  <a href=\"https:\/\/agora.xtec.cat\/ceipmarianao\/projecte-educatiu-i\/projectes-descola\/lactivitat-fisica-base-duna-vida-saludable\/\" title=\"Read Activitat f\u00edsica, vida saludable\">Llegeix m\u00e9s\u00bb<\/a><br \/>\n","protected":false},"author":4,"featured_media":0,"parent":289,"menu_order":0,"comment_status":"closed","ping_status":"closed","template":"page-templates\/side-menu.php","meta":{"_bbp_topic_count":0,"_bbp_reply_count":0,"_bbp_total_topic_count":0,"_bbp_total_reply_count":0,"_bbp_voice_count":0,"_bbp_anonymous_reply_count":0,"_bbp_topic_count_hidden":0,"_bbp_reply_count_hidden":0,"_bbp_forum_subforum_count":0,"footnotes":""},"class_list":["post-590","page","type-page","status-publish","hentry"],"post_mailing_queue_ids":[],"_links":{"self":[{"href":"https:\/\/agora.xtec.cat\/ceipmarianao\/wp-json\/wp\/v2\/pages\/590","targetHints":{"allow":["GET"]}}],"collection":[{"href":"https:\/\/agora.xtec.cat\/ceipmarianao\/wp-json\/wp\/v2\/pages"}],"about":[{"href":"https:\/\/agora.xtec.cat\/ceipmarianao\/wp-json\/wp\/v2\/types\/page"}],"author":[{"embeddable":true,"href":"https:\/\/agora.xtec.cat\/ceipmarianao\/wp-json\/wp\/v2\/users\/4"}],"replies":[{"embeddable":true,"href":"https:\/\/agora.xtec.cat\/ceipmarianao\/wp-json\/wp\/v2\/comments?post=590"}],"version-history":[{"count":6,"href":"https:\/\/agora.xtec.cat\/ceipmarianao\/wp-json\/wp\/v2\/pages\/590\/revisions"}],"predecessor-version":[{"id":5270,"href":"https:\/\/agora.xtec.cat\/ceipmarianao\/wp-json\/wp\/v2\/pages\/590\/revisions\/5270"}],"up":[{"embeddable":true,"href":"https:\/\/agora.xtec.cat\/ceipmarianao\/wp-json\/wp\/v2\/pages\/289"}],"wp:attachment":[{"href":"https:\/\/agora.xtec.cat\/ceipmarianao\/wp-json\/wp\/v2\/media?parent=590"}],"curies":[{"name":"wp","href":"https:\/\/api.w.org\/{rel}","templated":true}]}}