{"id":578,"date":"2016-02-27T16:28:36","date_gmt":"2016-02-27T15:28:36","guid":{"rendered":"http:\/\/agora.xtec.cat\/ceipmarianao\/?page_id=578"},"modified":"2026-02-26T22:38:42","modified_gmt":"2026-02-26T21:38:42","slug":"impuls-i-foment-de-langles","status":"publish","type":"page","link":"https:\/\/agora.xtec.cat\/ceipmarianao\/projecte-educatiu-i\/projectes-descola\/impuls-i-foment-de-langles\/","title":{"rendered":"Impuls i foment de l\u2019angl\u00e8s"},"content":{"rendered":"<p style=\"text-align: justify;\"><a href=\"http:\/\/agora.xtec.cat\/ceipmarianao\/wp-content\/uploads\/usu17\/2016\/02\/angles.jpg\"><img loading=\"lazy\" decoding=\"async\" class=\" wp-image-558 aligncenter\" src=\"http:\/\/agora.xtec.cat\/ceipmarianao\/wp-content\/uploads\/usu17\/2016\/02\/angles-300x225.jpg\" alt=\"angles\" width=\"351\" height=\"263\" srcset=\"https:\/\/agora.xtec.cat\/ceipmarianao\/wp-content\/uploads\/usu17\/2016\/02\/angles-300x225.jpg 300w, https:\/\/agora.xtec.cat\/ceipmarianao\/wp-content\/uploads\/usu17\/2016\/02\/angles-200x150.jpg 200w, https:\/\/agora.xtec.cat\/ceipmarianao\/wp-content\/uploads\/usu17\/2016\/02\/angles.jpg 534w\" sizes=\"auto, (max-width: 351px) 100vw, 351px\" \/>\u00a0\u00a0\u00a0<\/a> <a href=\"https:\/\/agora.xtec.cat\/ceipmarianao\/wp-content\/uploads\/usu17\/2020\/02\/DSCN4492.jpg\"><img loading=\"lazy\" decoding=\"async\" class=\"wp-image-2683 aligncenter\" src=\"https:\/\/agora.xtec.cat\/ceipmarianao\/wp-content\/uploads\/usu17\/2020\/02\/DSCN4492.jpg\" alt=\"\" width=\"351\" height=\"229\" srcset=\"https:\/\/agora.xtec.cat\/ceipmarianao\/wp-content\/uploads\/usu17\/2020\/02\/DSCN4492.jpg 865w, https:\/\/agora.xtec.cat\/ceipmarianao\/wp-content\/uploads\/usu17\/2020\/02\/DSCN4492-300x196.jpg 300w, https:\/\/agora.xtec.cat\/ceipmarianao\/wp-content\/uploads\/usu17\/2020\/02\/DSCN4492-768x503.jpg 768w\" sizes=\"auto, (max-width: 351px) 100vw, 351px\" \/><\/a><\/p>\n<p style=\"text-align: justify;\">El nostre projecte ling\u00fc\u00edstic impulsa i fomenta l\u2019\u00fas de l\u2019angl\u00e8s a fi que l\u2019alumnat assoleixi les compet\u00e8ncies b\u00e0siques en aquesta llengua en acabar l\u2019etapa d\u2019Educaci\u00f3 Prim\u00e0ria. Tenim endegats diferents plans per a aconseguir-ho:<\/p>\n<ul>\n<li style=\"text-align: justify;\">Avan\u00e7ament de l\u2019angl\u00e8s a I3: hi ha quatre sessions destinades a treballar, de forma desdoblada (amb la meitat del grup-classe), la familiaritzaci\u00f3 amb aquesta llengua a trav\u00e9s de can\u00e7ons, contes&#8230; Aquest treball t\u00e9 continu\u00eftat durant tota l\u2019Educaci\u00f3 Infantil (a I4 i a I5 s\u00f3n 3 sessions, dues d&#8217;elles desdoblades i l&#8217;altra amb tot el grup).<\/li>\n<li style=\"text-align: justify;\">AICLE: un dels quatre tallers art\u00edstics internivells de l&#8217;\u00e0rea de visual i pl\u00e0stica es fa en angl\u00e8s. A Cicle Superior part de les sessions de situaci\u00f3 d&#8217;aprenentatge (SdA) s&#8217;imparteixen en angl\u00e8s.<\/li>\n<li style=\"text-align: justify;\"><a href=\"http:\/\/compartirperaprendre.blogspot.com.es\/\">Sharing to learn<\/a>: alumnes de 1r de Batxillerat de l\u2019Institut Marianao v\u00e9nen un cop a la setmana a fer d\u2019auxiliar de conversa dels infants de Prim\u00e0ria. Suposa un enriquiment mutu, ja que \u00e9s un aprenentatge-servei on els m\u00e9s grans s\u2019emporten la satisfacci\u00f3 i l\u2019experi\u00e8ncia d\u2019ensenyar i els m\u00e9s petits gaudeixen de l\u2019aprenentatge entre iguals.<\/li>\n<li style=\"text-align: justify;\">Expressi\u00f3 oral en angl\u00e8s: des d&#8217;I5 fins a 6\u00e8 es fan sessions desdoblades d&#8217;expressi\u00f3 oral en angl\u00e8s per a millorar la compet\u00e8ncia oral dels infants.<\/li>\n<\/ul>\n<p style=\"text-align: justify;\"><strong>Durant el per\u00edode 2019-2022 vam participar al projecte d&#8217;innovaci\u00f3 GEP: Generaci\u00f3 pluriling\u00fce, per a avan\u00e7ar en la metodologia AICLE (impartir en llengua anglesa \u00e0rees no ling\u00fc\u00edstiques). El curs 2021-2022 hi ha hagut una auxiliar de conversa nativa que ha ajudat els infants d\u2019I4 a 6\u00e8 a millorar la compet\u00e8ncia de l&#8217;expressi\u00f3 oral en aquesta llengua i els cursos 2022-2023 i 2023-2024 s&#8217;han fet tallers en llengua anglesa subvencionats pel Departament d&#8217;Educaci\u00f3.<br \/>\n<\/strong><\/p>\n","protected":false},"excerpt":{"rendered":"<p><a href=\"http:\/\/agora.xtec.cat\/ceipmarianao\/wp-content\/uploads\/usu17\/2016\/02\/angles.jpg\">\u00a0\u00a0\u00a0<\/a> <a href=\"https:\/\/agora.xtec.cat\/ceipmarianao\/wp-content\/uploads\/usu17\/2020\/02\/DSCN4492.jpg\"><\/a><br \/>\nEl nostre projecte ling\u00fc\u00edstic impulsa i fomenta l\u2019\u00fas de l\u2019angl\u00e8s a fi que l\u2019alumnat assoleixi les compet\u00e8ncies b\u00e0siques en aquesta llengua en acabar l\u2019etapa d\u2019Educaci\u00f3 Prim\u00e0ria. Tenim endegats diferents plans per a aconseguir-ho:<\/p>\n<ul>\n<li style=\"text-align: justify;\">Avan\u00e7ament de l\u2019angl\u00e8s a I3: hi ha quatre&hellip;  <a href=\"https:\/\/agora.xtec.cat\/ceipmarianao\/projecte-educatiu-i\/projectes-descola\/impuls-i-foment-de-langles\/\" title=\"Read Impuls i foment de l\u2019angl\u00e8s\">Llegeix m\u00e9s\u00bb<\/a><br \/>\n","protected":false},"author":4,"featured_media":0,"parent":289,"menu_order":0,"comment_status":"closed","ping_status":"closed","template":"page-templates\/side-menu.php","meta":{"_bbp_topic_count":0,"_bbp_reply_count":0,"_bbp_total_topic_count":0,"_bbp_total_reply_count":0,"_bbp_voice_count":0,"_bbp_anonymous_reply_count":0,"_bbp_topic_count_hidden":0,"_bbp_reply_count_hidden":0,"_bbp_forum_subforum_count":0,"footnotes":""},"class_list":["post-578","page","type-page","status-publish","hentry"],"post_mailing_queue_ids":[],"_links":{"self":[{"href":"https:\/\/agora.xtec.cat\/ceipmarianao\/wp-json\/wp\/v2\/pages\/578","targetHints":{"allow":["GET"]}}],"collection":[{"href":"https:\/\/agora.xtec.cat\/ceipmarianao\/wp-json\/wp\/v2\/pages"}],"about":[{"href":"https:\/\/agora.xtec.cat\/ceipmarianao\/wp-json\/wp\/v2\/types\/page"}],"author":[{"embeddable":true,"href":"https:\/\/agora.xtec.cat\/ceipmarianao\/wp-json\/wp\/v2\/users\/4"}],"replies":[{"embeddable":true,"href":"https:\/\/agora.xtec.cat\/ceipmarianao\/wp-json\/wp\/v2\/comments?post=578"}],"version-history":[{"count":8,"href":"https:\/\/agora.xtec.cat\/ceipmarianao\/wp-json\/wp\/v2\/pages\/578\/revisions"}],"predecessor-version":[{"id":5652,"href":"https:\/\/agora.xtec.cat\/ceipmarianao\/wp-json\/wp\/v2\/pages\/578\/revisions\/5652"}],"up":[{"embeddable":true,"href":"https:\/\/agora.xtec.cat\/ceipmarianao\/wp-json\/wp\/v2\/pages\/289"}],"wp:attachment":[{"href":"https:\/\/agora.xtec.cat\/ceipmarianao\/wp-json\/wp\/v2\/media?parent=578"}],"curies":[{"name":"wp","href":"https:\/\/api.w.org\/{rel}","templated":true}]}}