{"id":513,"date":"2016-02-24T21:57:02","date_gmt":"2016-02-24T20:57:02","guid":{"rendered":"http:\/\/agora.xtec.cat\/ceipmarianao\/?page_id=513"},"modified":"2023-02-03T11:14:38","modified_gmt":"2023-02-03T10:14:38","slug":"solidaritat","status":"publish","type":"page","link":"https:\/\/agora.xtec.cat\/ceipmarianao\/entorn\/solidaritat\/","title":{"rendered":"Solidaritat"},"content":{"rendered":"<p style=\"text-align: justify;\"><a style=\"text-align: justify;\" href=\"http:\/\/agora.xtec.cat\/ceipmarianao\/wp-content\/uploads\/usu17\/2016\/02\/glorr.png\"><img loading=\"lazy\" decoding=\"async\" class=\" wp-image-692 alignleft\" src=\"http:\/\/agora.xtec.cat\/ceipmarianao\/wp-content\/uploads\/usu17\/2016\/02\/glorr-150x150.png\" alt=\"glorr\" width=\"84\" height=\"84\" \/><\/a><a style=\"text-align: justify;\" href=\"http:\/\/glorr.com\/web\/\" target=\"_blank\" rel=\"noopener noreferrer\">GLORR<\/a><span style=\"text-align: justify;\">: participem a les campanyes de recollida de roba i cal\u00e7at usats organitzats per aquesta Fundaci\u00f3.<\/span><\/p>\n<p style=\"text-align: justify;\"><a href=\"http:\/\/agora.xtec.cat\/ceipmarianao\/wp-content\/uploads\/usu17\/2016\/02\/afanoc.jpg\"><img loading=\"lazy\" decoding=\"async\" class=\" wp-image-693 alignleft\" src=\"http:\/\/agora.xtec.cat\/ceipmarianao\/wp-content\/uploads\/usu17\/2016\/02\/afanoc-150x150.jpg\" alt=\"afanoc\" width=\"93\" height=\"93\" \/><\/a><a href=\"http:\/\/www.afanoc.org\/\" target=\"_blank\" rel=\"noopener noreferrer\">AFANOC<\/a> \u201cPosa\u2019t la gorra\u201d: cada curs escolar participem a la campanya a favor dels infants malalts de c\u00e0ncer.<\/p>\n<p style=\"text-align: justify;\"><a href=\"http:\/\/agora.xtec.cat\/ceipmarianao\/wp-content\/uploads\/usu17\/2016\/02\/banc_aliments.jpg\"><br \/>\n<img loading=\"lazy\" decoding=\"async\" class=\" wp-image-695 alignleft\" src=\"http:\/\/agora.xtec.cat\/ceipmarianao\/wp-content\/uploads\/usu17\/2016\/02\/banc_aliments-150x150.jpg\" alt=\"banc_aliments\" width=\"91\" height=\"91\" \/><\/a>Recollida d\u2019aliments de primera necessitat: l\u2019escola i l\u2019AFA participem a les campanyes de recollida d\u2019aliments de primera necessitat de la Creu Roja o de la botiga solid\u00e0ria de Sant Boi, a favor de la gent en risc d\u2019exclusi\u00f3 social.<\/p>\n<p style=\"text-align: justify;\"><a href=\"https:\/\/agora.xtec.cat\/ceipmarianao\/wp-content\/uploads\/usu17\/2018\/11\/colegiosentrecienmil-2.jpg\"><img loading=\"lazy\" decoding=\"async\" class=\"wp-image-1996 alignleft\" src=\"https:\/\/agora.xtec.cat\/ceipmarianao\/wp-content\/uploads\/usu17\/2018\/11\/colegiosentrecienmil-2-300x212.jpg\" alt=\"\" width=\"99\" height=\"66\" \/><\/a>Fundaci\u00f3 Unoentrecienmil: organitza curses solid\u00e0ries per recaptar diners a favor de la investigaci\u00f3 de la leuc\u00e8mia infantil. La nostra escola s&#8217;ha sumat a les \u00faltimes edicions de <a href=\"https:\/\/www.lavueltaalcole.com\/\">la vuelta al cole<\/a> i t\u00e9 intenci\u00f3 de sumar-se\u00b4n a les seg\u00fcents.<\/p>\n","protected":false},"excerpt":{"rendered":"<p><a style=\"text-align: justify;\" href=\"http:\/\/agora.xtec.cat\/ceipmarianao\/wp-content\/uploads\/usu17\/2016\/02\/glorr.png\"><\/a><a style=\"text-align: justify;\" href=\"http:\/\/glorr.com\/web\/\" target=\"_blank\" rel=\"noopener noreferrer\">GLORR<\/a>: participem a les campanyes de recollida de roba i cal\u00e7at usats organitzats per aquesta Fundaci\u00f3.<br \/>\n<a href=\"http:\/\/agora.xtec.cat\/ceipmarianao\/wp-content\/uploads\/usu17\/2016\/02\/afanoc.jpg\"><\/a><a href=\"http:\/\/www.afanoc.org\/\" target=\"_blank\" rel=\"noopener noreferrer\">AFANOC<\/a> \u201cPosa\u2019t la gorra\u201d: cada curs escolar participem a la campanya a favor dels infants malalts&hellip;  <a href=\"https:\/\/agora.xtec.cat\/ceipmarianao\/entorn\/solidaritat\/\" title=\"Read Solidaritat\">Llegeix m\u00e9s\u00bb<\/a><\/p>\n","protected":false},"author":4,"featured_media":0,"parent":504,"menu_order":12,"comment_status":"closed","ping_status":"closed","template":"page-templates\/side-menu.php","meta":{"_bbp_topic_count":0,"_bbp_reply_count":0,"_bbp_total_topic_count":0,"_bbp_total_reply_count":0,"_bbp_voice_count":0,"_bbp_anonymous_reply_count":0,"_bbp_topic_count_hidden":0,"_bbp_reply_count_hidden":0,"_bbp_forum_subforum_count":0,"footnotes":""},"class_list":["post-513","page","type-page","status-publish","hentry"],"post_mailing_queue_ids":[],"_links":{"self":[{"href":"https:\/\/agora.xtec.cat\/ceipmarianao\/wp-json\/wp\/v2\/pages\/513","targetHints":{"allow":["GET"]}}],"collection":[{"href":"https:\/\/agora.xtec.cat\/ceipmarianao\/wp-json\/wp\/v2\/pages"}],"about":[{"href":"https:\/\/agora.xtec.cat\/ceipmarianao\/wp-json\/wp\/v2\/types\/page"}],"author":[{"embeddable":true,"href":"https:\/\/agora.xtec.cat\/ceipmarianao\/wp-json\/wp\/v2\/users\/4"}],"replies":[{"embeddable":true,"href":"https:\/\/agora.xtec.cat\/ceipmarianao\/wp-json\/wp\/v2\/comments?post=513"}],"version-history":[{"count":4,"href":"https:\/\/agora.xtec.cat\/ceipmarianao\/wp-json\/wp\/v2\/pages\/513\/revisions"}],"predecessor-version":[{"id":4519,"href":"https:\/\/agora.xtec.cat\/ceipmarianao\/wp-json\/wp\/v2\/pages\/513\/revisions\/4519"}],"up":[{"embeddable":true,"href":"https:\/\/agora.xtec.cat\/ceipmarianao\/wp-json\/wp\/v2\/pages\/504"}],"wp:attachment":[{"href":"https:\/\/agora.xtec.cat\/ceipmarianao\/wp-json\/wp\/v2\/media?parent=513"}],"curies":[{"name":"wp","href":"https:\/\/api.w.org\/{rel}","templated":true}]}}