{"id":4930,"date":"2023-12-12T13:04:34","date_gmt":"2023-12-12T12:04:34","guid":{"rendered":"https:\/\/agora.xtec.cat\/ceipmarianao\/?page_id=4930"},"modified":"2023-12-12T13:11:43","modified_gmt":"2023-12-12T12:11:43","slug":"estrategia-digital-de-centre-edc","status":"publish","type":"page","link":"https:\/\/agora.xtec.cat\/ceipmarianao\/projecte-educatiu-i\/estrategia-digital-de-centre-edc\/","title":{"rendered":"Estrat\u00e8gia Digital de Centre (EDC)"},"content":{"rendered":"<p style=\"text-align: justify;\">L&#8217;Estrat\u00e8gia Digital de Centre (EDC) s\u00f3n un conjunt d&#8217;accions l&#8217;objectiu de les quals \u00e9s millorar la compet\u00e8ncia digital de l&#8217;alumnat, del personal docent i de les fam\u00edlies. Aquestes accions es van dissenyar arran de la diagnosi que es va fer al centre el curs 2022-2023 fent servir diferents eines com el<em>\u00a0selfie for teachers<\/em>, q\u00fcestionaris\u00a0i formularis.<\/p>\n<p style=\"text-align: justify;\">A partir de l&#8217;an\u00e0lisi d&#8217;aquestes dades es\u00a0va fer una DAFO (An\u00e0lisi de Defici\u00e8ncies, Amenaces, Fortaleses i Oportunitats) per a detectar les fortaleses\u00a0i debilitats en refer\u00e8ncia a les tecnologies digitals. S&#8217;han redactat 4 macro-objectius que es pretenen assolir amb l&#8217;execuci\u00f3\u00a0de diferents activitats planificades al\u00a0 llarg de 4 cursos escolars.<\/p>\n<p style=\"text-align: justify;\">Les primeres accions es van dur a terme el curs 2022-23 quan l\u2019equip docent va realitzar la FIC (Formaci\u00f3 Interna de Centre) i la Comissi\u00f3 de Cultura Digital va fer la planificaci\u00f3 de l&#8217;EDC.<\/p>\n<p style=\"text-align: justify;\">Aquest <a href=\"https:\/\/sites.google.com\/xtec.cat\/edc-escola-marianao\/estrat%C3%A8gia-digital-de-centre\">document<\/a> s\u2019anir\u00e0 actualitzant a mesura que es vagin duent a terme les activitats i la seva posterior avaluaci\u00f3.<\/p>\n","protected":false},"excerpt":{"rendered":"<p>L&#8217;Estrat\u00e8gia Digital de Centre (EDC) s\u00f3n un conjunt d&#8217;accions l&#8217;objectiu de les quals \u00e9s millorar la compet\u00e8ncia digital de l&#8217;alumnat, del personal docent i de les fam\u00edlies. Aquestes accions es van dissenyar arran de la diagnosi que es va fer al centre el curs 2022-2023&hellip;  <a href=\"https:\/\/agora.xtec.cat\/ceipmarianao\/projecte-educatiu-i\/estrategia-digital-de-centre-edc\/\" title=\"Read Estrat\u00e8gia Digital de Centre (EDC)\">Llegeix m\u00e9s\u00bb<\/a><\/p>\n","protected":false},"author":3,"featured_media":0,"parent":312,"menu_order":0,"comment_status":"closed","ping_status":"closed","template":"page-templates\/side-menu.php","meta":{"_bbp_topic_count":0,"_bbp_reply_count":0,"_bbp_total_topic_count":0,"_bbp_total_reply_count":0,"_bbp_voice_count":0,"_bbp_anonymous_reply_count":0,"_bbp_topic_count_hidden":0,"_bbp_reply_count_hidden":0,"_bbp_forum_subforum_count":0,"footnotes":""},"class_list":["post-4930","page","type-page","status-publish","hentry"],"post_mailing_queue_ids":[],"_links":{"self":[{"href":"https:\/\/agora.xtec.cat\/ceipmarianao\/wp-json\/wp\/v2\/pages\/4930","targetHints":{"allow":["GET"]}}],"collection":[{"href":"https:\/\/agora.xtec.cat\/ceipmarianao\/wp-json\/wp\/v2\/pages"}],"about":[{"href":"https:\/\/agora.xtec.cat\/ceipmarianao\/wp-json\/wp\/v2\/types\/page"}],"author":[{"embeddable":true,"href":"https:\/\/agora.xtec.cat\/ceipmarianao\/wp-json\/wp\/v2\/users\/3"}],"replies":[{"embeddable":true,"href":"https:\/\/agora.xtec.cat\/ceipmarianao\/wp-json\/wp\/v2\/comments?post=4930"}],"version-history":[{"count":1,"href":"https:\/\/agora.xtec.cat\/ceipmarianao\/wp-json\/wp\/v2\/pages\/4930\/revisions"}],"predecessor-version":[{"id":4932,"href":"https:\/\/agora.xtec.cat\/ceipmarianao\/wp-json\/wp\/v2\/pages\/4930\/revisions\/4932"}],"up":[{"embeddable":true,"href":"https:\/\/agora.xtec.cat\/ceipmarianao\/wp-json\/wp\/v2\/pages\/312"}],"wp:attachment":[{"href":"https:\/\/agora.xtec.cat\/ceipmarianao\/wp-json\/wp\/v2\/media?parent=4930"}],"curies":[{"name":"wp","href":"https:\/\/api.w.org\/{rel}","templated":true}]}}