{"id":28,"date":"2014-09-18T12:29:35","date_gmt":"2014-09-18T12:29:35","guid":{"rendered":"http:\/\/agora.xtec.cat\/ceipmarianao\/?page_id=28"},"modified":"2026-01-09T14:40:30","modified_gmt":"2026-01-09T13:40:30","slug":"consell-escolar","status":"publish","type":"page","link":"https:\/\/agora.xtec.cat\/ceipmarianao\/lescola\/consell-escolar\/","title":{"rendered":"Consell Escolar"},"content":{"rendered":"<p style=\"text-align: justify;\">El Consell Escolar \u00e9s el m\u00e0xim \u00f2rgan pel que fa a la gesti\u00f3 econ\u00f2mica i acad\u00e8mica i a l\u2019organitzaci\u00f3 i funcionament general del centre, supervisant el Projecte de Direcci\u00f3. \u00c9s l&#8217;\u00f2rgan col\u00b7legiat de participaci\u00f3 de la comunitat escolar en el govern del centre.<\/p>\n<p style=\"text-align: justify;\">El Consell Escolar est\u00e0 compost pel\/per la director\/a, el\/la cap d&#8217;estudis, cinc representants del sector mestres, cinc representants del sector pares i mares (dels quals un hi representa l&#8217;AFA), un\/a representant del sector PAS, un\/a representant de l&#8217;Ajuntament i el\/la secretari\/\u00e0ria, que exerceix de secretari\/\u00e0ria del Consell, amb veu, per\u00f2 sense vot.<\/p>\n<p style=\"text-align: justify;\"><b>COMPOSICI\u00d3 DEL CONSELL ESCOLAR<\/b><\/p>\n<table>\n<tbody>\n<tr>\n<td>M\u00aa Dolores \u00c1lvarez Ca\u00f1adas<\/td>\n<td>Directora del centre<\/td>\n<\/tr>\n<tr>\n<td>S\u00edlvia S\u00e1nchez Ch\u00e1vez<\/td>\n<td>Cap d\u2019estudis<\/td>\n<\/tr>\n<tr>\n<td><span style=\"font-weight: 400;\">Mar\u00eda G. Valencia Vera<\/span><\/td>\n<td><span style=\"font-weight: 400;\">Regidora de l&#8217;Ajuntament<\/span><\/td>\n<\/tr>\n<tr>\n<td>Anna Ballo Guill\u00e9n<\/td>\n<td><span style=\"font-weight: 400;\">Sector mestres<\/span><\/td>\n<\/tr>\n<tr>\n<td><span style=\"font-weight: 400;\">Irene Calero Garc\u00eda<\/span><\/td>\n<td><span style=\"font-weight: 400;\">Sector mestres<\/span><\/td>\n<\/tr>\n<tr>\n<td>Estela Martorell Mart\u00ednez<\/td>\n<td><span style=\"font-weight: 400;\">Sector mestres<\/span><\/td>\n<\/tr>\n<tr>\n<td><span style=\"font-weight: 400;\">Anna Montal\u00e0 Cruz<br \/>\n<\/span><\/td>\n<td><span style=\"font-weight: 400;\">Sector mestres<\/span><\/td>\n<\/tr>\n<tr>\n<td><span style=\"font-weight: 400;\">Rosa Vi\u00f1als Castillejo<br \/>\n<\/span><\/td>\n<td><span style=\"font-weight: 400;\">Sector mestres<\/span><\/td>\n<\/tr>\n<tr>\n<td>Patricia Alarc\u00f3n Garc\u00eda<\/td>\n<td><span style=\"font-weight: 400;\">Sector pares i mares d\u2019alumnes<\/span><\/td>\n<\/tr>\n<tr>\n<td>Mireia Hern\u00e1ndez Garc\u00eda<\/td>\n<td><span style=\"font-weight: 400;\">Sector pares i mares d\u2019alumnes<\/span><\/td>\n<\/tr>\n<tr>\n<td>Beatriz Morillas Puentes<\/td>\n<td><span style=\"font-weight: 400;\">Sector pares i mares d\u2019alumnes<\/span><\/td>\n<\/tr>\n<tr>\n<td>Jos\u00e9 Mar\u00eda V\u00e1zquez Moreno<\/td>\n<td><span style=\"font-weight: 400;\">Sector pares i mares d\u2019alumnes<\/span><\/td>\n<\/tr>\n<tr>\n<td>Vanessa S\u00e1nchez Rodr\u00edguez<\/td>\n<td><span style=\"font-weight: 400;\">Representant AFA<\/span><\/td>\n<\/tr>\n<tr>\n<td>M\u00f3nica de la Fuente Rodr\u00edguez<\/td>\n<td><span style=\"font-weight: 400;\">Representant sector PAS<\/span><\/td>\n<\/tr>\n<tr>\n<td><span style=\"font-weight: 400;\">Alejandro Romeu Freixinet<br \/>\n<\/span><\/td>\n<td><span style=\"font-weight: 400;\">Secretari<\/span><\/td>\n<\/tr>\n<\/tbody>\n<\/table>\n<p style=\"text-align: justify;\"><span style=\"font-weight: 400;\">Comissi\u00f3 Permanent:<\/span><\/p>\n<table>\n<tbody>\n<tr>\n<td><span style=\"font-weight: 400;\">Sra. M\u00aa Dolores \u00c1lvarez Ca\u00f1adas<\/span><\/td>\n<td><span style=\"font-weight: 400;\">Presidenta (directora del centre)<\/span><\/td>\n<\/tr>\n<tr>\n<td><span style=\"font-weight: 400;\">Sra. S\u00edlvia S\u00e1nchez Ch\u00e1vez<br \/>\n<\/span><\/td>\n<td><span style=\"font-weight: 400;\">Cap d\u2019Estudis<\/span><\/td>\n<\/tr>\n<tr>\n<td><span style=\"font-weight: 400;\">Sra. Mireia Hern\u00e1ndez Garc\u00eda<\/span><\/td>\n<td><span style=\"font-weight: 400;\">Representant dels pares i mares<\/span><\/td>\n<\/tr>\n<tr>\n<td><span style=\"font-weight: 400;\">Sra. Irene Calero Garc\u00eda<\/span><\/td>\n<td><span style=\"font-weight: 400;\">Representant dels\/de les mestres<\/span><\/td>\n<\/tr>\n<tr>\n<td><span style=\"font-weight: 400;\">Sr. Alejandro Romeu Freixinet<\/span><\/td>\n<td><span style=\"font-weight: 400;\">Secretari (secretari del centre)<\/span><\/td>\n<\/tr>\n<tr>\n<td><span style=\"font-weight: 400;\">Sra. M\u00f3nica de la Fuente Rodr\u00edguez<\/span><\/td>\n<td><span style=\"font-weight: 400;\">Representant sector PAS<\/span><\/td>\n<\/tr>\n<tr>\n<td><span style=\"font-weight: 400;\">Sra. Vanessa S\u00e1nchez Rodr\u00edguez<br \/>\n<\/span><\/td>\n<td><span style=\"font-weight: 400;\">Suplent representant dels pares i mares<\/span><\/td>\n<\/tr>\n<tr>\n<td><span style=\"font-weight: 400;\">Sra. Rosa Vi\u00f1als Castillejo<br \/>\n<\/span><\/td>\n<td><span style=\"font-weight: 400;\">Suplent representant dels \/ de les mestres<\/span><\/td>\n<\/tr>\n<\/tbody>\n<\/table>\n<p style=\"text-align: justify;\"><span style=\"font-weight: 400;\">Comissi\u00f3 Econ\u00f2mica:<\/span><\/p>\n<table>\n<tbody>\n<tr>\n<td><span style=\"font-weight: 400;\">Sra. M\u00aa Dolores \u00c1lvarez Ca\u00f1adas<\/span><\/td>\n<td><span style=\"font-weight: 400;\">Presidenta (directora del centre)<\/span><\/td>\n<\/tr>\n<tr>\n<td><span style=\"font-weight: 400;\">Sra. S\u00edlvia S\u00e1nchez Ch\u00e1vez<br \/>\n<\/span><\/td>\n<td><span style=\"font-weight: 400;\">Cap d\u2019Estudis<\/span><\/td>\n<\/tr>\n<tr>\n<td><span style=\"font-weight: 400;\">Sra. Patricia Alarc\u00f3n Garc\u00eda<\/span><\/td>\n<td><span style=\"font-weight: 400;\">Representant dels pares i mares<\/span><\/td>\n<\/tr>\n<tr>\n<td><span style=\"font-weight: 400;\">Sra. Rosa Vi\u00f1als Castillejo<\/span><\/td>\n<td><span style=\"font-weight: 400;\">Representant dels\/de les mestres<\/span><\/td>\n<\/tr>\n<tr>\n<td>Sra. Mar\u00eda G. Valencia Vera<\/td>\n<td><span style=\"font-weight: 400;\">Representant Ajuntament <\/span><\/td>\n<\/tr>\n<tr>\n<td><span style=\"font-weight: 400;\">Sr. Alejandro Romeu Freixinet<br \/>\n<\/span><\/td>\n<td><span style=\"font-weight: 400;\">Secretar (secretari del centre)<\/span><\/td>\n<\/tr>\n<tr>\n<td><span style=\"font-weight: 400;\">Sr. Jos\u00e9 Mar\u00eda V\u00e1zquez Moreno<br \/>\n<\/span><\/td>\n<td><span style=\"font-weight: 400;\">Suplent representant dels pares i mares<\/span><\/td>\n<\/tr>\n<tr>\n<td><span style=\"font-weight: 400;\">Sra. Anna Montal\u00e0 Cruz<br \/>\n<\/span><\/td>\n<td><span style=\"font-weight: 400;\">Suplent representant dels \/ de les mestres<\/span><\/td>\n<\/tr>\n<\/tbody>\n<\/table>\n<p style=\"text-align: justify;\"><span style=\"font-weight: 400;\">Comissi\u00f3 de Conviv\u00e8ncia:<\/span><\/p>\n<table>\n<tbody>\n<tr>\n<td><span style=\"font-weight: 400;\">Sra. M\u00aa Dolores \u00c1lvarez Ca\u00f1adas<\/span><\/td>\n<td><span style=\"font-weight: 400;\">Presidenta (directora del centre)<\/span><\/td>\n<\/tr>\n<tr>\n<td><span style=\"font-weight: 400;\">Sra. S\u00edlvia S\u00e1nchez Ch\u00e1vez<br \/>\n<\/span><\/td>\n<td><span style=\"font-weight: 400;\">Cap d\u2019Estudis<\/span><\/td>\n<\/tr>\n<tr>\n<td><span style=\"font-weight: 400;\">Sra. Beatriz Morillas Puentes<br \/>\n<\/span><\/td>\n<td><span style=\"font-weight: 400;\">Representant dels pares i mares<\/span><\/td>\n<\/tr>\n<tr>\n<td><span style=\"font-weight: 400;\">Sra. Estela Martorell Mart\u00ednez<br \/>\n<\/span><\/td>\n<td><span style=\"font-weight: 400;\">Representant dels\/de les mestres<\/span><\/td>\n<\/tr>\n<tr>\n<td><span style=\"font-weight: 400;\">Sr. Alejandro Romeu Freixinet<br \/>\n<\/span><\/td>\n<td><span style=\"font-weight: 400;\">Secretari (secretari del centre)<\/span><\/td>\n<\/tr>\n<tr>\n<td><span style=\"font-weight: 400;\">Sra. Mireia Hern\u00e1ndez Garc\u00eda<br \/>\n<\/span><\/td>\n<td><span style=\"font-weight: 400;\">Suplent representant dels pares i mares<\/span><\/td>\n<\/tr>\n<tr>\n<td><span style=\"font-weight: 400;\">Sra. Anna Ballo Guill\u00e9n<\/span><\/td>\n<td><span style=\"font-weight: 400;\">Suplent representant dels \/ de les mestres<\/span><\/td>\n<\/tr>\n<\/tbody>\n<\/table>\n<p style=\"text-align: justify;\"><span style=\"font-weight: 400;\">Persona responsable d&#8217;impulsar mesures educatives de foment de la igualtat real i efectiva entre homes i dones: Estela Martorell Mart\u00ednez<\/span><span style=\"font-weight: 400;\">.<\/span><\/p>\n<p style=\"text-align: justify;\">Les persones membres del Consell Escolar, representants electes dels diferents sectors, ho s\u00f3n per un per\u00edode de quatre anys.<\/p>\n","protected":false},"excerpt":{"rendered":"<p>El Consell Escolar \u00e9s el m\u00e0xim \u00f2rgan pel que fa a la gesti\u00f3 econ\u00f2mica i acad\u00e8mica i a l\u2019organitzaci\u00f3 i funcionament general del centre, supervisant el Projecte de Direcci\u00f3. \u00c9s l&#8217;\u00f2rgan col\u00b7legiat de participaci\u00f3 de la comunitat escolar en el govern del centre.<br \/>\nEl Consell Escolar&hellip;  <a href=\"https:\/\/agora.xtec.cat\/ceipmarianao\/lescola\/consell-escolar\/\" title=\"Read Consell Escolar\">Llegeix m\u00e9s\u00bb<\/a><\/p>\n","protected":false},"author":2,"featured_media":0,"parent":22,"menu_order":30,"comment_status":"closed","ping_status":"closed","template":"page-templates\/side-menu.php","meta":{"_bbp_topic_count":0,"_bbp_reply_count":0,"_bbp_total_topic_count":0,"_bbp_total_reply_count":0,"_bbp_voice_count":0,"_bbp_anonymous_reply_count":0,"_bbp_topic_count_hidden":0,"_bbp_reply_count_hidden":0,"_bbp_forum_subforum_count":0,"footnotes":""},"class_list":["post-28","page","type-page","status-publish","hentry"],"post_mailing_queue_ids":[],"_links":{"self":[{"href":"https:\/\/agora.xtec.cat\/ceipmarianao\/wp-json\/wp\/v2\/pages\/28","targetHints":{"allow":["GET"]}}],"collection":[{"href":"https:\/\/agora.xtec.cat\/ceipmarianao\/wp-json\/wp\/v2\/pages"}],"about":[{"href":"https:\/\/agora.xtec.cat\/ceipmarianao\/wp-json\/wp\/v2\/types\/page"}],"author":[{"embeddable":true,"href":"https:\/\/agora.xtec.cat\/ceipmarianao\/wp-json\/wp\/v2\/users\/2"}],"replies":[{"embeddable":true,"href":"https:\/\/agora.xtec.cat\/ceipmarianao\/wp-json\/wp\/v2\/comments?post=28"}],"version-history":[{"count":7,"href":"https:\/\/agora.xtec.cat\/ceipmarianao\/wp-json\/wp\/v2\/pages\/28\/revisions"}],"predecessor-version":[{"id":5602,"href":"https:\/\/agora.xtec.cat\/ceipmarianao\/wp-json\/wp\/v2\/pages\/28\/revisions\/5602"}],"up":[{"embeddable":true,"href":"https:\/\/agora.xtec.cat\/ceipmarianao\/wp-json\/wp\/v2\/pages\/22"}],"wp:attachment":[{"href":"https:\/\/agora.xtec.cat\/ceipmarianao\/wp-json\/wp\/v2\/media?parent=28"}],"curies":[{"name":"wp","href":"https:\/\/api.w.org\/{rel}","templated":true}]}}