{"id":26,"date":"2014-09-18T12:24:32","date_gmt":"2014-09-18T12:24:32","guid":{"rendered":"http:\/\/agora.xtec.cat\/ceipmalagrida\/?page_id=26"},"modified":"2015-07-21T22:47:33","modified_gmt":"2015-07-21T21:47:33","slug":"historia","status":"publish","type":"page","link":"https:\/\/agora.xtec.cat\/ceipmalagrida\/lescola\/historia\/","title":{"rendered":"Hist\u00f2ria"},"content":{"rendered":"<p><strong>PRESENTACI\u00d3<\/strong><\/p>\n<p>Des de la primera fins l&#8217;\u00faltima pedra que formen part de l&#8217;Escola Malagrida compleixen enguany 75 anys de la seva exist\u00e8ncia. Totes i cadascuna d&#8217;elles, sense excepci\u00f3, han estat importants i imprescindibles per a l&#8217;acompliment de l&#8217;aniversari que aquest 2007 celebrem. Com ho han estat, tamb\u00e9, totes i cadascuna de les persones que han pasta per les seves aules i patis. Tant mestres, alumnes i personal no docent com pares i mares<br \/>\nque, generaci\u00f3 rere generaci\u00f3, han anat teixint la vida d&#8217;aquesta escola.<br \/>\nEl Malagrida ha conviscut amb tots els canvis socials i pol\u00edtics que durant els darrers 75 anys hi han deixat la seva empremta. Les seves parets han escoltat un munt de lli\u00e7ons, explicades en cada \u00e8poca de manera diferent, per\u00f2 donades sempre amb la millor intenci\u00f3 i el mateix objectiu: que els nois i noies en treguin un profit el dia de dem\u00e0.<br \/>\nAmb aquesta publicaci\u00f3 no pretenem escriure la hist\u00f2ria de l&#8217;escola ni tampoc la dels milers de persones que hi han passat. Per fer aix\u00f2 ja compt\u00e0vem amb el llibre que Robert Bayer ens lliur\u00e0 l&#8217;any 2000. Nom\u00e9s hem volgut deixar const\u00e0ncia d&#8217;uns moments i uns fets puntuals de la m\u00e0 del record d&#8217;algunes persones, grans i petites, que han acceptat amablement escriure sobre les seves viv\u00e8ncies i aprenentatges a l&#8217;escola. Hem intentat respectar l&#8217;estil de cadasc\u00fa i deixar entreveure la influ\u00e8ncia de cada moment pol\u00edtic i de la llengua emprada a l&#8217;ensenyament. El resultat \u00e9s aquesta llibreta plena de records i sentiments, lligats pel tra\u00e7 del guix a la pissarra, que hem recollit i compaginat amb fervor, il\u00b7lusi\u00f3 i, sobretot, amb molt respecte per a tothom. Tan sols lamentem que no hagi pogut ser m\u00e9s extensa. Agra\u00efm a tothom el material que ens heu facilitat, els temps que hi heu dedicat o, simplement, l&#8217;atenci\u00f3 que hi poseu aquells que ara la teniu a les vostres mans.<br \/>\nTot aix\u00f2 fa possible que puguem celebrar aquest aniversari, que no \u00e9s cap cirera d&#8217;un past\u00eds perqu\u00e8 l&#8217;escola continua ben viva. Avui ho celebrem i esperem que pugui fer molts anys m\u00e9s, sempre al servei de l&#8217;educaci\u00f3 dels nostres infants.<\/p>\n<p><a href=\"http:\/\/agora.xtec.cat\/ceipmalagrida\/wp-content\/uploads\/usu205\/2014\/09\/hist-presedntacio-1.jpg\"><img loading=\"lazy\" decoding=\"async\" src=\"http:\/\/agora.xtec.cat\/ceipmalagrida\/wp-content\/uploads\/usu205\/2014\/09\/hist-presedntacio-1-300x242.jpg\" alt=\"hist-presedntacio-1\" width=\"300\" height=\"242\" class=\"alignnone size-medium wp-image-198\" srcset=\"https:\/\/agora.xtec.cat\/ceipmalagrida\/wp-content\/uploads\/usu205\/2014\/09\/hist-presedntacio-1-300x242.jpg 300w, https:\/\/agora.xtec.cat\/ceipmalagrida\/wp-content\/uploads\/usu205\/2014\/09\/hist-presedntacio-1.jpg 370w\" sizes=\"auto, (max-width: 300px) 100vw, 300px\" \/><\/a><br \/>\nComissi\u00f3 75\u00e8 aniversari<br \/>\nEscola Malagrida, OLOT<\/p>\n<p><strong>PROJECTE I CONSTRUCCI\u00d3<br \/>\n(1919-1931)<\/strong><br \/>\n&#8220;En vuestra memoria ha de quedar grabado el recuerdo de la colocaci\u00f3n de la primera piedra del Grupo Escolar, donde recibireis la instrucci\u00f3n que ha de despertar vuestra inteligencia y la educaci\u00f3n que ha de conducirla por buenos caminos haci\u00e9ndoos ciudadanos honrados y fuertes para servir a Dios, a la patria y a todos los hombres que son vuestros hermanos&#8221;.<\/p>\n<p>Manuel Malagrida<br \/>\n26 d&#8217;octubre de 1927<\/p>\n<p><a href=\"http:\/\/agora.xtec.cat\/ceipmalagrida\/wp-content\/uploads\/usu205\/2014\/09\/hist-projecte-1.jpg\"><img loading=\"lazy\" decoding=\"async\" src=\"http:\/\/agora.xtec.cat\/ceipmalagrida\/wp-content\/uploads\/usu205\/2014\/09\/hist-projecte-1-300x162.jpg\" alt=\"hist-projecte-1\" width=\"300\" height=\"162\" class=\"alignnone size-medium wp-image-199\" srcset=\"https:\/\/agora.xtec.cat\/ceipmalagrida\/wp-content\/uploads\/usu205\/2014\/09\/hist-projecte-1-300x162.jpg 300w, https:\/\/agora.xtec.cat\/ceipmalagrida\/wp-content\/uploads\/usu205\/2014\/09\/hist-projecte-1.jpg 310w\" sizes=\"auto, (max-width: 300px) 100vw, 300px\" \/><\/a><\/p>\n<p><a href=\"http:\/\/agora.xtec.cat\/ceipmalagrida\/wp-content\/uploads\/usu205\/2014\/09\/hist-projecte-2.jpg\"><img loading=\"lazy\" decoding=\"async\" src=\"http:\/\/agora.xtec.cat\/ceipmalagrida\/wp-content\/uploads\/usu205\/2014\/09\/hist-projecte-2-300x145.jpg\" alt=\"hist-projecte-2\" width=\"300\" height=\"145\" class=\"alignnone size-medium wp-image-200\" srcset=\"https:\/\/agora.xtec.cat\/ceipmalagrida\/wp-content\/uploads\/usu205\/2014\/09\/hist-projecte-2-300x145.jpg 300w, https:\/\/agora.xtec.cat\/ceipmalagrida\/wp-content\/uploads\/usu205\/2014\/09\/hist-projecte-2.jpg 366w\" sizes=\"auto, (max-width: 300px) 100vw, 300px\" \/><\/a><\/p>\n<p><strong>PER\u00cdODE REPUBLIC\u00c0<br \/>\n(1932-1938)<\/strong><\/p>\n<p>El 14 d&#8217;abril de 1932, primer aniversari de la Segona Rep\u00fablica, es va inaugurar el Grup Escolar en els terrenys del Pla de Llacs que Manuel Malagrida havia cedit a la ciutat uns anys abans. La nova escola era un dels resultats de l&#8217;activa pol\u00edtica educativa del primer ajuntament republic\u00e0 olot\u00ed, que tingu\u00e9 tamb\u00e9 altres manifestacions, com la creaci\u00f3 d&#8217;un col\u00b7legi de segon ensenyament o la implantaci\u00f3 de l&#8217;Escola Superior de Paisatge de la Generalitat. La inauguraci\u00f3 d&#8217;una escola graduada a Olot culminava un proc\u00e9s llarg i dif\u00edcil iniciat l&#8217;any 1919 quan el tinent d&#8217;alcalde Candi Agust\u00ed va presentar un projecte de reorganitzaci\u00f3 de l&#8217;ensenyament a Olot.<br \/>\nEl nou centre escolar, obra de l&#8217;arquitecte barcelon\u00ed Josep Goday, disposava de sis Graus per a cada sexe, amb horaris di\u00fcrns i nocturns. La renovaci\u00f3 pedag\u00f2gica que van iniciar els mestres del Grup Escolar, alguns vinguts de fora, va ser traum\u00e0ticament interrompuda per l&#8217;esclat de la Guerra Civil. La supressi\u00f3 de les escoles religioses arran de la revoluci\u00f3 va obligar al consistori olot\u00ed a reordenar el mapa escolar de la ciutat, amb la creaci\u00f3 de tres centres p\u00fablics, un dels quals, anomenat Torxa, ocupava el Grup Escolar. L&#8217;arribada d&#8217;un elevat nombre de nens refugiats va massificar l&#8217;escola, per\u00f2 el problema es va agreujar definitivament quan, a partir del 1938, el Grup escolar es convert\u00ed en hospital militar i els seus alumnes es van haver de repartir en diferents llocs de la ciutat.<\/p>\n<p><a href=\"http:\/\/agora.xtec.cat\/ceipmalagrida\/wp-content\/uploads\/usu205\/2014\/09\/hist-republica-1.jpg\"><img loading=\"lazy\" decoding=\"async\" src=\"http:\/\/agora.xtec.cat\/ceipmalagrida\/wp-content\/uploads\/usu205\/2014\/09\/hist-republica-1-300x202.jpg\" alt=\"hist-republica-1\" width=\"300\" height=\"202\" class=\"alignnone size-medium wp-image-202\" srcset=\"https:\/\/agora.xtec.cat\/ceipmalagrida\/wp-content\/uploads\/usu205\/2014\/09\/hist-republica-1-300x202.jpg 300w, https:\/\/agora.xtec.cat\/ceipmalagrida\/wp-content\/uploads\/usu205\/2014\/09\/hist-republica-1.jpg 400w\" sizes=\"auto, (max-width: 300px) 100vw, 300px\" \/><\/a><\/p>\n<p><a href=\"http:\/\/agora.xtec.cat\/ceipmalagrida\/wp-content\/uploads\/usu205\/2014\/09\/hist-republica-2.jpg\"><img loading=\"lazy\" decoding=\"async\" src=\"http:\/\/agora.xtec.cat\/ceipmalagrida\/wp-content\/uploads\/usu205\/2014\/09\/hist-republica-2-300x170.jpg\" alt=\"hist-republica-2\" width=\"300\" height=\"170\" class=\"alignnone size-medium wp-image-203\" srcset=\"https:\/\/agora.xtec.cat\/ceipmalagrida\/wp-content\/uploads\/usu205\/2014\/09\/hist-republica-2-300x170.jpg 300w, https:\/\/agora.xtec.cat\/ceipmalagrida\/wp-content\/uploads\/usu205\/2014\/09\/hist-republica-2.jpg 400w\" sizes=\"auto, (max-width: 300px) 100vw, 300px\" \/><\/a><\/p>\n<p><strong>PRIMERS ANYS DE LA POSGUERRA<br \/>\n(1939-1949)<\/strong><\/p>\n<p>Un cop acabada la Guerra Civil, les comunitats religioses van retornar a les seves seus i van poder tornar a impartir la doc\u00e8ncia, per\u00f2 el Col\u00b7legi de Segon Ensenyament va desapar\u00e8ixer i el Grup Escolar fou ocupat per les tropes nacionals i convertit en caserna militar. Els nens i les nenes foren traslladats al segon pis de l\u2019Hospici, on van  romandre fins a comen\u00e7aments dels anys cinquanta, amb condicions dif\u00edcils i amb per\u00edodes intermitents de clausura de les classes.<\/p>\n<p>La depuraci\u00f3 del funcionariat, i especialment dels mestres, que dugu\u00e9 a terme el nou  r\u00e8gim, tingu\u00e9 importants conseq\u00fc\u00e8ncies a Olot, una  ciutat on bona part dels mestres s\u2019havien implicat en la seva vida pol\u00edtica, social i cultural. La repressi\u00f3 afect\u00e0, entre d\u2019altres, Bernard\u00ed Lite (que es va haver d\u2019exiliar), Manuel Artola (empresonat) i Eugeni Parache (que ja no va tornar a exercir). L\u2019arbitrarietat del nou r\u00e8gim s\u2019exemplifica en el cas del mestre Antoni Rodeja, una persona d\u2019idees moderades, que no va poder recuperar la direcci\u00f3 de l\u2019escola, que havia obtingut l\u2019any 1934, fins a l\u2019any 1955.<\/p>\n<p><a href=\"http:\/\/agora.xtec.cat\/ceipmalagrida\/wp-content\/uploads\/usu205\/2014\/09\/hist-prim-anys-1.jpg\"><img loading=\"lazy\" decoding=\"async\" src=\"http:\/\/agora.xtec.cat\/ceipmalagrida\/wp-content\/uploads\/usu205\/2014\/09\/hist-prim-anys-1-300x147.jpg\" alt=\"hist-prim-anys-1\" width=\"300\" height=\"147\" class=\"alignnone size-medium wp-image-204\" srcset=\"https:\/\/agora.xtec.cat\/ceipmalagrida\/wp-content\/uploads\/usu205\/2014\/09\/hist-prim-anys-1-300x147.jpg 300w, https:\/\/agora.xtec.cat\/ceipmalagrida\/wp-content\/uploads\/usu205\/2014\/09\/hist-prim-anys-1.jpg 400w\" sizes=\"auto, (max-width: 300px) 100vw, 300px\" \/><\/a><\/p>\n<p><a href=\"http:\/\/agora.xtec.cat\/ceipmalagrida\/wp-content\/uploads\/usu205\/2014\/09\/hist-prim-anys-2.jpg\"><img loading=\"lazy\" decoding=\"async\" src=\"http:\/\/agora.xtec.cat\/ceipmalagrida\/wp-content\/uploads\/usu205\/2014\/09\/hist-prim-anys-2-300x137.jpg\" alt=\"hist-prim-anys-2\" width=\"300\" height=\"137\" class=\"alignnone size-medium wp-image-205\" srcset=\"https:\/\/agora.xtec.cat\/ceipmalagrida\/wp-content\/uploads\/usu205\/2014\/09\/hist-prim-anys-2-300x137.jpg 300w, https:\/\/agora.xtec.cat\/ceipmalagrida\/wp-content\/uploads\/usu205\/2014\/09\/hist-prim-anys-2.jpg 400w\" sizes=\"auto, (max-width: 300px) 100vw, 300px\" \/><\/a><\/p>\n<p><strong>LA NOVA ESPANYA DE FRANCO<br \/>\n(1950-1965)<\/strong><\/p>\n<p>Despr\u00e9s d\u2019un intent frustrat de dur els alumnes a uns locals del barri de Sant Miquel, el mes de maig del 1950, els nens, i el juliol de 1952, les nenes, van retornar a al Grup, una escola que havia quedat envellida a causa de la guerra, l\u2019allotjament dels soldats i els estralls de l\u2019aiguat del 1940.<\/p>\n<p>Un s\u00edmptoma evidenciava que, a m\u00e9s de la situaci\u00f3 de l\u2019edifici, les coses havien canviat: els nens i les nenes no compartiran el pati d\u2019esbarjo \u2013com ho feien als anys trenta\u2013 fins a l\u2019inici dels vuitanta. Eren els temps del nacionalcatolicisme, que tamb\u00e9 arriba a l\u2019escola:<\/p>\n<p>entronitzaci\u00f3 de la imatge del Sagrat Cor (1953), benedicci\u00f3 de la imatge de la Mare de D\u00e9u (1954), missa en el camp esportiu (1956) i intent, no reeixit, de donar a l\u2019escola el nom del fil\u00f2sof i prevere Jaume Balmes (1945). Els anys cinquanta van veure tamb\u00e9 el naixement de l\u2019associaci\u00f3 d\u2019exalumnes, que van promoure la publicaci\u00f3 de la primera revista del centre, Escuela y Hogar.<\/p>\n<p>L\u2019any 1963 es va produir la unificaci\u00f3 de les graduades, per\u00f2 l\u2019escola no es convert\u00ed en mixta: la coeducaci\u00f3 encara es faria esperar. El nou centre rep el nom de Malagrida, en reconeixement a l\u2019industrial olot\u00ed que va cedir els terrenys per empla\u00e7ar l\u2019escola.<\/p>\n<p><a href=\"http:\/\/agora.xtec.cat\/ceipmalagrida\/wp-content\/uploads\/usu205\/2014\/09\/hist-nova-espanya-1.jpg\"><img loading=\"lazy\" decoding=\"async\" src=\"http:\/\/agora.xtec.cat\/ceipmalagrida\/wp-content\/uploads\/usu205\/2014\/09\/hist-nova-espanya-1-300x130.jpg\" alt=\"hist-nova-espanya-1\" width=\"300\" height=\"130\" class=\"alignnone size-medium wp-image-206\" srcset=\"https:\/\/agora.xtec.cat\/ceipmalagrida\/wp-content\/uploads\/usu205\/2014\/09\/hist-nova-espanya-1-300x130.jpg 300w, https:\/\/agora.xtec.cat\/ceipmalagrida\/wp-content\/uploads\/usu205\/2014\/09\/hist-nova-espanya-1.jpg 400w\" sizes=\"auto, (max-width: 300px) 100vw, 300px\" \/><\/a><\/p>\n<p><a href=\"http:\/\/agora.xtec.cat\/ceipmalagrida\/wp-content\/uploads\/usu205\/2014\/09\/hist-nova-espanya-2.jpg\"><img loading=\"lazy\" decoding=\"async\" src=\"http:\/\/agora.xtec.cat\/ceipmalagrida\/wp-content\/uploads\/usu205\/2014\/09\/hist-nova-espanya-2-300x179.jpg\" alt=\"hist-nova-espanya-2\" width=\"300\" height=\"179\" class=\"alignnone size-medium wp-image-207\" srcset=\"https:\/\/agora.xtec.cat\/ceipmalagrida\/wp-content\/uploads\/usu205\/2014\/09\/hist-nova-espanya-2-300x179.jpg 300w, https:\/\/agora.xtec.cat\/ceipmalagrida\/wp-content\/uploads\/usu205\/2014\/09\/hist-nova-espanya-2.jpg 400w\" sizes=\"auto, (max-width: 300px) 100vw, 300px\" \/><\/a><\/p>\n<p><strong>FRANQUISME APERTURISTA<br \/>\n(1965-1975)<\/strong><\/p>\n<p>L\u2019augment del nombre d\u2019alumnes (uns 900 en acabar la d\u00e8cada dels seixanta) va imposar la necessitat de bastir un nou pavell\u00f3, que fou inaugurat l\u2019any 1965, i que aviat result\u00e0 insuficient (ara ja enderrocat per aluminosi). Josepa Mat\u00f3, la primera directora del Grup unificat, impuls\u00e0 tamb\u00e9 el menjador i el transport escolars. Segons un informe aparegut en una revista professional, l\u2019any 1969 el Grup Escolar Malagrida constava de 25 unitats: 9 de nens, 8 de nenes, 5 de p\u00e0rvuls, 1 de matern i 2 d\u2019educaci\u00f3 especial.<\/p>\n<p>No \u00e9s estrany, doncs, que, amb el creixement de la ciutat, la zonificaci\u00f3 s\u2019impos\u00e9s: el 1964 s\u2019havia creat el col\u00b7legi de Sant Roc; el 1969, l\u2019Escola Joan XXIII, de disminu\u00efts ps\u00edquics; i el 1971, prop de la Canya, l\u2019Escola Llar, amb la finalitat d\u2019acollir nens i nenes procedents de llocs disseminats i allunyats de poblacions amb escola. M\u00e9s tard l\u2019Escola del Carme i la de Sant Pere M\u00e0rtir.<\/p>\n<p>Mentrestant, a mesura que la implantaci\u00f3 de l\u2019Ensenyament General B\u00e0sic generava una certa modernitzaci\u00f3 en els llibres de text, a Olot apareixien alguns moviments de renovaci\u00f3 pedag\u00f2gica, com l\u2019escola Petit Plan\u00e7\u00f3 (1968), de car\u00e0cter cooperativista.<\/p>\n<p><a href=\"http:\/\/agora.xtec.cat\/ceipmalagrida\/wp-content\/uploads\/usu205\/2014\/09\/hist-franquisme-1.jpg\"><img loading=\"lazy\" decoding=\"async\" src=\"http:\/\/agora.xtec.cat\/ceipmalagrida\/wp-content\/uploads\/usu205\/2014\/09\/hist-franquisme-1-300x168.jpg\" alt=\"hist-franquisme-1\" width=\"300\" height=\"168\" class=\"alignnone size-medium wp-image-208\" srcset=\"https:\/\/agora.xtec.cat\/ceipmalagrida\/wp-content\/uploads\/usu205\/2014\/09\/hist-franquisme-1-300x168.jpg 300w, https:\/\/agora.xtec.cat\/ceipmalagrida\/wp-content\/uploads\/usu205\/2014\/09\/hist-franquisme-1.jpg 400w\" sizes=\"auto, (max-width: 300px) 100vw, 300px\" \/><\/a><\/p>\n<p><a href=\"http:\/\/agora.xtec.cat\/ceipmalagrida\/wp-content\/uploads\/usu205\/2014\/09\/hist-franquisme-2.jpg\"><img loading=\"lazy\" decoding=\"async\" src=\"http:\/\/agora.xtec.cat\/ceipmalagrida\/wp-content\/uploads\/usu205\/2014\/09\/hist-franquisme-2-300x151.jpg\" alt=\"hist-franquisme-2\" width=\"300\" height=\"151\" class=\"alignnone size-medium wp-image-209\" srcset=\"https:\/\/agora.xtec.cat\/ceipmalagrida\/wp-content\/uploads\/usu205\/2014\/09\/hist-franquisme-2-300x151.jpg 300w, https:\/\/agora.xtec.cat\/ceipmalagrida\/wp-content\/uploads\/usu205\/2014\/09\/hist-franquisme-2.jpg 400w\" sizes=\"auto, (max-width: 300px) 100vw, 300px\" \/><\/a><\/p>\n<p><strong>TRANSICI\u00d3 DEMOCR\u00c0TICA<br \/>\n(1975-1982)<\/strong><\/p>\n<p>La instauraci\u00f3 de la democr\u00e0cia despr\u00e9s de la mort del general Franco (1975) va posar les bases d\u2019un canvi substancial en l\u2019ensenyament, que va tenir els aspectes m\u00e9s visibles en la coeducaci\u00f3 (al Grup, fins a l\u2019any 1978, els patis i les pistes encara s\u2019utilitzaran separadament) i la progressiva catalanitzaci\u00f3.<\/p>\n<p>La participaci\u00f3 \u00e9s un dels trets que va caracteritzar aquesta etapa d\u2019efervesc\u00e8ncia: els alumnes contribu\u00efen a la publicaci\u00f3 de la primera revista de l\u2019escola des dels anys cinquanta \u2013El Xup Xup del Grup, l\u2019any 1980, que tindria continu\u00eftat en el 100% Malagrida i l\u2019actual Flaix\u2013; els mestres s\u2019agrupaven al voltant del Grup d\u2019Ensenyants i organitzaven la primera escola d\u2019estiu de les comarques gironines (1977), i els pares constitu\u00efen l\u2019associaci\u00f3 de pares (1978).<\/p>\n<p><a href=\"http:\/\/agora.xtec.cat\/ceipmalagrida\/wp-content\/uploads\/usu205\/2014\/09\/hist-transicio-1.jpg\"><img loading=\"lazy\" decoding=\"async\" src=\"http:\/\/agora.xtec.cat\/ceipmalagrida\/wp-content\/uploads\/usu205\/2014\/09\/hist-transicio-1-300x171.jpg\" alt=\"hist-transicio-1\" width=\"300\" height=\"171\" class=\"alignnone size-medium wp-image-210\" srcset=\"https:\/\/agora.xtec.cat\/ceipmalagrida\/wp-content\/uploads\/usu205\/2014\/09\/hist-transicio-1-300x171.jpg 300w, https:\/\/agora.xtec.cat\/ceipmalagrida\/wp-content\/uploads\/usu205\/2014\/09\/hist-transicio-1.jpg 400w\" sizes=\"auto, (max-width: 300px) 100vw, 300px\" \/><\/a><\/p>\n<p><a href=\"http:\/\/agora.xtec.cat\/ceipmalagrida\/wp-content\/uploads\/usu205\/2014\/09\/hist-transicio-2.jpg\"><img loading=\"lazy\" decoding=\"async\" src=\"http:\/\/agora.xtec.cat\/ceipmalagrida\/wp-content\/uploads\/usu205\/2014\/09\/hist-transicio-2-300x154.jpg\" alt=\"hist-transicio-2\" width=\"300\" height=\"154\" class=\"alignnone size-medium wp-image-211\" srcset=\"https:\/\/agora.xtec.cat\/ceipmalagrida\/wp-content\/uploads\/usu205\/2014\/09\/hist-transicio-2-300x154.jpg 300w, https:\/\/agora.xtec.cat\/ceipmalagrida\/wp-content\/uploads\/usu205\/2014\/09\/hist-transicio-2.jpg 400w\" sizes=\"auto, (max-width: 300px) 100vw, 300px\" \/><\/a><\/p>\n<p><strong>DE NOU ESCOLA EN CATAL\u00c0<br \/>\n(1983-2007)<\/strong><\/p>\n<p>L\u2019any 1985, el govern del PSOE, va promoure la Llei Org\u00e0nica del Dret a l\u2019Educaci\u00f3 (LODE), que regulava, entre altres aspectes, la participaci\u00f3 de la comunitat educativa i la composici\u00f3 dels consells escolars. La Generalitat, que amb l\u2019Estatut havia assumit compet\u00e8ncies en mat\u00e8ria d\u2019ensenyament, creava els centres de recursos pedag\u00f2gics (CRP) i els equips d\u2019assessorament psicopedag\u00f2gic (EAP). Els ajuntaments, finalment, tamb\u00e9 intervenien en aquest camp a trav\u00e9s d\u2019organismes i ens p\u00fablics. Com altres centres d\u2019ensenyament primari, l\u2019Escola Malagrida s\u2019adapt\u00e0 al nou marc legislatiu i, a partir del 1992, a la reforma educativa derivada de la Llei Org\u00e0nica General del Sistema Educatiu (LOGSE, 1990), segons la qual els centres de prim\u00e0ria havien d\u2019acollir els nens de 3 a 12 anys, i en conseq\u00fc\u00e8ncia perdien els alumnes de 13 i 14 anys.<\/p>\n<p>Per\u00f2 durant aquest per\u00edode l\u2019Escola Malagrida patia problemes m\u00e9s urgents. Despr\u00e9s de diverses reformes parcials, es feia inevitable la remodelaci\u00f3 general de l\u2019edifici per tal de donar resposta a les necessitats derivades de la seva antiguitat, sobretot la renovaci\u00f3 de<\/p>\n<p>la instal\u00b7lacci\u00f3 el\u00e8ctrica i la reparaci\u00f3 total del teulat. Les obres s\u2019efectuaren l\u2019any 1984, per\u00f2 no foren suficients. La detecci\u00f3 d\u2019aluminosi en l\u2019antic pavell\u00f3 de serveis, l\u2019any 1991, va propiciar-ne l\u2019enderrocament i la reforma integral i la modernitzaci\u00f3 de l\u2019edifici hist\u00f2ric, un proc\u00e9s que es tanc\u00e0 l\u2019any 1995.<\/p>\n<p>Mentre potencia algunes singularitats (com el pessebre vivent, instaurat l\u2019any 1992), l\u2019Escola Malagrida encara avui els nous reptes que t\u00e9 plantejat l\u2019ensenyament a Olot, entre els quals destaca l\u2019elevat \u00edndex d\u2019immigraci\u00f3 que registra la ciutat.<\/p>\n<p><a href=\"http:\/\/agora.xtec.cat\/ceipmalagrida\/wp-content\/uploads\/usu205\/2014\/09\/hist-denouescola-1.jpg\"><img loading=\"lazy\" decoding=\"async\" src=\"http:\/\/agora.xtec.cat\/ceipmalagrida\/wp-content\/uploads\/usu205\/2014\/09\/hist-denouescola-1-300x194.jpg\" alt=\"hist-denouescola-1\" width=\"300\" height=\"194\" class=\"alignnone size-medium wp-image-212\" srcset=\"https:\/\/agora.xtec.cat\/ceipmalagrida\/wp-content\/uploads\/usu205\/2014\/09\/hist-denouescola-1-300x194.jpg 300w, https:\/\/agora.xtec.cat\/ceipmalagrida\/wp-content\/uploads\/usu205\/2014\/09\/hist-denouescola-1.jpg 400w\" sizes=\"auto, (max-width: 300px) 100vw, 300px\" \/><\/a><\/p>\n<p><a href=\"http:\/\/agora.xtec.cat\/ceipmalagrida\/wp-content\/uploads\/usu205\/2014\/09\/hist-denouescola-2.jpg\"><img loading=\"lazy\" decoding=\"async\" src=\"http:\/\/agora.xtec.cat\/ceipmalagrida\/wp-content\/uploads\/usu205\/2014\/09\/hist-denouescola-2-300x199.jpg\" alt=\"hist-denouescola-2\" width=\"300\" height=\"199\" class=\"alignnone size-medium wp-image-213\" srcset=\"https:\/\/agora.xtec.cat\/ceipmalagrida\/wp-content\/uploads\/usu205\/2014\/09\/hist-denouescola-2-300x199.jpg 300w, https:\/\/agora.xtec.cat\/ceipmalagrida\/wp-content\/uploads\/usu205\/2014\/09\/hist-denouescola-2.jpg 400w\" sizes=\"auto, (max-width: 300px) 100vw, 300px\" \/><\/a><\/p>\n","protected":false},"excerpt":{"rendered":"<p>PRESENTACI\u00d3<br \/>\nDes de la primera fins l&#8217;\u00faltima pedra que formen part de l&#8217;Escola Malagrida compleixen enguany 75 anys de la seva exist\u00e8ncia. Totes i cadascuna d&#8217;elles, sense excepci\u00f3, han estat importants i imprescindibles per a l&#8217;acompliment de l&#8217;aniversari que aquest 2007 celebrem. Com ho han estat,&hellip;  <a href=\"https:\/\/agora.xtec.cat\/ceipmalagrida\/lescola\/historia\/\" title=\"Read Hist\u00f2ria\">Llegeix m\u00e9s\u00bb<\/a><\/p>\n","protected":false},"author":2,"featured_media":0,"parent":22,"menu_order":20,"comment_status":"closed","ping_status":"closed","template":"page-templates\/side-menu.php","meta":{"_bbp_topic_count":0,"_bbp_reply_count":0,"_bbp_total_topic_count":0,"_bbp_total_reply_count":0,"_bbp_voice_count":0,"_bbp_anonymous_reply_count":0,"_bbp_topic_count_hidden":0,"_bbp_reply_count_hidden":0,"_bbp_forum_subforum_count":0,"footnotes":""},"class_list":["post-26","page","type-page","status-publish","hentry"],"post_mailing_queue_ids":[],"_links":{"self":[{"href":"https:\/\/agora.xtec.cat\/ceipmalagrida\/wp-json\/wp\/v2\/pages\/26","targetHints":{"allow":["GET"]}}],"collection":[{"href":"https:\/\/agora.xtec.cat\/ceipmalagrida\/wp-json\/wp\/v2\/pages"}],"about":[{"href":"https:\/\/agora.xtec.cat\/ceipmalagrida\/wp-json\/wp\/v2\/types\/page"}],"author":[{"embeddable":true,"href":"https:\/\/agora.xtec.cat\/ceipmalagrida\/wp-json\/wp\/v2\/users\/2"}],"replies":[{"embeddable":true,"href":"https:\/\/agora.xtec.cat\/ceipmalagrida\/wp-json\/wp\/v2\/comments?post=26"}],"version-history":[{"count":3,"href":"https:\/\/agora.xtec.cat\/ceipmalagrida\/wp-json\/wp\/v2\/pages\/26\/revisions"}],"predecessor-version":[{"id":215,"href":"https:\/\/agora.xtec.cat\/ceipmalagrida\/wp-json\/wp\/v2\/pages\/26\/revisions\/215"}],"up":[{"embeddable":true,"href":"https:\/\/agora.xtec.cat\/ceipmalagrida\/wp-json\/wp\/v2\/pages\/22"}],"wp:attachment":[{"href":"https:\/\/agora.xtec.cat\/ceipmalagrida\/wp-json\/wp\/v2\/media?parent=26"}],"curies":[{"name":"wp","href":"https:\/\/api.w.org\/{rel}","templated":true}]}}