{"id":250,"date":"2016-04-03T08:59:38","date_gmt":"2016-04-03T07:59:38","guid":{"rendered":"http:\/\/agora.xtec.cat\/ceiplestelada\/?page_id=250"},"modified":"2020-08-06T18:48:50","modified_gmt":"2020-08-06T16:48:50","slug":"families","status":"publish","type":"page","link":"https:\/\/agora.xtec.cat\/ceiplestelada\/families\/","title":{"rendered":"Informaci\u00f3 Fam\u00edlies"},"content":{"rendered":"<p>&nbsp;<\/p>\n<hr \/>\n<blockquote><p><span style=\"color: #000080;\">Els centres educatius acosten els alumnes a una realitat m\u00e9s \u00e0mplia que els ajuda en el proc\u00e9s de socialitzaci\u00f3 i maduresa. L\u2019escola, com a instituci\u00f3 social responsable de l\u2019educaci\u00f3 formal, t\u00e9 com a funci\u00f3 atorgar a tots els alumnes les compet\u00e8ncies i els coneixements necessaris per esdevenir ciutadans qualificats i capa\u00e7os de conviure amb responsabilitat i comprom\u00eds en una societat plural. Per la seva part, la fam\u00edlia t\u00e9 dues funcions b\u00e0siques respecte als seus fills: la de proveir-los de mitjans de superviv\u00e8ncia (alimentaci\u00f3, habitatge, salut&#8230;) i d\u2019un sistema de valors que els faci persones honestes, aut\u00f2nomes, responsables i lliures. (<\/span><em><span style=\"color: #000080;\">fragment extret de:<\/span>\u00a0<a href=\"http:\/\/xtec.gencat.cat\/web\/.content\/alfresco\/d\/d\/workspace\/SpacesStore\/0032\/0125311e-d098-4f92-91fd-639150a3900c\/EiF.pdf\"><span style=\"color: #993300;\">Escola i Fam\u00edlia. Junts x l\u2019Educaci\u00f3. Departament d&#8217;Ensenyament)<\/span><\/a><\/em><\/p><\/blockquote>\n<table class=\" aligncenter\" style=\"height: 87px; width: 760px;\" width=\"193\">\n<tbody>\n<tr style=\"background-color: #0911eb;\">\n<td style=\"width: 173px; height: 87px;\"><a href=\"http:\/\/agora.xtec.cat\/ceiplestelada\/families\/calendari-del-curs\/\"><span style=\"color: #ffffff;\">CALENDARI DE CURS<\/span><\/a><\/td>\n<td style=\"width: 172px; background-color: #0e2b05; text-align: center; height: 87px;\"><a href=\"https:\/\/agora.xtec.cat\/ceiplestelada\/families\/despeses-familiars\/\"><span style=\"color: #ffffff;\">QUOTES<\/span><\/a><\/td>\n<td style=\"width: 202px; background-color: #6b0505; text-align: center; height: 87px;\"><a href=\"https:\/\/bit.ly\/2JFOjM9\"><span style=\"color: #ffffff;\">INFORMACI\u00d3 GENERAL\u00a0<\/span><\/a><\/td>\n<td style=\"width: 201px; background-color: #85290b; text-align: center; height: 87px;\"><a href=\"https:\/\/agora.xtec.cat\/ceiplestelada\/lescola\/contacte\/\"><span style=\"color: #ffffff;\">CONTACTE ESCOLA<\/span><\/a><\/td>\n<\/tr>\n<\/tbody>\n<\/table>\n<p>&nbsp;<\/p>\n<table class=\" aligncenter\" style=\"height: 88px;\" width=\"759\">\n<tbody>\n<tr style=\"background-color: #0911eb;\">\n<td style=\"width: 172px; height: 87px; background-color: #f57d05; padding-left: 40px;\"><a href=\"http:\/\/ampaescolaestelada.blogspot.com\/\"><span style=\"color: #ffffff;\">AMPA<\/span><\/a><\/td>\n<td style=\"width: 172px; background-color: #f50add; height: 87px; text-align: center;\"><a href=\"https:\/\/tresmes.com\/\"><span style=\"color: #ffffff;\">MENJADOR<\/span><\/a><\/td>\n<td style=\"width: 202px; background-color: #f50505; height: 87px; text-align: center;\"><a href=\"https:\/\/tpvescola.com\/\"><span style=\"color: #ffffff;\">TPV\u00a0<\/span><\/a><\/td>\n<td style=\"width: 201px; background-color: #05f0b1; height: 87px; text-align: center;\"><a href=\"https:\/\/agora.xtec.cat\/ceiplestelada\/lescola\/consell-escolar\/\"><span style=\"color: #ffffff;\">CONSELL ESCOLAR<\/span><\/a><\/td>\n<\/tr>\n<\/tbody>\n<\/table>\n<p>&nbsp;<\/p>\n<p>&nbsp;<\/p>\n<p>&nbsp;<\/p>\n<p>&nbsp;<\/p>\n<p>&nbsp;<\/p>\n","protected":false},"excerpt":{"rendered":"<p>&nbsp; Els centres educatius acosten els alumnes a una realitat m\u00e9s \u00e0mplia que els ajuda en el proc\u00e9s de socialitzaci\u00f3 i maduresa. L\u2019escola, com a instituci\u00f3 social responsable de l\u2019educaci\u00f3 formal, t\u00e9 com a funci\u00f3 atorgar a tots els alumnes les compet\u00e8ncies i els coneixements necessaris per esdevenir ciutadans qualificats i capa\u00e7os de conviure amb [&hellip;]<\/p>\n","protected":false},"author":1,"featured_media":0,"parent":0,"menu_order":0,"comment_status":"closed","ping_status":"closed","template":"page-templates\/side-menu.php","meta":{"_bbp_topic_count":0,"_bbp_reply_count":0,"_bbp_total_topic_count":0,"_bbp_total_reply_count":0,"_bbp_voice_count":0,"_bbp_anonymous_reply_count":0,"_bbp_topic_count_hidden":0,"_bbp_reply_count_hidden":0,"_bbp_forum_subforum_count":0,"site-sidebar-layout":"default","site-content-layout":"","ast-site-content-layout":"","site-content-style":"default","site-sidebar-style":"default","ast-global-header-display":"","ast-banner-title-visibility":"","ast-main-header-display":"","ast-hfb-above-header-display":"","ast-hfb-below-header-display":"","ast-hfb-mobile-header-display":"","site-post-title":"","ast-breadcrumbs-content":"","ast-featured-img":"","footer-sml-layout":"","theme-transparent-header-meta":"","adv-header-id-meta":"","stick-header-meta":"","header-above-stick-meta":"","header-main-stick-meta":"","header-below-stick-meta":"","astra-migrate-meta-layouts":"default","ast-page-background-enabled":"default","ast-page-background-meta":{"desktop":{"background-color":"var(--ast-global-color-4)","background-image":"","background-repeat":"repeat","background-position":"center center","background-size":"auto","background-attachment":"scroll","background-type":"","background-media":"","overlay-type":"","overlay-color":"","overlay-opacity":"","overlay-gradient":""},"tablet":{"background-color":"","background-image":"","background-repeat":"repeat","background-position":"center center","background-size":"auto","background-attachment":"scroll","background-type":"","background-media":"","overlay-type":"","overlay-color":"","overlay-opacity":"","overlay-gradient":""},"mobile":{"background-color":"","background-image":"","background-repeat":"repeat","background-position":"center center","background-size":"auto","background-attachment":"scroll","background-type":"","background-media":"","overlay-type":"","overlay-color":"","overlay-opacity":"","overlay-gradient":""}},"ast-content-background-meta":{"desktop":{"background-color":"var(--ast-global-color-5)","background-image":"","background-repeat":"repeat","background-position":"center center","background-size":"auto","background-attachment":"scroll","background-type":"","background-media":"","overlay-type":"","overlay-color":"","overlay-opacity":"","overlay-gradient":""},"tablet":{"background-color":"var(--ast-global-color-5)","background-image":"","background-repeat":"repeat","background-position":"center center","background-size":"auto","background-attachment":"scroll","background-type":"","background-media":"","overlay-type":"","overlay-color":"","overlay-opacity":"","overlay-gradient":""},"mobile":{"background-color":"var(--ast-global-color-5)","background-image":"","background-repeat":"repeat","background-position":"center center","background-size":"auto","background-attachment":"scroll","background-type":"","background-media":"","overlay-type":"","overlay-color":"","overlay-opacity":"","overlay-gradient":""}},"footnotes":""},"class_list":["post-250","page","type-page","status-publish","hentry"],"post_mailing_queue_ids":[],"_links":{"self":[{"href":"https:\/\/agora.xtec.cat\/ceiplestelada\/wp-json\/wp\/v2\/pages\/250","targetHints":{"allow":["GET"]}}],"collection":[{"href":"https:\/\/agora.xtec.cat\/ceiplestelada\/wp-json\/wp\/v2\/pages"}],"about":[{"href":"https:\/\/agora.xtec.cat\/ceiplestelada\/wp-json\/wp\/v2\/types\/page"}],"author":[{"embeddable":true,"href":"https:\/\/agora.xtec.cat\/ceiplestelada\/wp-json\/wp\/v2\/users\/1"}],"replies":[{"embeddable":true,"href":"https:\/\/agora.xtec.cat\/ceiplestelada\/wp-json\/wp\/v2\/comments?post=250"}],"version-history":[{"count":4,"href":"https:\/\/agora.xtec.cat\/ceiplestelada\/wp-json\/wp\/v2\/pages\/250\/revisions"}],"predecessor-version":[{"id":3648,"href":"https:\/\/agora.xtec.cat\/ceiplestelada\/wp-json\/wp\/v2\/pages\/250\/revisions\/3648"}],"wp:attachment":[{"href":"https:\/\/agora.xtec.cat\/ceiplestelada\/wp-json\/wp\/v2\/media?parent=250"}],"curies":[{"name":"wp","href":"https:\/\/api.w.org\/{rel}","templated":true}]}}