{"id":9,"date":"2014-09-17T15:08:18","date_gmt":"2014-09-17T15:08:18","guid":{"rendered":"http:\/\/agora.xtec.cat\/ceiplessavines\/?page_id=9"},"modified":"2026-04-23T10:47:05","modified_gmt":"2026-04-23T08:47:05","slug":"pagina-dinici-buida","status":"publish","type":"page","link":"https:\/\/agora.xtec.cat\/ceiplessavines\/","title":{"rendered":"Preinscripci\u00f3 26-27"},"content":{"rendered":"<p>&nbsp;<\/p>\n<table style=\"border-collapse: collapse; width: 56.7425%; height: 594px;\">\n<tbody>\n<tr style=\"height: 74px;\">\n<td style=\"width: 51.2022%; text-align: center; height: 74px;\" colspan=\"2\"><a href=\"https:\/\/agora.xtec.cat\/ceiplessavines\/pagines-dinici\/pagina-dinici-buida\/attachment\/captura-de-pantalla-2026-03-05-092057\/\" rel=\"attachment wp-att-9382\"><img loading=\"lazy\" decoding=\"async\" class=\"alignnone size-full wp-image-9382\" src=\"https:\/\/agora.xtec.cat\/ceiplessavines\/wp-content\/uploads\/usu230\/2026\/03\/Captura-de-pantalla-2026-03-05-092057.jpg\" alt=\"\" width=\"398\" height=\"118\" srcset=\"https:\/\/agora.xtec.cat\/ceiplessavines\/wp-content\/uploads\/usu230\/2026\/03\/Captura-de-pantalla-2026-03-05-092057.jpg 398w, https:\/\/agora.xtec.cat\/ceiplessavines\/wp-content\/uploads\/usu230\/2026\/03\/Captura-de-pantalla-2026-03-05-092057-300x89.jpg 300w\" sizes=\"auto, (max-width: 398px) 100vw, 398px\" \/><\/a><\/td>\n<\/tr>\n<tr style=\"height: 52px;\">\n<td style=\"width: 31.6108%; height: 52px; text-align: center;\"><a href=\"https:\/\/drive.google.com\/file\/d\/1qcjt-IpY6TpZhCZaiGlKuf5D7zlcUMT7\/view?usp=sharing\">Publicaci\u00f3 oferta inicial de places<\/a><\/td>\n<td style=\"width: 19.5914%; height: 52px; text-align: center;\">3 de mar\u00e7<\/td>\n<\/tr>\n<tr style=\"height: 52px;\">\n<td style=\"width: 31.6108%; height: 52px; text-align: center;\"><a href=\"https:\/\/preinscripcio.gencat.cat\/ca\/inici\/\">Presentaci\u00f3 sol\u00b7licituds en l\u00ednia<\/a><\/td>\n<td style=\"width: 19.5914%; height: 52px; text-align: center;\">4 al 18 de mar\u00e7<\/td>\n<\/tr>\n<tr style=\"height: 52px;\">\n<td style=\"width: 31.6108%; height: 52px; text-align: center;\">Presentaci\u00f3 documentaci\u00f3 en cas que es sol\u00b7liciti<\/td>\n<td style=\"width: 19.5914%; height: 52px; text-align: center;\">19 de mar\u00e7<\/td>\n<\/tr>\n<tr style=\"height: 52px;\">\n<td style=\"width: 31.6108%; height: 52px; text-align: center;\"><a href=\"https:\/\/drive.google.com\/file\/d\/1S8-s5cA8FNtl71cRjmehR5hZAFWtsz-k\/view?usp=sharing\">Publicaci\u00f3 llistes de sol\u00b7licituds amb puntuaci\u00f3 provisional<\/a><\/td>\n<td style=\"width: 19.5914%; height: 52px; text-align: center;\">15 d&#8217;abril<\/td>\n<\/tr>\n<tr style=\"height: 52px;\">\n<td style=\"width: 31.6108%; height: 52px; text-align: center;\">Presentaci\u00f3 reclamacions<\/td>\n<td style=\"width: 19.5914%; height: 52px; text-align: center;\">15 al 20 d&#8217;abril<\/td>\n<\/tr>\n<tr style=\"height: 52px;\">\n<td style=\"width: 31.6108%; height: 52px; text-align: center;\"><a href=\"https:\/\/drive.google.com\/file\/d\/1pA63fyp7bgqlHgbwdXzv508-TIjbNCzr\/view?usp=sharing\">Publicaci\u00f3 llista amb puntuacions resoltes les reclamacions<\/a><\/td>\n<td style=\"width: 19.5914%; height: 52px; text-align: center;\">23 d&#8217;abril<\/td>\n<\/tr>\n<tr style=\"height: 52px;\">\n<td style=\"width: 31.6108%; height: 52px; text-align: center;\">Sorteig<\/td>\n<td style=\"width: 19.5914%; height: 52px; text-align: center;\">28 d&#8217;abril<\/td>\n<\/tr>\n<tr style=\"height: 52px;\">\n<td style=\"width: 31.6108%; height: 52px; text-align: center;\">Publicaci\u00f3 llista ordenada<\/td>\n<td style=\"width: 19.5914%; height: 52px; text-align: center;\">29 d&#8217;abril<\/td>\n<\/tr>\n<tr style=\"height: 52px;\">\n<td style=\"width: 31.6108%; height: 52px; text-align: center;\">Publicaci\u00f3 oferta final i publicaci\u00f3 llista admesos i llista d&#8217;espera<\/td>\n<td style=\"width: 19.5914%; height: 52px; text-align: center;\">10 de juny<\/td>\n<\/tr>\n<tr style=\"height: 52px;\">\n<td style=\"width: 31.6108%; height: 52px; text-align: center;\">Per\u00edode de matr\u00edcula infantil i prim\u00e0ria (al centre)<\/td>\n<td style=\"width: 19.5914%; height: 52px; text-align: center;\">10 al 17 de juny<\/td>\n<\/tr>\n<\/tbody>\n<\/table>\n<p>&nbsp;<\/p>\n<p>&nbsp;<\/p>\n","protected":false},"excerpt":{"rendered":"<p>&nbsp; Publicaci\u00f3 oferta inicial de places 3 de mar\u00e7 Presentaci\u00f3 sol\u00b7licituds en l\u00ednia 4 al 18 de mar\u00e7 Presentaci\u00f3 documentaci\u00f3 en cas que es sol\u00b7liciti 19 de mar\u00e7 Publicaci\u00f3 llistes de sol\u00b7licituds amb puntuaci\u00f3 provisional 15 d&#8217;abril Presentaci\u00f3 reclamacions 15 al 20 d&#8217;abril Publicaci\u00f3 llista amb puntuacions resoltes les reclamacions 23 d&#8217;abril Sorteig 28 d&#8217;abril [&hellip;]<\/p>\n","protected":false},"author":2,"featured_media":0,"parent":7,"menu_order":0,"comment_status":"closed","ping_status":"closed","template":"","meta":{"_bbp_topic_count":0,"_bbp_reply_count":0,"_bbp_total_topic_count":0,"_bbp_total_reply_count":0,"_bbp_voice_count":0,"_bbp_anonymous_reply_count":0,"_bbp_topic_count_hidden":0,"_bbp_reply_count_hidden":0,"_bbp_forum_subforum_count":0,"site-sidebar-layout":"default","site-content-layout":"","ast-site-content-layout":"default","site-content-style":"default","site-sidebar-style":"default","ast-global-header-display":"","ast-banner-title-visibility":"","ast-main-header-display":"","ast-hfb-above-header-display":"","ast-hfb-below-header-display":"","ast-hfb-mobile-header-display":"","site-post-title":"","ast-breadcrumbs-content":"","ast-featured-img":"","footer-sml-layout":"","theme-transparent-header-meta":"default","adv-header-id-meta":"","stick-header-meta":"","header-above-stick-meta":"","header-main-stick-meta":"","header-below-stick-meta":"","astra-migrate-meta-layouts":"set","ast-page-background-enabled":"default","ast-page-background-meta":{"desktop":{"background-color":"var(--ast-global-color-4)","background-image":"","background-repeat":"repeat","background-position":"center center","background-size":"auto","background-attachment":"scroll","background-type":"","background-media":"","overlay-type":"","overlay-color":"","overlay-opacity":"","overlay-gradient":""},"tablet":{"background-color":"","background-image":"","background-repeat":"repeat","background-position":"center center","background-size":"auto","background-attachment":"scroll","background-type":"","background-media":"","overlay-type":"","overlay-color":"","overlay-opacity":"","overlay-gradient":""},"mobile":{"background-color":"","background-image":"","background-repeat":"repeat","background-position":"center center","background-size":"auto","background-attachment":"scroll","background-type":"","background-media":"","overlay-type":"","overlay-color":"","overlay-opacity":"","overlay-gradient":""}},"ast-content-background-meta":{"desktop":{"background-color":"var(--ast-global-color-5)","background-image":"","background-repeat":"repeat","background-position":"center center","background-size":"auto","background-attachment":"scroll","background-type":"","background-media":"","overlay-type":"","overlay-color":"","overlay-opacity":"","overlay-gradient":""},"tablet":{"background-color":"var(--ast-global-color-5)","background-image":"","background-repeat":"repeat","background-position":"center center","background-size":"auto","background-attachment":"scroll","background-type":"","background-media":"","overlay-type":"","overlay-color":"","overlay-opacity":"","overlay-gradient":""},"mobile":{"background-color":"var(--ast-global-color-5)","background-image":"","background-repeat":"repeat","background-position":"center center","background-size":"auto","background-attachment":"scroll","background-type":"","background-media":"","overlay-type":"","overlay-color":"","overlay-opacity":"","overlay-gradient":""}},"footnotes":""},"class_list":["post-9","page","type-page","status-publish","hentry"],"post_mailing_queue_ids":[],"_links":{"self":[{"href":"https:\/\/agora.xtec.cat\/ceiplessavines\/wp-json\/wp\/v2\/pages\/9","targetHints":{"allow":["GET"]}}],"collection":[{"href":"https:\/\/agora.xtec.cat\/ceiplessavines\/wp-json\/wp\/v2\/pages"}],"about":[{"href":"https:\/\/agora.xtec.cat\/ceiplessavines\/wp-json\/wp\/v2\/types\/page"}],"author":[{"embeddable":true,"href":"https:\/\/agora.xtec.cat\/ceiplessavines\/wp-json\/wp\/v2\/users\/2"}],"replies":[{"embeddable":true,"href":"https:\/\/agora.xtec.cat\/ceiplessavines\/wp-json\/wp\/v2\/comments?post=9"}],"version-history":[{"count":6,"href":"https:\/\/agora.xtec.cat\/ceiplessavines\/wp-json\/wp\/v2\/pages\/9\/revisions"}],"predecessor-version":[{"id":9390,"href":"https:\/\/agora.xtec.cat\/ceiplessavines\/wp-json\/wp\/v2\/pages\/9\/revisions\/9390"}],"up":[{"embeddable":true,"href":"https:\/\/agora.xtec.cat\/ceiplessavines\/wp-json\/wp\/v2\/pages\/7"}],"wp:attachment":[{"href":"https:\/\/agora.xtec.cat\/ceiplessavines\/wp-json\/wp\/v2\/media?parent=9"}],"curies":[{"name":"wp","href":"https:\/\/api.w.org\/{rel}","templated":true}]}}