{"id":240,"date":"2015-07-03T16:19:45","date_gmt":"2015-07-03T15:19:45","guid":{"rendered":"http:\/\/agora.xtec.cat\/ceiplessavines\/?page_id=240"},"modified":"2020-12-18T16:33:09","modified_gmt":"2020-12-18T15:33:09","slug":"linia-metodologica","status":"publish","type":"page","link":"https:\/\/agora.xtec.cat\/ceiplessavines\/documents-del-centre\/linia-metodologica\/","title":{"rendered":"Projecte educatiu"},"content":{"rendered":"<p><strong>L&#8217;objectiu principal de l&#8217;escola, \u00e9s aconseguir que l\u2019alumnat assoleixi les compet\u00e8ncies i les capacitats b\u00e0siques.<\/strong><\/p>\n<p style=\"text-align: left;\">Aquest gran objectiu ens porta a ensenyar i educar pel:<\/p>\n<ul>\n<li style=\"text-align: left; padding-left: 30px;\"><span style=\"color: #008000;\">APRENDRE A CON\u00c8IXER<\/span><\/li>\n<li style=\"text-align: left; padding-left: 30px;\"><span style=\"color: #008000;\">APRENDRE A SER<\/span><\/li>\n<li style=\"text-align: left; padding-left: 30px;\"><span style=\"color: #008000;\">APRENDRE A FER<\/span><\/li>\n<li style=\"text-align: left; padding-left: 30px;\"><span style=\"color: #008000;\">APRENDRE A VIURE JUNTS<\/span><\/li>\n<\/ul>\n<p style=\"text-align: left;\">Si voleu, podeu consultar el document: <a href=\"https:\/\/drive.google.com\/file\/d\/13hiyVIaXUxwqMhq4Y2RSJU9e2vBbEBFx\/view?usp=sharing\" target=\"_blank\" rel=\"noopener noreferrer\">PROJECTE EDUCATIU DE CENTRE<\/a><\/p>\n<h4><span style=\"color: #339966;\">\u00a0<\/span><\/h4>\n<h4><span style=\"color: #339966;\"><strong>L\u00edNIA METODOL\u00d2GICA<\/strong>:<\/span><\/h4>\n<table>\n<tbody>\n<tr>\n<td style=\"text-align: center;\"><a href=\"http:\/\/agora.xtec.cat\/ceiplessavines\/wp-content\/uploads\/usu230\/2015\/07\/1.-IMG_1377.redimensionada.jpg\"><img loading=\"lazy\" decoding=\"async\" class=\"aligncenter wp-image-428 size-medium\" src=\"http:\/\/agora.xtec.cat\/ceiplessavines\/wp-content\/uploads\/usu230\/2015\/07\/1.-IMG_1377.redimensionada-300x225.jpg\" alt=\"1. IMG_1377.redimensionada\" width=\"300\" height=\"225\" srcset=\"https:\/\/agora.xtec.cat\/ceiplessavines\/wp-content\/uploads\/usu230\/2015\/07\/1.-IMG_1377.redimensionada-300x225.jpg 300w, https:\/\/agora.xtec.cat\/ceiplessavines\/wp-content\/uploads\/usu230\/2015\/07\/1.-IMG_1377.redimensionada-200x150.jpg 200w, https:\/\/agora.xtec.cat\/ceiplessavines\/wp-content\/uploads\/usu230\/2015\/07\/1.-IMG_1377.redimensionada.jpg 640w\" sizes=\"auto, (max-width: 300px) 100vw, 300px\" \/><\/a>Potenciar un aprenentatge actiu i significatiu.<\/td>\n<td style=\"text-align: center;\"><a href=\"http:\/\/agora.xtec.cat\/ceiplessavines\/wp-content\/uploads\/usu230\/2015\/07\/2.-sortidaDSCN4949.redimensionada.jpg\"><img loading=\"lazy\" decoding=\"async\" class=\"aligncenter wp-image-429 size-medium\" src=\"http:\/\/agora.xtec.cat\/ceiplessavines\/wp-content\/uploads\/usu230\/2015\/07\/2.-sortidaDSCN4949.redimensionada-300x225.jpg\" alt=\"2. sortidaDSCN4949.redimensionada\" width=\"300\" height=\"225\" srcset=\"https:\/\/agora.xtec.cat\/ceiplessavines\/wp-content\/uploads\/usu230\/2015\/07\/2.-sortidaDSCN4949.redimensionada-300x225.jpg 300w, https:\/\/agora.xtec.cat\/ceiplessavines\/wp-content\/uploads\/usu230\/2015\/07\/2.-sortidaDSCN4949.redimensionada-200x150.jpg 200w, https:\/\/agora.xtec.cat\/ceiplessavines\/wp-content\/uploads\/usu230\/2015\/07\/2.-sortidaDSCN4949.redimensionada.jpg 640w\" sizes=\"auto, (max-width: 300px) 100vw, 300px\" \/><\/a>Utilitzar les sortides com a recurs per consolidar els aprenentatges.<\/td>\n<\/tr>\n<tr>\n<td style=\"text-align: center;\"><a href=\"http:\/\/agora.xtec.cat\/ceiplessavines\/wp-content\/uploads\/usu230\/2015\/07\/3.-CIMG5625.redimensionada.jpg\"><img loading=\"lazy\" decoding=\"async\" class=\"aligncenter wp-image-431 size-medium\" src=\"http:\/\/agora.xtec.cat\/ceiplessavines\/wp-content\/uploads\/usu230\/2015\/07\/3.-CIMG5625.redimensionada-300x225.jpg\" alt=\"3. CIMG5625.redimensionada\" width=\"300\" height=\"225\" srcset=\"https:\/\/agora.xtec.cat\/ceiplessavines\/wp-content\/uploads\/usu230\/2015\/07\/3.-CIMG5625.redimensionada-300x225.jpg 300w, https:\/\/agora.xtec.cat\/ceiplessavines\/wp-content\/uploads\/usu230\/2015\/07\/3.-CIMG5625.redimensionada-200x150.jpg 200w, https:\/\/agora.xtec.cat\/ceiplessavines\/wp-content\/uploads\/usu230\/2015\/07\/3.-CIMG5625.redimensionada.jpg 640w\" sizes=\"auto, (max-width: 300px) 100vw, 300px\" \/><\/a> Realitzar projectes.<\/td>\n<td><a href=\"http:\/\/agora.xtec.cat\/ceiplessavines\/wp-content\/uploads\/usu230\/2015\/07\/DSCN4034.redimensionada.jpg\"><img loading=\"lazy\" decoding=\"async\" class=\"aligncenter size-medium wp-image-444\" src=\"http:\/\/agora.xtec.cat\/ceiplessavines\/wp-content\/uploads\/usu230\/2015\/07\/DSCN4034.redimensionada-300x225.jpg\" alt=\"DSCN4034.redimensionada\" width=\"300\" height=\"225\" srcset=\"https:\/\/agora.xtec.cat\/ceiplessavines\/wp-content\/uploads\/usu230\/2015\/07\/DSCN4034.redimensionada-300x225.jpg 300w, https:\/\/agora.xtec.cat\/ceiplessavines\/wp-content\/uploads\/usu230\/2015\/07\/DSCN4034.redimensionada-200x150.jpg 200w, https:\/\/agora.xtec.cat\/ceiplessavines\/wp-content\/uploads\/usu230\/2015\/07\/DSCN4034.redimensionada.jpg 500w\" sizes=\"auto, (max-width: 300px) 100vw, 300px\" \/><\/a>Treballar un eix transversal que impliqui la participaci\u00f3 de tota l&#8217;escola.<\/td>\n<\/tr>\n<tr>\n<td style=\"text-align: center;\"><a href=\"http:\/\/agora.xtec.cat\/ceiplessavines\/wp-content\/uploads\/usu230\/2015\/07\/5.-CIMG4421.redimensionada.jpg\"><img loading=\"lazy\" decoding=\"async\" class=\"aligncenter wp-image-432 size-medium\" src=\"http:\/\/agora.xtec.cat\/ceiplessavines\/wp-content\/uploads\/usu230\/2015\/07\/5.-CIMG4421.redimensionada-300x225.jpg\" alt=\"5. CIMG4421.redimensionada\" width=\"300\" height=\"225\" srcset=\"https:\/\/agora.xtec.cat\/ceiplessavines\/wp-content\/uploads\/usu230\/2015\/07\/5.-CIMG4421.redimensionada-300x225.jpg 300w, https:\/\/agora.xtec.cat\/ceiplessavines\/wp-content\/uploads\/usu230\/2015\/07\/5.-CIMG4421.redimensionada-200x150.jpg 200w, https:\/\/agora.xtec.cat\/ceiplessavines\/wp-content\/uploads\/usu230\/2015\/07\/5.-CIMG4421.redimensionada.jpg 640w\" sizes=\"auto, (max-width: 300px) 100vw, 300px\" \/><\/a>Impulsar el treball de les lleng\u00fces (catal\u00e0, castell\u00e0 i angl\u00e8s) des de totes les \u00e0rees curriculars.<\/td>\n<td style=\"text-align: center;\"><a href=\"http:\/\/agora.xtec.cat\/ceiplessavines\/wp-content\/uploads\/usu230\/2015\/07\/6.-IMG_1359.redimensionada.jpg\"><img loading=\"lazy\" decoding=\"async\" class=\"aligncenter wp-image-433 size-medium\" src=\"http:\/\/agora.xtec.cat\/ceiplessavines\/wp-content\/uploads\/usu230\/2015\/07\/6.-IMG_1359.redimensionada-300x225.jpg\" alt=\"6. IMG_1359.redimensionada\" width=\"300\" height=\"225\" srcset=\"https:\/\/agora.xtec.cat\/ceiplessavines\/wp-content\/uploads\/usu230\/2015\/07\/6.-IMG_1359.redimensionada-300x225.jpg 300w, https:\/\/agora.xtec.cat\/ceiplessavines\/wp-content\/uploads\/usu230\/2015\/07\/6.-IMG_1359.redimensionada-200x150.jpg 200w, https:\/\/agora.xtec.cat\/ceiplessavines\/wp-content\/uploads\/usu230\/2015\/07\/6.-IMG_1359.redimensionada.jpg 640w\" sizes=\"auto, (max-width: 300px) 100vw, 300px\" \/><\/a> Realitzar racons i tallers.<\/td>\n<\/tr>\n<tr>\n<td style=\"text-align: center;\"><a href=\"http:\/\/agora.xtec.cat\/ceiplessavines\/wp-content\/uploads\/usu230\/2015\/07\/7.-lectura-IMG_3472.redimensionada.jpg\"><img loading=\"lazy\" decoding=\"async\" class=\"aligncenter wp-image-434 size-medium\" src=\"http:\/\/agora.xtec.cat\/ceiplessavines\/wp-content\/uploads\/usu230\/2015\/07\/7.-lectura-IMG_3472.redimensionada-300x225.jpg\" alt=\"7. lectura IMG_3472.redimensionada\" width=\"300\" height=\"225\" srcset=\"https:\/\/agora.xtec.cat\/ceiplessavines\/wp-content\/uploads\/usu230\/2015\/07\/7.-lectura-IMG_3472.redimensionada-300x225.jpg 300w, https:\/\/agora.xtec.cat\/ceiplessavines\/wp-content\/uploads\/usu230\/2015\/07\/7.-lectura-IMG_3472.redimensionada-200x150.jpg 200w, https:\/\/agora.xtec.cat\/ceiplessavines\/wp-content\/uploads\/usu230\/2015\/07\/7.-lectura-IMG_3472.redimensionada.jpg 640w\" sizes=\"auto, (max-width: 300px) 100vw, 300px\" \/><\/a>Dinamitzar la lectura com a font de plaer i de coneixement.<\/td>\n<td style=\"text-align: center;\"><a href=\"http:\/\/agora.xtec.cat\/ceiplessavines\/wp-content\/uploads\/usu230\/2015\/07\/8.-IMG_3121.redimensionada.jpg\"><img loading=\"lazy\" decoding=\"async\" class=\"aligncenter wp-image-435 size-medium\" src=\"http:\/\/agora.xtec.cat\/ceiplessavines\/wp-content\/uploads\/usu230\/2015\/07\/8.-IMG_3121.redimensionada-300x225.jpg\" alt=\"8. IMG_3121.redimensionada\" width=\"300\" height=\"225\" srcset=\"https:\/\/agora.xtec.cat\/ceiplessavines\/wp-content\/uploads\/usu230\/2015\/07\/8.-IMG_3121.redimensionada-300x225.jpg 300w, https:\/\/agora.xtec.cat\/ceiplessavines\/wp-content\/uploads\/usu230\/2015\/07\/8.-IMG_3121.redimensionada-200x150.jpg 200w, https:\/\/agora.xtec.cat\/ceiplessavines\/wp-content\/uploads\/usu230\/2015\/07\/8.-IMG_3121.redimensionada.jpg 640w\" sizes=\"auto, (max-width: 300px) 100vw, 300px\" \/><\/a>Usar les noves tecnologies en els aprenentatges.<\/td>\n<\/tr>\n<tr>\n<td style=\"text-align: center;\"><a href=\"http:\/\/agora.xtec.cat\/ceiplessavines\/wp-content\/uploads\/usu230\/2015\/07\/9.-DSCN5219.redimensionada.jpg\"><img loading=\"lazy\" decoding=\"async\" class=\"aligncenter wp-image-436 size-medium\" src=\"http:\/\/agora.xtec.cat\/ceiplessavines\/wp-content\/uploads\/usu230\/2015\/07\/9.-DSCN5219.redimensionada-300x225.jpg\" alt=\"9. DSCN5219.redimensionada\" width=\"300\" height=\"225\" srcset=\"https:\/\/agora.xtec.cat\/ceiplessavines\/wp-content\/uploads\/usu230\/2015\/07\/9.-DSCN5219.redimensionada-300x225.jpg 300w, https:\/\/agora.xtec.cat\/ceiplessavines\/wp-content\/uploads\/usu230\/2015\/07\/9.-DSCN5219.redimensionada-200x150.jpg 200w, https:\/\/agora.xtec.cat\/ceiplessavines\/wp-content\/uploads\/usu230\/2015\/07\/9.-DSCN5219.redimensionada.jpg 640w\" sizes=\"auto, (max-width: 300px) 100vw, 300px\" \/><\/a>Fomentar les activitats que ajuden a l&#8217;alumnat a adquirir les diferents capacitats\/compet\u00e8ncies b\u00e0siques.<\/td>\n<td style=\"text-align: center;\"><a href=\"http:\/\/agora.xtec.cat\/ceiplessavines\/wp-content\/uploads\/usu230\/2015\/07\/10.-coopertiu-CIMG5033.redimensionada.jpg\"><img loading=\"lazy\" decoding=\"async\" class=\"aligncenter wp-image-437 size-medium\" src=\"http:\/\/agora.xtec.cat\/ceiplessavines\/wp-content\/uploads\/usu230\/2015\/07\/10.-coopertiu-CIMG5033.redimensionada-300x225.jpg\" alt=\"10. coopertiu CIMG5033.redimensionada\" width=\"300\" height=\"225\" srcset=\"https:\/\/agora.xtec.cat\/ceiplessavines\/wp-content\/uploads\/usu230\/2015\/07\/10.-coopertiu-CIMG5033.redimensionada-300x225.jpg 300w, https:\/\/agora.xtec.cat\/ceiplessavines\/wp-content\/uploads\/usu230\/2015\/07\/10.-coopertiu-CIMG5033.redimensionada-200x150.jpg 200w, https:\/\/agora.xtec.cat\/ceiplessavines\/wp-content\/uploads\/usu230\/2015\/07\/10.-coopertiu-CIMG5033.redimensionada.jpg 640w\" sizes=\"auto, (max-width: 300px) 100vw, 300px\" \/><\/a>Fomentar l&#8217;aprenentatge mitjan\u00e7ant el Treball cooperatiu.<\/td>\n<\/tr>\n<tr>\n<td style=\"text-align: center;\">\u00a0<a href=\"http:\/\/agora.xtec.cat\/ceiplessavines\/wp-content\/uploads\/usu230\/2015\/07\/11.-IMG_0169.redimensionada.jpg\"><img loading=\"lazy\" decoding=\"async\" class=\"aligncenter wp-image-438 size-medium\" src=\"http:\/\/agora.xtec.cat\/ceiplessavines\/wp-content\/uploads\/usu230\/2015\/07\/11.-IMG_0169.redimensionada-300x225.jpg\" alt=\"11. IMG_0169.redimensionada\" width=\"300\" height=\"225\" srcset=\"https:\/\/agora.xtec.cat\/ceiplessavines\/wp-content\/uploads\/usu230\/2015\/07\/11.-IMG_0169.redimensionada-300x225.jpg 300w, https:\/\/agora.xtec.cat\/ceiplessavines\/wp-content\/uploads\/usu230\/2015\/07\/11.-IMG_0169.redimensionada-200x150.jpg 200w, https:\/\/agora.xtec.cat\/ceiplessavines\/wp-content\/uploads\/usu230\/2015\/07\/11.-IMG_0169.redimensionada.jpg 640w\" sizes=\"auto, (max-width: 300px) 100vw, 300px\" \/><\/a>Donar suport als alumnes amb dificultats d&#8217;aprenentatge potenciant la seva inclusi\u00f3 a l&#8217;aula.<\/td>\n<td style=\"text-align: center;\"><a href=\"http:\/\/agora.xtec.cat\/ceiplessavines\/wp-content\/uploads\/usu230\/2015\/07\/12-IMG_2272.redimensionada.jpg\"><img loading=\"lazy\" decoding=\"async\" class=\"aligncenter wp-image-439 size-medium\" src=\"http:\/\/agora.xtec.cat\/ceiplessavines\/wp-content\/uploads\/usu230\/2015\/07\/12-IMG_2272.redimensionada-300x225.jpg\" alt=\"12 IMG_2272.redimensionada\" width=\"300\" height=\"225\" srcset=\"https:\/\/agora.xtec.cat\/ceiplessavines\/wp-content\/uploads\/usu230\/2015\/07\/12-IMG_2272.redimensionada-300x225.jpg 300w, https:\/\/agora.xtec.cat\/ceiplessavines\/wp-content\/uploads\/usu230\/2015\/07\/12-IMG_2272.redimensionada-200x150.jpg 200w, https:\/\/agora.xtec.cat\/ceiplessavines\/wp-content\/uploads\/usu230\/2015\/07\/12-IMG_2272.redimensionada.jpg 640w\" sizes=\"auto, (max-width: 300px) 100vw, 300px\" \/><\/a>Potenciar la interacci\u00f3 fam\u00edlia-escola.<\/td>\n<\/tr>\n<\/tbody>\n<\/table>\n","protected":false},"excerpt":{"rendered":"<p>L&#8217;objectiu principal de l&#8217;escola, \u00e9s aconseguir que l\u2019alumnat assoleixi les compet\u00e8ncies i les capacitats b\u00e0siques. Aquest gran objectiu ens porta a ensenyar i educar pel: APRENDRE A CON\u00c8IXER APRENDRE A SER APRENDRE A FER APRENDRE A VIURE JUNTS Si voleu, podeu consultar el document: PROJECTE EDUCATIU DE CENTRE \u00a0 L\u00edNIA METODOL\u00d2GICA: Potenciar un aprenentatge actiu [&hellip;]<\/p>\n","protected":false},"author":1,"featured_media":0,"parent":1966,"menu_order":5,"comment_status":"closed","ping_status":"closed","template":"page-templates\/side-menu.php","meta":{"_bbp_topic_count":0,"_bbp_reply_count":0,"_bbp_total_topic_count":0,"_bbp_total_reply_count":0,"_bbp_voice_count":0,"_bbp_anonymous_reply_count":0,"_bbp_topic_count_hidden":0,"_bbp_reply_count_hidden":0,"_bbp_forum_subforum_count":0,"site-sidebar-layout":"default","site-content-layout":"","ast-site-content-layout":"","site-content-style":"default","site-sidebar-style":"default","ast-global-header-display":"","ast-banner-title-visibility":"","ast-main-header-display":"","ast-hfb-above-header-display":"","ast-hfb-below-header-display":"","ast-hfb-mobile-header-display":"","site-post-title":"","ast-breadcrumbs-content":"","ast-featured-img":"","footer-sml-layout":"","theme-transparent-header-meta":"","adv-header-id-meta":"","stick-header-meta":"","header-above-stick-meta":"","header-main-stick-meta":"","header-below-stick-meta":"","astra-migrate-meta-layouts":"default","ast-page-background-enabled":"default","ast-page-background-meta":{"desktop":{"background-color":"var(--ast-global-color-4)","background-image":"","background-repeat":"repeat","background-position":"center center","background-size":"auto","background-attachment":"scroll","background-type":"","background-media":"","overlay-type":"","overlay-color":"","overlay-opacity":"","overlay-gradient":""},"tablet":{"background-color":"","background-image":"","background-repeat":"repeat","background-position":"center center","background-size":"auto","background-attachment":"scroll","background-type":"","background-media":"","overlay-type":"","overlay-color":"","overlay-opacity":"","overlay-gradient":""},"mobile":{"background-color":"","background-image":"","background-repeat":"repeat","background-position":"center center","background-size":"auto","background-attachment":"scroll","background-type":"","background-media":"","overlay-type":"","overlay-color":"","overlay-opacity":"","overlay-gradient":""}},"ast-content-background-meta":{"desktop":{"background-color":"var(--ast-global-color-5)","background-image":"","background-repeat":"repeat","background-position":"center center","background-size":"auto","background-attachment":"scroll","background-type":"","background-media":"","overlay-type":"","overlay-color":"","overlay-opacity":"","overlay-gradient":""},"tablet":{"background-color":"var(--ast-global-color-5)","background-image":"","background-repeat":"repeat","background-position":"center center","background-size":"auto","background-attachment":"scroll","background-type":"","background-media":"","overlay-type":"","overlay-color":"","overlay-opacity":"","overlay-gradient":""},"mobile":{"background-color":"var(--ast-global-color-5)","background-image":"","background-repeat":"repeat","background-position":"center center","background-size":"auto","background-attachment":"scroll","background-type":"","background-media":"","overlay-type":"","overlay-color":"","overlay-opacity":"","overlay-gradient":""}},"footnotes":""},"class_list":["post-240","page","type-page","status-publish","hentry"],"post_mailing_queue_ids":[],"_links":{"self":[{"href":"https:\/\/agora.xtec.cat\/ceiplessavines\/wp-json\/wp\/v2\/pages\/240","targetHints":{"allow":["GET"]}}],"collection":[{"href":"https:\/\/agora.xtec.cat\/ceiplessavines\/wp-json\/wp\/v2\/pages"}],"about":[{"href":"https:\/\/agora.xtec.cat\/ceiplessavines\/wp-json\/wp\/v2\/types\/page"}],"author":[{"embeddable":true,"href":"https:\/\/agora.xtec.cat\/ceiplessavines\/wp-json\/wp\/v2\/users\/1"}],"replies":[{"embeddable":true,"href":"https:\/\/agora.xtec.cat\/ceiplessavines\/wp-json\/wp\/v2\/comments?post=240"}],"version-history":[{"count":4,"href":"https:\/\/agora.xtec.cat\/ceiplessavines\/wp-json\/wp\/v2\/pages\/240\/revisions"}],"predecessor-version":[{"id":5864,"href":"https:\/\/agora.xtec.cat\/ceiplessavines\/wp-json\/wp\/v2\/pages\/240\/revisions\/5864"}],"up":[{"embeddable":true,"href":"https:\/\/agora.xtec.cat\/ceiplessavines\/wp-json\/wp\/v2\/pages\/1966"}],"wp:attachment":[{"href":"https:\/\/agora.xtec.cat\/ceiplessavines\/wp-json\/wp\/v2\/media?parent=240"}],"curies":[{"name":"wp","href":"https:\/\/api.w.org\/{rel}","templated":true}]}}