{"id":661,"date":"2022-01-28T12:21:55","date_gmt":"2022-01-28T11:21:55","guid":{"rendered":"https:\/\/agora.xtec.cat\/ceiplesfonts\/?page_id=661"},"modified":"2025-06-19T22:54:27","modified_gmt":"2025-06-19T20:54:27","slug":"clicka","status":"publish","type":"page","link":"https:\/\/agora.xtec.cat\/ceiplesfonts\/projecte-educatiu\/projectes-musicals\/clicka\/","title":{"rendered":"La Clika"},"content":{"rendered":"<p>La cantata de <strong>la Clika<\/strong> \u00e9s un projecte impulsat per Les Cases de la M\u00fasica que pret\u00e9n generar afici\u00f3 per la m\u00fasica, apropar les arts esc\u00e8niques a les escoles i treballar valors universals com la solidaritat, la comunitat o la diversitat.<\/p>\n<p><a href=\"https:\/\/agora.xtec.cat\/ceiplesfonts\/wp-content\/uploads\/usu2928\/2022\/02\/la-clika.jpeg\"><img loading=\"lazy\" decoding=\"async\" class=\"wp-image-785 alignleft\" src=\"https:\/\/agora.xtec.cat\/ceiplesfonts\/wp-content\/uploads\/usu2928\/2022\/02\/la-clika-1024x576.jpeg\" alt=\"\" width=\"405\" height=\"228\" srcset=\"https:\/\/agora.xtec.cat\/ceiplesfonts\/wp-content\/uploads\/usu2928\/2022\/02\/la-clika-1024x576.jpeg 1024w, https:\/\/agora.xtec.cat\/ceiplesfonts\/wp-content\/uploads\/usu2928\/2022\/02\/la-clika-300x169.jpeg 300w, https:\/\/agora.xtec.cat\/ceiplesfonts\/wp-content\/uploads\/usu2928\/2022\/02\/la-clika-768x432.jpeg 768w, https:\/\/agora.xtec.cat\/ceiplesfonts\/wp-content\/uploads\/usu2928\/2022\/02\/la-clika.jpeg 1280w\" sizes=\"auto, (max-width: 405px) 100vw, 405px\" \/><\/a><\/p>\n<p style=\"text-align: left;\">Consisteix en l&#8217;aprenentatge escolar d&#8217;una cantata que s&#8217;interpreta pels alumnes a final de curs en m\u00faltiples teatres del territori. Mestres i infants treballen conjuntament les can\u00e7ons de la cantata per tal d&#8217;interioritzar l&#8217;univers musical i de valors creat per La Clika, un grup d&#8217;alumnes de 2n de l&#8217;Escola El Rusc. A Argentona actuaran conjuntament els <strong>alumnes de 2n<\/strong> de les quatre escoles del municipi un concert al teatre La Sala amb l&#8217;acompanyament de m\u00fasics i solistes en directe.<\/p>\n<p style=\"text-align: left;\">La cantata es composa de 11 can\u00e7ons composades i creades per components dels grups Xiula, Gertrudis i XerrameQ que parlen de valors universals com l&#8217;autoestima, l&#8217;amistat, l&#8217;ecologisme, la igualtat de g\u00e8nere o la cooperaci\u00f3. M\u00e9s informaci\u00f3: <a href=\"https:\/\/laclika.cat\/\">laclika.cat<\/a><\/p>\n<p>&nbsp;<\/p>\n<p><iframe loading=\"lazy\" title=\"YouTube video player\" src=\"https:\/\/www.youtube.com\/embed\/Ibx4Udb6M1o?si=qoWS4rShAtL9gdJd\" width=\"800\" height=\"425\" frameborder=\"0\" allowfullscreen=\"allowfullscreen\"><\/iframe><\/p>\n<p><iframe loading=\"lazy\" title=\"YouTube video player\" src=\"https:\/\/www.youtube.com\/embed\/t1mj7BCEV-U?si=MHzpe2bIo-0d47VE\" width=\"800\" height=\"425\" frameborder=\"0\" allowfullscreen=\"allowfullscreen\"><\/iframe><\/p>\n<p><iframe loading=\"lazy\" title=\"YouTube video player\" src=\"https:\/\/www.youtube.com\/embed\/oaZ0wDXVUeA\" width=\"800\" height=\"425\" frameborder=\"0\" allowfullscreen=\"allowfullscreen\"><\/iframe><\/p>\n<p><iframe loading=\"lazy\" title=\"YouTube video player\" src=\"https:\/\/www.youtube.com\/embed\/QYem17m1JPE\" width=\"800\" height=\"475\" frameborder=\"0\" allowfullscreen=\"allowfullscreen\"><span data-mce-type=\"bookmark\" style=\"display: inline-block; width: 0px; overflow: hidden; line-height: 0;\" class=\"mce_SELRES_start\">\ufeff<\/span><\/iframe><br \/>\n<a href=\"https:\/\/agora.xtec.cat\/ceiplesfonts\/wp-content\/uploads\/usu2928\/2022\/02\/logos-la-clika.png\"><img loading=\"lazy\" decoding=\"async\" class=\"alignnone size-large wp-image-783\" src=\"https:\/\/agora.xtec.cat\/ceiplesfonts\/wp-content\/uploads\/usu2928\/2022\/02\/logos-la-clika-1024x130.png\" alt=\"\" width=\"1024\" height=\"130\" srcset=\"https:\/\/agora.xtec.cat\/ceiplesfonts\/wp-content\/uploads\/usu2928\/2022\/02\/logos-la-clika-1024x130.png 1024w, https:\/\/agora.xtec.cat\/ceiplesfonts\/wp-content\/uploads\/usu2928\/2022\/02\/logos-la-clika-300x38.png 300w, https:\/\/agora.xtec.cat\/ceiplesfonts\/wp-content\/uploads\/usu2928\/2022\/02\/logos-la-clika-768x98.png 768w, https:\/\/agora.xtec.cat\/ceiplesfonts\/wp-content\/uploads\/usu2928\/2022\/02\/logos-la-clika-1536x195.png 1536w, https:\/\/agora.xtec.cat\/ceiplesfonts\/wp-content\/uploads\/usu2928\/2022\/02\/logos-la-clika-2048x260.png 2048w\" sizes=\"auto, (max-width: 1024px) 100vw, 1024px\" \/><\/a><\/p>\n","protected":false},"excerpt":{"rendered":"<p>La cantata de la Clika \u00e9s un projecte impulsat per Les Cases de la M\u00fasica que pret\u00e9n generar afici\u00f3 per la m\u00fasica, apropar les arts esc\u00e8niques a les escoles i treballar valors universals com la solidaritat, la comunitat o la diversitat.<br \/>\n<a href=\"https:\/\/agora.xtec.cat\/ceiplesfonts\/wp-content\/uploads\/usu2928\/2022\/02\/la-clika.jpeg\"><\/a><br \/>\nConsisteix en l&#8217;aprenentatge escolar&hellip;  <a href=\"https:\/\/agora.xtec.cat\/ceiplesfonts\/projecte-educatiu\/projectes-musicals\/clicka\/\" title=\"Read La Clika\">Llegeix m\u00e9s\u00bb<\/a><\/p>\n","protected":false},"author":1,"featured_media":0,"parent":602,"menu_order":0,"comment_status":"closed","ping_status":"closed","template":"page-templates\/side-menu.php","meta":{"_bbp_topic_count":0,"_bbp_reply_count":0,"_bbp_total_topic_count":0,"_bbp_total_reply_count":0,"_bbp_voice_count":0,"_bbp_anonymous_reply_count":0,"_bbp_topic_count_hidden":0,"_bbp_reply_count_hidden":0,"_bbp_forum_subforum_count":0,"footnotes":""},"class_list":["post-661","page","type-page","status-publish","hentry"],"post_mailing_queue_ids":[],"_links":{"self":[{"href":"https:\/\/agora.xtec.cat\/ceiplesfonts\/wp-json\/wp\/v2\/pages\/661","targetHints":{"allow":["GET"]}}],"collection":[{"href":"https:\/\/agora.xtec.cat\/ceiplesfonts\/wp-json\/wp\/v2\/pages"}],"about":[{"href":"https:\/\/agora.xtec.cat\/ceiplesfonts\/wp-json\/wp\/v2\/types\/page"}],"author":[{"embeddable":true,"href":"https:\/\/agora.xtec.cat\/ceiplesfonts\/wp-json\/wp\/v2\/users\/1"}],"replies":[{"embeddable":true,"href":"https:\/\/agora.xtec.cat\/ceiplesfonts\/wp-json\/wp\/v2\/comments?post=661"}],"version-history":[{"count":7,"href":"https:\/\/agora.xtec.cat\/ceiplesfonts\/wp-json\/wp\/v2\/pages\/661\/revisions"}],"predecessor-version":[{"id":3163,"href":"https:\/\/agora.xtec.cat\/ceiplesfonts\/wp-json\/wp\/v2\/pages\/661\/revisions\/3163"}],"up":[{"embeddable":true,"href":"https:\/\/agora.xtec.cat\/ceiplesfonts\/wp-json\/wp\/v2\/pages\/602"}],"wp:attachment":[{"href":"https:\/\/agora.xtec.cat\/ceiplesfonts\/wp-json\/wp\/v2\/media?parent=661"}],"curies":[{"name":"wp","href":"https:\/\/api.w.org\/{rel}","templated":true}]}}