{"id":604,"date":"2022-01-26T20:46:58","date_gmt":"2022-01-26T19:46:58","guid":{"rendered":"https:\/\/agora.xtec.cat\/ceiplesfonts\/?page_id=604"},"modified":"2025-06-19T22:56:17","modified_gmt":"2025-06-19T20:56:17","slug":"cantania","status":"publish","type":"page","link":"https:\/\/agora.xtec.cat\/ceiplesfonts\/projecte-educatiu\/projectes-musicals\/cantania\/","title":{"rendered":"Cant\u00e0nia"},"content":{"rendered":"<p style=\"text-align: justify;\"><strong>Cant\u00e0nia<\/strong> \u00e9s una activitat participativa en la que s\u2019inscriuen escolars de cicle mitj\u00e0 i superior de prim\u00e0ria de Catalunya. A l&#8217;escola Les Fonts hi participem amb els alumnes de 5\u00e8 des del curs 2008-2009. Cada any s\u2019estrena una obra encarregada especialment per a aquesta activitat. Els enc\u00e0rrecs, fins a dia d\u2019avui, s\u2019han fet a compositors i escriptors catalans de reconegut prestigi perqu\u00e8 cre\u00efn l\u2019obra atenent les caracter\u00edstiques d\u2019aquesta activitat concreta:<\/p>\n<p>&#8211; Gran cor de nens i nenes a l\u2019escenari<br \/>\n&#8211; Treball b\u00e0sicament a una veu<br \/>\n&#8211; 10 m\u00fasics professionals d\u2019alt nivell<br \/>\n&#8211; Duraci\u00f3 aproximada de 45 minuts<\/p>\n<figure class=\"figure wp-caption alignleft\"><a href=\"https:\/\/agora.xtec.cat\/ceiplesfonts\/wp-content\/uploads\/usu2928\/2022\/02\/cantania-escola-les-fonts-scaled.jpeg\"><img loading=\"lazy\" decoding=\"async\" class=\" wp-image-789\" src=\"https:\/\/agora.xtec.cat\/ceiplesfonts\/wp-content\/uploads\/usu2928\/2022\/02\/cantania-escola-les-fonts-1024x667.jpeg\" alt=\"\" width=\"373\" height=\"243\" srcset=\"https:\/\/agora.xtec.cat\/ceiplesfonts\/wp-content\/uploads\/usu2928\/2022\/02\/cantania-escola-les-fonts-1024x667.jpeg 1024w, https:\/\/agora.xtec.cat\/ceiplesfonts\/wp-content\/uploads\/usu2928\/2022\/02\/cantania-escola-les-fonts-300x195.jpeg 300w, https:\/\/agora.xtec.cat\/ceiplesfonts\/wp-content\/uploads\/usu2928\/2022\/02\/cantania-escola-les-fonts-768x500.jpeg 768w, https:\/\/agora.xtec.cat\/ceiplesfonts\/wp-content\/uploads\/usu2928\/2022\/02\/cantania-escola-les-fonts-1536x1000.jpeg 1536w, https:\/\/agora.xtec.cat\/ceiplesfonts\/wp-content\/uploads\/usu2928\/2022\/02\/cantania-escola-les-fonts-2048x1333.jpeg 2048w\" sizes=\"auto, (max-width: 373px) 100vw, 373px\" \/><\/a><figcaption class=\"wp-caption-text\">Concert Cant\u00e0nia al teatre Monumental de Matar\u00f3<\/figcaption><\/figure>\n<p>&nbsp;<\/p>\n<p><strong>Cant\u00e0nia<\/strong> \u00e9s una activitat amb diferents fases d\u2019actuaci\u00f3:<br \/>\n1\u00aa) Sessions de formaci\u00f3 amb el professorat<br \/>\n2\u00aa) Treball del professorat a la seva aula<br \/>\n3\u00aa) Concerts finals interpretats pels alumnes inscrits Durant tot el curs escolar es treballa tant des de l\u2019organitzaci\u00f3 com des de l\u2019escola.<\/p>\n<p style=\"text-align: justify;\">L\u2019objectiu \u00e9s organitzar un acte pels alumnes que, per les caracter\u00edstiques globals pensades exclusivament per a ells, per la qualitat i per la implicaci\u00f3 personal i col\u00b7lectiva en l\u2019acte, es converteixi en una viv\u00e8ncia musical inoblidable per a tots i totes.<\/p>\n<p>&nbsp;<\/p>\n<p>&nbsp;<\/p>\n<p><iframe loading=\"lazy\" title=\"YouTube video player\" src=\"https:\/\/www.youtube.com\/embed\/_BI27rbIicA\" width=\"460\" height=\"275\" frameborder=\"0\" allowfullscreen=\"allowfullscreen\"><\/iframe><iframe loading=\"lazy\" title=\"YouTube video player\" src=\"https:\/\/www.youtube.com\/embed\/nCUuM3tkx2w\" width=\"460\" height=\"275\" frameborder=\"0\" allowfullscreen=\"allowfullscreen\"><\/iframe> <iframe loading=\"lazy\" title=\"YouTube video player\" src=\"https:\/\/www.youtube.com\/embed\/38EkhUJro3Q\" width=\"460\" height=\"275\" frameborder=\"0\" allowfullscreen=\"allowfullscreen\"><\/iframe><\/p>\n<p>&nbsp;<\/p>\n<p>&nbsp;<\/p>\n<p><a href=\"https:\/\/agora.xtec.cat\/ceiplesfonts\/wp-content\/uploads\/usu2928\/2022\/02\/logos-cantania.png\"><img loading=\"lazy\" decoding=\"async\" class=\"alignnone size-large wp-image-788\" src=\"https:\/\/agora.xtec.cat\/ceiplesfonts\/wp-content\/uploads\/usu2928\/2022\/02\/logos-cantania-1024x123.png\" alt=\"\" width=\"1024\" height=\"123\" srcset=\"https:\/\/agora.xtec.cat\/ceiplesfonts\/wp-content\/uploads\/usu2928\/2022\/02\/logos-cantania-1024x123.png 1024w, https:\/\/agora.xtec.cat\/ceiplesfonts\/wp-content\/uploads\/usu2928\/2022\/02\/logos-cantania-300x36.png 300w, https:\/\/agora.xtec.cat\/ceiplesfonts\/wp-content\/uploads\/usu2928\/2022\/02\/logos-cantania-768x92.png 768w, https:\/\/agora.xtec.cat\/ceiplesfonts\/wp-content\/uploads\/usu2928\/2022\/02\/logos-cantania-1536x184.png 1536w, https:\/\/agora.xtec.cat\/ceiplesfonts\/wp-content\/uploads\/usu2928\/2022\/02\/logos-cantania-2048x246.png 2048w\" sizes=\"auto, (max-width: 1024px) 100vw, 1024px\" \/><\/a><\/p>\n<p>&nbsp;<\/p>\n","protected":false},"excerpt":{"rendered":"<p>Cant\u00e0nia \u00e9s una activitat participativa en la que s\u2019inscriuen escolars de cicle mitj\u00e0 i superior de prim\u00e0ria de Catalunya. A l&#8217;escola Les Fonts hi participem amb els alumnes de 5\u00e8 des del curs 2008-2009. Cada any s\u2019estrena una obra encarregada especialment per a aquesta activitat.&hellip;  <a href=\"https:\/\/agora.xtec.cat\/ceiplesfonts\/projecte-educatiu\/projectes-musicals\/cantania\/\" title=\"Read Cant\u00e0nia\">Llegeix m\u00e9s\u00bb<\/a><\/p>\n","protected":false},"author":1,"featured_media":0,"parent":602,"menu_order":0,"comment_status":"closed","ping_status":"closed","template":"page-templates\/side-menu.php","meta":{"_bbp_topic_count":0,"_bbp_reply_count":0,"_bbp_total_topic_count":0,"_bbp_total_reply_count":0,"_bbp_voice_count":0,"_bbp_anonymous_reply_count":0,"_bbp_topic_count_hidden":0,"_bbp_reply_count_hidden":0,"_bbp_forum_subforum_count":0,"footnotes":""},"class_list":["post-604","page","type-page","status-publish","hentry"],"post_mailing_queue_ids":[],"_links":{"self":[{"href":"https:\/\/agora.xtec.cat\/ceiplesfonts\/wp-json\/wp\/v2\/pages\/604","targetHints":{"allow":["GET"]}}],"collection":[{"href":"https:\/\/agora.xtec.cat\/ceiplesfonts\/wp-json\/wp\/v2\/pages"}],"about":[{"href":"https:\/\/agora.xtec.cat\/ceiplesfonts\/wp-json\/wp\/v2\/types\/page"}],"author":[{"embeddable":true,"href":"https:\/\/agora.xtec.cat\/ceiplesfonts\/wp-json\/wp\/v2\/users\/1"}],"replies":[{"embeddable":true,"href":"https:\/\/agora.xtec.cat\/ceiplesfonts\/wp-json\/wp\/v2\/comments?post=604"}],"version-history":[{"count":5,"href":"https:\/\/agora.xtec.cat\/ceiplesfonts\/wp-json\/wp\/v2\/pages\/604\/revisions"}],"predecessor-version":[{"id":3164,"href":"https:\/\/agora.xtec.cat\/ceiplesfonts\/wp-json\/wp\/v2\/pages\/604\/revisions\/3164"}],"up":[{"embeddable":true,"href":"https:\/\/agora.xtec.cat\/ceiplesfonts\/wp-json\/wp\/v2\/pages\/602"}],"wp:attachment":[{"href":"https:\/\/agora.xtec.cat\/ceiplesfonts\/wp-json\/wp\/v2\/media?parent=604"}],"curies":[{"name":"wp","href":"https:\/\/api.w.org\/{rel}","templated":true}]}}