{"id":602,"date":"2022-01-26T20:46:36","date_gmt":"2022-01-26T19:46:36","guid":{"rendered":"https:\/\/agora.xtec.cat\/ceiplesfonts\/?page_id=602"},"modified":"2025-01-13T09:23:43","modified_gmt":"2025-01-13T08:23:43","slug":"projectes-musicals","status":"publish","type":"page","link":"https:\/\/agora.xtec.cat\/ceiplesfonts\/projecte-educatiu\/projectes-musicals\/","title":{"rendered":"Projectes Musicals"},"content":{"rendered":"<p>A l&#8217;escola Les Fonts est\u00e0 plena de m\u00fasica. \u00c9s present en molts moments i est\u00e0 concretada en diversos projectes que ajuden a dinamitzar-la.<br \/>\nEls m\u00e9s importants s\u00f3n: el Projecte <strong>Fem Dansa<\/strong> (Alumnes de 1r i 2n), Cantata <strong>La Clika<\/strong> (Alumnes de 2n),\u00a0 l&#8217;estada al <strong>CdA Pau Casals<\/strong> (Alumnes de 4t), el Projecte <strong>4Cordes<\/strong> (Alumnes de 3r, 4t i 5\u00e8) i el Projecte <strong>Cant\u00e0nia<\/strong>. Altres esdeveniments musicals importants s\u00f3n: Les danses de la Castanyada, el Concert de Santa Cec\u00edlia, Concert de Nadal al Teatre La Sala, Can\u00e7ons del Dia de la Pau, Gravaci\u00f3 de videoclips, Concerts de final de curs,&#8230;<\/p>\n<p>Cada mat\u00ed, a les entrades, sona m\u00fasica de moltes \u00e8poques i estils molt variats. Cada setmana \u00e9s una proposta diferent i en diem <strong>Bon dia amb Melodia<\/strong>. \u00c9s un projecte que va m\u00e9s enll\u00e0 d&#8217;un fil musical i les can\u00e7ons estan relacionades amb l&#8217;actualitat, amb altres projectes de l&#8217;escola, efem\u00e8rides, etc&#8230; Tenim un <a href=\"http:\/\/blocs.xtec.cat\/bondiaambmelodia\">bloc<\/a> d&#8217;xtec on\u00a0 pengem cada setmana informaci\u00f3, fotos, lletres i molt m\u00e9s.<\/p>\n<p><strong>Danses de la Castanyada<\/strong><br \/>\n<iframe loading=\"lazy\" title=\"YouTube video player\" src=\"https:\/\/www.youtube.com\/embed\/Q26Kjhve1zQ\" width=\"460\" height=\"275\" frameborder=\"0\" allowfullscreen=\"allowfullscreen\"><\/iframe> <iframe loading=\"lazy\" title=\"YouTube video player\" src=\"https:\/\/www.youtube.com\/embed\/AcECcP7XHgU\" width=\"460\" height=\"275\" frameborder=\"0\" allowfullscreen=\"allowfullscreen\"><\/iframe><\/p>\n<p><strong>Concerts de Santa Cec\u00edlia<\/strong><br \/>\n<iframe loading=\"lazy\" title=\"YouTube video player\" src=\"https:\/\/www.youtube.com\/embed\/UP56be3XzGI\" width=\"460\" height=\"275\" frameborder=\"0\" allowfullscreen=\"allowfullscreen\"><\/iframe> <iframe loading=\"lazy\" title=\"YouTube video player\" src=\"https:\/\/www.youtube.com\/embed\/Otn2oeIqlF0\" width=\"460\" height=\"275\" frameborder=\"0\" allowfullscreen=\"allowfullscreen\"><\/iframe><\/p>\n<p><strong>Concerts de Nadal<\/strong><br \/>\n<iframe loading=\"lazy\" title=\"YouTube video player\" src=\"https:\/\/www.youtube.com\/embed\/HFNbwW_CcP4\" width=\"460\" height=\"275\" frameborder=\"0\" allowfullscreen=\"allowfullscreen\"><\/iframe> <iframe loading=\"lazy\" title=\"YouTube video player\" src=\"https:\/\/www.youtube.com\/embed\/GCsrqbQl2fk\" width=\"460\" height=\"275\" frameborder=\"0\" allowfullscreen=\"allowfullscreen\"><\/iframe><\/p>\n<p><strong>Estada al CdA Pau Casals 4t<\/strong><br \/>\n<iframe loading=\"lazy\" title=\"YouTube video player\" src=\"https:\/\/www.youtube.com\/embed\/BeRWz8IjnUQ\" width=\"460\" height=\"275\" frameborder=\"0\" allowfullscreen=\"allowfullscreen\"><\/iframe><br \/>\n<iframe loading=\"lazy\" title=\"YouTube video player\" src=\"https:\/\/www.youtube.com\/embed\/PwG-Zg-9DRw\" width=\"460\" height=\"275\" frameborder=\"0\" allowfullscreen=\"allowfullscreen\"><\/iframe> <iframe loading=\"lazy\" title=\"YouTube video player\" src=\"https:\/\/www.youtube.com\/embed\/BQ5fA0h5pDk\" width=\"460\" height=\"275\" frameborder=\"0\" allowfullscreen=\"allowfullscreen\"><\/iframe><br \/>\n<iframe loading=\"lazy\" title=\"YouTube video player\" src=\"https:\/\/www.youtube.com\/embed\/G0ViO7ksBVM\" width=\"460\" height=\"275\" frameborder=\"0\" allowfullscreen=\"allowfullscreen\"><\/iframe> <iframe loading=\"lazy\" title=\"YouTube video player\" src=\"https:\/\/www.youtube.com\/embed\/ZLtuTdLc05c\" width=\"460\" height=\"275\" frameborder=\"0\" allowfullscreen=\"allowfullscreen\"><\/iframe><\/p>\n<p><strong>Videoclips<\/strong><br \/>\n<iframe loading=\"lazy\" title=\"YouTube video player\" src=\"https:\/\/www.youtube.com\/embed\/ONIN8l6Q7tA\" width=\"460\" height=\"275\" frameborder=\"0\" allowfullscreen=\"allowfullscreen\"><span data-mce-type=\"bookmark\" style=\"display: inline-block; width: 0px; overflow: hidden; line-height: 0;\" class=\"mce_SELRES_start\">\ufeff<\/span><\/iframe> <iframe loading=\"lazy\" title=\"YouTube video player\" src=\"https:\/\/www.youtube.com\/embed\/j3JOcNjbmLQ\" width=\"460\" height=\"275\" frameborder=\"0\" allowfullscreen=\"allowfullscreen\"><\/iframe><br \/>\n<iframe loading=\"lazy\" src=\"https:\/\/player.vimeo.com\/video\/699079213?h=a2e86e0440\" width=\"460&quot;\" height=\"275\" frameborder=\"0\" allowfullscreen=\"allowfullscreen\"><\/iframe><\/p>\n<p><a href=\"https:\/\/vimeo.com\/699079213\">JA SURT EL SOL \/ HERE COMES THE SUN Alumnes de 4t Escola Les Fonts (Argentona)<\/a> from <a href=\"https:\/\/vimeo.com\/escolalesfonts\">Escola Les Fonts<\/a> on <a href=\"https:\/\/vimeo.com\">Vimeo<\/a>.<\/p>\n","protected":false},"excerpt":{"rendered":"<p>A l&#8217;escola Les Fonts est\u00e0 plena de m\u00fasica. \u00c9s present en molts moments i est\u00e0 concretada en diversos projectes que ajuden a dinamitzar-la.<br \/>\nEls m\u00e9s importants s\u00f3n: el Projecte Fem Dansa (Alumnes de 1r i 2n), Cantata La Clika (Alumnes de 2n),\u00a0 l&#8217;estada al CdA Pau&hellip;  <a href=\"https:\/\/agora.xtec.cat\/ceiplesfonts\/projecte-educatiu\/projectes-musicals\/\" title=\"Read Projectes Musicals\">Llegeix m\u00e9s\u00bb<\/a><\/p>\n","protected":false},"author":1,"featured_media":0,"parent":64,"menu_order":13,"comment_status":"closed","ping_status":"closed","template":"page-templates\/side-menu.php","meta":{"_bbp_topic_count":0,"_bbp_reply_count":0,"_bbp_total_topic_count":0,"_bbp_total_reply_count":0,"_bbp_voice_count":0,"_bbp_anonymous_reply_count":0,"_bbp_topic_count_hidden":0,"_bbp_reply_count_hidden":0,"_bbp_forum_subforum_count":0,"footnotes":""},"class_list":["post-602","page","type-page","status-publish","hentry"],"post_mailing_queue_ids":[],"_links":{"self":[{"href":"https:\/\/agora.xtec.cat\/ceiplesfonts\/wp-json\/wp\/v2\/pages\/602","targetHints":{"allow":["GET"]}}],"collection":[{"href":"https:\/\/agora.xtec.cat\/ceiplesfonts\/wp-json\/wp\/v2\/pages"}],"about":[{"href":"https:\/\/agora.xtec.cat\/ceiplesfonts\/wp-json\/wp\/v2\/types\/page"}],"author":[{"embeddable":true,"href":"https:\/\/agora.xtec.cat\/ceiplesfonts\/wp-json\/wp\/v2\/users\/1"}],"replies":[{"embeddable":true,"href":"https:\/\/agora.xtec.cat\/ceiplesfonts\/wp-json\/wp\/v2\/comments?post=602"}],"version-history":[{"count":6,"href":"https:\/\/agora.xtec.cat\/ceiplesfonts\/wp-json\/wp\/v2\/pages\/602\/revisions"}],"predecessor-version":[{"id":2813,"href":"https:\/\/agora.xtec.cat\/ceiplesfonts\/wp-json\/wp\/v2\/pages\/602\/revisions\/2813"}],"up":[{"embeddable":true,"href":"https:\/\/agora.xtec.cat\/ceiplesfonts\/wp-json\/wp\/v2\/pages\/64"}],"wp:attachment":[{"href":"https:\/\/agora.xtec.cat\/ceiplesfonts\/wp-json\/wp\/v2\/media?parent=602"}],"curies":[{"name":"wp","href":"https:\/\/api.w.org\/{rel}","templated":true}]}}