{"id":30,"date":"2014-09-18T12:30:23","date_gmt":"2014-09-18T11:30:23","guid":{"rendered":"http:\/\/agora.xtec.cat\/ceiplescodinetes\/?page_id=30"},"modified":"2024-01-16T09:51:30","modified_gmt":"2024-01-16T08:51:30","slug":"instal%c2%b7lacions","status":"publish","type":"page","link":"https:\/\/agora.xtec.cat\/ceiplescodinetes\/lescola\/instal%c2%b7lacions\/","title":{"rendered":"Instal\u00b7lacions"},"content":{"rendered":"<p><strong>Menjador<\/strong><em><strong> escolar<\/strong><\/em><\/p>\n<p><a href=\"http:\/\/agora.xtec.cat\/ceiplescodinetes\/wp-content\/uploads\/usu1661\/2014\/09\/menjador.png\"><img loading=\"lazy\" decoding=\"async\" class=\"alignnone size-large wp-image-1173\" src=\"http:\/\/agora.xtec.cat\/ceiplescodinetes\/wp-content\/uploads\/usu1661\/2014\/09\/menjador-1024x238.png\" alt=\"\" width=\"1024\" height=\"238\" srcset=\"https:\/\/agora.xtec.cat\/ceiplescodinetes\/wp-content\/uploads\/usu1661\/2014\/09\/menjador-1024x238.png 1024w, https:\/\/agora.xtec.cat\/ceiplescodinetes\/wp-content\/uploads\/usu1661\/2014\/09\/menjador-300x70.png 300w, https:\/\/agora.xtec.cat\/ceiplescodinetes\/wp-content\/uploads\/usu1661\/2014\/09\/menjador-768x179.png 768w, https:\/\/agora.xtec.cat\/ceiplescodinetes\/wp-content\/uploads\/usu1661\/2014\/09\/menjador.png 1392w\" sizes=\"auto, (max-width: 1024px) 100vw, 1024px\" \/><\/a><\/p>\n<p><em><strong>Espais d&#8217;aprenentatge<\/strong><\/em><\/p>\n<p><a href=\"https:\/\/agora.xtec.cat\/ceiplescodinetes\/wp-content\/uploads\/usu1661\/2023\/11\/fe0b91c8-34de-406d-837a-4546f5cde5a6.jpg\"><img loading=\"lazy\" decoding=\"async\" class=\"alignnone size-large wp-image-5846\" src=\"https:\/\/agora.xtec.cat\/ceiplescodinetes\/wp-content\/uploads\/usu1661\/2023\/11\/fe0b91c8-34de-406d-837a-4546f5cde5a6-1024x768.jpg\" alt=\"\" width=\"1024\" height=\"768\" srcset=\"https:\/\/agora.xtec.cat\/ceiplescodinetes\/wp-content\/uploads\/usu1661\/2023\/11\/fe0b91c8-34de-406d-837a-4546f5cde5a6-1024x768.jpg 1024w, https:\/\/agora.xtec.cat\/ceiplescodinetes\/wp-content\/uploads\/usu1661\/2023\/11\/fe0b91c8-34de-406d-837a-4546f5cde5a6-300x225.jpg 300w, https:\/\/agora.xtec.cat\/ceiplescodinetes\/wp-content\/uploads\/usu1661\/2023\/11\/fe0b91c8-34de-406d-837a-4546f5cde5a6-768x576.jpg 768w, https:\/\/agora.xtec.cat\/ceiplescodinetes\/wp-content\/uploads\/usu1661\/2023\/11\/fe0b91c8-34de-406d-837a-4546f5cde5a6-1536x1152.jpg 1536w, https:\/\/agora.xtec.cat\/ceiplescodinetes\/wp-content\/uploads\/usu1661\/2023\/11\/fe0b91c8-34de-406d-837a-4546f5cde5a6-200x150.jpg 200w, https:\/\/agora.xtec.cat\/ceiplescodinetes\/wp-content\/uploads\/usu1661\/2023\/11\/fe0b91c8-34de-406d-837a-4546f5cde5a6.jpg 2000w\" sizes=\"auto, (max-width: 1024px) 100vw, 1024px\" \/><\/a> <a href=\"https:\/\/agora.xtec.cat\/ceiplescodinetes\/wp-content\/uploads\/usu1661\/2023\/11\/216a4b88-3348-4731-bd24-1161e1b1ed41.jpg\"><img loading=\"lazy\" decoding=\"async\" class=\"alignnone size-large wp-image-5847\" src=\"https:\/\/agora.xtec.cat\/ceiplescodinetes\/wp-content\/uploads\/usu1661\/2023\/11\/216a4b88-3348-4731-bd24-1161e1b1ed41-1024x768.jpg\" alt=\"\" width=\"1024\" height=\"768\" srcset=\"https:\/\/agora.xtec.cat\/ceiplescodinetes\/wp-content\/uploads\/usu1661\/2023\/11\/216a4b88-3348-4731-bd24-1161e1b1ed41-1024x768.jpg 1024w, https:\/\/agora.xtec.cat\/ceiplescodinetes\/wp-content\/uploads\/usu1661\/2023\/11\/216a4b88-3348-4731-bd24-1161e1b1ed41-300x225.jpg 300w, https:\/\/agora.xtec.cat\/ceiplescodinetes\/wp-content\/uploads\/usu1661\/2023\/11\/216a4b88-3348-4731-bd24-1161e1b1ed41-768x576.jpg 768w, https:\/\/agora.xtec.cat\/ceiplescodinetes\/wp-content\/uploads\/usu1661\/2023\/11\/216a4b88-3348-4731-bd24-1161e1b1ed41-1536x1152.jpg 1536w, https:\/\/agora.xtec.cat\/ceiplescodinetes\/wp-content\/uploads\/usu1661\/2023\/11\/216a4b88-3348-4731-bd24-1161e1b1ed41-200x150.jpg 200w, https:\/\/agora.xtec.cat\/ceiplescodinetes\/wp-content\/uploads\/usu1661\/2023\/11\/216a4b88-3348-4731-bd24-1161e1b1ed41.jpg 2000w\" sizes=\"auto, (max-width: 1024px) 100vw, 1024px\" \/><\/a><\/p>\n<p><a href=\"https:\/\/agora.xtec.cat\/ceiplescodinetes\/wp-content\/uploads\/usu1661\/2020\/12\/20201209_110021.jpg\"><img loading=\"lazy\" decoding=\"async\" class=\"alignnone size-large wp-image-3732\" src=\"https:\/\/agora.xtec.cat\/ceiplescodinetes\/wp-content\/uploads\/usu1661\/2020\/12\/20201209_110021-1024x344.jpg\" alt=\"\" width=\"1024\" height=\"344\" srcset=\"https:\/\/agora.xtec.cat\/ceiplescodinetes\/wp-content\/uploads\/usu1661\/2020\/12\/20201209_110021-1024x344.jpg 1024w, https:\/\/agora.xtec.cat\/ceiplescodinetes\/wp-content\/uploads\/usu1661\/2020\/12\/20201209_110021-300x101.jpg 300w, https:\/\/agora.xtec.cat\/ceiplescodinetes\/wp-content\/uploads\/usu1661\/2020\/12\/20201209_110021-768x258.jpg 768w, https:\/\/agora.xtec.cat\/ceiplescodinetes\/wp-content\/uploads\/usu1661\/2020\/12\/20201209_110021.jpg 1600w\" sizes=\"auto, (max-width: 1024px) 100vw, 1024px\" \/><\/a><\/p>\n<p><em><strong>Aula d&#8217;inform\u00e0tica<\/strong><\/em><\/p>\n<p><a href=\"https:\/\/agora.xtec.cat\/ceiplescodinetes\/wp-content\/uploads\/usu1661\/2023\/11\/IMG_8547.jpg\"><img loading=\"lazy\" decoding=\"async\" class=\"alignnone size-large wp-image-5857\" src=\"https:\/\/agora.xtec.cat\/ceiplescodinetes\/wp-content\/uploads\/usu1661\/2023\/11\/IMG_8547-1024x768.jpg\" alt=\"\" width=\"1024\" height=\"768\" srcset=\"https:\/\/agora.xtec.cat\/ceiplescodinetes\/wp-content\/uploads\/usu1661\/2023\/11\/IMG_8547-1024x768.jpg 1024w, https:\/\/agora.xtec.cat\/ceiplescodinetes\/wp-content\/uploads\/usu1661\/2023\/11\/IMG_8547-300x225.jpg 300w, https:\/\/agora.xtec.cat\/ceiplescodinetes\/wp-content\/uploads\/usu1661\/2023\/11\/IMG_8547-768x576.jpg 768w, https:\/\/agora.xtec.cat\/ceiplescodinetes\/wp-content\/uploads\/usu1661\/2023\/11\/IMG_8547-1536x1152.jpg 1536w, https:\/\/agora.xtec.cat\/ceiplescodinetes\/wp-content\/uploads\/usu1661\/2023\/11\/IMG_8547-200x150.jpg 200w, https:\/\/agora.xtec.cat\/ceiplescodinetes\/wp-content\/uploads\/usu1661\/2023\/11\/IMG_8547.jpg 2016w\" sizes=\"auto, (max-width: 1024px) 100vw, 1024px\" \/><\/a><\/p>\n<p><em><strong>*Ascensor per a les persones amb mobilitat redu\u00efda<\/strong><\/em><\/p>\n<p><em><strong>Aula de Psicomotricitat<\/strong> <\/em><\/p>\n<p><a href=\"http:\/\/agora.xtec.cat\/ceiplescodinetes\/wp-content\/uploads\/usu1661\/2014\/09\/psic.png\"><img loading=\"lazy\" decoding=\"async\" class=\"alignnone size-large wp-image-1184\" src=\"http:\/\/agora.xtec.cat\/ceiplescodinetes\/wp-content\/uploads\/usu1661\/2014\/09\/psic-1024x327.png\" alt=\"\" width=\"1024\" height=\"327\" srcset=\"https:\/\/agora.xtec.cat\/ceiplescodinetes\/wp-content\/uploads\/usu1661\/2014\/09\/psic-1024x327.png 1024w, https:\/\/agora.xtec.cat\/ceiplescodinetes\/wp-content\/uploads\/usu1661\/2014\/09\/psic-300x96.png 300w, https:\/\/agora.xtec.cat\/ceiplescodinetes\/wp-content\/uploads\/usu1661\/2014\/09\/psic-768x245.png 768w, https:\/\/agora.xtec.cat\/ceiplescodinetes\/wp-content\/uploads\/usu1661\/2014\/09\/psic.png 1424w\" sizes=\"auto, (max-width: 1024px) 100vw, 1024px\" \/><\/a><\/p>\n<p><em><strong>Pati d&#8217;infantil i llar d&#8217;infants<\/strong><\/em><\/p>\n<p><a href=\"http:\/\/agora.xtec.cat\/ceiplescodinetes\/wp-content\/uploads\/usu1661\/2014\/09\/pati-infantil.png\"><img loading=\"lazy\" decoding=\"async\" class=\"alignnone size-full wp-image-1185\" src=\"http:\/\/agora.xtec.cat\/ceiplescodinetes\/wp-content\/uploads\/usu1661\/2014\/09\/pati-infantil.png\" alt=\"\" width=\"963\" height=\"297\" srcset=\"https:\/\/agora.xtec.cat\/ceiplescodinetes\/wp-content\/uploads\/usu1661\/2014\/09\/pati-infantil.png 963w, https:\/\/agora.xtec.cat\/ceiplescodinetes\/wp-content\/uploads\/usu1661\/2014\/09\/pati-infantil-300x93.png 300w, https:\/\/agora.xtec.cat\/ceiplescodinetes\/wp-content\/uploads\/usu1661\/2014\/09\/pati-infantil-768x237.png 768w\" sizes=\"auto, (max-width: 963px) 100vw, 963px\" \/><\/a><\/p>\n<p><a href=\"http:\/\/agora.xtec.cat\/ceiplescodinetes\/wp-content\/uploads\/usu1661\/2014\/09\/pi2.png\"><img loading=\"lazy\" decoding=\"async\" class=\"alignnone size-full wp-image-1186\" src=\"http:\/\/agora.xtec.cat\/ceiplescodinetes\/wp-content\/uploads\/usu1661\/2014\/09\/pi2.png\" alt=\"\" width=\"1015\" height=\"700\" srcset=\"https:\/\/agora.xtec.cat\/ceiplescodinetes\/wp-content\/uploads\/usu1661\/2014\/09\/pi2.png 1015w, https:\/\/agora.xtec.cat\/ceiplescodinetes\/wp-content\/uploads\/usu1661\/2014\/09\/pi2-300x207.png 300w, https:\/\/agora.xtec.cat\/ceiplescodinetes\/wp-content\/uploads\/usu1661\/2014\/09\/pi2-768x530.png 768w\" sizes=\"auto, (max-width: 1015px) 100vw, 1015px\" \/><\/a><\/p>\n<p><em><strong>Patis d&#8217;educaci\u00f3 prim\u00e0ria<\/strong><\/em><\/p>\n<p><a href=\"https:\/\/agora.xtec.cat\/ceiplescodinetes\/wp-content\/uploads\/usu1661\/2020\/06\/Www20200612_131241.jpg\"><img loading=\"lazy\" decoding=\"async\" class=\"alignnone size-large wp-image-3355\" src=\"https:\/\/agora.xtec.cat\/ceiplescodinetes\/wp-content\/uploads\/usu1661\/2020\/06\/Www20200612_131241-1024x247.jpg\" alt=\"\" width=\"1024\" height=\"247\" srcset=\"https:\/\/agora.xtec.cat\/ceiplescodinetes\/wp-content\/uploads\/usu1661\/2020\/06\/Www20200612_131241-1024x247.jpg 1024w, https:\/\/agora.xtec.cat\/ceiplescodinetes\/wp-content\/uploads\/usu1661\/2020\/06\/Www20200612_131241-300x72.jpg 300w, https:\/\/agora.xtec.cat\/ceiplescodinetes\/wp-content\/uploads\/usu1661\/2020\/06\/Www20200612_131241-768x185.jpg 768w\" sizes=\"auto, (max-width: 1024px) 100vw, 1024px\" \/><\/a><\/p>\n<p><a href=\"https:\/\/agora.xtec.cat\/ceiplescodinetes\/wp-content\/uploads\/usu1661\/2020\/06\/Www20200612_130854.jpg\"><img loading=\"lazy\" decoding=\"async\" class=\"alignnone size-large wp-image-3356\" src=\"https:\/\/agora.xtec.cat\/ceiplescodinetes\/wp-content\/uploads\/usu1661\/2020\/06\/Www20200612_130854-1024x347.jpg\" alt=\"\" width=\"1024\" height=\"347\" srcset=\"https:\/\/agora.xtec.cat\/ceiplescodinetes\/wp-content\/uploads\/usu1661\/2020\/06\/Www20200612_130854-1024x347.jpg 1024w, https:\/\/agora.xtec.cat\/ceiplescodinetes\/wp-content\/uploads\/usu1661\/2020\/06\/Www20200612_130854-300x102.jpg 300w, https:\/\/agora.xtec.cat\/ceiplescodinetes\/wp-content\/uploads\/usu1661\/2020\/06\/Www20200612_130854-768x260.jpg 768w, https:\/\/agora.xtec.cat\/ceiplescodinetes\/wp-content\/uploads\/usu1661\/2020\/06\/Www20200612_130854.jpg 2032w\" sizes=\"auto, (max-width: 1024px) 100vw, 1024px\" \/><\/a><\/p>\n","protected":false},"excerpt":{"rendered":"<p>Menjador escolar Espais d&#8217;aprenentatge Aula d&#8217;inform\u00e0tica *Ascensor per a les persones amb mobilitat redu\u00efda Aula de Psicomotricitat Pati d&#8217;infantil i llar d&#8217;infants Patis d&#8217;educaci\u00f3 prim\u00e0ria<\/p>\n","protected":false},"author":1,"featured_media":0,"parent":22,"menu_order":40,"comment_status":"closed","ping_status":"closed","template":"page-templates\/side-menu.php","meta":{"_bbp_topic_count":0,"_bbp_reply_count":0,"_bbp_total_topic_count":0,"_bbp_total_reply_count":0,"_bbp_voice_count":0,"_bbp_anonymous_reply_count":0,"_bbp_topic_count_hidden":0,"_bbp_reply_count_hidden":0,"_bbp_forum_subforum_count":0,"site-sidebar-layout":"default","site-content-layout":"","ast-site-content-layout":"","site-content-style":"default","site-sidebar-style":"default","ast-global-header-display":"","ast-banner-title-visibility":"","ast-main-header-display":"","ast-hfb-above-header-display":"","ast-hfb-below-header-display":"","ast-hfb-mobile-header-display":"","site-post-title":"","ast-breadcrumbs-content":"","ast-featured-img":"","footer-sml-layout":"","theme-transparent-header-meta":"","adv-header-id-meta":"","stick-header-meta":"","header-above-stick-meta":"","header-main-stick-meta":"","header-below-stick-meta":"","astra-migrate-meta-layouts":"default","ast-page-background-enabled":"default","ast-page-background-meta":{"desktop":{"background-color":"var(--ast-global-color-4)","background-image":"","background-repeat":"repeat","background-position":"center center","background-size":"auto","background-attachment":"scroll","background-type":"","background-media":"","overlay-type":"","overlay-color":"","overlay-opacity":"","overlay-gradient":""},"tablet":{"background-color":"","background-image":"","background-repeat":"repeat","background-position":"center center","background-size":"auto","background-attachment":"scroll","background-type":"","background-media":"","overlay-type":"","overlay-color":"","overlay-opacity":"","overlay-gradient":""},"mobile":{"background-color":"","background-image":"","background-repeat":"repeat","background-position":"center center","background-size":"auto","background-attachment":"scroll","background-type":"","background-media":"","overlay-type":"","overlay-color":"","overlay-opacity":"","overlay-gradient":""}},"ast-content-background-meta":{"desktop":{"background-color":"var(--ast-global-color-5)","background-image":"","background-repeat":"repeat","background-position":"center center","background-size":"auto","background-attachment":"scroll","background-type":"","background-media":"","overlay-type":"","overlay-color":"","overlay-opacity":"","overlay-gradient":""},"tablet":{"background-color":"var(--ast-global-color-5)","background-image":"","background-repeat":"repeat","background-position":"center center","background-size":"auto","background-attachment":"scroll","background-type":"","background-media":"","overlay-type":"","overlay-color":"","overlay-opacity":"","overlay-gradient":""},"mobile":{"background-color":"var(--ast-global-color-5)","background-image":"","background-repeat":"repeat","background-position":"center center","background-size":"auto","background-attachment":"scroll","background-type":"","background-media":"","overlay-type":"","overlay-color":"","overlay-opacity":"","overlay-gradient":""}},"footnotes":""},"class_list":["post-30","page","type-page","status-publish","hentry"],"post_mailing_queue_ids":[],"_links":{"self":[{"href":"https:\/\/agora.xtec.cat\/ceiplescodinetes\/wp-json\/wp\/v2\/pages\/30","targetHints":{"allow":["GET"]}}],"collection":[{"href":"https:\/\/agora.xtec.cat\/ceiplescodinetes\/wp-json\/wp\/v2\/pages"}],"about":[{"href":"https:\/\/agora.xtec.cat\/ceiplescodinetes\/wp-json\/wp\/v2\/types\/page"}],"author":[{"embeddable":true,"href":"https:\/\/agora.xtec.cat\/ceiplescodinetes\/wp-json\/wp\/v2\/users\/1"}],"replies":[{"embeddable":true,"href":"https:\/\/agora.xtec.cat\/ceiplescodinetes\/wp-json\/wp\/v2\/comments?post=30"}],"version-history":[{"count":7,"href":"https:\/\/agora.xtec.cat\/ceiplescodinetes\/wp-json\/wp\/v2\/pages\/30\/revisions"}],"predecessor-version":[{"id":5954,"href":"https:\/\/agora.xtec.cat\/ceiplescodinetes\/wp-json\/wp\/v2\/pages\/30\/revisions\/5954"}],"up":[{"embeddable":true,"href":"https:\/\/agora.xtec.cat\/ceiplescodinetes\/wp-json\/wp\/v2\/pages\/22"}],"wp:attachment":[{"href":"https:\/\/agora.xtec.cat\/ceiplescodinetes\/wp-json\/wp\/v2\/media?parent=30"}],"curies":[{"name":"wp","href":"https:\/\/api.w.org\/{rel}","templated":true}]}}